{"version":"1.0","provider_name":"C\u00e2mara Municipal de Itajub\u00e1","provider_url":"https:\/\/itajuba.cam.mg.gov.br\/site","author_name":"Matheus Rivoli","author_url":"https:\/\/itajuba.cam.mg.gov.br\/site\/author\/matheus\/","title":"Dr. Vicente Salles Dias Filho - C\u00e2mara Municipal de Itajub\u00e1","type":"rich","width":600,"height":338,"html":"<blockquote class=\"wp-embedded-content\" data-secret=\"X4tVbhTCXi\"><a href=\"https:\/\/itajuba.cam.mg.gov.br\/site\/dr-vicente-salles-dias\/\">Dr. Vicente Salles Dias Filho<\/a><\/blockquote><iframe sandbox=\"allow-scripts\" security=\"restricted\" src=\"https:\/\/itajuba.cam.mg.gov.br\/site\/dr-vicente-salles-dias\/embed\/#?secret=X4tVbhTCXi\" width=\"600\" height=\"338\" title=\"&#8220;Dr. Vicente Salles Dias Filho&#8221; &#8212; C\u00e2mara Municipal de Itajub\u00e1\" data-secret=\"X4tVbhTCXi\" frameborder=\"0\" marginwidth=\"0\" marginheight=\"0\" scrolling=\"no\" class=\"wp-embedded-content\"><\/iframe><script>\n\/*! This file is auto-generated *\/\n!function(d,l){\"use strict\";l.querySelector&&d.addEventListener&&\"undefined\"!=typeof URL&&(d.wp=d.wp||{},d.wp.receiveEmbedMessage||(d.wp.receiveEmbedMessage=function(e){var t=e.data;if((t||t.secret||t.message||t.value)&&!\/[^a-zA-Z0-9]\/.test(t.secret)){for(var s,r,n,a=l.querySelectorAll('iframe[data-secret=\"'+t.secret+'\"]'),o=l.querySelectorAll('blockquote[data-secret=\"'+t.secret+'\"]'),c=new RegExp(\"^https?:$\",\"i\"),i=0;i<o.length;i++)o[i].style.display=\"none\";for(i=0;i<a.length;i++)s=a[i],e.source===s.contentWindow&&(s.removeAttribute(\"style\"),\"height\"===t.message?(1e3<(r=parseInt(t.value,10))?r=1e3:~~r<200&&(r=200),s.height=r):\"link\"===t.message&&(r=new URL(s.getAttribute(\"src\")),n=new URL(t.value),c.test(n.protocol))&&n.host===r.host&&l.activeElement===s&&(d.top.location.href=t.value))}},d.addEventListener(\"message\",d.wp.receiveEmbedMessage,!1),l.addEventListener(\"DOMContentLoaded\",function(){for(var e,t,s=l.querySelectorAll(\"iframe.wp-embedded-content\"),r=0;r<s.length;r++)(t=(e=s[r]).getAttribute(\"data-secret\"))||(t=Math.random().toString(36).substring(2,12),e.src+=\"#?secret=\"+t,e.setAttribute(\"data-secret\",t)),e.contentWindow.postMessage({message:\"ready\",secret:t},\"*\")},!1)))}(window,document);\n\/\/# sourceURL=https:\/\/itajuba.cam.mg.gov.br\/site\/wp-includes\/js\/wp-embed.min.js\n<\/script>\n","description":"Vicente Salles Dias Filho foi renomado advogado, exercendo suas atividades no s\u00e9culo\u00a0passado, no munic\u00edpio de Itajub\u00e1. Al\u00e9m da carreira enquanto advogado, exerceu not\u00f3ria atividade p\u00fablica enquanto vereador na primeira legislatura ap\u00f3s o fim do Estado Novo,\u00a0per\u00edodo marcado pelo autoritarismo de Get\u00falio Vargas. Foi vereador durante a 23\u00aa legislatura da C\u00e2mara Municipal de Itajub\u00e1, de 1947-1950, [&hellip;]","thumbnail_url":"https:\/\/itajuba.cam.mg.gov.br\/site\/wp-content\/uploads\/2023\/10\/3-dr_vicente_sales_dias_filho-226x300.jpg"}