{"version":"1.0","provider_name":"C\u00e2mara Municipal de Itajub\u00e1","provider_url":"https:\/\/itajuba.cam.mg.gov.br\/site","author_name":"Matheus Rivoli","author_url":"https:\/\/itajuba.cam.mg.gov.br\/site\/author\/matheus\/","title":"Joel Carlos de Almeida - C\u00e2mara Municipal de Itajub\u00e1","type":"rich","width":600,"height":338,"html":"<blockquote class=\"wp-embedded-content\" data-secret=\"MBEIi8UrWh\"><a href=\"https:\/\/itajuba.cam.mg.gov.br\/site\/joel-carlos-de-almeida\/\">Joel Carlos de Almeida<\/a><\/blockquote><iframe sandbox=\"allow-scripts\" security=\"restricted\" src=\"https:\/\/itajuba.cam.mg.gov.br\/site\/joel-carlos-de-almeida\/embed\/#?secret=MBEIi8UrWh\" width=\"600\" height=\"338\" title=\"&#8220;Joel Carlos de Almeida&#8221; &#8212; C\u00e2mara Municipal de Itajub\u00e1\" data-secret=\"MBEIi8UrWh\" frameborder=\"0\" marginwidth=\"0\" marginheight=\"0\" scrolling=\"no\" class=\"wp-embedded-content\"><\/iframe><script>\n\/*! This file is auto-generated *\/\n!function(d,l){\"use strict\";l.querySelector&&d.addEventListener&&\"undefined\"!=typeof URL&&(d.wp=d.wp||{},d.wp.receiveEmbedMessage||(d.wp.receiveEmbedMessage=function(e){var t=e.data;if((t||t.secret||t.message||t.value)&&!\/[^a-zA-Z0-9]\/.test(t.secret)){for(var s,r,n,a=l.querySelectorAll('iframe[data-secret=\"'+t.secret+'\"]'),o=l.querySelectorAll('blockquote[data-secret=\"'+t.secret+'\"]'),c=new RegExp(\"^https?:$\",\"i\"),i=0;i<o.length;i++)o[i].style.display=\"none\";for(i=0;i<a.length;i++)s=a[i],e.source===s.contentWindow&&(s.removeAttribute(\"style\"),\"height\"===t.message?(1e3<(r=parseInt(t.value,10))?r=1e3:~~r<200&&(r=200),s.height=r):\"link\"===t.message&&(r=new URL(s.getAttribute(\"src\")),n=new URL(t.value),c.test(n.protocol))&&n.host===r.host&&l.activeElement===s&&(d.top.location.href=t.value))}},d.addEventListener(\"message\",d.wp.receiveEmbedMessage,!1),l.addEventListener(\"DOMContentLoaded\",function(){for(var e,t,s=l.querySelectorAll(\"iframe.wp-embedded-content\"),r=0;r<s.length;r++)(t=(e=s[r]).getAttribute(\"data-secret\"))||(t=Math.random().toString(36).substring(2,12),e.src+=\"#?secret=\"+t,e.setAttribute(\"data-secret\",t)),e.contentWindow.postMessage({message:\"ready\",secret:t},\"*\")},!1)))}(window,document);\n\/\/# sourceURL=https:\/\/itajuba.cam.mg.gov.br\/site\/wp-includes\/js\/wp-embed.min.js\n<\/script>\n","description":"Joel Carlos de Almeida nasceu em Cambu\u00ed (MG) em 13\/07\/1966. Durante 20 anos participou com membro ativo na Comunidade Cat\u00f3lica Theotokos em Itajub\u00e1. \u00a0 Foi vereador em tr\u00eas mandatos consecutivos na cidade de Itajub\u00e1. Sua trajet\u00f3ria legislativa teve in\u00edcio em 2009, quando foi eleito pela primeira vez com uma expressiva vota\u00e7\u00e3o de 1.942 votos. Seu [&hellip;]","thumbnail_url":"https:\/\/itajuba.cam.mg.gov.br\/site\/wp-content\/uploads\/2023\/10\/39-JOEL-CARLOS-DE-ALMEIDA-2017-2018-226x300.jpg"}