{"version":"1.0","provider_name":"C\u00e2mara Municipal de Itajub\u00e1","provider_url":"https:\/\/itajuba.cam.mg.gov.br\/site","author_name":"admin","author_url":"https:\/\/itajuba.cam.mg.gov.br\/site\/author\/admin\/","title":"S\u00edlvio Vieira - C\u00e2mara Municipal de Itajub\u00e1","type":"rich","width":600,"height":338,"html":"<blockquote class=\"wp-embedded-content\" data-secret=\"CtHW247aqK\"><a href=\"https:\/\/itajuba.cam.mg.gov.br\/site\/silvio-vieira\/\">S\u00edlvio Vieira<\/a><\/blockquote><iframe sandbox=\"allow-scripts\" security=\"restricted\" src=\"https:\/\/itajuba.cam.mg.gov.br\/site\/silvio-vieira\/embed\/#?secret=CtHW247aqK\" width=\"600\" height=\"338\" title=\"&#8220;S\u00edlvio Vieira&#8221; &#8212; C\u00e2mara Municipal de Itajub\u00e1\" data-secret=\"CtHW247aqK\" frameborder=\"0\" marginwidth=\"0\" marginheight=\"0\" scrolling=\"no\" class=\"wp-embedded-content\"><\/iframe><script>\n\/*! This file is auto-generated *\/\n!function(d,l){\"use strict\";l.querySelector&&d.addEventListener&&\"undefined\"!=typeof URL&&(d.wp=d.wp||{},d.wp.receiveEmbedMessage||(d.wp.receiveEmbedMessage=function(e){var t=e.data;if((t||t.secret||t.message||t.value)&&!\/[^a-zA-Z0-9]\/.test(t.secret)){for(var s,r,n,a=l.querySelectorAll('iframe[data-secret=\"'+t.secret+'\"]'),o=l.querySelectorAll('blockquote[data-secret=\"'+t.secret+'\"]'),c=new RegExp(\"^https?:$\",\"i\"),i=0;i<o.length;i++)o[i].style.display=\"none\";for(i=0;i<a.length;i++)s=a[i],e.source===s.contentWindow&&(s.removeAttribute(\"style\"),\"height\"===t.message?(1e3<(r=parseInt(t.value,10))?r=1e3:~~r<200&&(r=200),s.height=r):\"link\"===t.message&&(r=new URL(s.getAttribute(\"src\")),n=new URL(t.value),c.test(n.protocol))&&n.host===r.host&&l.activeElement===s&&(d.top.location.href=t.value))}},d.addEventListener(\"message\",d.wp.receiveEmbedMessage,!1),l.addEventListener(\"DOMContentLoaded\",function(){for(var e,t,s=l.querySelectorAll(\"iframe.wp-embedded-content\"),r=0;r<s.length;r++)(t=(e=s[r]).getAttribute(\"data-secret\"))||(t=Math.random().toString(36).substring(2,12),e.src+=\"#?secret=\"+t,e.setAttribute(\"data-secret\",t)),e.contentWindow.postMessage({message:\"ready\",secret:t},\"*\")},!1)))}(window,document);\n\/\/# sourceURL=https:\/\/itajuba.cam.mg.gov.br\/site\/wp-includes\/js\/wp-embed.min.js\n<\/script>\n","description":"Nome Completo: S\u00edlvio Cesar VieiraPartido Pol\u00edtico: PDTTelefone: (35) 3629-6409Facebook: https:\/\/www.facebook.com\/silviovieirajdsf\/Instagram: https:\/\/www.instagram.com\/silviovieirajdsf\/E-mail: silviovieira@itajuba.cam.mg.gov.br Produ\u00e7\u00e3o Legislativa do Vereador BIOGRAFIA Nascido em Itajub\u00e1, S\u00edlvio Cesar Vieira, desde a inf\u00e2ncia luta pelo ambiente e os animais. Contador de forma\u00e7\u00e3o e p\u00f3s-graduado em controladoria. Vegano. \u201cTenho certeza que o progresso pode andar junto com a defesa dos animais e meio [&hellip;]","thumbnail_url":"https:\/\/itajuba.cam.mg.gov.br\/site\/wp-content\/uploads\/2025\/01\/silvio-1.png"}