{"id":5354,"date":"2023-09-14T19:21:25","date_gmt":"2023-09-14T19:21:25","guid":{"rendered":"https:\/\/itajuba.cam.mg.gov.br\/site\/?page_id=5354"},"modified":"2025-02-07T18:59:43","modified_gmt":"2025-02-07T18:59:43","slug":"diretorias","status":"publish","type":"page","link":"https:\/\/itajuba.cam.mg.gov.br\/site\/diretorias\/","title":{"rendered":"Diretorias"},"content":{"rendered":"\t\t<div data-elementor-type=\"wp-page\" data-elementor-id=\"5354\" class=\"elementor elementor-5354\" data-elementor-post-type=\"page\">\n\t\t\t\t\t\t\t\t\t<section class=\"elementor-section elementor-top-section elementor-element elementor-element-3560dc8 elementor-section-boxed elementor-section-height-default elementor-section-height-default\" data-id=\"3560dc8\" data-element_type=\"section\">\n\t\t\t\t\t\t<div class=\"elementor-container elementor-column-gap-default\">\n\t\t\t\t\t<div class=\"elementor-column elementor-col-100 elementor-top-column elementor-element elementor-element-c0a9580\" data-id=\"c0a9580\" data-element_type=\"column\">\n\t\t\t<div class=\"elementor-widget-wrap elementor-element-populated\">\n\t\t\t\t\t\t\t\t<div class=\"elementor-element elementor-element-dd9c61b elementor-widget elementor-widget-heading\" data-id=\"dd9c61b\" data-element_type=\"widget\" data-widget_type=\"heading.default\">\n\t\t\t\t<div class=\"elementor-widget-container\">\n\t\t\t<style>\/*! elementor - v3.16.0 - 13-09-2023 *\/\n.elementor-heading-title{padding:0;margin:0;line-height:1}.elementor-widget-heading .elementor-heading-title[class*=elementor-size-]>a{color:inherit;font-size:inherit;line-height:inherit}.elementor-widget-heading .elementor-heading-title.elementor-size-small{font-size:15px}.elementor-widget-heading .elementor-heading-title.elementor-size-medium{font-size:19px}.elementor-widget-heading .elementor-heading-title.elementor-size-large{font-size:29px}.elementor-widget-heading .elementor-heading-title.elementor-size-xl{font-size:39px}.elementor-widget-heading .elementor-heading-title.elementor-size-xxl{font-size:59px}<\/style><h4 class=\"elementor-heading-title elementor-size-default\">Diretoria Administrativa<\/h4>\t\t<\/div>\n\t\t\t\t<\/div>\n\t\t\t\t<div class=\"elementor-element elementor-element-f98d8df elementor-widget elementor-widget-heading\" data-id=\"f98d8df\" data-element_type=\"widget\" data-widget_type=\"heading.default\">\n\t\t\t\t<div class=\"elementor-widget-container\">\n\t\t\t<h5 class=\"elementor-heading-title elementor-size-default\">Diretor: Leandro Albert de Oliveira N. de S\u00e1<\/h5>\t\t<\/div>\n\t\t\t\t<\/div>\n\t\t\t\t<div class=\"elementor-element elementor-element-190d3eb elementor-widget elementor-widget-text-editor\" data-id=\"190d3eb\" data-element_type=\"widget\" data-widget_type=\"text-editor.default\">\n\t\t\t\t<div class=\"elementor-widget-container\">\n\t\t\t<style>\/*! elementor - v3.16.0 - 13-09-2023 *\/\n.elementor-widget-text-editor.elementor-drop-cap-view-stacked .elementor-drop-cap{background-color:#69727d;color:#fff}.elementor-widget-text-editor.elementor-drop-cap-view-framed .elementor-drop-cap{color:#69727d;border:3px solid;background-color:transparent}.elementor-widget-text-editor:not(.elementor-drop-cap-view-default) .elementor-drop-cap{margin-top:8px}.elementor-widget-text-editor:not(.elementor-drop-cap-view-default) .elementor-drop-cap-letter{width:1em;height:1em}.elementor-widget-text-editor .elementor-drop-cap{float:left;text-align:center;line-height:1;font-size:50px}.elementor-widget-text-editor .elementor-drop-cap-letter{display:inline-block}<\/style>\t\t\t\t<p><strong>Atribui\u00e7\u00f5es t\u00edpicas:<\/strong>\u00a0Dirigir os servi\u00e7os de apoio administrativo, determinando as provid\u00eancias necess\u00e1rias ao seu\u00a0melhor desempenho; planejar e coordenar as atividades relativas \u00e0 administra\u00e7\u00e3o de recursos humanos, de\u00a0material e de patrim\u00f4nio; determinar a organiza\u00e7\u00e3o do cadastro de fornecedores e do cat\u00e1logo de materiais de uso\u00a0corrente na C\u00e2mara Municipal; dirigir os estudos e elabora\u00e7\u00e3o do Plano Anual de Contrata\u00e7\u00f5es \u2013 PAC, em conjunto com\u00a0os demais \u00f3rg\u00e3os da C\u00e2mara Municipal; acompanhar os processos de contrata\u00e7\u00e3o e licita\u00e7\u00e3o, an\u00e1lises de documentos e promover a\u00a0gest\u00e3o dos contratos administrativos; emitir requisi\u00e7\u00f5es de compras e de contrata\u00e7\u00f5es, bem como receber, conferir, aprovar e\u00a0encaminhar as notas fiscais \u00e0 Diretoria Financeira e Or\u00e7ament\u00e1ria para a devida liquida\u00e7\u00e3o e\u00a0pagamento; manter controle permanente dos servi\u00e7os de transportes da C\u00e2mara Municipal; analisar e\u00a0visar os relat\u00f3rios com eles relacionados e promover a apura\u00e7\u00e3o de poss\u00edveis irregularidades\u00a0relacionadas a este servi\u00e7o; acompanhar e fiscalizar a presta\u00e7\u00e3o dos servi\u00e7os terceirizados realizados no \u00e2mbito da\u00a0C\u00e2mara Municipal; acompanhar a execu\u00e7\u00e3o dos servi\u00e7os voltados para a seguran\u00e7a da C\u00e2mara Municipal e\u00a0da correta manuten\u00e7\u00e3o e funcionamento de seus equipamentos e instala\u00e7\u00f5es; dirigir a presta\u00e7\u00e3o de servi\u00e7o de administra\u00e7\u00e3o de materiais e patrim\u00f4nio da C\u00e2mara\u00a0Municipal, mantendo controle sobre a guarda e conserva\u00e7\u00e3o destes; promover a sele\u00e7\u00e3o e contrata\u00e7\u00e3o de estagi\u00e1rios em conson\u00e2ncia com a legisla\u00e7\u00e3o vigente; elaborar a folha de pagamento, com registros individualizados de proventos e descontos; assinar os pap\u00e9is e documentos que lhe forem delegados pelo Presidente da C\u00e2mara; coordenar, planejar, implementar e manter os sistemas informatizados e de comunica\u00e7\u00e3o,\u00a0tornando dispon\u00edveis os recursos de hardware e software, bem como a administra\u00e7\u00e3o da rede\u00a0interna de tecnologia da informa\u00e7\u00e3o; promover a realiza\u00e7\u00e3o de concurso p\u00fablico para admiss\u00e3o de servidores; publicar no Di\u00e1rio Oficial do Munic\u00edpio todos os atos administrativos produzidos pelo\u00a0Presidente da C\u00e2mara e pela Mesa Diretora, devidamente assinados digitalmente, relacionados\u00a0com os trabalhos da Diretoria Administrativa; desenvolver outras atividades correlatas que lhes sejam designadas pelo Presidente da\u00a0C\u00e2mara.<\/p>\t\t\t\t\t\t<\/div>\n\t\t\t\t<\/div>\n\t\t\t\t\t<\/div>\n\t\t<\/div>\n\t\t\t\t\t\t\t<\/div>\n\t\t<\/section>\n\t\t\t\t<section class=\"elementor-section elementor-top-section elementor-element elementor-element-c2fa15e elementor-section-boxed elementor-section-height-default elementor-section-height-default\" data-id=\"c2fa15e\" data-element_type=\"section\">\n\t\t\t\t\t\t<div class=\"elementor-container elementor-column-gap-default\">\n\t\t\t\t\t<div class=\"elementor-column elementor-col-100 elementor-top-column elementor-element elementor-element-d88ca1e\" data-id=\"d88ca1e\" data-element_type=\"column\">\n\t\t\t<div class=\"elementor-widget-wrap elementor-element-populated\">\n\t\t\t\t\t\t\t\t<div class=\"elementor-element elementor-element-b06fe5f elementor-widget elementor-widget-heading\" data-id=\"b06fe5f\" data-element_type=\"widget\" data-widget_type=\"heading.default\">\n\t\t\t\t<div class=\"elementor-widget-container\">\n\t\t\t<h4 class=\"elementor-heading-title elementor-size-default\">Procuradoria Geral<\/h4>\t\t<\/div>\n\t\t\t\t<\/div>\n\t\t\t\t<div class=\"elementor-element elementor-element-bfcf43a elementor-widget elementor-widget-heading\" data-id=\"bfcf43a\" data-element_type=\"widget\" data-widget_type=\"heading.default\">\n\t\t\t\t<div class=\"elementor-widget-container\">\n\t\t\t<h5 class=\"elementor-heading-title elementor-size-default\">Diretor: Gustavo Max de Oliveira<\/h5>\t\t<\/div>\n\t\t\t\t<\/div>\n\t\t\t\t<div class=\"elementor-element elementor-element-3ccefa6 elementor-widget elementor-widget-text-editor\" data-id=\"3ccefa6\" data-element_type=\"widget\" data-widget_type=\"text-editor.default\">\n\t\t\t\t<div class=\"elementor-widget-container\">\n\t\t\t\t\t\t\t<p><strong>Atribui\u00e7\u00f5es t\u00edpicas:<\/strong> Responder pela representa\u00e7\u00e3o e pelo assessoramento jur\u00eddico do Poder Legislativo de Itajub\u00e1, defendendo os interesses da C\u00e2mara Municipal de Itajub\u00e1, judicial e extrajudicialmente, de acordo com as determina\u00e7\u00f5es superiores; prestar assessoramento jur\u00eddico aos \u00f3rg\u00e3os da C\u00e2mara Municipal de Itajub\u00e1, bem como, emitir, avaliar e revisar pareceres sobre \u00e0s proposi\u00e7\u00f5es apresentadas em Plen\u00e1rio; elaborar minutas de conv\u00eanios, contratos e outros instrumentos jur\u00eddicos cong\u00eaneres; informar \u00e0s autoridades superiores sobre decis\u00f5es judiciais e promover gest\u00f5es necess\u00e1rias ao seu cumprimento; colecionar decis\u00f5es judiciais e administrativas, registrando-as para subsidiar estudos, pareceres e informa\u00e7\u00f5es, bem como, manter-se atualizada com a legisla\u00e7\u00e3o, a jurisprud\u00eancia e demais normas legais de interesse do Poder Legislativo Municipal; assessorar o Presidente da C\u00e2mara, demais membros da Mesa Diretora e os diversos \u00f3rg\u00e3os da C\u00e2mara Municipal de Itajub\u00e1, quando solicitado, na elabora\u00e7\u00e3o, exame e emiss\u00e3o de pareceres de projetos de leis, de resolu\u00e7\u00f5es, de decretos legislativos e demais atos normativos; manter arquivo digital dos atos de que trata o inciso V, do art. 16 desta Lei, providenciando sua publica\u00e7\u00e3o e expedindo certid\u00f5es relativas, quando necess\u00e1rias; manter atualizado o acervo da biblioteca jur\u00eddica e de legisla\u00e7\u00e3o, utilizando-se, sempre que necess\u00e1rio dos recursos da tecnologia da informa\u00e7\u00e3o; assinar os pap\u00e9is e documentos que lhe forem delegados pelo Presidente da C\u00e2mara, bem como organizar e manter registros referentes \u00e0 documenta\u00e7\u00e3o de interesse da Procuradoria-Geral; acompanhar as publica\u00e7\u00f5es do Di\u00e1rio Oficial do Munic\u00edpio, do Estado e da Uni\u00e3o, alertando os diversos \u00f3rg\u00e3os da C\u00e2mara Municipal de Itajub\u00e1 sobre os assuntos de seu interesse; publicar, no Di\u00e1rio Oficial do Munic\u00edpio, todos os atos administrativos produzidos pelo Presidente, relacionados com os trabalhos da Procuradoria-Geral; desenvolver outras atividades correlatas que lhes sejam designadas pelo Presidente e demais membros da Mesa.<\/p>\t\t\t\t\t\t<\/div>\n\t\t\t\t<\/div>\n\t\t\t\t\t<\/div>\n\t\t<\/div>\n\t\t\t\t\t\t\t<\/div>\n\t\t<\/section>\n\t\t\t\t<section class=\"elementor-section elementor-top-section elementor-element elementor-element-b2b6c0d elementor-section-boxed elementor-section-height-default elementor-section-height-default\" data-id=\"b2b6c0d\" data-element_type=\"section\">\n\t\t\t\t\t\t<div class=\"elementor-container elementor-column-gap-default\">\n\t\t\t\t\t<div class=\"elementor-column elementor-col-100 elementor-top-column elementor-element elementor-element-a05f7f9\" data-id=\"a05f7f9\" data-element_type=\"column\">\n\t\t\t<div class=\"elementor-widget-wrap elementor-element-populated\">\n\t\t\t\t\t\t\t\t<div class=\"elementor-element elementor-element-7eaf5ed elementor-widget elementor-widget-heading\" data-id=\"7eaf5ed\" data-element_type=\"widget\" data-widget_type=\"heading.default\">\n\t\t\t\t<div class=\"elementor-widget-container\">\n\t\t\t<h4 class=\"elementor-heading-title elementor-size-default\">Diretoria Legislativa<\/h4>\t\t<\/div>\n\t\t\t\t<\/div>\n\t\t\t\t<div class=\"elementor-element elementor-element-df7c860 elementor-widget elementor-widget-heading\" data-id=\"df7c860\" data-element_type=\"widget\" data-widget_type=\"heading.default\">\n\t\t\t\t<div class=\"elementor-widget-container\">\n\t\t\t<h5 class=\"elementor-heading-title elementor-size-default\">Diretor: T\u00e1ssia Milene Cruz\n<\/h5>\t\t<\/div>\n\t\t\t\t<\/div>\n\t\t\t\t<div class=\"elementor-element elementor-element-02edb94 elementor-widget elementor-widget-text-editor\" data-id=\"02edb94\" data-element_type=\"widget\" data-widget_type=\"text-editor.default\">\n\t\t\t\t<div class=\"elementor-widget-container\">\n\t\t\t\t\t\t\t<p><strong>Atribui\u00e7\u00f5es t\u00edpicas:<\/strong>\u00a0Prover os servi\u00e7os de apoio de secretaria \u00e0 Mesa Diretora, necess\u00e1rios ao bom andamento e controle dos trabalhos legislativos; auxiliar tecnicamente o Presidente da C\u00e2mara nas atividades legislativas durante as reuni\u00f5es no Plen\u00e1rio; Coordenar e supervisionar os trabalhos da secretaria legislativa, responsabilizando-se tramita\u00e7\u00e3o dos projetos; manter-se em permanente contato com os \u00f3rg\u00e3os semelhantes de outras C\u00e2maras, objetivando estabelecer interc\u00e2mbio de t\u00e9cnicas e informa\u00e7\u00f5es sobre seu campo de atua\u00e7\u00e3o; coordenar e executar trabalhos de acompanhamento e an\u00e1lise das atividades dos Assessores de Gabinete, objetivando e observando o aperfei\u00e7oamento da organiza\u00e7\u00e3o parlamentar e o estabelecimento e a racionaliza\u00e7\u00e3o de procedimentos legislativos sob sua responsabilidade; planejar e supervisionar a execu\u00e7\u00e3o de trabalhos de elabora\u00e7\u00e3o de proposi\u00e7\u00f5es, com o aux\u00edlio do Diretor Jur\u00eddico, que visem a colabora\u00e7\u00e3o e o assessoramento aos Vereadores; coordenar o programa de est\u00e1gio curricular para estudantes na C\u00e2mara Municipal de Itajub\u00e1; desenvolver o trabalho com responsabilidade, dinamismo e espirito de equipe.<\/p>\t\t\t\t\t\t<\/div>\n\t\t\t\t<\/div>\n\t\t\t\t\t<\/div>\n\t\t<\/div>\n\t\t\t\t\t\t\t<\/div>\n\t\t<\/section>\n\t\t\t\t<section class=\"elementor-section elementor-top-section elementor-element elementor-element-7176701 elementor-section-boxed elementor-section-height-default elementor-section-height-default\" data-id=\"7176701\" data-element_type=\"section\">\n\t\t\t\t\t\t<div class=\"elementor-container elementor-column-gap-default\">\n\t\t\t\t\t<div class=\"elementor-column elementor-col-100 elementor-top-column elementor-element elementor-element-3e8b97e\" data-id=\"3e8b97e\" data-element_type=\"column\">\n\t\t\t<div class=\"elementor-widget-wrap elementor-element-populated\">\n\t\t\t\t\t\t\t\t<div class=\"elementor-element elementor-element-eca1694 elementor-widget elementor-widget-heading\" data-id=\"eca1694\" data-element_type=\"widget\" data-widget_type=\"heading.default\">\n\t\t\t\t<div class=\"elementor-widget-container\">\n\t\t\t<h4 class=\"elementor-heading-title elementor-size-default\">Diretoria de Comunica\u00e7\u00e3o<\/h4>\t\t<\/div>\n\t\t\t\t<\/div>\n\t\t\t\t<div class=\"elementor-element elementor-element-2ddb71f elementor-widget elementor-widget-heading\" data-id=\"2ddb71f\" data-element_type=\"widget\" data-widget_type=\"heading.default\">\n\t\t\t\t<div class=\"elementor-widget-container\">\n\t\t\t<h5 class=\"elementor-heading-title elementor-size-default\">Diretor: Claiton Cesar Fernandes\n<\/h5>\t\t<\/div>\n\t\t\t\t<\/div>\n\t\t\t\t<div class=\"elementor-element elementor-element-a7fd1ac elementor-widget elementor-widget-text-editor\" data-id=\"a7fd1ac\" data-element_type=\"widget\" data-widget_type=\"text-editor.default\">\n\t\t\t\t<div class=\"elementor-widget-container\">\n\t\t\t\t\t\t\t<p><strong>Atribui\u00e7\u00f5es t\u00edpicas:<\/strong>\u00a0Coletar, organizar e informar ao Presidente da C\u00e2mara as mat\u00e9rias de interesse do\u00a0legislativo e da municipalidade constantes de jornais, revistas e peri\u00f3dicos; divulgar os atos e atividades da C\u00e2mara Municipal e da Escola do Legislativo de interesse\u00a0p\u00fablico e comunicar a Mesa Diretora acerca de divulga\u00e7\u00f5es da imprensa de interesse\u00a0institucional; distribuir periodicamente \u00e0s r\u00e1dios, bem como a outros meios de comunica\u00e7\u00e3o, informativos\u00a0sobre as a\u00e7\u00f5es do Poder Legislativo Municipal; divulgar a imagem, miss\u00e3o, a\u00e7\u00f5es e objetivos estrat\u00e9gicos da C\u00e2mara Municipal de Itajub\u00e1; organizar, coordenar os eventos e campanhas publicit\u00e1rias e responder a demandas\u00a0relacionada a m\u00eddia, zelando pelos cumprimentos das disposi\u00e7\u00f5es legais e regulamentares em\u00a0vigor indispens\u00e1veis a comunica\u00e7\u00e3o e \u201cmarketing\u201d; manter o regular funcionamento do s\u00edtio institucional da C\u00e2mara Municipal de Itajub\u00e1,\u00a0munindo-o de informa\u00e7\u00f5es, not\u00edcias, fotos, v\u00eddeos, projetos de leis, leis aprovadas, relat\u00f3rios de\u00a0presta\u00e7\u00e3o de contas, relat\u00f3rios de gest\u00e3o fiscal e documentos cong\u00eaneres; promover a transmiss\u00e3o ao vivo das sess\u00f5es ordin\u00e1rias, extraordin\u00e1rias, sess\u00f5es\u00a0itinerantes e solenes; realizar a leitura das proposi\u00e7\u00f5es e demais documentos que forem solicitados pelo\u00a0Presidente das sess\u00f5es legislativas; prestar os servi\u00e7os de comunica\u00e7\u00e3o e rela\u00e7\u00f5es p\u00fablicas do Poder Legislativo Municipal por\u00a0todos os meios, inclusive m\u00eddias eletr\u00f4nicas e sociais, bem como a elabora\u00e7\u00e3o de informativos\u00a0dos atos da C\u00e2mara Municipal; dirigir os trabalhos da TV C\u00e2mara, os servi\u00e7os de divulga\u00e7\u00e3o dos assuntos de interesse\u00a0institucional do Poder Legislativo para as emissoras de r\u00e1dio e TV, bem como o servi\u00e7o de\u00a0sonoriza\u00e7\u00e3o interna do Plen\u00e1rio e depend\u00eancias da C\u00e2mara Municipal de Itajub\u00e1; elaborar a produ\u00e7\u00e3o de programas de r\u00e1dio e TV para divulga\u00e7\u00e3o externa, gerenciando a\u00a0programa\u00e7\u00e3o da TV C\u00e2mara e disponibilizando, de forma igualit\u00e1ria, espa\u00e7o a todos os\u00a0parlamentares; planejar e coordenar as demais atividades relacionadas aos trabalhos de comunica\u00e7\u00e3o\u00a0social da C\u00e2mara Municipal de Itajub\u00e1; assinar os pap\u00e9is e documentos que lhe forem delegados pelo Presidente da C\u00e2mara;\u00a0desenvolver outras atividades correlatas que lhes sejam designadas pelo Presidente da\u00a0C\u00e2mara.<\/p>\t\t\t\t\t\t<\/div>\n\t\t\t\t<\/div>\n\t\t\t\t\t<\/div>\n\t\t<\/div>\n\t\t\t\t\t\t\t<\/div>\n\t\t<\/section>\n\t\t\t\t<section class=\"elementor-section elementor-top-section elementor-element elementor-element-1f133b1 elementor-section-boxed elementor-section-height-default elementor-section-height-default\" data-id=\"1f133b1\" data-element_type=\"section\">\n\t\t\t\t\t\t<div class=\"elementor-container elementor-column-gap-default\">\n\t\t\t\t\t<div class=\"elementor-column elementor-col-100 elementor-top-column elementor-element elementor-element-9660192\" data-id=\"9660192\" data-element_type=\"column\">\n\t\t\t<div class=\"elementor-widget-wrap elementor-element-populated\">\n\t\t\t\t\t\t\t\t<div class=\"elementor-element elementor-element-bc116e6 elementor-widget elementor-widget-heading\" data-id=\"bc116e6\" data-element_type=\"widget\" data-widget_type=\"heading.default\">\n\t\t\t\t<div class=\"elementor-widget-container\">\n\t\t\t<h4 class=\"elementor-heading-title elementor-size-default\">Diretoria Financeira e Or\u00e7ament\u00e1ria<\/h4>\t\t<\/div>\n\t\t\t\t<\/div>\n\t\t\t\t<div class=\"elementor-element elementor-element-c6badbd elementor-widget elementor-widget-heading\" data-id=\"c6badbd\" data-element_type=\"widget\" data-widget_type=\"heading.default\">\n\t\t\t\t<div class=\"elementor-widget-container\">\n\t\t\t<h5 class=\"elementor-heading-title elementor-size-default\">Diretor: Leonardo Siniscalchi Cintra<\/h5>\t\t<\/div>\n\t\t\t\t<\/div>\n\t\t\t\t<div class=\"elementor-element elementor-element-ee2f972 elementor-widget elementor-widget-text-editor\" data-id=\"ee2f972\" data-element_type=\"widget\" data-widget_type=\"text-editor.default\">\n\t\t\t\t<div class=\"elementor-widget-container\">\n\t\t\t\t\t\t\t<p><strong>Atribui\u00e7\u00f5es t\u00edpicas:<\/strong>\u00a0Dirigir os trabalhos de escritura\u00e7\u00e3o cont\u00e1bil, de recebimento, de pagamento, de guarda e\u00a0movimenta\u00e7\u00e3o de dinheiros e valores; dirigir, junto com a diretoria administrativa, os trabalhos de elabora\u00e7\u00e3o or\u00e7ament\u00e1ria da\u00a0C\u00e2mara Municipal de Itajub\u00e1, bem como acompanhar, controlar e adequar a sua execu\u00e7\u00e3o; supervisionar, analisar e certificar a exatid\u00e3o, integridade e autenticidade dos registros\u00a0cont\u00e1beis e demais atos administrativos relacionados \u00e0s suas atividades; dirigir os trabalhos de controle dos saldos financeiros junto as institui\u00e7\u00f5es banc\u00e1rias; gerenciar a execu\u00e7\u00e3o da aplica\u00e7\u00e3o dos recursos financeiros dispon\u00edveis; dirigir os trabalhos de controle e recebimento de duod\u00e9cimos; prestar as informa\u00e7\u00f5es necess\u00e1rias \u00e0 Diretoria Administrativa quanto ao aspecto\u00a0or\u00e7ament\u00e1rio e financeiro para contrata\u00e7\u00e3o de bens, servi\u00e7os e realiza\u00e7\u00e3o de despesas; supervisionar a escritura\u00e7\u00e3o dos atos cont\u00e1beis de todos os bens, direitos e obriga\u00e7\u00f5es\u00a0do Poder Legislativo Municipal; promover e enviar os registros digitais de receitas e despesas para consolida\u00e7\u00e3o pelo\u00a0Poder Executivo Municipal, em conformidade com a legisla\u00e7\u00e3o vigente; controlar e demonstrar a execu\u00e7\u00e3o or\u00e7ament\u00e1ria, financeira e patrimonial, bem como suas\u00a0varia\u00e7\u00f5es; emitir relat\u00f3rios formais da execu\u00e7\u00e3o or\u00e7ament\u00e1ria e financeira, bem como propor medidas\u00a0preventivas ao fiel cumprimento da legisla\u00e7\u00e3o vigente; assinar os pap\u00e9is e documentos que lhe forem delegados pelo Presidente da C\u00e2mara; publicar, no Di\u00e1rio Oficial do Munic\u00edpio, todos os atos administrativos produzidos pela\u00a0Diretoria Financeira e Or\u00e7ament\u00e1ria; desenvolver outras atividades correlatas que lhes sejam designadas pelo Presidente da\u00a0C\u00e2mara.<\/p>\t\t\t\t\t\t<\/div>\n\t\t\t\t<\/div>\n\t\t\t\t\t<\/div>\n\t\t<\/div>\n\t\t\t\t\t\t\t<\/div>\n\t\t<\/section>\n\t\t\t\t<section class=\"elementor-section elementor-top-section elementor-element elementor-element-8c75da6 elementor-section-boxed elementor-section-height-default elementor-section-height-default\" data-id=\"8c75da6\" data-element_type=\"section\">\n\t\t\t\t\t\t<div class=\"elementor-container elementor-column-gap-default\">\n\t\t\t\t\t<div class=\"elementor-column elementor-col-100 elementor-top-column elementor-element elementor-element-c83e2ef\" data-id=\"c83e2ef\" data-element_type=\"column\">\n\t\t\t<div class=\"elementor-widget-wrap elementor-element-populated\">\n\t\t\t\t\t\t\t\t<div class=\"elementor-element elementor-element-f671d96 elementor-widget elementor-widget-heading\" data-id=\"f671d96\" data-element_type=\"widget\" data-widget_type=\"heading.default\">\n\t\t\t\t<div class=\"elementor-widget-container\">\n\t\t\t<h4 class=\"elementor-heading-title elementor-size-default\">Diretoria de Integra\u00e7\u00e3o Legislativa e Cidadania<\/h4>\t\t<\/div>\n\t\t\t\t<\/div>\n\t\t\t\t<div class=\"elementor-element elementor-element-1a34ee4 elementor-widget elementor-widget-heading\" data-id=\"1a34ee4\" data-element_type=\"widget\" data-widget_type=\"heading.default\">\n\t\t\t\t<div class=\"elementor-widget-container\">\n\t\t\t<h5 class=\"elementor-heading-title elementor-size-default\">Diretor: Luiz Gonzaga Costa<\/h5>\t\t<\/div>\n\t\t\t\t<\/div>\n\t\t\t\t<div class=\"elementor-element elementor-element-0eda17c elementor-widget elementor-widget-text-editor\" data-id=\"0eda17c\" data-element_type=\"widget\" data-widget_type=\"text-editor.default\">\n\t\t\t\t<div class=\"elementor-widget-container\">\n\t\t\t\t\t\t\t<p><strong>Atribui\u00e7\u00f5es t\u00edpicas:<\/strong>\u00a0Desenvolver programas de capacita\u00e7\u00e3o dos servidores p\u00fablicos e agentes pol\u00edticos,\u00a0abrangendo conte\u00fados e pr\u00e1ticas que garantam a compreens\u00e3o do Poder Legislativo Municipal\u00a0e suas fun\u00e7\u00f5es; desenvolver projetos voltados para a educa\u00e7\u00e3o pol\u00edtica e cidad\u00e3, destinados \u00e0 comunidade\u00a0estudantil, possibilitando uma melhor intera\u00e7\u00e3o entre a C\u00e2mara Municipal e a popula\u00e7\u00e3o; desenvolver projetos voltados para a preserva\u00e7\u00e3o hist\u00f3rica pol\u00edtico-administrativa do\u00a0Munic\u00edpio de Itajub\u00e1 por meio do Memorial da C\u00e2mara e da Biblioteca do Legislativo; desenvolver a\u00e7\u00f5es na \u00e1rea de cultura, promovendo a valoriza\u00e7\u00e3o de artistas e artes\u00e3os da\u00a0regi\u00e3o, e integrar a popula\u00e7\u00e3o com projetos de interatividade no que diz respeito \u00e0s belas-artes; desenvolver outras atividades correlatas que lhes sejam designadas pelo Presidente da\u00a0C\u00e2mara.<\/p>\t\t\t\t\t\t<\/div>\n\t\t\t\t<\/div>\n\t\t\t\t\t<\/div>\n\t\t<\/div>\n\t\t\t\t\t\t\t<\/div>\n\t\t<\/section>\n\t\t\t\t\t\t\t<\/div>\n\t\t","protected":false},"excerpt":{"rendered":"<p>Diretoria Administrativa Diretor: Leandro Albert de Oliveira N. de S\u00e1 Atribui\u00e7\u00f5es t\u00edpicas:\u00a0Dirigir os servi\u00e7os de apoio administrativo, determinando as provid\u00eancias necess\u00e1rias ao seu\u00a0melhor desempenho; planejar e coordenar as atividades relativas \u00e0 administra\u00e7\u00e3o de recursos humanos, de\u00a0material e de patrim\u00f4nio; determinar a organiza\u00e7\u00e3o do cadastro de fornecedores e do cat\u00e1logo de materiais de uso\u00a0corrente na C\u00e2mara [&hellip;]<\/p>\n","protected":false},"author":1,"featured_media":0,"parent":0,"menu_order":0,"comment_status":"closed","ping_status":"closed","template":"","meta":{"footnotes":""},"class_list":["post-5354","page","type-page","status-publish","hentry"],"yoast_head":"<!-- This site is optimized with the Yoast SEO plugin v21.0 - https:\/\/yoast.com\/wordpress\/plugins\/seo\/ -->\n<title>Diretorias - C\u00e2mara Municipal de Itajub\u00e1<\/title>\n<meta name=\"robots\" content=\"index, follow, max-snippet:-1, max-image-preview:large, max-video-preview:-1\" \/>\n<link rel=\"canonical\" href=\"https:\/\/itajuba.cam.mg.gov.br\/site\/diretorias\/\" \/>\n<meta property=\"og:locale\" content=\"pt_BR\" \/>\n<meta property=\"og:type\" content=\"article\" \/>\n<meta property=\"og:title\" content=\"Diretorias - C\u00e2mara Municipal de Itajub\u00e1\" \/>\n<meta property=\"og:description\" content=\"Diretoria Administrativa Diretor: Leandro Albert de Oliveira N. de S\u00e1 Atribui\u00e7\u00f5es t\u00edpicas:\u00a0Dirigir os servi\u00e7os de apoio administrativo, determinando as provid\u00eancias necess\u00e1rias ao seu\u00a0melhor desempenho; planejar e coordenar as atividades relativas \u00e0 administra\u00e7\u00e3o de recursos humanos, de\u00a0material e de patrim\u00f4nio; determinar a organiza\u00e7\u00e3o do cadastro de fornecedores e do cat\u00e1logo de materiais de uso\u00a0corrente na C\u00e2mara [&hellip;]\" \/>\n<meta property=\"og:url\" content=\"https:\/\/itajuba.cam.mg.gov.br\/site\/diretorias\/\" \/>\n<meta property=\"og:site_name\" content=\"C\u00e2mara Municipal de Itajub\u00e1\" \/>\n<meta property=\"article:publisher\" content=\"https:\/\/www.facebook.com\/camaradeitajubaoficial\" \/>\n<meta property=\"article:modified_time\" content=\"2025-02-07T18:59:43+00:00\" \/>\n<meta name=\"twitter:card\" content=\"summary_large_image\" \/>\n<meta name=\"twitter:label1\" content=\"Est. tempo de leitura\" \/>\n\t<meta name=\"twitter:data1\" content=\"9 minutos\" \/>\n<script type=\"application\/ld+json\" class=\"yoast-schema-graph\">{\"@context\":\"https:\/\/schema.org\",\"@graph\":[{\"@type\":\"WebPage\",\"@id\":\"https:\/\/itajuba.cam.mg.gov.br\/site\/diretorias\/\",\"url\":\"https:\/\/itajuba.cam.mg.gov.br\/site\/diretorias\/\",\"name\":\"Diretorias - C\u00e2mara Municipal de Itajub\u00e1\",\"isPartOf\":{\"@id\":\"https:\/\/itajuba.cam.mg.gov.br\/site\/#website\"},\"datePublished\":\"2023-09-14T19:21:25+00:00\",\"dateModified\":\"2025-02-07T18:59:43+00:00\",\"breadcrumb\":{\"@id\":\"https:\/\/itajuba.cam.mg.gov.br\/site\/diretorias\/#breadcrumb\"},\"inLanguage\":\"pt-BR\",\"potentialAction\":[{\"@type\":\"ReadAction\",\"target\":[\"https:\/\/itajuba.cam.mg.gov.br\/site\/diretorias\/\"]}]},{\"@type\":\"BreadcrumbList\",\"@id\":\"https:\/\/itajuba.cam.mg.gov.br\/site\/diretorias\/#breadcrumb\",\"itemListElement\":[{\"@type\":\"ListItem\",\"position\":1,\"name\":\"In\u00edcio\",\"item\":\"https:\/\/itajuba.cam.mg.gov.br\/site\/\"},{\"@type\":\"ListItem\",\"position\":2,\"name\":\"Diretorias\"}]},{\"@type\":\"WebSite\",\"@id\":\"https:\/\/itajuba.cam.mg.gov.br\/site\/#website\",\"url\":\"https:\/\/itajuba.cam.mg.gov.br\/site\/\",\"name\":\"C\u00e2mara Municipal de Itajub\u00e1\",\"description\":\"Efici\u00eancia e Transpar\u00eancia\",\"publisher\":{\"@id\":\"https:\/\/itajuba.cam.mg.gov.br\/site\/#organization\"},\"potentialAction\":[{\"@type\":\"SearchAction\",\"target\":{\"@type\":\"EntryPoint\",\"urlTemplate\":\"https:\/\/itajuba.cam.mg.gov.br\/site\/?s={search_term_string}\"},\"query-input\":\"required name=search_term_string\"}],\"inLanguage\":\"pt-BR\"},{\"@type\":\"Organization\",\"@id\":\"https:\/\/itajuba.cam.mg.gov.br\/site\/#organization\",\"name\":\"C\u00e2mara Municipal de Itajub\u00e1\",\"url\":\"https:\/\/itajuba.cam.mg.gov.br\/site\/\",\"logo\":{\"@type\":\"ImageObject\",\"inLanguage\":\"pt-BR\",\"@id\":\"https:\/\/itajuba.cam.mg.gov.br\/site\/#\/schema\/logo\/image\/\",\"url\":\"https:\/\/itajuba.cam.mg.gov.br\/site\/wp-content\/uploads\/2023\/09\/logo_camara_2024.png\",\"contentUrl\":\"https:\/\/itajuba.cam.mg.gov.br\/site\/wp-content\/uploads\/2023\/09\/logo_camara_2024.png\",\"width\":1000,\"height\":385,\"caption\":\"C\u00e2mara Municipal de Itajub\u00e1\"},\"image\":{\"@id\":\"https:\/\/itajuba.cam.mg.gov.br\/site\/#\/schema\/logo\/image\/\"},\"sameAs\":[\"https:\/\/www.facebook.com\/camaradeitajubaoficial\",\"https:\/\/www.instagram.com\/camaradeitajubaoficial\/\",\"https:\/\/www.youtube.com\/user\/TVCAMARAITAJUBA\"]}]}<\/script>\n<!-- \/ Yoast SEO plugin. -->","yoast_head_json":{"title":"Diretorias - C\u00e2mara Municipal de Itajub\u00e1","robots":{"index":"index","follow":"follow","max-snippet":"max-snippet:-1","max-image-preview":"max-image-preview:large","max-video-preview":"max-video-preview:-1"},"canonical":"https:\/\/itajuba.cam.mg.gov.br\/site\/diretorias\/","og_locale":"pt_BR","og_type":"article","og_title":"Diretorias - C\u00e2mara Municipal de Itajub\u00e1","og_description":"Diretoria Administrativa Diretor: Leandro Albert de Oliveira N. de S\u00e1 Atribui\u00e7\u00f5es t\u00edpicas:\u00a0Dirigir os servi\u00e7os de apoio administrativo, determinando as provid\u00eancias necess\u00e1rias ao seu\u00a0melhor desempenho; planejar e coordenar as atividades relativas \u00e0 administra\u00e7\u00e3o de recursos humanos, de\u00a0material e de patrim\u00f4nio; determinar a organiza\u00e7\u00e3o do cadastro de fornecedores e do cat\u00e1logo de materiais de uso\u00a0corrente na C\u00e2mara [&hellip;]","og_url":"https:\/\/itajuba.cam.mg.gov.br\/site\/diretorias\/","og_site_name":"C\u00e2mara Municipal de Itajub\u00e1","article_publisher":"https:\/\/www.facebook.com\/camaradeitajubaoficial","article_modified_time":"2025-02-07T18:59:43+00:00","twitter_card":"summary_large_image","twitter_misc":{"Est. tempo de leitura":"9 minutos"},"schema":{"@context":"https:\/\/schema.org","@graph":[{"@type":"WebPage","@id":"https:\/\/itajuba.cam.mg.gov.br\/site\/diretorias\/","url":"https:\/\/itajuba.cam.mg.gov.br\/site\/diretorias\/","name":"Diretorias - C\u00e2mara Municipal de Itajub\u00e1","isPartOf":{"@id":"https:\/\/itajuba.cam.mg.gov.br\/site\/#website"},"datePublished":"2023-09-14T19:21:25+00:00","dateModified":"2025-02-07T18:59:43+00:00","breadcrumb":{"@id":"https:\/\/itajuba.cam.mg.gov.br\/site\/diretorias\/#breadcrumb"},"inLanguage":"pt-BR","potentialAction":[{"@type":"ReadAction","target":["https:\/\/itajuba.cam.mg.gov.br\/site\/diretorias\/"]}]},{"@type":"BreadcrumbList","@id":"https:\/\/itajuba.cam.mg.gov.br\/site\/diretorias\/#breadcrumb","itemListElement":[{"@type":"ListItem","position":1,"name":"In\u00edcio","item":"https:\/\/itajuba.cam.mg.gov.br\/site\/"},{"@type":"ListItem","position":2,"name":"Diretorias"}]},{"@type":"WebSite","@id":"https:\/\/itajuba.cam.mg.gov.br\/site\/#website","url":"https:\/\/itajuba.cam.mg.gov.br\/site\/","name":"C\u00e2mara Municipal de Itajub\u00e1","description":"Efici\u00eancia e Transpar\u00eancia","publisher":{"@id":"https:\/\/itajuba.cam.mg.gov.br\/site\/#organization"},"potentialAction":[{"@type":"SearchAction","target":{"@type":"EntryPoint","urlTemplate":"https:\/\/itajuba.cam.mg.gov.br\/site\/?s={search_term_string}"},"query-input":"required name=search_term_string"}],"inLanguage":"pt-BR"},{"@type":"Organization","@id":"https:\/\/itajuba.cam.mg.gov.br\/site\/#organization","name":"C\u00e2mara Municipal de Itajub\u00e1","url":"https:\/\/itajuba.cam.mg.gov.br\/site\/","logo":{"@type":"ImageObject","inLanguage":"pt-BR","@id":"https:\/\/itajuba.cam.mg.gov.br\/site\/#\/schema\/logo\/image\/","url":"https:\/\/itajuba.cam.mg.gov.br\/site\/wp-content\/uploads\/2023\/09\/logo_camara_2024.png","contentUrl":"https:\/\/itajuba.cam.mg.gov.br\/site\/wp-content\/uploads\/2023\/09\/logo_camara_2024.png","width":1000,"height":385,"caption":"C\u00e2mara Municipal de Itajub\u00e1"},"image":{"@id":"https:\/\/itajuba.cam.mg.gov.br\/site\/#\/schema\/logo\/image\/"},"sameAs":["https:\/\/www.facebook.com\/camaradeitajubaoficial","https:\/\/www.instagram.com\/camaradeitajubaoficial\/","https:\/\/www.youtube.com\/user\/TVCAMARAITAJUBA"]}]}},"_links":{"self":[{"href":"https:\/\/itajuba.cam.mg.gov.br\/site\/wp-json\/wp\/v2\/pages\/5354","targetHints":{"allow":["GET"]}}],"collection":[{"href":"https:\/\/itajuba.cam.mg.gov.br\/site\/wp-json\/wp\/v2\/pages"}],"about":[{"href":"https:\/\/itajuba.cam.mg.gov.br\/site\/wp-json\/wp\/v2\/types\/page"}],"author":[{"embeddable":true,"href":"https:\/\/itajuba.cam.mg.gov.br\/site\/wp-json\/wp\/v2\/users\/1"}],"replies":[{"embeddable":true,"href":"https:\/\/itajuba.cam.mg.gov.br\/site\/wp-json\/wp\/v2\/comments?post=5354"}],"version-history":[{"count":7,"href":"https:\/\/itajuba.cam.mg.gov.br\/site\/wp-json\/wp\/v2\/pages\/5354\/revisions"}],"predecessor-version":[{"id":13927,"href":"https:\/\/itajuba.cam.mg.gov.br\/site\/wp-json\/wp\/v2\/pages\/5354\/revisions\/13927"}],"wp:attachment":[{"href":"https:\/\/itajuba.cam.mg.gov.br\/site\/wp-json\/wp\/v2\/media?parent=5354"}],"curies":[{"name":"wp","href":"https:\/\/api.w.org\/{rel}","templated":true}]}}