{"id":5358,"date":"2023-09-14T19:23:41","date_gmt":"2023-09-14T19:23:41","guid":{"rendered":"https:\/\/itajuba.cam.mg.gov.br\/site\/?page_id=5358"},"modified":"2023-10-08T20:53:27","modified_gmt":"2023-10-08T20:53:27","slug":"municipio","status":"publish","type":"page","link":"https:\/\/itajuba.cam.mg.gov.br\/site\/municipio\/","title":{"rendered":"Munic\u00edpio"},"content":{"rendered":"\t\t<div data-elementor-type=\"wp-page\" data-elementor-id=\"5358\" class=\"elementor elementor-5358\" data-elementor-post-type=\"page\">\n\t\t\t\t\t\t\t\t\t<section class=\"elementor-section elementor-top-section elementor-element elementor-element-06147ba elementor-section-boxed elementor-section-height-default elementor-section-height-default\" data-id=\"06147ba\" data-element_type=\"section\">\n\t\t\t\t\t\t<div class=\"elementor-container elementor-column-gap-default\">\n\t\t\t\t\t<div class=\"elementor-column elementor-col-100 elementor-top-column elementor-element elementor-element-ee7c723\" data-id=\"ee7c723\" data-element_type=\"column\">\n\t\t\t<div class=\"elementor-widget-wrap elementor-element-populated\">\n\t\t\t\t\t\t\t\t<div class=\"elementor-element elementor-element-ea1f256 elementor-widget elementor-widget-text-editor\" data-id=\"ea1f256\" data-element_type=\"widget\" data-widget_type=\"text-editor.default\">\n\t\t\t\t<div class=\"elementor-widget-container\">\n\t\t\t<style>\/*! elementor - v3.16.0 - 13-09-2023 *\/\n.elementor-widget-text-editor.elementor-drop-cap-view-stacked .elementor-drop-cap{background-color:#69727d;color:#fff}.elementor-widget-text-editor.elementor-drop-cap-view-framed .elementor-drop-cap{color:#69727d;border:3px solid;background-color:transparent}.elementor-widget-text-editor:not(.elementor-drop-cap-view-default) .elementor-drop-cap{margin-top:8px}.elementor-widget-text-editor:not(.elementor-drop-cap-view-default) .elementor-drop-cap-letter{width:1em;height:1em}.elementor-widget-text-editor .elementor-drop-cap{float:left;text-align:center;line-height:1;font-size:50px}.elementor-widget-text-editor .elementor-drop-cap-letter{display:inline-block}<\/style>\t\t\t\t<p>Itajub\u00e1 foi fundada em 19 de mar\u00e7o de 1819 e em 27 de setembro de 1848 foi emancipada e, conforme a Lei n\u00ba 355, de 27 de setembro de 1848, a abrang\u00eancia dos seguintes territ\u00f3rios: a \u201c freguesia de mesmo nome\u201d (que abrangia o atual munic\u00edpio de Pirangu\u00e7\u00fa), Cristina (Esp\u00edrito Santo do Cumquibus), Pedralva (S\u00e3o Sebasti\u00e3o da Capituba), Bras\u00f3polis (S\u00e3o Caetano da Vargem Grande) e Delfim Moreira (Soledade de Itajub\u00e1). Pouco tempo depois esses territ\u00f3rios foram se desmembrando de Itajub\u00e1.<\/p><p>Na corrida \u00e0 explora\u00e7\u00e3o de pedras preciosas em Minas Gerais foram descobertas as minas de Nossa Senhora da Soledade do Itagyb\u00e1, local onde se construiu a cidade de Delfim Moreira, na qual teve in\u00edcio a hist\u00f3ria da atual cidade de Itajub\u00e1. Um apetite de ouro e pedrarias que levaria \u00e0 forma\u00e7\u00e3o de povoados na regi\u00e3o sul de nosso Estado.<\/p><p>Um apetite de ouro e pedrarias que levaria \u00e0 forma\u00e7\u00e3o de povoados na regi\u00e3o sul de nosso Estado. Entre bravos e arrojados povoadores estava Miguel Garcia Velho, fundador da primitiva Itajub\u00e1, hoje cidade e munic\u00edpio de Delfim Moreira.<\/p><p>Nas imedia\u00e7\u00f5es de Passa-Quatro, Miguel seguiu pelos vales de Bocaina, afastando-se, pois da rota j\u00e1 trilhada por outros exploradores, a qual ia dar no Rio Verde e Baependi. Transp\u00f4s a Serra dos Marins e o planalto do Capivari, no qual andou descobrindo algumas pintas de ouro. No C\u00f3rrego Alegre e nas \u00e1guas do Tabu\u00e3o encontrou maiores ind\u00edcios do cobi\u00e7ado metal. Pretendia alcan\u00e7ar a Serra de Cubat\u00e3o, mas a mina do Itagyb\u00e1 foi a que mais o seduziu, e onde permaneceu por mais tempo, dando in\u00edcio ao povoado. Era 1703.<\/p><p>O garimpo nas minas de Itagyb\u00e1 foi ef\u00eamero. As catas e as gupiaras n\u00e3o compensavam o trabalho e n\u00e3o correspondiam \u00e0 sede de riquezas de Miguel Garcia Velho e seus companheiros.<\/p><p>Os bandeirantes se retiraram, e quem ficou no povoado tratou de se arranjar com a agricultura e a pecu\u00e1ria. Povo laborioso, mas de minguados recursos, o arraial em desfavor\u00e1vel localiza\u00e7\u00e3o, e a Soledade do Itagyb\u00e1 n\u00e3o prosperou.<\/p><p>E a hist\u00f3ria da nova cidade de Itajub\u00e1 come\u00e7ou na Soledade do Itagyb\u00e1 do Sargento-mor Miguel Garcia Velho.<\/p><p>A Freguesia de Nossa Senhora da Soledade de Itajub\u00e1 (atual cidade e munic\u00edpio de Delfim Moreira), j\u00e1 no meado do s\u00e9culo XVIII, se encontrava sobremaneira abalada em seus recursos econ\u00f4micos e sua vida social com a paralisa\u00e7\u00e3o das atividades aur\u00edferas. Os aventureiros que, depois de Garcia Velho, l\u00e1 estiveram, logo abandonaram aquelas minas. Os poucos habitantes do povoado, desde ent\u00e3o, nem mais pensavam em ouro, que j\u00e1 n\u00e3o dava p\u00e3o e comida a ningu\u00e9m, de t\u00e3o raro que ficou.<\/p><p>Com a morte p\u00e1roco, Padre Joaquim Jos\u00e9 Ferreira, ocorrida em princ\u00edpios de 1817, Soledade de Itajub\u00e1 s\u00f3 se daria mais de um ano depois com o novo vig\u00e1rio, Padre Louren\u00e7o da Costa Moreira, atrav\u00e9s da nomea\u00e7\u00e3o real de D. Jo\u00e3o VI.<\/p><p>O vig\u00e1rio vinha acompanhado de seus escravos, da senhora D. In\u00eas de Castro Silva, do Dominicano, menino de 5 anos, e de Delminda, pequerrucha de apenas 2 anos, os quais estavam sob os cuidados de zelosas mucamas de sua comitiva.<\/p><p>O nome Itagyb\u00e1, que na l\u00edngua ind\u00edgena significa, \u201cRio das pedras que do alto cai\u201d, cascata, foi dado em alus\u00e3o \u00e0 cachoeira junto \u00e0s minas de Miguel Garcia Velho, sugerido por seus companheiros de expedi\u00e7\u00e3o.<\/p><p>Como nunca faltava uma evoca\u00e7\u00e3o religiosa cat\u00f3lica nos antigos povoados, logo denominavam o lugarejo de Nossa Senhora da Soledade de Itajub\u00e1, ou, segundo se dizia ent\u00e3o, do Itagyb\u00e1.<\/p><p>A cascata hist\u00f3rica que emprestou o nome a Itajub\u00e1 est\u00e1 na \u00e1rea urbana da cidade de Delfim Moreira, a primitiva Itagyb\u00e1, a cerca de meio quil\u00f4metro do centro e de sua igreja Matriz.<\/p><p>Por lament\u00e1vel confus\u00e3o com a palavra itajuba (com a t\u00f4nica no \u2013 j\u00fa), muita gente acredita que Itajub\u00e1 significa pedra amarela. E a fantasia popular chegou a imaginar a exist\u00eancia de uma pedra amarela no munic\u00edpio.<\/p><p>Dois meses depois de sua chegada \u00e0 Soledade de Itajub\u00e1, o Padre Louren\u00e7o da Costa Moreira, durante a missa conventual, usou a tribuna sagrada para expor aos seus paroquianos que a m\u00e1 localiza\u00e7\u00e3o da aldeia n\u00e3o era favor\u00e1vel ao desenvolvimento e, do p\u00falpito, convidou seus paroquianos a descer a serra, rumo ao Sapuca\u00ed, \u00e0 procura de um lugar apraz\u00edvel e bom, no qual se pudesse construir a nova sede da Freguesia. Permaneceria ali a Capela de Nossa Senhora da Soledade.<\/p><p>Na noite de 17 de mar\u00e7o de 1819 reuniu o vig\u00e1rio, na Matriz, todos os fi\u00e9is que os seguiriam. Na manh\u00e3 do dia seguinte, ap\u00f3s a missa, a caravana rumou para as bandas do Sapuca\u00ed. Eram os pioneiros da nova Matriz, que marchavam com a miss\u00e3o de fundar a nova Itajub\u00e1.<\/p><p>No dia seguinte, rumando todos para o alto do c\u00f4moro, o Ibitira, segundo a denomina\u00e7\u00e3o dos Puri-Coroados, o vig\u00e1rio se deslumbrou com o que viu. N\u00e3o era preciso prosseguir a viagem. O local onde estavam lhe parecera excelente para a funda\u00e7\u00e3o do novo povoado e a sede da Freguesia. Ali em meio a clareira aberta pelos desbravadores, foi constru\u00eddo um altar e o Cruzeiro onde Padre Louren\u00e7o celebrou a primeira missa. Foi nesse altar erguido exatamente onde hoje se encontra a Matriz da Par\u00f3quia de Nossa Senhora da Soledade, que nasceu, em 19 de mar\u00e7o de 1819, a atual Cidade de Itajub\u00e1.<\/p><p><strong>(Dados retirados do livro: \u201cHist\u00f3ria de Itajub\u00e1\u201d- BH \/ 1987 Armelim Guimar\u00e3es)<\/strong><\/p>\t\t\t\t\t\t<\/div>\n\t\t\t\t<\/div>\n\t\t\t\t\t<\/div>\n\t\t<\/div>\n\t\t\t\t\t\t\t<\/div>\n\t\t<\/section>\n\t\t\t\t\t\t\t<\/div>\n\t\t","protected":false},"excerpt":{"rendered":"<p>Itajub\u00e1 foi fundada em 19 de mar\u00e7o de 1819 e em 27 de setembro de 1848 foi emancipada e, conforme a Lei n\u00ba 355, de 27 de setembro de 1848, a abrang\u00eancia dos seguintes territ\u00f3rios: a \u201c freguesia de mesmo nome\u201d (que abrangia o atual munic\u00edpio de Pirangu\u00e7\u00fa), Cristina (Esp\u00edrito Santo do Cumquibus), Pedralva (S\u00e3o [&hellip;]<\/p>\n","protected":false},"author":1,"featured_media":0,"parent":0,"menu_order":0,"comment_status":"closed","ping_status":"closed","template":"","meta":{"footnotes":""},"class_list":["post-5358","page","type-page","status-publish","hentry"],"yoast_head":"<!-- This site is optimized with the Yoast SEO plugin v21.0 - https:\/\/yoast.com\/wordpress\/plugins\/seo\/ -->\n<title>Munic\u00edpio - C\u00e2mara Municipal de Itajub\u00e1<\/title>\n<meta name=\"robots\" content=\"index, follow, max-snippet:-1, max-image-preview:large, max-video-preview:-1\" \/>\n<link rel=\"canonical\" href=\"https:\/\/itajuba.cam.mg.gov.br\/site\/municipio\/\" \/>\n<meta property=\"og:locale\" content=\"pt_BR\" \/>\n<meta property=\"og:type\" content=\"article\" \/>\n<meta property=\"og:title\" content=\"Munic\u00edpio - C\u00e2mara Municipal de Itajub\u00e1\" \/>\n<meta property=\"og:description\" content=\"Itajub\u00e1 foi fundada em 19 de mar\u00e7o de 1819 e em 27 de setembro de 1848 foi emancipada e, conforme a Lei n\u00ba 355, de 27 de setembro de 1848, a abrang\u00eancia dos seguintes territ\u00f3rios: a \u201c freguesia de mesmo nome\u201d (que abrangia o atual munic\u00edpio de Pirangu\u00e7\u00fa), Cristina (Esp\u00edrito Santo do Cumquibus), Pedralva (S\u00e3o [&hellip;]\" \/>\n<meta property=\"og:url\" content=\"https:\/\/itajuba.cam.mg.gov.br\/site\/municipio\/\" \/>\n<meta property=\"og:site_name\" content=\"C\u00e2mara Municipal de Itajub\u00e1\" \/>\n<meta property=\"article:publisher\" content=\"https:\/\/www.facebook.com\/camaradeitajubaoficial\" \/>\n<meta property=\"article:modified_time\" content=\"2023-10-08T20:53:27+00:00\" \/>\n<meta name=\"twitter:card\" content=\"summary_large_image\" \/>\n<meta name=\"twitter:label1\" content=\"Est. tempo de leitura\" \/>\n\t<meta name=\"twitter:data1\" content=\"5 minutos\" \/>\n<script type=\"application\/ld+json\" class=\"yoast-schema-graph\">{\"@context\":\"https:\/\/schema.org\",\"@graph\":[{\"@type\":\"WebPage\",\"@id\":\"https:\/\/itajuba.cam.mg.gov.br\/site\/municipio\/\",\"url\":\"https:\/\/itajuba.cam.mg.gov.br\/site\/municipio\/\",\"name\":\"Munic\u00edpio - C\u00e2mara Municipal de Itajub\u00e1\",\"isPartOf\":{\"@id\":\"https:\/\/itajuba.cam.mg.gov.br\/site\/#website\"},\"datePublished\":\"2023-09-14T19:23:41+00:00\",\"dateModified\":\"2023-10-08T20:53:27+00:00\",\"breadcrumb\":{\"@id\":\"https:\/\/itajuba.cam.mg.gov.br\/site\/municipio\/#breadcrumb\"},\"inLanguage\":\"pt-BR\",\"potentialAction\":[{\"@type\":\"ReadAction\",\"target\":[\"https:\/\/itajuba.cam.mg.gov.br\/site\/municipio\/\"]}]},{\"@type\":\"BreadcrumbList\",\"@id\":\"https:\/\/itajuba.cam.mg.gov.br\/site\/municipio\/#breadcrumb\",\"itemListElement\":[{\"@type\":\"ListItem\",\"position\":1,\"name\":\"In\u00edcio\",\"item\":\"https:\/\/itajuba.cam.mg.gov.br\/site\/\"},{\"@type\":\"ListItem\",\"position\":2,\"name\":\"Munic\u00edpio\"}]},{\"@type\":\"WebSite\",\"@id\":\"https:\/\/itajuba.cam.mg.gov.br\/site\/#website\",\"url\":\"https:\/\/itajuba.cam.mg.gov.br\/site\/\",\"name\":\"C\u00e2mara Municipal de Itajub\u00e1\",\"description\":\"Efici\u00eancia e Transpar\u00eancia\",\"publisher\":{\"@id\":\"https:\/\/itajuba.cam.mg.gov.br\/site\/#organization\"},\"potentialAction\":[{\"@type\":\"SearchAction\",\"target\":{\"@type\":\"EntryPoint\",\"urlTemplate\":\"https:\/\/itajuba.cam.mg.gov.br\/site\/?s={search_term_string}\"},\"query-input\":\"required name=search_term_string\"}],\"inLanguage\":\"pt-BR\"},{\"@type\":\"Organization\",\"@id\":\"https:\/\/itajuba.cam.mg.gov.br\/site\/#organization\",\"name\":\"C\u00e2mara Municipal de Itajub\u00e1\",\"url\":\"https:\/\/itajuba.cam.mg.gov.br\/site\/\",\"logo\":{\"@type\":\"ImageObject\",\"inLanguage\":\"pt-BR\",\"@id\":\"https:\/\/itajuba.cam.mg.gov.br\/site\/#\/schema\/logo\/image\/\",\"url\":\"https:\/\/itajuba.cam.mg.gov.br\/site\/wp-content\/uploads\/2023\/09\/logo_camara_2024.png\",\"contentUrl\":\"https:\/\/itajuba.cam.mg.gov.br\/site\/wp-content\/uploads\/2023\/09\/logo_camara_2024.png\",\"width\":1000,\"height\":385,\"caption\":\"C\u00e2mara Municipal de Itajub\u00e1\"},\"image\":{\"@id\":\"https:\/\/itajuba.cam.mg.gov.br\/site\/#\/schema\/logo\/image\/\"},\"sameAs\":[\"https:\/\/www.facebook.com\/camaradeitajubaoficial\",\"https:\/\/www.instagram.com\/camaradeitajubaoficial\/\",\"https:\/\/www.youtube.com\/user\/TVCAMARAITAJUBA\"]}]}<\/script>\n<!-- \/ Yoast SEO plugin. -->","yoast_head_json":{"title":"Munic\u00edpio - C\u00e2mara Municipal de Itajub\u00e1","robots":{"index":"index","follow":"follow","max-snippet":"max-snippet:-1","max-image-preview":"max-image-preview:large","max-video-preview":"max-video-preview:-1"},"canonical":"https:\/\/itajuba.cam.mg.gov.br\/site\/municipio\/","og_locale":"pt_BR","og_type":"article","og_title":"Munic\u00edpio - C\u00e2mara Municipal de Itajub\u00e1","og_description":"Itajub\u00e1 foi fundada em 19 de mar\u00e7o de 1819 e em 27 de setembro de 1848 foi emancipada e, conforme a Lei n\u00ba 355, de 27 de setembro de 1848, a abrang\u00eancia dos seguintes territ\u00f3rios: a \u201c freguesia de mesmo nome\u201d (que abrangia o atual munic\u00edpio de Pirangu\u00e7\u00fa), Cristina (Esp\u00edrito Santo do Cumquibus), Pedralva (S\u00e3o [&hellip;]","og_url":"https:\/\/itajuba.cam.mg.gov.br\/site\/municipio\/","og_site_name":"C\u00e2mara Municipal de Itajub\u00e1","article_publisher":"https:\/\/www.facebook.com\/camaradeitajubaoficial","article_modified_time":"2023-10-08T20:53:27+00:00","twitter_card":"summary_large_image","twitter_misc":{"Est. tempo de leitura":"5 minutos"},"schema":{"@context":"https:\/\/schema.org","@graph":[{"@type":"WebPage","@id":"https:\/\/itajuba.cam.mg.gov.br\/site\/municipio\/","url":"https:\/\/itajuba.cam.mg.gov.br\/site\/municipio\/","name":"Munic\u00edpio - C\u00e2mara Municipal de Itajub\u00e1","isPartOf":{"@id":"https:\/\/itajuba.cam.mg.gov.br\/site\/#website"},"datePublished":"2023-09-14T19:23:41+00:00","dateModified":"2023-10-08T20:53:27+00:00","breadcrumb":{"@id":"https:\/\/itajuba.cam.mg.gov.br\/site\/municipio\/#breadcrumb"},"inLanguage":"pt-BR","potentialAction":[{"@type":"ReadAction","target":["https:\/\/itajuba.cam.mg.gov.br\/site\/municipio\/"]}]},{"@type":"BreadcrumbList","@id":"https:\/\/itajuba.cam.mg.gov.br\/site\/municipio\/#breadcrumb","itemListElement":[{"@type":"ListItem","position":1,"name":"In\u00edcio","item":"https:\/\/itajuba.cam.mg.gov.br\/site\/"},{"@type":"ListItem","position":2,"name":"Munic\u00edpio"}]},{"@type":"WebSite","@id":"https:\/\/itajuba.cam.mg.gov.br\/site\/#website","url":"https:\/\/itajuba.cam.mg.gov.br\/site\/","name":"C\u00e2mara Municipal de Itajub\u00e1","description":"Efici\u00eancia e Transpar\u00eancia","publisher":{"@id":"https:\/\/itajuba.cam.mg.gov.br\/site\/#organization"},"potentialAction":[{"@type":"SearchAction","target":{"@type":"EntryPoint","urlTemplate":"https:\/\/itajuba.cam.mg.gov.br\/site\/?s={search_term_string}"},"query-input":"required name=search_term_string"}],"inLanguage":"pt-BR"},{"@type":"Organization","@id":"https:\/\/itajuba.cam.mg.gov.br\/site\/#organization","name":"C\u00e2mara Municipal de Itajub\u00e1","url":"https:\/\/itajuba.cam.mg.gov.br\/site\/","logo":{"@type":"ImageObject","inLanguage":"pt-BR","@id":"https:\/\/itajuba.cam.mg.gov.br\/site\/#\/schema\/logo\/image\/","url":"https:\/\/itajuba.cam.mg.gov.br\/site\/wp-content\/uploads\/2023\/09\/logo_camara_2024.png","contentUrl":"https:\/\/itajuba.cam.mg.gov.br\/site\/wp-content\/uploads\/2023\/09\/logo_camara_2024.png","width":1000,"height":385,"caption":"C\u00e2mara Municipal de Itajub\u00e1"},"image":{"@id":"https:\/\/itajuba.cam.mg.gov.br\/site\/#\/schema\/logo\/image\/"},"sameAs":["https:\/\/www.facebook.com\/camaradeitajubaoficial","https:\/\/www.instagram.com\/camaradeitajubaoficial\/","https:\/\/www.youtube.com\/user\/TVCAMARAITAJUBA"]}]}},"_links":{"self":[{"href":"https:\/\/itajuba.cam.mg.gov.br\/site\/wp-json\/wp\/v2\/pages\/5358","targetHints":{"allow":["GET"]}}],"collection":[{"href":"https:\/\/itajuba.cam.mg.gov.br\/site\/wp-json\/wp\/v2\/pages"}],"about":[{"href":"https:\/\/itajuba.cam.mg.gov.br\/site\/wp-json\/wp\/v2\/types\/page"}],"author":[{"embeddable":true,"href":"https:\/\/itajuba.cam.mg.gov.br\/site\/wp-json\/wp\/v2\/users\/1"}],"replies":[{"embeddable":true,"href":"https:\/\/itajuba.cam.mg.gov.br\/site\/wp-json\/wp\/v2\/comments?post=5358"}],"version-history":[{"count":4,"href":"https:\/\/itajuba.cam.mg.gov.br\/site\/wp-json\/wp\/v2\/pages\/5358\/revisions"}],"predecessor-version":[{"id":6438,"href":"https:\/\/itajuba.cam.mg.gov.br\/site\/wp-json\/wp\/v2\/pages\/5358\/revisions\/6438"}],"wp:attachment":[{"href":"https:\/\/itajuba.cam.mg.gov.br\/site\/wp-json\/wp\/v2\/media?parent=5358"}],"curies":[{"name":"wp","href":"https:\/\/api.w.org\/{rel}","templated":true}]}}