{"id":5360,"date":"2023-09-14T19:24:27","date_gmt":"2023-09-14T19:24:27","guid":{"rendered":"https:\/\/itajuba.cam.mg.gov.br\/site\/?page_id=5360"},"modified":"2024-04-16T21:04:15","modified_gmt":"2024-04-16T21:04:15","slug":"presidentes","status":"publish","type":"page","link":"https:\/\/itajuba.cam.mg.gov.br\/site\/presidentes\/","title":{"rendered":"Presidentes"},"content":{"rendered":"\t\t<div data-elementor-type=\"wp-page\" data-elementor-id=\"5360\" class=\"elementor elementor-5360\" data-elementor-post-type=\"page\">\n\t\t\t\t\t\t\t\t\t<section class=\"elementor-section elementor-top-section elementor-element elementor-element-56dbfcd elementor-section-boxed elementor-section-height-default elementor-section-height-default\" data-id=\"56dbfcd\" data-element_type=\"section\">\n\t\t\t\t\t\t<div class=\"elementor-container elementor-column-gap-default\">\n\t\t\t\t\t<div class=\"elementor-column elementor-col-100 elementor-top-column elementor-element elementor-element-8246768\" data-id=\"8246768\" data-element_type=\"column\">\n\t\t\t<div class=\"elementor-widget-wrap elementor-element-populated\">\n\t\t\t\t\t\t\t\t<div class=\"elementor-element elementor-element-c542073 elementor-widget elementor-widget-heading\" data-id=\"c542073\" data-element_type=\"widget\" data-widget_type=\"heading.default\">\n\t\t\t\t<div class=\"elementor-widget-container\">\n\t\t\t<style>\/*! elementor - v3.16.0 - 13-09-2023 *\/\n.elementor-heading-title{padding:0;margin:0;line-height:1}.elementor-widget-heading .elementor-heading-title[class*=elementor-size-]>a{color:inherit;font-size:inherit;line-height:inherit}.elementor-widget-heading .elementor-heading-title.elementor-size-small{font-size:15px}.elementor-widget-heading .elementor-heading-title.elementor-size-medium{font-size:19px}.elementor-widget-heading .elementor-heading-title.elementor-size-large{font-size:29px}.elementor-widget-heading .elementor-heading-title.elementor-size-xl{font-size:39px}.elementor-widget-heading .elementor-heading-title.elementor-size-xxl{font-size:59px}<\/style><h5 class=\"elementor-heading-title elementor-size-default\">Clique nas fotos para visualizar as biografias<\/h5>\t\t<\/div>\n\t\t\t\t<\/div>\n\t\t\t\t\t<\/div>\n\t\t<\/div>\n\t\t\t\t\t\t\t<\/div>\n\t\t<\/section>\n\t\t\t\t<section class=\"elementor-section elementor-top-section elementor-element elementor-element-a658a8f elementor-hidden-mobile elementor-section-boxed elementor-section-height-default elementor-section-height-default\" data-id=\"a658a8f\" data-element_type=\"section\">\n\t\t\t\t\t\t<div class=\"elementor-container elementor-column-gap-default\">\n\t\t\t\t\t<div class=\"elementor-column elementor-col-25 elementor-top-column elementor-element elementor-element-79fcccd\" data-id=\"79fcccd\" data-element_type=\"column\">\n\t\t\t<div class=\"elementor-widget-wrap elementor-element-populated\">\n\t\t\t\t\t\t\t\t<div class=\"elementor-element elementor-element-2678f24 elementor-widget elementor-widget-image\" data-id=\"2678f24\" data-element_type=\"widget\" data-widget_type=\"image.default\">\n\t\t\t\t<div class=\"elementor-widget-container\">\n\t\t\t<style>\/*! elementor - v3.16.0 - 13-09-2023 *\/\n.elementor-widget-image{text-align:center}.elementor-widget-image a{display:inline-block}.elementor-widget-image a img[src$=\".svg\"]{width:48px}.elementor-widget-image img{vertical-align:middle;display:inline-block}<\/style>\t\t\t\t\t\t\t\t\t\t\t\t\t<a href=\"https:\/\/itajuba.cam.mg.gov.br\/site\/marcelo-krauss-rezende\/\">\n\t\t\t\t\t\t\t<img loading=\"lazy\" decoding=\"async\" width=\"770\" height=\"1024\" src=\"https:\/\/itajuba.cam.mg.gov.br\/site\/wp-content\/uploads\/2023\/10\/marcelo_presidente-1155x1536-1-770x1024.png\" class=\"elementor-animation-shrink attachment-large size-large wp-image-6439\" alt=\"\" srcset=\"https:\/\/itajuba.cam.mg.gov.br\/site\/wp-content\/uploads\/2023\/10\/marcelo_presidente-1155x1536-1-770x1024.png 770w, https:\/\/itajuba.cam.mg.gov.br\/site\/wp-content\/uploads\/2023\/10\/marcelo_presidente-1155x1536-1-226x300.png 226w, https:\/\/itajuba.cam.mg.gov.br\/site\/wp-content\/uploads\/2023\/10\/marcelo_presidente-1155x1536-1-768x1021.png 768w, https:\/\/itajuba.cam.mg.gov.br\/site\/wp-content\/uploads\/2023\/10\/marcelo_presidente-1155x1536-1.png 1155w\" sizes=\"auto, (max-width: 770px) 100vw, 770px\" \/>\t\t\t\t\t\t\t\t<\/a>\n\t\t\t\t\t\t\t\t\t\t\t\t\t\t\t<\/div>\n\t\t\t\t<\/div>\n\t\t\t\t<div class=\"elementor-element elementor-element-d38fc32 elementor-widget elementor-widget-image\" data-id=\"d38fc32\" data-element_type=\"widget\" data-widget_type=\"image.default\">\n\t\t\t\t<div class=\"elementor-widget-container\">\n\t\t\t\t\t\t\t\t\t\t\t\t\t\t\t\t<a href=\"https:\/\/itajuba.cam.mg.gov.br\/site\/antonio-raimundo-santi\/\">\n\t\t\t\t\t\t\t<img loading=\"lazy\" decoding=\"async\" width=\"549\" height=\"730\" src=\"https:\/\/itajuba.cam.mg.gov.br\/site\/wp-content\/uploads\/2023\/10\/36-ANTONIO-RAIMUNDO-SANTI-2011-2012-2015-2016.jpg\" class=\"elementor-animation-shrink attachment-large size-large wp-image-6447\" alt=\"\" srcset=\"https:\/\/itajuba.cam.mg.gov.br\/site\/wp-content\/uploads\/2023\/10\/36-ANTONIO-RAIMUNDO-SANTI-2011-2012-2015-2016.jpg 549w, https:\/\/itajuba.cam.mg.gov.br\/site\/wp-content\/uploads\/2023\/10\/36-ANTONIO-RAIMUNDO-SANTI-2011-2012-2015-2016-226x300.jpg 226w\" sizes=\"auto, (max-width: 549px) 100vw, 549px\" \/>\t\t\t\t\t\t\t\t<\/a>\n\t\t\t\t\t\t\t\t\t\t\t\t\t\t\t<\/div>\n\t\t\t\t<\/div>\n\t\t\t\t<div class=\"elementor-element elementor-element-36b4101 elementor-widget elementor-widget-image\" data-id=\"36b4101\" data-element_type=\"widget\" data-widget_type=\"image.default\">\n\t\t\t\t<div class=\"elementor-widget-container\">\n\t\t\t\t\t\t\t\t\t\t\t\t\t\t\t\t<a href=\"https:\/\/itajuba.cam.mg.gov.br\/site\/rodrigo-riera\/\">\n\t\t\t\t\t\t\t<img loading=\"lazy\" decoding=\"async\" width=\"549\" height=\"730\" src=\"https:\/\/itajuba.cam.mg.gov.br\/site\/wp-content\/uploads\/2023\/10\/33-RODRIGO-IMAR-MARTINEZ-RIERA-1999-2000.jpg\" class=\"elementor-animation-shrink attachment-large size-large wp-image-6450\" alt=\"\" srcset=\"https:\/\/itajuba.cam.mg.gov.br\/site\/wp-content\/uploads\/2023\/10\/33-RODRIGO-IMAR-MARTINEZ-RIERA-1999-2000.jpg 549w, https:\/\/itajuba.cam.mg.gov.br\/site\/wp-content\/uploads\/2023\/10\/33-RODRIGO-IMAR-MARTINEZ-RIERA-1999-2000-226x300.jpg 226w\" sizes=\"auto, (max-width: 549px) 100vw, 549px\" \/>\t\t\t\t\t\t\t\t<\/a>\n\t\t\t\t\t\t\t\t\t\t\t\t\t\t\t<\/div>\n\t\t\t\t<\/div>\n\t\t\t\t<div class=\"elementor-element elementor-element-0f5a99c elementor-widget elementor-widget-image\" data-id=\"0f5a99c\" data-element_type=\"widget\" data-widget_type=\"image.default\">\n\t\t\t\t<div class=\"elementor-widget-container\">\n\t\t\t\t\t\t\t\t\t\t\t\t\t\t\t\t<a href=\"https:\/\/itajuba.cam.mg.gov.br\/site\/antonio-benedito-rosa\">\n\t\t\t\t\t\t\t<img loading=\"lazy\" decoding=\"async\" width=\"549\" height=\"730\" src=\"https:\/\/itajuba.cam.mg.gov.br\/site\/wp-content\/uploads\/2023\/10\/29-ANTONIO-BENEDITO-ROSA-1987-1988.jpg\" class=\"elementor-animation-shrink attachment-large size-large wp-image-6454\" alt=\"\" srcset=\"https:\/\/itajuba.cam.mg.gov.br\/site\/wp-content\/uploads\/2023\/10\/29-ANTONIO-BENEDITO-ROSA-1987-1988.jpg 549w, https:\/\/itajuba.cam.mg.gov.br\/site\/wp-content\/uploads\/2023\/10\/29-ANTONIO-BENEDITO-ROSA-1987-1988-226x300.jpg 226w\" sizes=\"auto, (max-width: 549px) 100vw, 549px\" \/>\t\t\t\t\t\t\t\t<\/a>\n\t\t\t\t\t\t\t\t\t\t\t\t\t\t\t<\/div>\n\t\t\t\t<\/div>\n\t\t\t\t<div class=\"elementor-element elementor-element-6aee3c5 elementor-widget elementor-widget-image\" data-id=\"6aee3c5\" data-element_type=\"widget\" data-widget_type=\"image.default\">\n\t\t\t\t<div class=\"elementor-widget-container\">\n\t\t\t\t\t\t\t\t\t\t\t\t\t\t\t\t<a href=\"https:\/\/itajuba.cam.mg.gov.br\/site\/jose-aldano-santana\/\">\n\t\t\t\t\t\t\t<img loading=\"lazy\" decoding=\"async\" width=\"549\" height=\"730\" src=\"https:\/\/itajuba.cam.mg.gov.br\/site\/wp-content\/uploads\/2023\/10\/25-JOSE-ALDANO-SANTANA-1980-1981.jpg\" class=\"elementor-animation-shrink attachment-large size-large wp-image-6458\" alt=\"\" srcset=\"https:\/\/itajuba.cam.mg.gov.br\/site\/wp-content\/uploads\/2023\/10\/25-JOSE-ALDANO-SANTANA-1980-1981.jpg 549w, https:\/\/itajuba.cam.mg.gov.br\/site\/wp-content\/uploads\/2023\/10\/25-JOSE-ALDANO-SANTANA-1980-1981-226x300.jpg 226w\" sizes=\"auto, (max-width: 549px) 100vw, 549px\" \/>\t\t\t\t\t\t\t\t<\/a>\n\t\t\t\t\t\t\t\t\t\t\t\t\t\t\t<\/div>\n\t\t\t\t<\/div>\n\t\t\t\t<div class=\"elementor-element elementor-element-f665989 elementor-widget elementor-widget-image\" data-id=\"f665989\" data-element_type=\"widget\" data-widget_type=\"image.default\">\n\t\t\t\t<div class=\"elementor-widget-container\">\n\t\t\t\t\t\t\t\t\t\t\t\t\t\t\t\t<a href=\"https:\/\/itajuba.cam.mg.gov.br\/site\/jose-isidoro\/\">\n\t\t\t\t\t\t\t<img loading=\"lazy\" decoding=\"async\" width=\"549\" height=\"730\" src=\"https:\/\/itajuba.cam.mg.gov.br\/site\/wp-content\/uploads\/2023\/10\/21-JOSE-ISIDORO-1976-1977.jpg\" class=\"elementor-animation-shrink attachment-large size-large wp-image-6462\" alt=\"\" srcset=\"https:\/\/itajuba.cam.mg.gov.br\/site\/wp-content\/uploads\/2023\/10\/21-JOSE-ISIDORO-1976-1977.jpg 549w, https:\/\/itajuba.cam.mg.gov.br\/site\/wp-content\/uploads\/2023\/10\/21-JOSE-ISIDORO-1976-1977-226x300.jpg 226w\" sizes=\"auto, (max-width: 549px) 100vw, 549px\" \/>\t\t\t\t\t\t\t\t<\/a>\n\t\t\t\t\t\t\t\t\t\t\t\t\t\t\t<\/div>\n\t\t\t\t<\/div>\n\t\t\t\t<div class=\"elementor-element elementor-element-5321bf3 elementor-widget elementor-widget-image\" data-id=\"5321bf3\" data-element_type=\"widget\" data-widget_type=\"image.default\">\n\t\t\t\t<div class=\"elementor-widget-container\">\n\t\t\t\t\t\t\t\t\t\t\t\t\t\t\t\t<a href=\"https:\/\/itajuba.cam.mg.gov.br\/site\/dr-jose-chaiben-mauad\">\n\t\t\t\t\t\t\t<img loading=\"lazy\" decoding=\"async\" width=\"549\" height=\"730\" src=\"https:\/\/itajuba.cam.mg.gov.br\/site\/wp-content\/uploads\/2023\/10\/17-DR.-JOSE-CHAIBEN-MAUAD-1971-1973.jpg\" class=\"elementor-animation-shrink attachment-large size-large wp-image-6466\" alt=\"\" srcset=\"https:\/\/itajuba.cam.mg.gov.br\/site\/wp-content\/uploads\/2023\/10\/17-DR.-JOSE-CHAIBEN-MAUAD-1971-1973.jpg 549w, https:\/\/itajuba.cam.mg.gov.br\/site\/wp-content\/uploads\/2023\/10\/17-DR.-JOSE-CHAIBEN-MAUAD-1971-1973-226x300.jpg 226w\" sizes=\"auto, (max-width: 549px) 100vw, 549px\" \/>\t\t\t\t\t\t\t\t<\/a>\n\t\t\t\t\t\t\t\t\t\t\t\t\t\t\t<\/div>\n\t\t\t\t<\/div>\n\t\t\t\t<div class=\"elementor-element elementor-element-69f6004 elementor-widget elementor-widget-image\" data-id=\"69f6004\" data-element_type=\"widget\" data-widget_type=\"image.default\">\n\t\t\t\t<div class=\"elementor-widget-container\">\n\t\t\t\t\t\t\t\t\t\t\t\t\t\t\t\t<a href=\"https:\/\/itajuba.cam.mg.gov.br\/site\/olavo-bilac-miranda\">\n\t\t\t\t\t\t\t<img loading=\"lazy\" decoding=\"async\" width=\"549\" height=\"730\" src=\"https:\/\/itajuba.cam.mg.gov.br\/site\/wp-content\/uploads\/2023\/10\/13-OLAVO-BILAC-MIRANDA-1967-1969.jpg\" class=\"elementor-animation-shrink attachment-large size-large wp-image-6481\" alt=\"\" srcset=\"https:\/\/itajuba.cam.mg.gov.br\/site\/wp-content\/uploads\/2023\/10\/13-OLAVO-BILAC-MIRANDA-1967-1969.jpg 549w, https:\/\/itajuba.cam.mg.gov.br\/site\/wp-content\/uploads\/2023\/10\/13-OLAVO-BILAC-MIRANDA-1967-1969-226x300.jpg 226w\" sizes=\"auto, (max-width: 549px) 100vw, 549px\" \/>\t\t\t\t\t\t\t\t<\/a>\n\t\t\t\t\t\t\t\t\t\t\t\t\t\t\t<\/div>\n\t\t\t\t<\/div>\n\t\t\t\t<div class=\"elementor-element elementor-element-e1c3f96 elementor-widget elementor-widget-image\" data-id=\"e1c3f96\" data-element_type=\"widget\" data-widget_type=\"image.default\">\n\t\t\t\t<div class=\"elementor-widget-container\">\n\t\t\t\t\t\t\t\t\t\t\t\t\t\t\t\t<a href=\"https:\/\/itajuba.cam.mg.gov.br\/site\/lineu-alves\">\n\t\t\t\t\t\t\t<img loading=\"lazy\" decoding=\"async\" width=\"549\" height=\"730\" src=\"https:\/\/itajuba.cam.mg.gov.br\/site\/wp-content\/uploads\/2023\/10\/9-LINEU-ALVES-1960.jpg\" class=\"elementor-animation-shrink attachment-large size-large wp-image-6485\" alt=\"\" srcset=\"https:\/\/itajuba.cam.mg.gov.br\/site\/wp-content\/uploads\/2023\/10\/9-LINEU-ALVES-1960.jpg 549w, https:\/\/itajuba.cam.mg.gov.br\/site\/wp-content\/uploads\/2023\/10\/9-LINEU-ALVES-1960-226x300.jpg 226w\" sizes=\"auto, (max-width: 549px) 100vw, 549px\" \/>\t\t\t\t\t\t\t\t<\/a>\n\t\t\t\t\t\t\t\t\t\t\t\t\t\t\t<\/div>\n\t\t\t\t<\/div>\n\t\t\t\t<div class=\"elementor-element elementor-element-5082119 elementor-widget elementor-widget-image\" data-id=\"5082119\" data-element_type=\"widget\" data-widget_type=\"image.default\">\n\t\t\t\t<div class=\"elementor-widget-container\">\n\t\t\t\t\t\t\t\t\t\t\t\t\t\t\t\t<a href=\"https:\/\/itajuba.cam.mg.gov.br\/site\/antonio-renno-pereira\/\">\n\t\t\t\t\t\t\t<img loading=\"lazy\" decoding=\"async\" width=\"549\" height=\"730\" src=\"https:\/\/itajuba.cam.mg.gov.br\/site\/wp-content\/uploads\/2023\/10\/5-ANTONIO-RENO-PEREIRA-1955-1956.jpg\" class=\"elementor-animation-shrink attachment-large size-large wp-image-6489\" alt=\"\" srcset=\"https:\/\/itajuba.cam.mg.gov.br\/site\/wp-content\/uploads\/2023\/10\/5-ANTONIO-RENO-PEREIRA-1955-1956.jpg 549w, https:\/\/itajuba.cam.mg.gov.br\/site\/wp-content\/uploads\/2023\/10\/5-ANTONIO-RENO-PEREIRA-1955-1956-226x300.jpg 226w\" sizes=\"auto, (max-width: 549px) 100vw, 549px\" \/>\t\t\t\t\t\t\t\t<\/a>\n\t\t\t\t\t\t\t\t\t\t\t\t\t\t\t<\/div>\n\t\t\t\t<\/div>\n\t\t\t\t<div class=\"elementor-element elementor-element-82988ce elementor-widget elementor-widget-image\" data-id=\"82988ce\" data-element_type=\"widget\" data-widget_type=\"image.default\">\n\t\t\t\t<div class=\"elementor-widget-container\">\n\t\t\t\t\t\t\t\t\t\t\t\t\t\t\t\t<a href=\"https:\/\/itajuba.cam.mg.gov.br\/site\/dr-gaspar-lisboa\/\">\n\t\t\t\t\t\t\t<img loading=\"lazy\" decoding=\"async\" width=\"549\" height=\"730\" src=\"https:\/\/itajuba.cam.mg.gov.br\/site\/wp-content\/uploads\/2023\/10\/1-DR.-GASPAR-LISBOA-1947-1949.jpg\" class=\"elementor-animation-shrink attachment-large size-large wp-image-6493\" alt=\"\" srcset=\"https:\/\/itajuba.cam.mg.gov.br\/site\/wp-content\/uploads\/2023\/10\/1-DR.-GASPAR-LISBOA-1947-1949.jpg 549w, https:\/\/itajuba.cam.mg.gov.br\/site\/wp-content\/uploads\/2023\/10\/1-DR.-GASPAR-LISBOA-1947-1949-226x300.jpg 226w\" sizes=\"auto, (max-width: 549px) 100vw, 549px\" \/>\t\t\t\t\t\t\t\t<\/a>\n\t\t\t\t\t\t\t\t\t\t\t\t\t\t\t<\/div>\n\t\t\t\t<\/div>\n\t\t\t\t\t<\/div>\n\t\t<\/div>\n\t\t\t\t<div class=\"elementor-column elementor-col-25 elementor-top-column elementor-element elementor-element-3f0f485\" data-id=\"3f0f485\" data-element_type=\"column\">\n\t\t\t<div class=\"elementor-widget-wrap elementor-element-populated\">\n\t\t\t\t\t\t\t\t<div class=\"elementor-element elementor-element-da120de elementor-widget elementor-widget-image\" data-id=\"da120de\" data-element_type=\"widget\" data-widget_type=\"image.default\">\n\t\t\t\t<div class=\"elementor-widget-container\">\n\t\t\t\t\t\t\t\t\t\t\t\t\t\t\t\t<a href=\"https:\/\/itajuba.cam.mg.gov.br\/site\/robson-vaz-2\/\">\n\t\t\t\t\t\t\t<img loading=\"lazy\" decoding=\"async\" width=\"770\" height=\"1024\" src=\"https:\/\/itajuba.cam.mg.gov.br\/site\/wp-content\/uploads\/2023\/10\/37-robson_presidente-1155x1536-1-770x1024.png\" class=\"elementor-animation-shrink attachment-large size-large wp-image-6446\" alt=\"\" srcset=\"https:\/\/itajuba.cam.mg.gov.br\/site\/wp-content\/uploads\/2023\/10\/37-robson_presidente-1155x1536-1-770x1024.png 770w, https:\/\/itajuba.cam.mg.gov.br\/site\/wp-content\/uploads\/2023\/10\/37-robson_presidente-1155x1536-1-226x300.png 226w, https:\/\/itajuba.cam.mg.gov.br\/site\/wp-content\/uploads\/2023\/10\/37-robson_presidente-1155x1536-1-768x1021.png 768w, https:\/\/itajuba.cam.mg.gov.br\/site\/wp-content\/uploads\/2023\/10\/37-robson_presidente-1155x1536-1.png 1155w\" sizes=\"auto, (max-width: 770px) 100vw, 770px\" \/>\t\t\t\t\t\t\t\t<\/a>\n\t\t\t\t\t\t\t\t\t\t\t\t\t\t\t<\/div>\n\t\t\t\t<\/div>\n\t\t\t\t<div class=\"elementor-element elementor-element-c17860a elementor-widget elementor-widget-image\" data-id=\"c17860a\" data-element_type=\"widget\" data-widget_type=\"image.default\">\n\t\t\t\t<div class=\"elementor-widget-container\">\n\t\t\t\t\t\t\t\t\t\t\t\t\t\t\t\t<a href=\"https:\/\/itajuba.cam.mg.gov.br\/site\/valdomiro-ribeiro-cortez\">\n\t\t\t\t\t\t\t<img loading=\"lazy\" decoding=\"async\" width=\"549\" height=\"730\" src=\"https:\/\/itajuba.cam.mg.gov.br\/site\/wp-content\/uploads\/2023\/10\/38-VALDOMIRO-RIBEIRO-CORTEZ-2013-2014.jpg\" class=\"elementor-animation-shrink attachment-large size-large wp-image-6442\" alt=\"\" srcset=\"https:\/\/itajuba.cam.mg.gov.br\/site\/wp-content\/uploads\/2023\/10\/38-VALDOMIRO-RIBEIRO-CORTEZ-2013-2014.jpg 549w, https:\/\/itajuba.cam.mg.gov.br\/site\/wp-content\/uploads\/2023\/10\/38-VALDOMIRO-RIBEIRO-CORTEZ-2013-2014-226x300.jpg 226w\" sizes=\"auto, (max-width: 549px) 100vw, 549px\" \/>\t\t\t\t\t\t\t\t<\/a>\n\t\t\t\t\t\t\t\t\t\t\t\t\t\t\t<\/div>\n\t\t\t\t<\/div>\n\t\t\t\t<div class=\"elementor-element elementor-element-6ef2fbd elementor-widget elementor-widget-image\" data-id=\"6ef2fbd\" data-element_type=\"widget\" data-widget_type=\"image.default\">\n\t\t\t\t<div class=\"elementor-widget-container\">\n\t\t\t\t\t\t\t\t\t\t\t\t\t\t\t\t<a href=\"https:\/\/itajuba.cam.mg.gov.br\/site\/ivan-pereira-junior\">\n\t\t\t\t\t\t\t<img loading=\"lazy\" decoding=\"async\" width=\"549\" height=\"730\" src=\"https:\/\/itajuba.cam.mg.gov.br\/site\/wp-content\/uploads\/2023\/10\/32-IVEN-PEREIRA-JUNIOR-1995-1996.jpg\" class=\"elementor-animation-shrink attachment-large size-large wp-image-6451\" alt=\"\" srcset=\"https:\/\/itajuba.cam.mg.gov.br\/site\/wp-content\/uploads\/2023\/10\/32-IVEN-PEREIRA-JUNIOR-1995-1996.jpg 549w, https:\/\/itajuba.cam.mg.gov.br\/site\/wp-content\/uploads\/2023\/10\/32-IVEN-PEREIRA-JUNIOR-1995-1996-226x300.jpg 226w\" sizes=\"auto, (max-width: 549px) 100vw, 549px\" \/>\t\t\t\t\t\t\t\t<\/a>\n\t\t\t\t\t\t\t\t\t\t\t\t\t\t\t<\/div>\n\t\t\t\t<\/div>\n\t\t\t\t<div class=\"elementor-element elementor-element-0b83ac4 elementor-widget elementor-widget-image\" data-id=\"0b83ac4\" data-element_type=\"widget\" data-widget_type=\"image.default\">\n\t\t\t\t<div class=\"elementor-widget-container\">\n\t\t\t\t\t\t\t\t\t\t\t\t\t\t\t\t<a href=\"https:\/\/itajuba.cam.mg.gov.br\/site\/heitor-ribeiro-dos-santos\">\n\t\t\t\t\t\t\t<img loading=\"lazy\" decoding=\"async\" width=\"549\" height=\"730\" src=\"https:\/\/itajuba.cam.mg.gov.br\/site\/wp-content\/uploads\/2024\/01\/28-HEITOR-RIBEIRO-DOS-SANTOS-1985-1988.jpg\" class=\"elementor-animation-shrink attachment-large size-large wp-image-9773\" alt=\"\" srcset=\"https:\/\/itajuba.cam.mg.gov.br\/site\/wp-content\/uploads\/2024\/01\/28-HEITOR-RIBEIRO-DOS-SANTOS-1985-1988.jpg 549w, https:\/\/itajuba.cam.mg.gov.br\/site\/wp-content\/uploads\/2024\/01\/28-HEITOR-RIBEIRO-DOS-SANTOS-1985-1988-226x300.jpg 226w\" sizes=\"auto, (max-width: 549px) 100vw, 549px\" \/>\t\t\t\t\t\t\t\t<\/a>\n\t\t\t\t\t\t\t\t\t\t\t\t\t\t\t<\/div>\n\t\t\t\t<\/div>\n\t\t\t\t<div class=\"elementor-element elementor-element-06a7a58 elementor-widget elementor-widget-image\" data-id=\"06a7a58\" data-element_type=\"widget\" data-widget_type=\"image.default\">\n\t\t\t\t<div class=\"elementor-widget-container\">\n\t\t\t\t\t\t\t\t\t\t\t\t\t\t\t\t<a href=\"https:\/\/itajuba.cam.mg.gov.br\/site\/geraldo-figueiredo-monteiro-filho\">\n\t\t\t\t\t\t\t<img loading=\"lazy\" decoding=\"async\" width=\"549\" height=\"730\" src=\"https:\/\/itajuba.cam.mg.gov.br\/site\/wp-content\/uploads\/2023\/10\/24-GERALDO-FIGUEIREDO-MONTEIRO-FILHO-1979-1980-1991.jpg\" class=\"elementor-animation-shrink attachment-large size-large wp-image-6459\" alt=\"\" srcset=\"https:\/\/itajuba.cam.mg.gov.br\/site\/wp-content\/uploads\/2023\/10\/24-GERALDO-FIGUEIREDO-MONTEIRO-FILHO-1979-1980-1991.jpg 549w, https:\/\/itajuba.cam.mg.gov.br\/site\/wp-content\/uploads\/2023\/10\/24-GERALDO-FIGUEIREDO-MONTEIRO-FILHO-1979-1980-1991-226x300.jpg 226w\" sizes=\"auto, (max-width: 549px) 100vw, 549px\" \/>\t\t\t\t\t\t\t\t<\/a>\n\t\t\t\t\t\t\t\t\t\t\t\t\t\t\t<\/div>\n\t\t\t\t<\/div>\n\t\t\t\t<div class=\"elementor-element elementor-element-0a09fb4 elementor-widget elementor-widget-image\" data-id=\"0a09fb4\" data-element_type=\"widget\" data-widget_type=\"image.default\">\n\t\t\t\t<div class=\"elementor-widget-container\">\n\t\t\t\t\t\t\t\t\t\t\t\t\t\t\t\t<a href=\"https:\/\/itajuba.cam.mg.gov.br\/site\/sebastiao-riera\/\">\n\t\t\t\t\t\t\t<img loading=\"lazy\" decoding=\"async\" width=\"549\" height=\"730\" src=\"https:\/\/itajuba.cam.mg.gov.br\/site\/wp-content\/uploads\/2023\/10\/20-SEBASTIAO-IMAR-MARTINS-RIERA-1975-1976-1983-1985.jpg\" class=\"elementor-animation-shrink attachment-large size-large wp-image-6463\" alt=\"\" srcset=\"https:\/\/itajuba.cam.mg.gov.br\/site\/wp-content\/uploads\/2023\/10\/20-SEBASTIAO-IMAR-MARTINS-RIERA-1975-1976-1983-1985.jpg 549w, https:\/\/itajuba.cam.mg.gov.br\/site\/wp-content\/uploads\/2023\/10\/20-SEBASTIAO-IMAR-MARTINS-RIERA-1975-1976-1983-1985-226x300.jpg 226w\" sizes=\"auto, (max-width: 549px) 100vw, 549px\" \/>\t\t\t\t\t\t\t\t<\/a>\n\t\t\t\t\t\t\t\t\t\t\t\t\t\t\t<\/div>\n\t\t\t\t<\/div>\n\t\t\t\t<div class=\"elementor-element elementor-element-9a3650b elementor-widget elementor-widget-image\" data-id=\"9a3650b\" data-element_type=\"widget\" data-widget_type=\"image.default\">\n\t\t\t\t<div class=\"elementor-widget-container\">\n\t\t\t\t\t\t\t\t\t\t\t\t\t\t\t\t<a href=\"https:\/\/itajuba.cam.mg.gov.br\/site\/jose-sebastiao-de-carvalho\">\n\t\t\t\t\t\t\t<img loading=\"lazy\" decoding=\"async\" width=\"549\" height=\"730\" src=\"https:\/\/itajuba.cam.mg.gov.br\/site\/wp-content\/uploads\/2023\/10\/16-JOSE-SEBASTIAO-DE-CARVALHO-1970-1971.jpg\" class=\"elementor-animation-shrink attachment-large size-large wp-image-6470\" alt=\"\" srcset=\"https:\/\/itajuba.cam.mg.gov.br\/site\/wp-content\/uploads\/2023\/10\/16-JOSE-SEBASTIAO-DE-CARVALHO-1970-1971.jpg 549w, https:\/\/itajuba.cam.mg.gov.br\/site\/wp-content\/uploads\/2023\/10\/16-JOSE-SEBASTIAO-DE-CARVALHO-1970-1971-226x300.jpg 226w\" sizes=\"auto, (max-width: 549px) 100vw, 549px\" \/>\t\t\t\t\t\t\t\t<\/a>\n\t\t\t\t\t\t\t\t\t\t\t\t\t\t\t<\/div>\n\t\t\t\t<\/div>\n\t\t\t\t<div class=\"elementor-element elementor-element-6f90a1b elementor-widget elementor-widget-image\" data-id=\"6f90a1b\" data-element_type=\"widget\" data-widget_type=\"image.default\">\n\t\t\t\t<div class=\"elementor-widget-container\">\n\t\t\t\t\t\t\t\t\t\t\t\t\t\t\t\t<a href=\"https:\/\/itajuba.cam.mg.gov.br\/site\/paulo-paulistano-faria\">\n\t\t\t\t\t\t\t<img loading=\"lazy\" decoding=\"async\" width=\"549\" height=\"730\" src=\"https:\/\/itajuba.cam.mg.gov.br\/site\/wp-content\/uploads\/2023\/10\/12-PAULO-PAULISTANO-FARIA-1963-1967.jpg\" class=\"elementor-animation-shrink attachment-large size-large wp-image-6482\" alt=\"\" srcset=\"https:\/\/itajuba.cam.mg.gov.br\/site\/wp-content\/uploads\/2023\/10\/12-PAULO-PAULISTANO-FARIA-1963-1967.jpg 549w, https:\/\/itajuba.cam.mg.gov.br\/site\/wp-content\/uploads\/2023\/10\/12-PAULO-PAULISTANO-FARIA-1963-1967-226x300.jpg 226w\" sizes=\"auto, (max-width: 549px) 100vw, 549px\" \/>\t\t\t\t\t\t\t\t<\/a>\n\t\t\t\t\t\t\t\t\t\t\t\t\t\t\t<\/div>\n\t\t\t\t<\/div>\n\t\t\t\t<div class=\"elementor-element elementor-element-964bdfe elementor-widget elementor-widget-image\" data-id=\"964bdfe\" data-element_type=\"widget\" data-widget_type=\"image.default\">\n\t\t\t\t<div class=\"elementor-widget-container\">\n\t\t\t\t\t\t\t\t\t\t\t\t\t\t\t\t<a href=\"https:\/\/itajuba.cam.mg.gov.br\/site\/cyrillo-rodrigues-de-souza\/\">\n\t\t\t\t\t\t\t<img loading=\"lazy\" decoding=\"async\" width=\"549\" height=\"730\" src=\"https:\/\/itajuba.cam.mg.gov.br\/site\/wp-content\/uploads\/2023\/10\/8-CYRILO-RODRIGUES-DE-SOUZA-1958-1960.jpg\" class=\"elementor-animation-shrink attachment-large size-large wp-image-6486\" alt=\"\" srcset=\"https:\/\/itajuba.cam.mg.gov.br\/site\/wp-content\/uploads\/2023\/10\/8-CYRILO-RODRIGUES-DE-SOUZA-1958-1960.jpg 549w, https:\/\/itajuba.cam.mg.gov.br\/site\/wp-content\/uploads\/2023\/10\/8-CYRILO-RODRIGUES-DE-SOUZA-1958-1960-226x300.jpg 226w\" sizes=\"auto, (max-width: 549px) 100vw, 549px\" \/>\t\t\t\t\t\t\t\t<\/a>\n\t\t\t\t\t\t\t\t\t\t\t\t\t\t\t<\/div>\n\t\t\t\t<\/div>\n\t\t\t\t<div class=\"elementor-element elementor-element-cccc6c1 elementor-widget elementor-widget-image\" data-id=\"cccc6c1\" data-element_type=\"widget\" data-widget_type=\"image.default\">\n\t\t\t\t<div class=\"elementor-widget-container\">\n\t\t\t\t\t\t\t\t\t\t\t\t\t\t\t\t<a href=\"https:\/\/itajuba.cam.mg.gov.br\/site\/joaquim-faria\">\n\t\t\t\t\t\t\t<img loading=\"lazy\" decoding=\"async\" width=\"549\" height=\"730\" src=\"https:\/\/itajuba.cam.mg.gov.br\/site\/wp-content\/uploads\/2023\/10\/4-JOAQUIM-FARIA-1951-1955.jpg\" class=\"elementor-animation-shrink attachment-large size-large wp-image-6490\" alt=\"\" srcset=\"https:\/\/itajuba.cam.mg.gov.br\/site\/wp-content\/uploads\/2023\/10\/4-JOAQUIM-FARIA-1951-1955.jpg 549w, https:\/\/itajuba.cam.mg.gov.br\/site\/wp-content\/uploads\/2023\/10\/4-JOAQUIM-FARIA-1951-1955-226x300.jpg 226w\" sizes=\"auto, (max-width: 549px) 100vw, 549px\" \/>\t\t\t\t\t\t\t\t<\/a>\n\t\t\t\t\t\t\t\t\t\t\t\t\t\t\t<\/div>\n\t\t\t\t<\/div>\n\t\t\t\t\t<\/div>\n\t\t<\/div>\n\t\t\t\t<div class=\"elementor-column elementor-col-25 elementor-top-column elementor-element elementor-element-928f401\" data-id=\"928f401\" data-element_type=\"column\">\n\t\t\t<div class=\"elementor-widget-wrap elementor-element-populated\">\n\t\t\t\t\t\t\t\t<div class=\"elementor-element elementor-element-da217f9 elementor-widget elementor-widget-image\" data-id=\"da217f9\" data-element_type=\"widget\" data-widget_type=\"image.default\">\n\t\t\t\t<div class=\"elementor-widget-container\">\n\t\t\t\t\t\t\t\t\t\t\t\t\t\t\t\t<a href=\"https:\/\/itajuba.cam.mg.gov.br\/site\/sebastiao-silvestre-da-costa\/\">\n\t\t\t\t\t\t\t<img loading=\"lazy\" decoding=\"async\" width=\"259\" height=\"344\" src=\"https:\/\/itajuba.cam.mg.gov.br\/site\/wp-content\/uploads\/2023\/10\/39-SEBASTIAO-SILVESTRE-DA-COSTA-2019-2020-8.jpg\" class=\"elementor-animation-shrink attachment-large size-large wp-image-6440\" alt=\"\" srcset=\"https:\/\/itajuba.cam.mg.gov.br\/site\/wp-content\/uploads\/2023\/10\/39-SEBASTIAO-SILVESTRE-DA-COSTA-2019-2020-8.jpg 259w, https:\/\/itajuba.cam.mg.gov.br\/site\/wp-content\/uploads\/2023\/10\/39-SEBASTIAO-SILVESTRE-DA-COSTA-2019-2020-8-226x300.jpg 226w, https:\/\/itajuba.cam.mg.gov.br\/site\/wp-content\/uploads\/2023\/10\/elementor\/thumbs\/39-SEBASTIAO-SILVESTRE-DA-COSTA-2019-2020-8-150x150.jpg 600w\" sizes=\"auto, (max-width: 259px) 100vw, 259px\" \/>\t\t\t\t\t\t\t\t<\/a>\n\t\t\t\t\t\t\t\t\t\t\t\t\t\t\t<\/div>\n\t\t\t\t<\/div>\n\t\t\t\t<div class=\"elementor-element elementor-element-3b15507 elementor-widget elementor-widget-image\" data-id=\"3b15507\" data-element_type=\"widget\" data-widget_type=\"image.default\">\n\t\t\t\t<div class=\"elementor-widget-container\">\n\t\t\t\t\t\t\t\t\t\t\t\t\t\t\t\t<a href=\"https:\/\/itajuba.cam.mg.gov.br\/site\/joao-vitor-da-costa\">\n\t\t\t\t\t\t\t<img loading=\"lazy\" decoding=\"async\" width=\"549\" height=\"730\" src=\"https:\/\/itajuba.cam.mg.gov.br\/site\/wp-content\/uploads\/2023\/10\/35-JOAO-VITOR-DA-COSTA-2007-2010.jpg\" class=\"elementor-animation-shrink attachment-large size-large wp-image-6448\" alt=\"\" srcset=\"https:\/\/itajuba.cam.mg.gov.br\/site\/wp-content\/uploads\/2023\/10\/35-JOAO-VITOR-DA-COSTA-2007-2010.jpg 549w, https:\/\/itajuba.cam.mg.gov.br\/site\/wp-content\/uploads\/2023\/10\/35-JOAO-VITOR-DA-COSTA-2007-2010-226x300.jpg 226w\" sizes=\"auto, (max-width: 549px) 100vw, 549px\" \/>\t\t\t\t\t\t\t\t<\/a>\n\t\t\t\t\t\t\t\t\t\t\t\t\t\t\t<\/div>\n\t\t\t\t<\/div>\n\t\t\t\t<div class=\"elementor-element elementor-element-a733973 elementor-widget elementor-widget-image\" data-id=\"a733973\" data-element_type=\"widget\" data-widget_type=\"image.default\">\n\t\t\t\t<div class=\"elementor-widget-container\">\n\t\t\t\t\t\t\t\t\t\t\t\t\t\t\t\t<a href=\"https:\/\/itajuba.cam.mg.gov.br\/site\/jose-decio-martins\">\n\t\t\t\t\t\t\t<img loading=\"lazy\" decoding=\"async\" width=\"549\" height=\"730\" src=\"https:\/\/itajuba.cam.mg.gov.br\/site\/wp-content\/uploads\/2023\/10\/31-JOSE-DECIO-MARTINS-1993-1994-1997-1998.jpg\" class=\"elementor-animation-shrink attachment-large size-large wp-image-6452\" alt=\"\" srcset=\"https:\/\/itajuba.cam.mg.gov.br\/site\/wp-content\/uploads\/2023\/10\/31-JOSE-DECIO-MARTINS-1993-1994-1997-1998.jpg 549w, https:\/\/itajuba.cam.mg.gov.br\/site\/wp-content\/uploads\/2023\/10\/31-JOSE-DECIO-MARTINS-1993-1994-1997-1998-226x300.jpg 226w\" sizes=\"auto, (max-width: 549px) 100vw, 549px\" \/>\t\t\t\t\t\t\t\t<\/a>\n\t\t\t\t\t\t\t\t\t\t\t\t\t\t\t<\/div>\n\t\t\t\t<\/div>\n\t\t\t\t<div class=\"elementor-element elementor-element-16b1b54 elementor-widget elementor-widget-image\" data-id=\"16b1b54\" data-element_type=\"widget\" data-widget_type=\"image.default\">\n\t\t\t\t<div class=\"elementor-widget-container\">\n\t\t\t\t\t\t\t\t\t\t\t\t\t\t\t\t<a href=\"https:\/\/itajuba.cam.mg.gov.br\/site\/lourenco-silveira-campos\/\">\n\t\t\t\t\t\t\t<img loading=\"lazy\" decoding=\"async\" width=\"549\" height=\"730\" src=\"https:\/\/itajuba.cam.mg.gov.br\/site\/wp-content\/uploads\/2023\/10\/27-LOURENCO-SILVEIRA-CAMPOS-1982-1983.jpg\" class=\"elementor-animation-shrink attachment-large size-large wp-image-6456\" alt=\"\" srcset=\"https:\/\/itajuba.cam.mg.gov.br\/site\/wp-content\/uploads\/2023\/10\/27-LOURENCO-SILVEIRA-CAMPOS-1982-1983.jpg 549w, https:\/\/itajuba.cam.mg.gov.br\/site\/wp-content\/uploads\/2023\/10\/27-LOURENCO-SILVEIRA-CAMPOS-1982-1983-226x300.jpg 226w\" sizes=\"auto, (max-width: 549px) 100vw, 549px\" \/>\t\t\t\t\t\t\t\t<\/a>\n\t\t\t\t\t\t\t\t\t\t\t\t\t\t\t<\/div>\n\t\t\t\t<\/div>\n\t\t\t\t<div class=\"elementor-element elementor-element-b7d5c77 elementor-widget elementor-widget-image\" data-id=\"b7d5c77\" data-element_type=\"widget\" data-widget_type=\"image.default\">\n\t\t\t\t<div class=\"elementor-widget-container\">\n\t\t\t\t\t\t\t\t\t\t\t\t\t\t\t\t<a href=\"https:\/\/itajuba.cam.mg.gov.br\/site\/dra-marcia-elizabeth-g-c-nogueira\">\n\t\t\t\t\t\t\t<img loading=\"lazy\" decoding=\"async\" width=\"549\" height=\"730\" src=\"https:\/\/itajuba.cam.mg.gov.br\/site\/wp-content\/uploads\/2023\/10\/23-DRA.-MARCIA-ELIZABETH-G.-C.-NOGUEIRA-1978-1979.jpg\" class=\"elementor-animation-shrink attachment-large size-large wp-image-6460\" alt=\"\" srcset=\"https:\/\/itajuba.cam.mg.gov.br\/site\/wp-content\/uploads\/2023\/10\/23-DRA.-MARCIA-ELIZABETH-G.-C.-NOGUEIRA-1978-1979.jpg 549w, https:\/\/itajuba.cam.mg.gov.br\/site\/wp-content\/uploads\/2023\/10\/23-DRA.-MARCIA-ELIZABETH-G.-C.-NOGUEIRA-1978-1979-226x300.jpg 226w\" sizes=\"auto, (max-width: 549px) 100vw, 549px\" \/>\t\t\t\t\t\t\t\t<\/a>\n\t\t\t\t\t\t\t\t\t\t\t\t\t\t\t<\/div>\n\t\t\t\t<\/div>\n\t\t\t\t<div class=\"elementor-element elementor-element-0e9535f elementor-widget elementor-widget-image\" data-id=\"0e9535f\" data-element_type=\"widget\" data-widget_type=\"image.default\">\n\t\t\t\t<div class=\"elementor-widget-container\">\n\t\t\t\t\t\t\t\t\t\t\t\t\t\t\t\t<a href=\"https:\/\/itajuba.cam.mg.gov.br\/site\/adilio-sales-paiva\">\n\t\t\t\t\t\t\t<img loading=\"lazy\" decoding=\"async\" width=\"549\" height=\"730\" src=\"https:\/\/itajuba.cam.mg.gov.br\/site\/wp-content\/uploads\/2023\/10\/19-ADILIO-SALES-PAIVA-1974-1975.jpg\" class=\"elementor-animation-shrink attachment-large size-large wp-image-6464\" alt=\"\" srcset=\"https:\/\/itajuba.cam.mg.gov.br\/site\/wp-content\/uploads\/2023\/10\/19-ADILIO-SALES-PAIVA-1974-1975.jpg 549w, https:\/\/itajuba.cam.mg.gov.br\/site\/wp-content\/uploads\/2023\/10\/19-ADILIO-SALES-PAIVA-1974-1975-226x300.jpg 226w\" sizes=\"auto, (max-width: 549px) 100vw, 549px\" \/>\t\t\t\t\t\t\t\t<\/a>\n\t\t\t\t\t\t\t\t\t\t\t\t\t\t\t<\/div>\n\t\t\t\t<\/div>\n\t\t\t\t<div class=\"elementor-element elementor-element-4e00c7c elementor-widget elementor-widget-image\" data-id=\"4e00c7c\" data-element_type=\"widget\" data-widget_type=\"image.default\">\n\t\t\t\t<div class=\"elementor-widget-container\">\n\t\t\t\t\t\t\t\t\t\t\t\t\t\t\t\t<a href=\"https:\/\/itajuba.cam.mg.gov.br\/site\/sebastiao-oswaldo-da-silva\/\">\n\t\t\t\t\t\t\t<img loading=\"lazy\" decoding=\"async\" width=\"549\" height=\"730\" src=\"https:\/\/itajuba.cam.mg.gov.br\/site\/wp-content\/uploads\/2023\/10\/15-SEBASTIAO-OSVALDO-DA-SILVA-1970.jpg\" class=\"elementor-animation-shrink attachment-large size-large wp-image-6472\" alt=\"\" srcset=\"https:\/\/itajuba.cam.mg.gov.br\/site\/wp-content\/uploads\/2023\/10\/15-SEBASTIAO-OSVALDO-DA-SILVA-1970.jpg 549w, https:\/\/itajuba.cam.mg.gov.br\/site\/wp-content\/uploads\/2023\/10\/15-SEBASTIAO-OSVALDO-DA-SILVA-1970-226x300.jpg 226w\" sizes=\"auto, (max-width: 549px) 100vw, 549px\" \/>\t\t\t\t\t\t\t\t<\/a>\n\t\t\t\t\t\t\t\t\t\t\t\t\t\t\t<\/div>\n\t\t\t\t<\/div>\n\t\t\t\t<div class=\"elementor-element elementor-element-ab865c3 elementor-widget elementor-widget-image\" data-id=\"ab865c3\" data-element_type=\"widget\" data-widget_type=\"image.default\">\n\t\t\t\t<div class=\"elementor-widget-container\">\n\t\t\t\t\t\t\t\t\t\t\t\t\t\t\t\t<a href=\"https:\/\/itajuba.cam.mg.gov.br\/site\/augusto-ferreira-de-almeida-junior\">\n\t\t\t\t\t\t\t<img loading=\"lazy\" decoding=\"async\" width=\"549\" height=\"730\" src=\"https:\/\/itajuba.cam.mg.gov.br\/site\/wp-content\/uploads\/2023\/10\/11-AUGUSTO-FERREIRA-DE-ALMEIDA-JUNIOR-1962-1963.jpg\" class=\"elementor-animation-shrink attachment-large size-large wp-image-6483\" alt=\"\" srcset=\"https:\/\/itajuba.cam.mg.gov.br\/site\/wp-content\/uploads\/2023\/10\/11-AUGUSTO-FERREIRA-DE-ALMEIDA-JUNIOR-1962-1963.jpg 549w, https:\/\/itajuba.cam.mg.gov.br\/site\/wp-content\/uploads\/2023\/10\/11-AUGUSTO-FERREIRA-DE-ALMEIDA-JUNIOR-1962-1963-226x300.jpg 226w\" sizes=\"auto, (max-width: 549px) 100vw, 549px\" \/>\t\t\t\t\t\t\t\t<\/a>\n\t\t\t\t\t\t\t\t\t\t\t\t\t\t\t<\/div>\n\t\t\t\t<\/div>\n\t\t\t\t<div class=\"elementor-element elementor-element-e18589a elementor-widget elementor-widget-image\" data-id=\"e18589a\" data-element_type=\"widget\" data-widget_type=\"image.default\">\n\t\t\t\t<div class=\"elementor-widget-container\">\n\t\t\t\t\t\t\t\t\t\t\t\t\t\t\t\t<a href=\"https:\/\/itajuba.cam.mg.gov.br\/site\/nagib-mohallem-filho\/\">\n\t\t\t\t\t\t\t<img loading=\"lazy\" decoding=\"async\" width=\"549\" height=\"730\" src=\"https:\/\/itajuba.cam.mg.gov.br\/site\/wp-content\/uploads\/2023\/10\/7-NAGIB-MOUALLEM-1957-1958.jpg\" class=\"elementor-animation-shrink attachment-large size-large wp-image-6487\" alt=\"\" srcset=\"https:\/\/itajuba.cam.mg.gov.br\/site\/wp-content\/uploads\/2023\/10\/7-NAGIB-MOUALLEM-1957-1958.jpg 549w, https:\/\/itajuba.cam.mg.gov.br\/site\/wp-content\/uploads\/2023\/10\/7-NAGIB-MOUALLEM-1957-1958-226x300.jpg 226w\" sizes=\"auto, (max-width: 549px) 100vw, 549px\" \/>\t\t\t\t\t\t\t\t<\/a>\n\t\t\t\t\t\t\t\t\t\t\t\t\t\t\t<\/div>\n\t\t\t\t<\/div>\n\t\t\t\t<div class=\"elementor-element elementor-element-7732337 elementor-widget elementor-widget-image\" data-id=\"7732337\" data-element_type=\"widget\" data-widget_type=\"image.default\">\n\t\t\t\t<div class=\"elementor-widget-container\">\n\t\t\t\t\t\t\t\t\t\t\t\t\t\t\t\t<a href=\"https:\/\/itajuba.cam.mg.gov.br\/site\/dr-vicente-salles-dias\">\n\t\t\t\t\t\t\t<img loading=\"lazy\" decoding=\"async\" width=\"549\" height=\"730\" src=\"https:\/\/itajuba.cam.mg.gov.br\/site\/wp-content\/uploads\/2023\/10\/3-dr_vicente_sales_dias_filho.jpg\" class=\"elementor-animation-shrink attachment-large size-large wp-image-6491\" alt=\"\" srcset=\"https:\/\/itajuba.cam.mg.gov.br\/site\/wp-content\/uploads\/2023\/10\/3-dr_vicente_sales_dias_filho.jpg 549w, https:\/\/itajuba.cam.mg.gov.br\/site\/wp-content\/uploads\/2023\/10\/3-dr_vicente_sales_dias_filho-226x300.jpg 226w\" sizes=\"auto, (max-width: 549px) 100vw, 549px\" \/>\t\t\t\t\t\t\t\t<\/a>\n\t\t\t\t\t\t\t\t\t\t\t\t\t\t\t<\/div>\n\t\t\t\t<\/div>\n\t\t\t\t\t<\/div>\n\t\t<\/div>\n\t\t\t\t<div class=\"elementor-column elementor-col-25 elementor-top-column elementor-element elementor-element-868a650\" data-id=\"868a650\" data-element_type=\"column\">\n\t\t\t<div class=\"elementor-widget-wrap elementor-element-populated\">\n\t\t\t\t\t\t\t\t<div class=\"elementor-element elementor-element-8d64db8 elementor-widget elementor-widget-image\" data-id=\"8d64db8\" data-element_type=\"widget\" data-widget_type=\"image.default\">\n\t\t\t\t<div class=\"elementor-widget-container\">\n\t\t\t\t\t\t\t\t\t\t\t\t\t\t\t\t<a href=\"https:\/\/itajuba.cam.mg.gov.br\/site\/joel-carlos-de-almeida\">\n\t\t\t\t\t\t\t<img loading=\"lazy\" decoding=\"async\" width=\"549\" height=\"730\" src=\"https:\/\/itajuba.cam.mg.gov.br\/site\/wp-content\/uploads\/2023\/10\/39-JOEL-CARLOS-DE-ALMEIDA-2017-2018.jpg\" class=\"elementor-animation-shrink attachment-large size-large wp-image-6441\" alt=\"\" srcset=\"https:\/\/itajuba.cam.mg.gov.br\/site\/wp-content\/uploads\/2023\/10\/39-JOEL-CARLOS-DE-ALMEIDA-2017-2018.jpg 549w, https:\/\/itajuba.cam.mg.gov.br\/site\/wp-content\/uploads\/2023\/10\/39-JOEL-CARLOS-DE-ALMEIDA-2017-2018-226x300.jpg 226w\" sizes=\"auto, (max-width: 549px) 100vw, 549px\" \/>\t\t\t\t\t\t\t\t<\/a>\n\t\t\t\t\t\t\t\t\t\t\t\t\t\t\t<\/div>\n\t\t\t\t<\/div>\n\t\t\t\t<div class=\"elementor-element elementor-element-142651b elementor-widget elementor-widget-image\" data-id=\"142651b\" data-element_type=\"widget\" data-widget_type=\"image.default\">\n\t\t\t\t<div class=\"elementor-widget-container\">\n\t\t\t\t\t\t\t\t\t\t\t\t\t\t\t\t<a href=\"https:\/\/itajuba.cam.mg.gov.br\/site\/geraldo-jose-canha\/\">\n\t\t\t\t\t\t\t<img loading=\"lazy\" decoding=\"async\" width=\"549\" height=\"730\" src=\"https:\/\/itajuba.cam.mg.gov.br\/site\/wp-content\/uploads\/2023\/10\/34-GERALDO-JOSE-CANHA-2001-2002.jpg\" class=\"elementor-animation-shrink attachment-large size-large wp-image-6449\" alt=\"\" srcset=\"https:\/\/itajuba.cam.mg.gov.br\/site\/wp-content\/uploads\/2023\/10\/34-GERALDO-JOSE-CANHA-2001-2002.jpg 549w, https:\/\/itajuba.cam.mg.gov.br\/site\/wp-content\/uploads\/2023\/10\/34-GERALDO-JOSE-CANHA-2001-2002-226x300.jpg 226w\" sizes=\"auto, (max-width: 549px) 100vw, 549px\" \/>\t\t\t\t\t\t\t\t<\/a>\n\t\t\t\t\t\t\t\t\t\t\t\t\t\t\t<\/div>\n\t\t\t\t<\/div>\n\t\t\t\t<div class=\"elementor-element elementor-element-3da3518 elementor-widget elementor-widget-image\" data-id=\"3da3518\" data-element_type=\"widget\" data-widget_type=\"image.default\">\n\t\t\t\t<div class=\"elementor-widget-container\">\n\t\t\t\t\t\t\t\t\t\t\t\t\t\t\t\t<a href=\"https:\/\/itajuba.cam.mg.gov.br\/site\/francisco-de-assis-reno-almeida\">\n\t\t\t\t\t\t\t<img loading=\"lazy\" decoding=\"async\" width=\"546\" height=\"726\" src=\"https:\/\/itajuba.cam.mg.gov.br\/site\/wp-content\/uploads\/2023\/10\/30-FRANCISCO-DE-ASSIS-RENO-ALMEIDA-1988-1990-1992.jpg\" class=\"elementor-animation-shrink attachment-large size-large wp-image-6453\" alt=\"\" srcset=\"https:\/\/itajuba.cam.mg.gov.br\/site\/wp-content\/uploads\/2023\/10\/30-FRANCISCO-DE-ASSIS-RENO-ALMEIDA-1988-1990-1992.jpg 546w, https:\/\/itajuba.cam.mg.gov.br\/site\/wp-content\/uploads\/2023\/10\/30-FRANCISCO-DE-ASSIS-RENO-ALMEIDA-1988-1990-1992-226x300.jpg 226w\" sizes=\"auto, (max-width: 546px) 100vw, 546px\" \/>\t\t\t\t\t\t\t\t<\/a>\n\t\t\t\t\t\t\t\t\t\t\t\t\t\t\t<\/div>\n\t\t\t\t<\/div>\n\t\t\t\t<div class=\"elementor-element elementor-element-e1abf36 elementor-widget elementor-widget-image\" data-id=\"e1abf36\" data-element_type=\"widget\" data-widget_type=\"image.default\">\n\t\t\t\t<div class=\"elementor-widget-container\">\n\t\t\t\t\t\t\t\t\t\t\t\t\t\t\t\t<a href=\"https:\/\/itajuba.cam.mg.gov.br\/site\/ari-batista-montalvao\">\n\t\t\t\t\t\t\t<img loading=\"lazy\" decoding=\"async\" width=\"549\" height=\"730\" src=\"https:\/\/itajuba.cam.mg.gov.br\/site\/wp-content\/uploads\/2023\/10\/26-ARI-BATISTA-MONT-ALVAO-1981-1982.jpg\" class=\"elementor-animation-shrink attachment-large size-large wp-image-6457\" alt=\"\" srcset=\"https:\/\/itajuba.cam.mg.gov.br\/site\/wp-content\/uploads\/2023\/10\/26-ARI-BATISTA-MONT-ALVAO-1981-1982.jpg 549w, https:\/\/itajuba.cam.mg.gov.br\/site\/wp-content\/uploads\/2023\/10\/26-ARI-BATISTA-MONT-ALVAO-1981-1982-226x300.jpg 226w\" sizes=\"auto, (max-width: 549px) 100vw, 549px\" \/>\t\t\t\t\t\t\t\t<\/a>\n\t\t\t\t\t\t\t\t\t\t\t\t\t\t\t<\/div>\n\t\t\t\t<\/div>\n\t\t\t\t<div class=\"elementor-element elementor-element-f74adb7 elementor-widget elementor-widget-image\" data-id=\"f74adb7\" data-element_type=\"widget\" data-widget_type=\"image.default\">\n\t\t\t\t<div class=\"elementor-widget-container\">\n\t\t\t\t\t\t\t\t\t\t\t\t\t\t\t\t<a href=\"https:\/\/itajuba.cam.mg.gov.br\/site\/jose-goncalves\/\">\n\t\t\t\t\t\t\t<img loading=\"lazy\" decoding=\"async\" width=\"549\" height=\"730\" src=\"https:\/\/itajuba.cam.mg.gov.br\/site\/wp-content\/uploads\/2023\/10\/22-JOSE-GONCALVES-1977-1979.jpg\" class=\"elementor-animation-shrink attachment-large size-large wp-image-6461\" alt=\"\" srcset=\"https:\/\/itajuba.cam.mg.gov.br\/site\/wp-content\/uploads\/2023\/10\/22-JOSE-GONCALVES-1977-1979.jpg 549w, https:\/\/itajuba.cam.mg.gov.br\/site\/wp-content\/uploads\/2023\/10\/22-JOSE-GONCALVES-1977-1979-226x300.jpg 226w\" sizes=\"auto, (max-width: 549px) 100vw, 549px\" \/>\t\t\t\t\t\t\t\t<\/a>\n\t\t\t\t\t\t\t\t\t\t\t\t\t\t\t<\/div>\n\t\t\t\t<\/div>\n\t\t\t\t<div class=\"elementor-element elementor-element-d1845fa elementor-widget elementor-widget-image\" data-id=\"d1845fa\" data-element_type=\"widget\" data-widget_type=\"image.default\">\n\t\t\t\t<div class=\"elementor-widget-container\">\n\t\t\t\t\t\t\t\t\t\t\t\t\t\t\t\t<a href=\"https:\/\/itajuba.cam.mg.gov.br\/site\/francisco-mota-junior\">\n\t\t\t\t\t\t\t<img loading=\"lazy\" decoding=\"async\" width=\"549\" height=\"730\" src=\"https:\/\/itajuba.cam.mg.gov.br\/site\/wp-content\/uploads\/2023\/10\/18-FRANCISCO-MOTA-JUNIOR-1973-1974.jpg\" class=\"elementor-animation-shrink attachment-large size-large wp-image-6465\" alt=\"\" srcset=\"https:\/\/itajuba.cam.mg.gov.br\/site\/wp-content\/uploads\/2023\/10\/18-FRANCISCO-MOTA-JUNIOR-1973-1974.jpg 549w, https:\/\/itajuba.cam.mg.gov.br\/site\/wp-content\/uploads\/2023\/10\/18-FRANCISCO-MOTA-JUNIOR-1973-1974-226x300.jpg 226w\" sizes=\"auto, (max-width: 549px) 100vw, 549px\" \/>\t\t\t\t\t\t\t\t<\/a>\n\t\t\t\t\t\t\t\t\t\t\t\t\t\t\t<\/div>\n\t\t\t\t<\/div>\n\t\t\t\t<div class=\"elementor-element elementor-element-217016a elementor-widget elementor-widget-image\" data-id=\"217016a\" data-element_type=\"widget\" data-widget_type=\"image.default\">\n\t\t\t\t<div class=\"elementor-widget-container\">\n\t\t\t\t\t\t\t\t\t\t\t\t\t\t\t\t<a href=\"https:\/\/itajuba.cam.mg.gov.br\/site\/dr-jansen\/\">\n\t\t\t\t\t\t\t<img loading=\"lazy\" decoding=\"async\" width=\"549\" height=\"730\" src=\"https:\/\/itajuba.cam.mg.gov.br\/site\/wp-content\/uploads\/2023\/10\/14-DR.-JANSEN-PINTO-NOGUEIRA-1969-1970.jpg\" class=\"elementor-animation-shrink attachment-large size-large wp-image-6477\" alt=\"\" srcset=\"https:\/\/itajuba.cam.mg.gov.br\/site\/wp-content\/uploads\/2023\/10\/14-DR.-JANSEN-PINTO-NOGUEIRA-1969-1970.jpg 549w, https:\/\/itajuba.cam.mg.gov.br\/site\/wp-content\/uploads\/2023\/10\/14-DR.-JANSEN-PINTO-NOGUEIRA-1969-1970-226x300.jpg 226w\" sizes=\"auto, (max-width: 549px) 100vw, 549px\" \/>\t\t\t\t\t\t\t\t<\/a>\n\t\t\t\t\t\t\t\t\t\t\t\t\t\t\t<\/div>\n\t\t\t\t<\/div>\n\t\t\t\t<div class=\"elementor-element elementor-element-5ecb4b4 elementor-widget elementor-widget-image\" data-id=\"5ecb4b4\" data-element_type=\"widget\" data-widget_type=\"image.default\">\n\t\t\t\t<div class=\"elementor-widget-container\">\n\t\t\t\t\t\t\t\t\t\t\t\t\t\t\t\t<a href=\"https:\/\/itajuba.cam.mg.gov.br\/site\/dr-luiz-fernando-faria-de-azevedo\/\">\n\t\t\t\t\t\t\t<img loading=\"lazy\" decoding=\"async\" width=\"549\" height=\"730\" src=\"https:\/\/itajuba.cam.mg.gov.br\/site\/wp-content\/uploads\/2023\/10\/10-DR.-LUIZ-FERNANDO-FARIA-DE-AZEVEDO-1961-1962.jpg\" class=\"elementor-animation-shrink attachment-large size-large wp-image-6484\" alt=\"\" srcset=\"https:\/\/itajuba.cam.mg.gov.br\/site\/wp-content\/uploads\/2023\/10\/10-DR.-LUIZ-FERNANDO-FARIA-DE-AZEVEDO-1961-1962.jpg 549w, https:\/\/itajuba.cam.mg.gov.br\/site\/wp-content\/uploads\/2023\/10\/10-DR.-LUIZ-FERNANDO-FARIA-DE-AZEVEDO-1961-1962-226x300.jpg 226w\" sizes=\"auto, (max-width: 549px) 100vw, 549px\" \/>\t\t\t\t\t\t\t\t<\/a>\n\t\t\t\t\t\t\t\t\t\t\t\t\t\t\t<\/div>\n\t\t\t\t<\/div>\n\t\t\t\t<div class=\"elementor-element elementor-element-b00a43c elementor-widget elementor-widget-image\" data-id=\"b00a43c\" data-element_type=\"widget\" data-widget_type=\"image.default\">\n\t\t\t\t<div class=\"elementor-widget-container\">\n\t\t\t\t\t\t\t\t\t\t\t\t\t\t\t\t<a href=\"https:\/\/itajuba.cam.mg.gov.br\/site\/dr-vicente-sanches\/\">\n\t\t\t\t\t\t\t<img loading=\"lazy\" decoding=\"async\" width=\"549\" height=\"730\" src=\"https:\/\/itajuba.cam.mg.gov.br\/site\/wp-content\/uploads\/2023\/10\/6-DR.-VICENTE-SANCHES-1956-1957.jpg\" class=\"elementor-animation-shrink attachment-large size-large wp-image-6488\" alt=\"\" srcset=\"https:\/\/itajuba.cam.mg.gov.br\/site\/wp-content\/uploads\/2023\/10\/6-DR.-VICENTE-SANCHES-1956-1957.jpg 549w, https:\/\/itajuba.cam.mg.gov.br\/site\/wp-content\/uploads\/2023\/10\/6-DR.-VICENTE-SANCHES-1956-1957-226x300.jpg 226w\" sizes=\"auto, (max-width: 549px) 100vw, 549px\" \/>\t\t\t\t\t\t\t\t<\/a>\n\t\t\t\t\t\t\t\t\t\t\t\t\t\t\t<\/div>\n\t\t\t\t<\/div>\n\t\t\t\t<div class=\"elementor-element elementor-element-6441d84 elementor-widget elementor-widget-image\" data-id=\"6441d84\" data-element_type=\"widget\" data-widget_type=\"image.default\">\n\t\t\t\t<div class=\"elementor-widget-container\">\n\t\t\t\t\t\t\t\t\t\t\t\t\t\t\t\t<a href=\"https:\/\/itajuba.cam.mg.gov.br\/site\/paulo-carneiro-santiago\/\">\n\t\t\t\t\t\t\t<img loading=\"lazy\" decoding=\"async\" width=\"549\" height=\"730\" src=\"https:\/\/itajuba.cam.mg.gov.br\/site\/wp-content\/uploads\/2023\/10\/2-PAULO-CARNEIRO-SANTIAGO-1949-1950.jpg\" class=\"elementor-animation-shrink attachment-large size-large wp-image-6492\" alt=\"\" srcset=\"https:\/\/itajuba.cam.mg.gov.br\/site\/wp-content\/uploads\/2023\/10\/2-PAULO-CARNEIRO-SANTIAGO-1949-1950.jpg 549w, https:\/\/itajuba.cam.mg.gov.br\/site\/wp-content\/uploads\/2023\/10\/2-PAULO-CARNEIRO-SANTIAGO-1949-1950-226x300.jpg 226w\" sizes=\"auto, (max-width: 549px) 100vw, 549px\" \/>\t\t\t\t\t\t\t\t<\/a>\n\t\t\t\t\t\t\t\t\t\t\t\t\t\t\t<\/div>\n\t\t\t\t<\/div>\n\t\t\t\t\t<\/div>\n\t\t<\/div>\n\t\t\t\t\t\t\t<\/div>\n\t\t<\/section>\n\t\t\t\t<section class=\"elementor-section elementor-top-section elementor-element elementor-element-2c44e363 elementor-hidden-desktop elementor-hidden-tablet elementor-section-boxed elementor-section-height-default elementor-section-height-default\" data-id=\"2c44e363\" data-element_type=\"section\">\n\t\t\t\t\t\t<div class=\"elementor-container elementor-column-gap-default\">\n\t\t\t\t\t<div class=\"elementor-column elementor-col-50 elementor-top-column elementor-element elementor-element-28f74432\" data-id=\"28f74432\" data-element_type=\"column\">\n\t\t\t<div class=\"elementor-widget-wrap elementor-element-populated\">\n\t\t\t\t\t\t\t\t<div class=\"elementor-element elementor-element-4d958655 elementor-widget elementor-widget-image\" data-id=\"4d958655\" data-element_type=\"widget\" data-widget_type=\"image.default\">\n\t\t\t\t<div class=\"elementor-widget-container\">\n\t\t\t\t\t\t\t\t\t\t\t\t\t\t\t\t<a href=\"https:\/\/itajuba.cam.mg.gov.br\/site\/marcelo-krauss-rezende\/\">\n\t\t\t\t\t\t\t<img loading=\"lazy\" decoding=\"async\" width=\"770\" height=\"1024\" src=\"https:\/\/itajuba.cam.mg.gov.br\/site\/wp-content\/uploads\/2023\/10\/marcelo_presidente-1155x1536-1-770x1024.png\" class=\"elementor-animation-shrink attachment-large size-large wp-image-6439\" alt=\"\" srcset=\"https:\/\/itajuba.cam.mg.gov.br\/site\/wp-content\/uploads\/2023\/10\/marcelo_presidente-1155x1536-1-770x1024.png 770w, https:\/\/itajuba.cam.mg.gov.br\/site\/wp-content\/uploads\/2023\/10\/marcelo_presidente-1155x1536-1-226x300.png 226w, https:\/\/itajuba.cam.mg.gov.br\/site\/wp-content\/uploads\/2023\/10\/marcelo_presidente-1155x1536-1-768x1021.png 768w, https:\/\/itajuba.cam.mg.gov.br\/site\/wp-content\/uploads\/2023\/10\/marcelo_presidente-1155x1536-1.png 1155w\" sizes=\"auto, (max-width: 770px) 100vw, 770px\" \/>\t\t\t\t\t\t\t\t<\/a>\n\t\t\t\t\t\t\t\t\t\t\t\t\t\t\t<\/div>\n\t\t\t\t<\/div>\n\t\t\t\t<div class=\"elementor-element elementor-element-6db4abc elementor-widget elementor-widget-image\" data-id=\"6db4abc\" data-element_type=\"widget\" data-widget_type=\"image.default\">\n\t\t\t\t<div class=\"elementor-widget-container\">\n\t\t\t\t\t\t\t\t\t\t\t\t\t\t\t\t<a href=\"https:\/\/itajuba.cam.mg.gov.br\/site\/robson-vaz-2\/\">\n\t\t\t\t\t\t\t<img loading=\"lazy\" decoding=\"async\" width=\"770\" height=\"1024\" src=\"https:\/\/itajuba.cam.mg.gov.br\/site\/wp-content\/uploads\/2023\/10\/37-robson_presidente-1155x1536-1-770x1024.png\" class=\"attachment-large size-large wp-image-6446\" alt=\"\" srcset=\"https:\/\/itajuba.cam.mg.gov.br\/site\/wp-content\/uploads\/2023\/10\/37-robson_presidente-1155x1536-1-770x1024.png 770w, https:\/\/itajuba.cam.mg.gov.br\/site\/wp-content\/uploads\/2023\/10\/37-robson_presidente-1155x1536-1-226x300.png 226w, https:\/\/itajuba.cam.mg.gov.br\/site\/wp-content\/uploads\/2023\/10\/37-robson_presidente-1155x1536-1-768x1021.png 768w, https:\/\/itajuba.cam.mg.gov.br\/site\/wp-content\/uploads\/2023\/10\/37-robson_presidente-1155x1536-1.png 1155w\" sizes=\"auto, (max-width: 770px) 100vw, 770px\" \/>\t\t\t\t\t\t\t\t<\/a>\n\t\t\t\t\t\t\t\t\t\t\t\t\t\t\t<\/div>\n\t\t\t\t<\/div>\n\t\t\t\t<div class=\"elementor-element elementor-element-79ecd1de elementor-widget elementor-widget-image\" data-id=\"79ecd1de\" data-element_type=\"widget\" data-widget_type=\"image.default\">\n\t\t\t\t<div class=\"elementor-widget-container\">\n\t\t\t\t\t\t\t\t\t\t\t\t\t\t\t\t<a href=\"https:\/\/itajuba.cam.mg.gov.br\/site\/sebastiao-silvestre-da-costa\/\">\n\t\t\t\t\t\t\t<img loading=\"lazy\" decoding=\"async\" width=\"549\" height=\"729\" src=\"https:\/\/itajuba.cam.mg.gov.br\/site\/wp-content\/uploads\/2023\/11\/39-SEBASTIAO-SILVESTRE-DA-COSTA-2019-2020-8_2.jpg\" class=\"elementor-animation-shrink attachment-large size-large wp-image-7924\" alt=\"\" srcset=\"https:\/\/itajuba.cam.mg.gov.br\/site\/wp-content\/uploads\/2023\/11\/39-SEBASTIAO-SILVESTRE-DA-COSTA-2019-2020-8_2.jpg 549w, https:\/\/itajuba.cam.mg.gov.br\/site\/wp-content\/uploads\/2023\/11\/39-SEBASTIAO-SILVESTRE-DA-COSTA-2019-2020-8_2-226x300.jpg 226w\" sizes=\"auto, (max-width: 549px) 100vw, 549px\" \/>\t\t\t\t\t\t\t\t<\/a>\n\t\t\t\t\t\t\t\t\t\t\t\t\t\t\t<\/div>\n\t\t\t\t<\/div>\n\t\t\t\t<div class=\"elementor-element elementor-element-5d329c5d elementor-widget elementor-widget-image\" data-id=\"5d329c5d\" data-element_type=\"widget\" data-widget_type=\"image.default\">\n\t\t\t\t<div class=\"elementor-widget-container\">\n\t\t\t\t\t\t\t\t\t\t\t\t\t\t\t\t<a href=\"https:\/\/itajuba.cam.mg.gov.br\/site\/joel-carlos-de-almeida\">\n\t\t\t\t\t\t\t<img loading=\"lazy\" decoding=\"async\" width=\"549\" height=\"730\" src=\"https:\/\/itajuba.cam.mg.gov.br\/site\/wp-content\/uploads\/2023\/10\/39-JOEL-CARLOS-DE-ALMEIDA-2017-2018.jpg\" class=\"attachment-large size-large wp-image-6441\" alt=\"\" srcset=\"https:\/\/itajuba.cam.mg.gov.br\/site\/wp-content\/uploads\/2023\/10\/39-JOEL-CARLOS-DE-ALMEIDA-2017-2018.jpg 549w, https:\/\/itajuba.cam.mg.gov.br\/site\/wp-content\/uploads\/2023\/10\/39-JOEL-CARLOS-DE-ALMEIDA-2017-2018-226x300.jpg 226w\" sizes=\"auto, (max-width: 549px) 100vw, 549px\" \/>\t\t\t\t\t\t\t\t<\/a>\n\t\t\t\t\t\t\t\t\t\t\t\t\t\t\t<\/div>\n\t\t\t\t<\/div>\n\t\t\t\t<div class=\"elementor-element elementor-element-117ecd3b elementor-widget elementor-widget-image\" data-id=\"117ecd3b\" data-element_type=\"widget\" data-widget_type=\"image.default\">\n\t\t\t\t<div class=\"elementor-widget-container\">\n\t\t\t\t\t\t\t\t\t\t\t\t\t\t\t\t<a href=\"https:\/\/itajuba.cam.mg.gov.br\/site\/antonio-raimundo-santi\/\">\n\t\t\t\t\t\t\t<img loading=\"lazy\" decoding=\"async\" width=\"549\" height=\"730\" src=\"https:\/\/itajuba.cam.mg.gov.br\/site\/wp-content\/uploads\/2023\/10\/36-ANTONIO-RAIMUNDO-SANTI-2011-2012-2015-2016.jpg\" class=\"attachment-large size-large wp-image-6447\" alt=\"\" srcset=\"https:\/\/itajuba.cam.mg.gov.br\/site\/wp-content\/uploads\/2023\/10\/36-ANTONIO-RAIMUNDO-SANTI-2011-2012-2015-2016.jpg 549w, https:\/\/itajuba.cam.mg.gov.br\/site\/wp-content\/uploads\/2023\/10\/36-ANTONIO-RAIMUNDO-SANTI-2011-2012-2015-2016-226x300.jpg 226w\" sizes=\"auto, (max-width: 549px) 100vw, 549px\" \/>\t\t\t\t\t\t\t\t<\/a>\n\t\t\t\t\t\t\t\t\t\t\t\t\t\t\t<\/div>\n\t\t\t\t<\/div>\n\t\t\t\t<div class=\"elementor-element elementor-element-39a30691 elementor-widget elementor-widget-image\" data-id=\"39a30691\" data-element_type=\"widget\" data-widget_type=\"image.default\">\n\t\t\t\t<div class=\"elementor-widget-container\">\n\t\t\t\t\t\t\t\t\t\t\t\t\t\t\t\t<a href=\"https:\/\/itajuba.cam.mg.gov.br\/site\/valdomiro-ribeiro-cortez\">\n\t\t\t\t\t\t\t<img loading=\"lazy\" decoding=\"async\" width=\"549\" height=\"730\" src=\"https:\/\/itajuba.cam.mg.gov.br\/site\/wp-content\/uploads\/2023\/10\/38-VALDOMIRO-RIBEIRO-CORTEZ-2013-2014.jpg\" class=\"attachment-large size-large wp-image-6442\" alt=\"\" srcset=\"https:\/\/itajuba.cam.mg.gov.br\/site\/wp-content\/uploads\/2023\/10\/38-VALDOMIRO-RIBEIRO-CORTEZ-2013-2014.jpg 549w, https:\/\/itajuba.cam.mg.gov.br\/site\/wp-content\/uploads\/2023\/10\/38-VALDOMIRO-RIBEIRO-CORTEZ-2013-2014-226x300.jpg 226w\" sizes=\"auto, (max-width: 549px) 100vw, 549px\" \/>\t\t\t\t\t\t\t\t<\/a>\n\t\t\t\t\t\t\t\t\t\t\t\t\t\t\t<\/div>\n\t\t\t\t<\/div>\n\t\t\t\t<div class=\"elementor-element elementor-element-2bb79bf elementor-widget elementor-widget-image\" data-id=\"2bb79bf\" data-element_type=\"widget\" data-widget_type=\"image.default\">\n\t\t\t\t<div class=\"elementor-widget-container\">\n\t\t\t\t\t\t\t\t\t\t\t\t\t\t\t\t<a href=\"https:\/\/itajuba.cam.mg.gov.br\/site\/joao-vitor-da-costa\">\n\t\t\t\t\t\t\t<img loading=\"lazy\" decoding=\"async\" width=\"549\" height=\"730\" src=\"https:\/\/itajuba.cam.mg.gov.br\/site\/wp-content\/uploads\/2023\/10\/35-JOAO-VITOR-DA-COSTA-2007-2010.jpg\" class=\"attachment-large size-large wp-image-6448\" alt=\"\" srcset=\"https:\/\/itajuba.cam.mg.gov.br\/site\/wp-content\/uploads\/2023\/10\/35-JOAO-VITOR-DA-COSTA-2007-2010.jpg 549w, https:\/\/itajuba.cam.mg.gov.br\/site\/wp-content\/uploads\/2023\/10\/35-JOAO-VITOR-DA-COSTA-2007-2010-226x300.jpg 226w\" sizes=\"auto, (max-width: 549px) 100vw, 549px\" \/>\t\t\t\t\t\t\t\t<\/a>\n\t\t\t\t\t\t\t\t\t\t\t\t\t\t\t<\/div>\n\t\t\t\t<\/div>\n\t\t\t\t<div class=\"elementor-element elementor-element-36db8091 elementor-widget elementor-widget-image\" data-id=\"36db8091\" data-element_type=\"widget\" data-widget_type=\"image.default\">\n\t\t\t\t<div class=\"elementor-widget-container\">\n\t\t\t\t\t\t\t\t\t\t\t\t\t\t\t\t<a href=\"https:\/\/itajuba.cam.mg.gov.br\/site\/geraldo-jose-canha\/\">\n\t\t\t\t\t\t\t<img loading=\"lazy\" decoding=\"async\" width=\"549\" height=\"730\" src=\"https:\/\/itajuba.cam.mg.gov.br\/site\/wp-content\/uploads\/2023\/10\/34-GERALDO-JOSE-CANHA-2001-2002.jpg\" class=\"attachment-large size-large wp-image-6449\" alt=\"\" srcset=\"https:\/\/itajuba.cam.mg.gov.br\/site\/wp-content\/uploads\/2023\/10\/34-GERALDO-JOSE-CANHA-2001-2002.jpg 549w, https:\/\/itajuba.cam.mg.gov.br\/site\/wp-content\/uploads\/2023\/10\/34-GERALDO-JOSE-CANHA-2001-2002-226x300.jpg 226w\" sizes=\"auto, (max-width: 549px) 100vw, 549px\" \/>\t\t\t\t\t\t\t\t<\/a>\n\t\t\t\t\t\t\t\t\t\t\t\t\t\t\t<\/div>\n\t\t\t\t<\/div>\n\t\t\t\t<div class=\"elementor-element elementor-element-6034b2c0 elementor-widget elementor-widget-image\" data-id=\"6034b2c0\" data-element_type=\"widget\" data-widget_type=\"image.default\">\n\t\t\t\t<div class=\"elementor-widget-container\">\n\t\t\t\t\t\t\t\t\t\t\t\t\t\t\t\t<a href=\"https:\/\/itajuba.cam.mg.gov.br\/site\/rodrigo-riera\/\">\n\t\t\t\t\t\t\t<img loading=\"lazy\" decoding=\"async\" width=\"549\" height=\"730\" src=\"https:\/\/itajuba.cam.mg.gov.br\/site\/wp-content\/uploads\/2023\/10\/33-RODRIGO-IMAR-MARTINEZ-RIERA-1999-2000.jpg\" class=\"elementor-animation-shrink attachment-large size-large wp-image-6450\" alt=\"\" srcset=\"https:\/\/itajuba.cam.mg.gov.br\/site\/wp-content\/uploads\/2023\/10\/33-RODRIGO-IMAR-MARTINEZ-RIERA-1999-2000.jpg 549w, https:\/\/itajuba.cam.mg.gov.br\/site\/wp-content\/uploads\/2023\/10\/33-RODRIGO-IMAR-MARTINEZ-RIERA-1999-2000-226x300.jpg 226w\" sizes=\"auto, (max-width: 549px) 100vw, 549px\" \/>\t\t\t\t\t\t\t\t<\/a>\n\t\t\t\t\t\t\t\t\t\t\t\t\t\t\t<\/div>\n\t\t\t\t<\/div>\n\t\t\t\t<div class=\"elementor-element elementor-element-3a1c5883 elementor-widget elementor-widget-image\" data-id=\"3a1c5883\" data-element_type=\"widget\" data-widget_type=\"image.default\">\n\t\t\t\t<div class=\"elementor-widget-container\">\n\t\t\t\t\t\t\t\t\t\t\t\t\t\t\t\t<a href=\"https:\/\/itajuba.cam.mg.gov.br\/site\/ivan-pereira-junior\">\n\t\t\t\t\t\t\t<img loading=\"lazy\" decoding=\"async\" width=\"549\" height=\"730\" src=\"https:\/\/itajuba.cam.mg.gov.br\/site\/wp-content\/uploads\/2023\/10\/32-IVEN-PEREIRA-JUNIOR-1995-1996.jpg\" class=\"attachment-large size-large wp-image-6451\" alt=\"\" srcset=\"https:\/\/itajuba.cam.mg.gov.br\/site\/wp-content\/uploads\/2023\/10\/32-IVEN-PEREIRA-JUNIOR-1995-1996.jpg 549w, https:\/\/itajuba.cam.mg.gov.br\/site\/wp-content\/uploads\/2023\/10\/32-IVEN-PEREIRA-JUNIOR-1995-1996-226x300.jpg 226w\" sizes=\"auto, (max-width: 549px) 100vw, 549px\" \/>\t\t\t\t\t\t\t\t<\/a>\n\t\t\t\t\t\t\t\t\t\t\t\t\t\t\t<\/div>\n\t\t\t\t<\/div>\n\t\t\t\t<div class=\"elementor-element elementor-element-f277b6e elementor-widget elementor-widget-image\" data-id=\"f277b6e\" data-element_type=\"widget\" data-widget_type=\"image.default\">\n\t\t\t\t<div class=\"elementor-widget-container\">\n\t\t\t\t\t\t\t\t\t\t\t\t\t\t\t\t<a href=\"https:\/\/itajuba.cam.mg.gov.br\/site\/jose-decio-martins\">\n\t\t\t\t\t\t\t<img loading=\"lazy\" decoding=\"async\" width=\"549\" height=\"730\" src=\"https:\/\/itajuba.cam.mg.gov.br\/site\/wp-content\/uploads\/2023\/10\/31-JOSE-DECIO-MARTINS-1993-1994-1997-1998.jpg\" class=\"attachment-large size-large wp-image-6452\" alt=\"\" srcset=\"https:\/\/itajuba.cam.mg.gov.br\/site\/wp-content\/uploads\/2023\/10\/31-JOSE-DECIO-MARTINS-1993-1994-1997-1998.jpg 549w, https:\/\/itajuba.cam.mg.gov.br\/site\/wp-content\/uploads\/2023\/10\/31-JOSE-DECIO-MARTINS-1993-1994-1997-1998-226x300.jpg 226w\" sizes=\"auto, (max-width: 549px) 100vw, 549px\" \/>\t\t\t\t\t\t\t\t<\/a>\n\t\t\t\t\t\t\t\t\t\t\t\t\t\t\t<\/div>\n\t\t\t\t<\/div>\n\t\t\t\t<div class=\"elementor-element elementor-element-509bd4ae elementor-widget elementor-widget-image\" data-id=\"509bd4ae\" data-element_type=\"widget\" data-widget_type=\"image.default\">\n\t\t\t\t<div class=\"elementor-widget-container\">\n\t\t\t\t\t\t\t\t\t\t\t\t\t\t\t\t<a href=\"https:\/\/itajuba.cam.mg.gov.br\/site\/francisco-de-assis-reno-almeida\">\n\t\t\t\t\t\t\t<img loading=\"lazy\" decoding=\"async\" width=\"546\" height=\"726\" src=\"https:\/\/itajuba.cam.mg.gov.br\/site\/wp-content\/uploads\/2023\/10\/30-FRANCISCO-DE-ASSIS-RENO-ALMEIDA-1988-1990-1992.jpg\" class=\"attachment-large size-large wp-image-6453\" alt=\"\" srcset=\"https:\/\/itajuba.cam.mg.gov.br\/site\/wp-content\/uploads\/2023\/10\/30-FRANCISCO-DE-ASSIS-RENO-ALMEIDA-1988-1990-1992.jpg 546w, https:\/\/itajuba.cam.mg.gov.br\/site\/wp-content\/uploads\/2023\/10\/30-FRANCISCO-DE-ASSIS-RENO-ALMEIDA-1988-1990-1992-226x300.jpg 226w\" sizes=\"auto, (max-width: 546px) 100vw, 546px\" \/>\t\t\t\t\t\t\t\t<\/a>\n\t\t\t\t\t\t\t\t\t\t\t\t\t\t\t<\/div>\n\t\t\t\t<\/div>\n\t\t\t\t<div class=\"elementor-element elementor-element-53b1201b elementor-widget elementor-widget-image\" data-id=\"53b1201b\" data-element_type=\"widget\" data-widget_type=\"image.default\">\n\t\t\t\t<div class=\"elementor-widget-container\">\n\t\t\t\t\t\t\t\t\t\t\t\t\t\t\t\t<a href=\"https:\/\/itajuba.cam.mg.gov.br\/site\/antonio-benedito-rosa\">\n\t\t\t\t\t\t\t<img loading=\"lazy\" decoding=\"async\" width=\"549\" height=\"730\" src=\"https:\/\/itajuba.cam.mg.gov.br\/site\/wp-content\/uploads\/2023\/10\/29-ANTONIO-BENEDITO-ROSA-1987-1988.jpg\" class=\"attachment-large size-large wp-image-6454\" alt=\"\" srcset=\"https:\/\/itajuba.cam.mg.gov.br\/site\/wp-content\/uploads\/2023\/10\/29-ANTONIO-BENEDITO-ROSA-1987-1988.jpg 549w, https:\/\/itajuba.cam.mg.gov.br\/site\/wp-content\/uploads\/2023\/10\/29-ANTONIO-BENEDITO-ROSA-1987-1988-226x300.jpg 226w\" sizes=\"auto, (max-width: 549px) 100vw, 549px\" \/>\t\t\t\t\t\t\t\t<\/a>\n\t\t\t\t\t\t\t\t\t\t\t\t\t\t\t<\/div>\n\t\t\t\t<\/div>\n\t\t\t\t<div class=\"elementor-element elementor-element-61f2c7cd elementor-widget elementor-widget-image\" data-id=\"61f2c7cd\" data-element_type=\"widget\" data-widget_type=\"image.default\">\n\t\t\t\t<div class=\"elementor-widget-container\">\n\t\t\t\t\t\t\t\t\t\t\t\t\t\t\t\t<a href=\"https:\/\/itajuba.cam.mg.gov.br\/site\/heitor-ribeiro-dos-santos\">\n\t\t\t\t\t\t\t<img loading=\"lazy\" decoding=\"async\" width=\"549\" height=\"730\" src=\"https:\/\/itajuba.cam.mg.gov.br\/site\/wp-content\/uploads\/2023\/10\/28-HEITOR-RIBEIRO-DOS-SANTOS-1985-1988.jpg\" class=\"attachment-large size-large wp-image-6455\" alt=\"\" srcset=\"https:\/\/itajuba.cam.mg.gov.br\/site\/wp-content\/uploads\/2023\/10\/28-HEITOR-RIBEIRO-DOS-SANTOS-1985-1988.jpg 549w, https:\/\/itajuba.cam.mg.gov.br\/site\/wp-content\/uploads\/2023\/10\/28-HEITOR-RIBEIRO-DOS-SANTOS-1985-1988-226x300.jpg 226w\" sizes=\"auto, (max-width: 549px) 100vw, 549px\" \/>\t\t\t\t\t\t\t\t<\/a>\n\t\t\t\t\t\t\t\t\t\t\t\t\t\t\t<\/div>\n\t\t\t\t<\/div>\n\t\t\t\t<div class=\"elementor-element elementor-element-2026ae14 elementor-widget elementor-widget-image\" data-id=\"2026ae14\" data-element_type=\"widget\" data-widget_type=\"image.default\">\n\t\t\t\t<div class=\"elementor-widget-container\">\n\t\t\t\t\t\t\t\t\t\t\t\t\t\t\t\t<a href=\"https:\/\/itajuba.cam.mg.gov.br\/site\/lourenco-silveira-campos\/\">\n\t\t\t\t\t\t\t<img loading=\"lazy\" decoding=\"async\" width=\"549\" height=\"730\" src=\"https:\/\/itajuba.cam.mg.gov.br\/site\/wp-content\/uploads\/2023\/10\/27-LOURENCO-SILVEIRA-CAMPOS-1982-1983.jpg\" class=\"attachment-large size-large wp-image-6456\" alt=\"\" srcset=\"https:\/\/itajuba.cam.mg.gov.br\/site\/wp-content\/uploads\/2023\/10\/27-LOURENCO-SILVEIRA-CAMPOS-1982-1983.jpg 549w, https:\/\/itajuba.cam.mg.gov.br\/site\/wp-content\/uploads\/2023\/10\/27-LOURENCO-SILVEIRA-CAMPOS-1982-1983-226x300.jpg 226w\" sizes=\"auto, (max-width: 549px) 100vw, 549px\" \/>\t\t\t\t\t\t\t\t<\/a>\n\t\t\t\t\t\t\t\t\t\t\t\t\t\t\t<\/div>\n\t\t\t\t<\/div>\n\t\t\t\t<div class=\"elementor-element elementor-element-2821de4a elementor-widget elementor-widget-image\" data-id=\"2821de4a\" data-element_type=\"widget\" data-widget_type=\"image.default\">\n\t\t\t\t<div class=\"elementor-widget-container\">\n\t\t\t\t\t\t\t\t\t\t\t\t\t\t\t\t<a href=\"https:\/\/itajuba.cam.mg.gov.br\/site\/ari-batista-montalvao\">\n\t\t\t\t\t\t\t<img loading=\"lazy\" decoding=\"async\" width=\"549\" height=\"730\" src=\"https:\/\/itajuba.cam.mg.gov.br\/site\/wp-content\/uploads\/2023\/10\/26-ARI-BATISTA-MONT-ALVAO-1981-1982.jpg\" class=\"attachment-large size-large wp-image-6457\" alt=\"\" srcset=\"https:\/\/itajuba.cam.mg.gov.br\/site\/wp-content\/uploads\/2023\/10\/26-ARI-BATISTA-MONT-ALVAO-1981-1982.jpg 549w, https:\/\/itajuba.cam.mg.gov.br\/site\/wp-content\/uploads\/2023\/10\/26-ARI-BATISTA-MONT-ALVAO-1981-1982-226x300.jpg 226w\" sizes=\"auto, (max-width: 549px) 100vw, 549px\" \/>\t\t\t\t\t\t\t\t<\/a>\n\t\t\t\t\t\t\t\t\t\t\t\t\t\t\t<\/div>\n\t\t\t\t<\/div>\n\t\t\t\t<div class=\"elementor-element elementor-element-6099b77e elementor-widget elementor-widget-image\" data-id=\"6099b77e\" data-element_type=\"widget\" data-widget_type=\"image.default\">\n\t\t\t\t<div class=\"elementor-widget-container\">\n\t\t\t\t\t\t\t\t\t\t\t\t\t\t\t\t<a href=\"https:\/\/itajuba.cam.mg.gov.br\/site\/jose-aldano-santana\/\">\n\t\t\t\t\t\t\t<img loading=\"lazy\" decoding=\"async\" width=\"549\" height=\"730\" src=\"https:\/\/itajuba.cam.mg.gov.br\/site\/wp-content\/uploads\/2023\/10\/25-JOSE-ALDANO-SANTANA-1980-1981.jpg\" class=\"elementor-animation-shrink attachment-large size-large wp-image-6458\" alt=\"\" srcset=\"https:\/\/itajuba.cam.mg.gov.br\/site\/wp-content\/uploads\/2023\/10\/25-JOSE-ALDANO-SANTANA-1980-1981.jpg 549w, https:\/\/itajuba.cam.mg.gov.br\/site\/wp-content\/uploads\/2023\/10\/25-JOSE-ALDANO-SANTANA-1980-1981-226x300.jpg 226w\" sizes=\"auto, (max-width: 549px) 100vw, 549px\" \/>\t\t\t\t\t\t\t\t<\/a>\n\t\t\t\t\t\t\t\t\t\t\t\t\t\t\t<\/div>\n\t\t\t\t<\/div>\n\t\t\t\t<div class=\"elementor-element elementor-element-3a510116 elementor-widget elementor-widget-image\" data-id=\"3a510116\" data-element_type=\"widget\" data-widget_type=\"image.default\">\n\t\t\t\t<div class=\"elementor-widget-container\">\n\t\t\t\t\t\t\t\t\t\t\t\t\t\t\t\t<a href=\"https:\/\/itajuba.cam.mg.gov.br\/site\/geraldo-figueiredo-monteiro-filho\">\n\t\t\t\t\t\t\t<img loading=\"lazy\" decoding=\"async\" width=\"549\" height=\"730\" src=\"https:\/\/itajuba.cam.mg.gov.br\/site\/wp-content\/uploads\/2023\/10\/24-GERALDO-FIGUEIREDO-MONTEIRO-FILHO-1979-1980-1991.jpg\" class=\"attachment-large size-large wp-image-6459\" alt=\"\" srcset=\"https:\/\/itajuba.cam.mg.gov.br\/site\/wp-content\/uploads\/2023\/10\/24-GERALDO-FIGUEIREDO-MONTEIRO-FILHO-1979-1980-1991.jpg 549w, https:\/\/itajuba.cam.mg.gov.br\/site\/wp-content\/uploads\/2023\/10\/24-GERALDO-FIGUEIREDO-MONTEIRO-FILHO-1979-1980-1991-226x300.jpg 226w\" sizes=\"auto, (max-width: 549px) 100vw, 549px\" \/>\t\t\t\t\t\t\t\t<\/a>\n\t\t\t\t\t\t\t\t\t\t\t\t\t\t\t<\/div>\n\t\t\t\t<\/div>\n\t\t\t\t<div class=\"elementor-element elementor-element-24a5af60 elementor-widget elementor-widget-image\" data-id=\"24a5af60\" data-element_type=\"widget\" data-widget_type=\"image.default\">\n\t\t\t\t<div class=\"elementor-widget-container\">\n\t\t\t\t\t\t\t\t\t\t\t\t\t\t\t\t<a href=\"https:\/\/itajuba.cam.mg.gov.br\/site\/dra-marcia-elizabeth-g-c-nogueira\">\n\t\t\t\t\t\t\t<img loading=\"lazy\" decoding=\"async\" width=\"549\" height=\"730\" src=\"https:\/\/itajuba.cam.mg.gov.br\/site\/wp-content\/uploads\/2023\/10\/23-DRA.-MARCIA-ELIZABETH-G.-C.-NOGUEIRA-1978-1979.jpg\" class=\"attachment-large size-large wp-image-6460\" alt=\"\" srcset=\"https:\/\/itajuba.cam.mg.gov.br\/site\/wp-content\/uploads\/2023\/10\/23-DRA.-MARCIA-ELIZABETH-G.-C.-NOGUEIRA-1978-1979.jpg 549w, https:\/\/itajuba.cam.mg.gov.br\/site\/wp-content\/uploads\/2023\/10\/23-DRA.-MARCIA-ELIZABETH-G.-C.-NOGUEIRA-1978-1979-226x300.jpg 226w\" sizes=\"auto, (max-width: 549px) 100vw, 549px\" \/>\t\t\t\t\t\t\t\t<\/a>\n\t\t\t\t\t\t\t\t\t\t\t\t\t\t\t<\/div>\n\t\t\t\t<\/div>\n\t\t\t\t<div class=\"elementor-element elementor-element-bb63b34 elementor-widget elementor-widget-image\" data-id=\"bb63b34\" data-element_type=\"widget\" data-widget_type=\"image.default\">\n\t\t\t\t<div class=\"elementor-widget-container\">\n\t\t\t\t\t\t\t\t\t\t\t\t\t\t\t\t<a href=\"https:\/\/itajuba.cam.mg.gov.br\/site\/jose-goncalves\/\">\n\t\t\t\t\t\t\t<img loading=\"lazy\" decoding=\"async\" width=\"549\" height=\"730\" src=\"https:\/\/itajuba.cam.mg.gov.br\/site\/wp-content\/uploads\/2023\/10\/22-JOSE-GONCALVES-1977-1979.jpg\" class=\"elementor-animation-shrink attachment-large size-large wp-image-6461\" alt=\"\" srcset=\"https:\/\/itajuba.cam.mg.gov.br\/site\/wp-content\/uploads\/2023\/10\/22-JOSE-GONCALVES-1977-1979.jpg 549w, https:\/\/itajuba.cam.mg.gov.br\/site\/wp-content\/uploads\/2023\/10\/22-JOSE-GONCALVES-1977-1979-226x300.jpg 226w\" sizes=\"auto, (max-width: 549px) 100vw, 549px\" \/>\t\t\t\t\t\t\t\t<\/a>\n\t\t\t\t\t\t\t\t\t\t\t\t\t\t\t<\/div>\n\t\t\t\t<\/div>\n\t\t\t\t<div class=\"elementor-element elementor-element-4ada88f8 elementor-widget elementor-widget-image\" data-id=\"4ada88f8\" data-element_type=\"widget\" data-widget_type=\"image.default\">\n\t\t\t\t<div class=\"elementor-widget-container\">\n\t\t\t\t\t\t\t\t\t\t\t\t\t\t\t\t<a href=\"https:\/\/itajuba.cam.mg.gov.br\/site\/jose-isidoro\/\">\n\t\t\t\t\t\t\t<img loading=\"lazy\" decoding=\"async\" width=\"549\" height=\"730\" src=\"https:\/\/itajuba.cam.mg.gov.br\/site\/wp-content\/uploads\/2023\/10\/21-JOSE-ISIDORO-1976-1977.jpg\" class=\"elementor-animation-shrink attachment-large size-large wp-image-6462\" alt=\"\" srcset=\"https:\/\/itajuba.cam.mg.gov.br\/site\/wp-content\/uploads\/2023\/10\/21-JOSE-ISIDORO-1976-1977.jpg 549w, https:\/\/itajuba.cam.mg.gov.br\/site\/wp-content\/uploads\/2023\/10\/21-JOSE-ISIDORO-1976-1977-226x300.jpg 226w\" sizes=\"auto, (max-width: 549px) 100vw, 549px\" \/>\t\t\t\t\t\t\t\t<\/a>\n\t\t\t\t\t\t\t\t\t\t\t\t\t\t\t<\/div>\n\t\t\t\t<\/div>\n\t\t\t\t<div class=\"elementor-element elementor-element-1dcfcaf3 elementor-widget elementor-widget-image\" data-id=\"1dcfcaf3\" data-element_type=\"widget\" data-widget_type=\"image.default\">\n\t\t\t\t<div class=\"elementor-widget-container\">\n\t\t\t\t\t\t\t\t\t\t\t\t\t\t\t\t<a href=\"https:\/\/itajuba.cam.mg.gov.br\/site\/sebastiao-riera\/\">\n\t\t\t\t\t\t\t<img loading=\"lazy\" decoding=\"async\" width=\"549\" height=\"730\" src=\"https:\/\/itajuba.cam.mg.gov.br\/site\/wp-content\/uploads\/2023\/10\/20-SEBASTIAO-IMAR-MARTINS-RIERA-1975-1976-1983-1985.jpg\" class=\"elementor-animation-shrink attachment-large size-large wp-image-6463\" alt=\"\" srcset=\"https:\/\/itajuba.cam.mg.gov.br\/site\/wp-content\/uploads\/2023\/10\/20-SEBASTIAO-IMAR-MARTINS-RIERA-1975-1976-1983-1985.jpg 549w, https:\/\/itajuba.cam.mg.gov.br\/site\/wp-content\/uploads\/2023\/10\/20-SEBASTIAO-IMAR-MARTINS-RIERA-1975-1976-1983-1985-226x300.jpg 226w\" sizes=\"auto, (max-width: 549px) 100vw, 549px\" \/>\t\t\t\t\t\t\t\t<\/a>\n\t\t\t\t\t\t\t\t\t\t\t\t\t\t\t<\/div>\n\t\t\t\t<\/div>\n\t\t\t\t<div class=\"elementor-element elementor-element-4193c0e elementor-widget elementor-widget-image\" data-id=\"4193c0e\" data-element_type=\"widget\" data-widget_type=\"image.default\">\n\t\t\t\t<div class=\"elementor-widget-container\">\n\t\t\t\t\t\t\t\t\t\t\t\t\t\t\t\t<a href=\"https:\/\/itajuba.cam.mg.gov.br\/site\/adilio-sales-paiva\">\n\t\t\t\t\t\t\t<img loading=\"lazy\" decoding=\"async\" width=\"549\" height=\"730\" src=\"https:\/\/itajuba.cam.mg.gov.br\/site\/wp-content\/uploads\/2023\/10\/19-ADILIO-SALES-PAIVA-1974-1975.jpg\" class=\"attachment-large size-large wp-image-6464\" alt=\"\" srcset=\"https:\/\/itajuba.cam.mg.gov.br\/site\/wp-content\/uploads\/2023\/10\/19-ADILIO-SALES-PAIVA-1974-1975.jpg 549w, https:\/\/itajuba.cam.mg.gov.br\/site\/wp-content\/uploads\/2023\/10\/19-ADILIO-SALES-PAIVA-1974-1975-226x300.jpg 226w\" sizes=\"auto, (max-width: 549px) 100vw, 549px\" \/>\t\t\t\t\t\t\t\t<\/a>\n\t\t\t\t\t\t\t\t\t\t\t\t\t\t\t<\/div>\n\t\t\t\t<\/div>\n\t\t\t\t<div class=\"elementor-element elementor-element-687e9114 elementor-widget elementor-widget-image\" data-id=\"687e9114\" data-element_type=\"widget\" data-widget_type=\"image.default\">\n\t\t\t\t<div class=\"elementor-widget-container\">\n\t\t\t\t\t\t\t\t\t\t\t\t\t\t\t\t<a href=\"https:\/\/itajuba.cam.mg.gov.br\/site\/francisco-mota-junior\">\n\t\t\t\t\t\t\t<img loading=\"lazy\" decoding=\"async\" width=\"549\" height=\"730\" src=\"https:\/\/itajuba.cam.mg.gov.br\/site\/wp-content\/uploads\/2023\/10\/18-FRANCISCO-MOTA-JUNIOR-1973-1974.jpg\" class=\"attachment-large size-large wp-image-6465\" alt=\"\" srcset=\"https:\/\/itajuba.cam.mg.gov.br\/site\/wp-content\/uploads\/2023\/10\/18-FRANCISCO-MOTA-JUNIOR-1973-1974.jpg 549w, https:\/\/itajuba.cam.mg.gov.br\/site\/wp-content\/uploads\/2023\/10\/18-FRANCISCO-MOTA-JUNIOR-1973-1974-226x300.jpg 226w\" sizes=\"auto, (max-width: 549px) 100vw, 549px\" \/>\t\t\t\t\t\t\t\t<\/a>\n\t\t\t\t\t\t\t\t\t\t\t\t\t\t\t<\/div>\n\t\t\t\t<\/div>\n\t\t\t\t<div class=\"elementor-element elementor-element-351f556a elementor-widget elementor-widget-image\" data-id=\"351f556a\" data-element_type=\"widget\" data-widget_type=\"image.default\">\n\t\t\t\t<div class=\"elementor-widget-container\">\n\t\t\t\t\t\t\t\t\t\t\t\t\t\t\t\t<a href=\"https:\/\/itajuba.cam.mg.gov.br\/site\/dr-jose-chaiben-mauad\">\n\t\t\t\t\t\t\t<img loading=\"lazy\" decoding=\"async\" width=\"549\" height=\"730\" src=\"https:\/\/itajuba.cam.mg.gov.br\/site\/wp-content\/uploads\/2023\/10\/17-DR.-JOSE-CHAIBEN-MAUAD-1971-1973.jpg\" class=\"attachment-large size-large wp-image-6466\" alt=\"\" srcset=\"https:\/\/itajuba.cam.mg.gov.br\/site\/wp-content\/uploads\/2023\/10\/17-DR.-JOSE-CHAIBEN-MAUAD-1971-1973.jpg 549w, https:\/\/itajuba.cam.mg.gov.br\/site\/wp-content\/uploads\/2023\/10\/17-DR.-JOSE-CHAIBEN-MAUAD-1971-1973-226x300.jpg 226w\" sizes=\"auto, (max-width: 549px) 100vw, 549px\" \/>\t\t\t\t\t\t\t\t<\/a>\n\t\t\t\t\t\t\t\t\t\t\t\t\t\t\t<\/div>\n\t\t\t\t<\/div>\n\t\t\t\t<div class=\"elementor-element elementor-element-4f1fae2c elementor-widget elementor-widget-image\" data-id=\"4f1fae2c\" data-element_type=\"widget\" data-widget_type=\"image.default\">\n\t\t\t\t<div class=\"elementor-widget-container\">\n\t\t\t\t\t\t\t\t\t\t\t\t\t\t\t\t<a href=\"https:\/\/itajuba.cam.mg.gov.br\/site\/jose-sebastiao-de-carvalho\">\n\t\t\t\t\t\t\t<img loading=\"lazy\" decoding=\"async\" width=\"549\" height=\"730\" src=\"https:\/\/itajuba.cam.mg.gov.br\/site\/wp-content\/uploads\/2023\/10\/16-JOSE-SEBASTIAO-DE-CARVALHO-1970-1971.jpg\" class=\"attachment-large size-large wp-image-6470\" alt=\"\" srcset=\"https:\/\/itajuba.cam.mg.gov.br\/site\/wp-content\/uploads\/2023\/10\/16-JOSE-SEBASTIAO-DE-CARVALHO-1970-1971.jpg 549w, https:\/\/itajuba.cam.mg.gov.br\/site\/wp-content\/uploads\/2023\/10\/16-JOSE-SEBASTIAO-DE-CARVALHO-1970-1971-226x300.jpg 226w\" sizes=\"auto, (max-width: 549px) 100vw, 549px\" \/>\t\t\t\t\t\t\t\t<\/a>\n\t\t\t\t\t\t\t\t\t\t\t\t\t\t\t<\/div>\n\t\t\t\t<\/div>\n\t\t\t\t<div class=\"elementor-element elementor-element-2af47e2 elementor-widget elementor-widget-image\" data-id=\"2af47e2\" data-element_type=\"widget\" data-widget_type=\"image.default\">\n\t\t\t\t<div class=\"elementor-widget-container\">\n\t\t\t\t\t\t\t\t\t\t\t\t\t\t\t\t<a href=\"https:\/\/itajuba.cam.mg.gov.br\/site\/sebastiao-oswaldo-da-silva\/\">\n\t\t\t\t\t\t\t<img loading=\"lazy\" decoding=\"async\" width=\"549\" height=\"730\" src=\"https:\/\/itajuba.cam.mg.gov.br\/site\/wp-content\/uploads\/2023\/10\/15-SEBASTIAO-OSVALDO-DA-SILVA-1970.jpg\" class=\"attachment-large size-large wp-image-6472\" alt=\"\" srcset=\"https:\/\/itajuba.cam.mg.gov.br\/site\/wp-content\/uploads\/2023\/10\/15-SEBASTIAO-OSVALDO-DA-SILVA-1970.jpg 549w, https:\/\/itajuba.cam.mg.gov.br\/site\/wp-content\/uploads\/2023\/10\/15-SEBASTIAO-OSVALDO-DA-SILVA-1970-226x300.jpg 226w\" sizes=\"auto, (max-width: 549px) 100vw, 549px\" \/>\t\t\t\t\t\t\t\t<\/a>\n\t\t\t\t\t\t\t\t\t\t\t\t\t\t\t<\/div>\n\t\t\t\t<\/div>\n\t\t\t\t<div class=\"elementor-element elementor-element-716796d2 elementor-widget elementor-widget-image\" data-id=\"716796d2\" data-element_type=\"widget\" data-widget_type=\"image.default\">\n\t\t\t\t<div class=\"elementor-widget-container\">\n\t\t\t\t\t\t\t\t\t\t\t\t\t\t\t\t<a href=\"https:\/\/itajuba.cam.mg.gov.br\/site\/dr-jansen\/\">\n\t\t\t\t\t\t\t<img loading=\"lazy\" decoding=\"async\" width=\"549\" height=\"730\" src=\"https:\/\/itajuba.cam.mg.gov.br\/site\/wp-content\/uploads\/2023\/10\/14-DR.-JANSEN-PINTO-NOGUEIRA-1969-1970.jpg\" class=\"elementor-animation-shrink attachment-large size-large wp-image-6477\" alt=\"\" srcset=\"https:\/\/itajuba.cam.mg.gov.br\/site\/wp-content\/uploads\/2023\/10\/14-DR.-JANSEN-PINTO-NOGUEIRA-1969-1970.jpg 549w, https:\/\/itajuba.cam.mg.gov.br\/site\/wp-content\/uploads\/2023\/10\/14-DR.-JANSEN-PINTO-NOGUEIRA-1969-1970-226x300.jpg 226w\" sizes=\"auto, (max-width: 549px) 100vw, 549px\" \/>\t\t\t\t\t\t\t\t<\/a>\n\t\t\t\t\t\t\t\t\t\t\t\t\t\t\t<\/div>\n\t\t\t\t<\/div>\n\t\t\t\t<div class=\"elementor-element elementor-element-5e49579f elementor-widget elementor-widget-image\" data-id=\"5e49579f\" data-element_type=\"widget\" data-widget_type=\"image.default\">\n\t\t\t\t<div class=\"elementor-widget-container\">\n\t\t\t\t\t\t\t\t\t\t\t\t\t\t\t\t<a href=\"https:\/\/itajuba.cam.mg.gov.br\/site\/olavo-bilac-miranda\">\n\t\t\t\t\t\t\t<img loading=\"lazy\" decoding=\"async\" width=\"549\" height=\"730\" src=\"https:\/\/itajuba.cam.mg.gov.br\/site\/wp-content\/uploads\/2023\/10\/13-OLAVO-BILAC-MIRANDA-1967-1969.jpg\" class=\"attachment-large size-large wp-image-6481\" alt=\"\" srcset=\"https:\/\/itajuba.cam.mg.gov.br\/site\/wp-content\/uploads\/2023\/10\/13-OLAVO-BILAC-MIRANDA-1967-1969.jpg 549w, https:\/\/itajuba.cam.mg.gov.br\/site\/wp-content\/uploads\/2023\/10\/13-OLAVO-BILAC-MIRANDA-1967-1969-226x300.jpg 226w\" sizes=\"auto, (max-width: 549px) 100vw, 549px\" \/>\t\t\t\t\t\t\t\t<\/a>\n\t\t\t\t\t\t\t\t\t\t\t\t\t\t\t<\/div>\n\t\t\t\t<\/div>\n\t\t\t\t<div class=\"elementor-element elementor-element-3de85207 elementor-widget elementor-widget-image\" data-id=\"3de85207\" data-element_type=\"widget\" data-widget_type=\"image.default\">\n\t\t\t\t<div class=\"elementor-widget-container\">\n\t\t\t\t\t\t\t\t\t\t\t\t\t\t\t\t<a href=\"https:\/\/itajuba.cam.mg.gov.br\/site\/paulo-paulistano-faria\">\n\t\t\t\t\t\t\t<img loading=\"lazy\" decoding=\"async\" width=\"549\" height=\"730\" src=\"https:\/\/itajuba.cam.mg.gov.br\/site\/wp-content\/uploads\/2023\/10\/12-PAULO-PAULISTANO-FARIA-1963-1967.jpg\" class=\"attachment-large size-large wp-image-6482\" alt=\"\" srcset=\"https:\/\/itajuba.cam.mg.gov.br\/site\/wp-content\/uploads\/2023\/10\/12-PAULO-PAULISTANO-FARIA-1963-1967.jpg 549w, https:\/\/itajuba.cam.mg.gov.br\/site\/wp-content\/uploads\/2023\/10\/12-PAULO-PAULISTANO-FARIA-1963-1967-226x300.jpg 226w\" sizes=\"auto, (max-width: 549px) 100vw, 549px\" \/>\t\t\t\t\t\t\t\t<\/a>\n\t\t\t\t\t\t\t\t\t\t\t\t\t\t\t<\/div>\n\t\t\t\t<\/div>\n\t\t\t\t<div class=\"elementor-element elementor-element-39c0ecaa elementor-widget elementor-widget-image\" data-id=\"39c0ecaa\" data-element_type=\"widget\" data-widget_type=\"image.default\">\n\t\t\t\t<div class=\"elementor-widget-container\">\n\t\t\t\t\t\t\t\t\t\t\t\t\t\t\t\t<a href=\"https:\/\/itajuba.cam.mg.gov.br\/site\/augusto-ferreira-de-almeida-junior\">\n\t\t\t\t\t\t\t<img loading=\"lazy\" decoding=\"async\" width=\"549\" height=\"730\" src=\"https:\/\/itajuba.cam.mg.gov.br\/site\/wp-content\/uploads\/2023\/10\/11-AUGUSTO-FERREIRA-DE-ALMEIDA-JUNIOR-1962-1963.jpg\" class=\"attachment-large size-large wp-image-6483\" alt=\"\" srcset=\"https:\/\/itajuba.cam.mg.gov.br\/site\/wp-content\/uploads\/2023\/10\/11-AUGUSTO-FERREIRA-DE-ALMEIDA-JUNIOR-1962-1963.jpg 549w, https:\/\/itajuba.cam.mg.gov.br\/site\/wp-content\/uploads\/2023\/10\/11-AUGUSTO-FERREIRA-DE-ALMEIDA-JUNIOR-1962-1963-226x300.jpg 226w\" sizes=\"auto, (max-width: 549px) 100vw, 549px\" \/>\t\t\t\t\t\t\t\t<\/a>\n\t\t\t\t\t\t\t\t\t\t\t\t\t\t\t<\/div>\n\t\t\t\t<\/div>\n\t\t\t\t<div class=\"elementor-element elementor-element-5858db85 elementor-widget elementor-widget-image\" data-id=\"5858db85\" data-element_type=\"widget\" data-widget_type=\"image.default\">\n\t\t\t\t<div class=\"elementor-widget-container\">\n\t\t\t\t\t\t\t\t\t\t\t\t\t\t\t\t<a href=\"https:\/\/itajuba.cam.mg.gov.br\/site\/dr-luiz-fernando-faria-de-azevedo\/\">\n\t\t\t\t\t\t\t<img loading=\"lazy\" decoding=\"async\" width=\"549\" height=\"730\" src=\"https:\/\/itajuba.cam.mg.gov.br\/site\/wp-content\/uploads\/2023\/10\/10-DR.-LUIZ-FERNANDO-FARIA-DE-AZEVEDO-1961-1962.jpg\" class=\"elementor-animation-shrink attachment-large size-large wp-image-6484\" alt=\"\" srcset=\"https:\/\/itajuba.cam.mg.gov.br\/site\/wp-content\/uploads\/2023\/10\/10-DR.-LUIZ-FERNANDO-FARIA-DE-AZEVEDO-1961-1962.jpg 549w, https:\/\/itajuba.cam.mg.gov.br\/site\/wp-content\/uploads\/2023\/10\/10-DR.-LUIZ-FERNANDO-FARIA-DE-AZEVEDO-1961-1962-226x300.jpg 226w\" sizes=\"auto, (max-width: 549px) 100vw, 549px\" \/>\t\t\t\t\t\t\t\t<\/a>\n\t\t\t\t\t\t\t\t\t\t\t\t\t\t\t<\/div>\n\t\t\t\t<\/div>\n\t\t\t\t<div class=\"elementor-element elementor-element-2c0ba9d4 elementor-widget elementor-widget-image\" data-id=\"2c0ba9d4\" data-element_type=\"widget\" data-widget_type=\"image.default\">\n\t\t\t\t<div class=\"elementor-widget-container\">\n\t\t\t\t\t\t\t\t\t\t\t\t\t\t\t\t<a href=\"https:\/\/itajuba.cam.mg.gov.br\/site\/lineu-alves\">\n\t\t\t\t\t\t\t<img loading=\"lazy\" decoding=\"async\" width=\"549\" height=\"730\" src=\"https:\/\/itajuba.cam.mg.gov.br\/site\/wp-content\/uploads\/2023\/10\/9-LINEU-ALVES-1960.jpg\" class=\"attachment-large size-large wp-image-6485\" alt=\"\" srcset=\"https:\/\/itajuba.cam.mg.gov.br\/site\/wp-content\/uploads\/2023\/10\/9-LINEU-ALVES-1960.jpg 549w, https:\/\/itajuba.cam.mg.gov.br\/site\/wp-content\/uploads\/2023\/10\/9-LINEU-ALVES-1960-226x300.jpg 226w\" sizes=\"auto, (max-width: 549px) 100vw, 549px\" \/>\t\t\t\t\t\t\t\t<\/a>\n\t\t\t\t\t\t\t\t\t\t\t\t\t\t\t<\/div>\n\t\t\t\t<\/div>\n\t\t\t\t<div class=\"elementor-element elementor-element-4832dc34 elementor-widget elementor-widget-image\" data-id=\"4832dc34\" data-element_type=\"widget\" data-widget_type=\"image.default\">\n\t\t\t\t<div class=\"elementor-widget-container\">\n\t\t\t\t\t\t\t\t\t\t\t\t\t\t\t\t<a href=\"https:\/\/itajuba.cam.mg.gov.br\/site\/cyrillo-rodrigues-de-souza\/\">\n\t\t\t\t\t\t\t<img loading=\"lazy\" decoding=\"async\" width=\"549\" height=\"730\" src=\"https:\/\/itajuba.cam.mg.gov.br\/site\/wp-content\/uploads\/2023\/10\/8-CYRILO-RODRIGUES-DE-SOUZA-1958-1960.jpg\" class=\"elementor-animation-shrink attachment-large size-large wp-image-6486\" alt=\"\" srcset=\"https:\/\/itajuba.cam.mg.gov.br\/site\/wp-content\/uploads\/2023\/10\/8-CYRILO-RODRIGUES-DE-SOUZA-1958-1960.jpg 549w, https:\/\/itajuba.cam.mg.gov.br\/site\/wp-content\/uploads\/2023\/10\/8-CYRILO-RODRIGUES-DE-SOUZA-1958-1960-226x300.jpg 226w\" sizes=\"auto, (max-width: 549px) 100vw, 549px\" \/>\t\t\t\t\t\t\t\t<\/a>\n\t\t\t\t\t\t\t\t\t\t\t\t\t\t\t<\/div>\n\t\t\t\t<\/div>\n\t\t\t\t<div class=\"elementor-element elementor-element-2a34d5b elementor-widget elementor-widget-image\" data-id=\"2a34d5b\" data-element_type=\"widget\" data-widget_type=\"image.default\">\n\t\t\t\t<div class=\"elementor-widget-container\">\n\t\t\t\t\t\t\t\t\t\t\t\t\t\t\t\t<a href=\"https:\/\/itajuba.cam.mg.gov.br\/site\/nagib-mohallem-filho\/\">\n\t\t\t\t\t\t\t<img loading=\"lazy\" decoding=\"async\" width=\"549\" height=\"730\" src=\"https:\/\/itajuba.cam.mg.gov.br\/site\/wp-content\/uploads\/2023\/10\/7-NAGIB-MOUALLEM-1957-1958.jpg\" class=\"elementor-animation-shrink attachment-large size-large wp-image-6487\" alt=\"\" srcset=\"https:\/\/itajuba.cam.mg.gov.br\/site\/wp-content\/uploads\/2023\/10\/7-NAGIB-MOUALLEM-1957-1958.jpg 549w, https:\/\/itajuba.cam.mg.gov.br\/site\/wp-content\/uploads\/2023\/10\/7-NAGIB-MOUALLEM-1957-1958-226x300.jpg 226w\" sizes=\"auto, (max-width: 549px) 100vw, 549px\" \/>\t\t\t\t\t\t\t\t<\/a>\n\t\t\t\t\t\t\t\t\t\t\t\t\t\t\t<\/div>\n\t\t\t\t<\/div>\n\t\t\t\t<div class=\"elementor-element elementor-element-676ced22 elementor-widget elementor-widget-image\" data-id=\"676ced22\" data-element_type=\"widget\" data-widget_type=\"image.default\">\n\t\t\t\t<div class=\"elementor-widget-container\">\n\t\t\t\t\t\t\t\t\t\t\t\t\t\t\t\t<a href=\"https:\/\/itajuba.cam.mg.gov.br\/site\/dr-vicente-sanches\/\">\n\t\t\t\t\t\t\t<img loading=\"lazy\" decoding=\"async\" width=\"549\" height=\"730\" src=\"https:\/\/itajuba.cam.mg.gov.br\/site\/wp-content\/uploads\/2023\/10\/6-DR.-VICENTE-SANCHES-1956-1957.jpg\" class=\"elementor-animation-shrink attachment-large size-large wp-image-6488\" alt=\"\" srcset=\"https:\/\/itajuba.cam.mg.gov.br\/site\/wp-content\/uploads\/2023\/10\/6-DR.-VICENTE-SANCHES-1956-1957.jpg 549w, https:\/\/itajuba.cam.mg.gov.br\/site\/wp-content\/uploads\/2023\/10\/6-DR.-VICENTE-SANCHES-1956-1957-226x300.jpg 226w\" sizes=\"auto, (max-width: 549px) 100vw, 549px\" \/>\t\t\t\t\t\t\t\t<\/a>\n\t\t\t\t\t\t\t\t\t\t\t\t\t\t\t<\/div>\n\t\t\t\t<\/div>\n\t\t\t\t<div class=\"elementor-element elementor-element-1666c475 elementor-widget elementor-widget-image\" data-id=\"1666c475\" data-element_type=\"widget\" data-widget_type=\"image.default\">\n\t\t\t\t<div class=\"elementor-widget-container\">\n\t\t\t\t\t\t\t\t\t\t\t\t\t\t\t\t<a href=\"https:\/\/itajuba.cam.mg.gov.br\/site\/antonio-renno-pereira\/\">\n\t\t\t\t\t\t\t<img loading=\"lazy\" decoding=\"async\" width=\"549\" height=\"730\" src=\"https:\/\/itajuba.cam.mg.gov.br\/site\/wp-content\/uploads\/2023\/10\/5-ANTONIO-RENO-PEREIRA-1955-1956.jpg\" class=\"elementor-animation-shrink attachment-large size-large wp-image-6489\" alt=\"\" srcset=\"https:\/\/itajuba.cam.mg.gov.br\/site\/wp-content\/uploads\/2023\/10\/5-ANTONIO-RENO-PEREIRA-1955-1956.jpg 549w, https:\/\/itajuba.cam.mg.gov.br\/site\/wp-content\/uploads\/2023\/10\/5-ANTONIO-RENO-PEREIRA-1955-1956-226x300.jpg 226w\" sizes=\"auto, (max-width: 549px) 100vw, 549px\" \/>\t\t\t\t\t\t\t\t<\/a>\n\t\t\t\t\t\t\t\t\t\t\t\t\t\t\t<\/div>\n\t\t\t\t<\/div>\n\t\t\t\t<div class=\"elementor-element elementor-element-49546d3a elementor-widget elementor-widget-image\" data-id=\"49546d3a\" data-element_type=\"widget\" data-widget_type=\"image.default\">\n\t\t\t\t<div class=\"elementor-widget-container\">\n\t\t\t\t\t\t\t\t\t\t\t\t\t\t\t\t<a href=\"https:\/\/itajuba.cam.mg.gov.br\/site\/joaquim-faria\">\n\t\t\t\t\t\t\t<img loading=\"lazy\" decoding=\"async\" width=\"549\" height=\"730\" src=\"https:\/\/itajuba.cam.mg.gov.br\/site\/wp-content\/uploads\/2023\/10\/4-JOAQUIM-FARIA-1951-1955.jpg\" class=\"attachment-large size-large wp-image-6490\" alt=\"\" srcset=\"https:\/\/itajuba.cam.mg.gov.br\/site\/wp-content\/uploads\/2023\/10\/4-JOAQUIM-FARIA-1951-1955.jpg 549w, https:\/\/itajuba.cam.mg.gov.br\/site\/wp-content\/uploads\/2023\/10\/4-JOAQUIM-FARIA-1951-1955-226x300.jpg 226w\" sizes=\"auto, (max-width: 549px) 100vw, 549px\" \/>\t\t\t\t\t\t\t\t<\/a>\n\t\t\t\t\t\t\t\t\t\t\t\t\t\t\t<\/div>\n\t\t\t\t<\/div>\n\t\t\t\t<div class=\"elementor-element elementor-element-158c14f4 elementor-widget elementor-widget-image\" data-id=\"158c14f4\" data-element_type=\"widget\" data-widget_type=\"image.default\">\n\t\t\t\t<div class=\"elementor-widget-container\">\n\t\t\t\t\t\t\t\t\t\t\t\t\t\t\t\t<a href=\"https:\/\/itajuba.cam.mg.gov.br\/site\/dr-vicente-salles-dias\">\n\t\t\t\t\t\t\t<img loading=\"lazy\" decoding=\"async\" width=\"549\" height=\"730\" src=\"https:\/\/itajuba.cam.mg.gov.br\/site\/wp-content\/uploads\/2023\/10\/3-dr_vicente_sales_dias_filho.jpg\" class=\"attachment-large size-large wp-image-6491\" alt=\"\" srcset=\"https:\/\/itajuba.cam.mg.gov.br\/site\/wp-content\/uploads\/2023\/10\/3-dr_vicente_sales_dias_filho.jpg 549w, https:\/\/itajuba.cam.mg.gov.br\/site\/wp-content\/uploads\/2023\/10\/3-dr_vicente_sales_dias_filho-226x300.jpg 226w\" sizes=\"auto, (max-width: 549px) 100vw, 549px\" \/>\t\t\t\t\t\t\t\t<\/a>\n\t\t\t\t\t\t\t\t\t\t\t\t\t\t\t<\/div>\n\t\t\t\t<\/div>\n\t\t\t\t<div class=\"elementor-element elementor-element-3029f6ff elementor-widget elementor-widget-image\" data-id=\"3029f6ff\" data-element_type=\"widget\" data-widget_type=\"image.default\">\n\t\t\t\t<div class=\"elementor-widget-container\">\n\t\t\t\t\t\t\t\t\t\t\t\t\t\t\t\t<a href=\"https:\/\/itajuba.cam.mg.gov.br\/site\/paulo-carneiro-santiago\/\">\n\t\t\t\t\t\t\t<img loading=\"lazy\" decoding=\"async\" width=\"549\" height=\"730\" src=\"https:\/\/itajuba.cam.mg.gov.br\/site\/wp-content\/uploads\/2023\/10\/2-PAULO-CARNEIRO-SANTIAGO-1949-1950.jpg\" class=\"elementor-animation-shrink attachment-large size-large wp-image-6492\" alt=\"\" srcset=\"https:\/\/itajuba.cam.mg.gov.br\/site\/wp-content\/uploads\/2023\/10\/2-PAULO-CARNEIRO-SANTIAGO-1949-1950.jpg 549w, https:\/\/itajuba.cam.mg.gov.br\/site\/wp-content\/uploads\/2023\/10\/2-PAULO-CARNEIRO-SANTIAGO-1949-1950-226x300.jpg 226w\" sizes=\"auto, (max-width: 549px) 100vw, 549px\" \/>\t\t\t\t\t\t\t\t<\/a>\n\t\t\t\t\t\t\t\t\t\t\t\t\t\t\t<\/div>\n\t\t\t\t<\/div>\n\t\t\t\t\t<\/div>\n\t\t<\/div>\n\t\t\t\t<div class=\"elementor-column elementor-col-50 elementor-top-column elementor-element elementor-element-7435d1df\" data-id=\"7435d1df\" data-element_type=\"column\">\n\t\t\t<div class=\"elementor-widget-wrap elementor-element-populated\">\n\t\t\t\t\t\t\t\t<div class=\"elementor-element elementor-element-1e5bcff7 elementor-widget elementor-widget-image\" data-id=\"1e5bcff7\" data-element_type=\"widget\" data-widget_type=\"image.default\">\n\t\t\t\t<div class=\"elementor-widget-container\">\n\t\t\t\t\t\t\t\t\t\t\t\t\t\t\t\t<a href=\"https:\/\/itajuba.cam.mg.gov.br\/site\/dr-gaspar-lisboa\/\">\n\t\t\t\t\t\t\t<img loading=\"lazy\" decoding=\"async\" width=\"549\" height=\"730\" src=\"https:\/\/itajuba.cam.mg.gov.br\/site\/wp-content\/uploads\/2023\/10\/1-DR.-GASPAR-LISBOA-1947-1949.jpg\" class=\"elementor-animation-shrink attachment-large size-large wp-image-6493\" alt=\"\" srcset=\"https:\/\/itajuba.cam.mg.gov.br\/site\/wp-content\/uploads\/2023\/10\/1-DR.-GASPAR-LISBOA-1947-1949.jpg 549w, https:\/\/itajuba.cam.mg.gov.br\/site\/wp-content\/uploads\/2023\/10\/1-DR.-GASPAR-LISBOA-1947-1949-226x300.jpg 226w\" sizes=\"auto, (max-width: 549px) 100vw, 549px\" \/>\t\t\t\t\t\t\t\t<\/a>\n\t\t\t\t\t\t\t\t\t\t\t\t\t\t\t<\/div>\n\t\t\t\t<\/div>\n\t\t\t\t\t<\/div>\n\t\t<\/div>\n\t\t\t\t\t\t\t<\/div>\n\t\t<\/section>\n\t\t\t\t\t\t\t<\/div>\n\t\t","protected":false},"excerpt":{"rendered":"<p>Clique nas fotos para visualizar as biografias<\/p>\n","protected":false},"author":1,"featured_media":0,"parent":0,"menu_order":0,"comment_status":"closed","ping_status":"closed","template":"","meta":{"footnotes":""},"class_list":["post-5360","page","type-page","status-publish","hentry"],"yoast_head":"<!-- This site is optimized with the Yoast SEO plugin v21.0 - https:\/\/yoast.com\/wordpress\/plugins\/seo\/ -->\n<title>Presidentes - C\u00e2mara Municipal de Itajub\u00e1<\/title>\n<meta name=\"robots\" content=\"index, follow, max-snippet:-1, max-image-preview:large, max-video-preview:-1\" \/>\n<link rel=\"canonical\" href=\"https:\/\/itajuba.cam.mg.gov.br\/site\/presidentes\/\" \/>\n<meta property=\"og:locale\" content=\"pt_BR\" \/>\n<meta property=\"og:type\" content=\"article\" \/>\n<meta property=\"og:title\" content=\"Presidentes - C\u00e2mara Municipal de Itajub\u00e1\" \/>\n<meta property=\"og:description\" content=\"Clique nas fotos para visualizar as biografias\" \/>\n<meta property=\"og:url\" content=\"https:\/\/itajuba.cam.mg.gov.br\/site\/presidentes\/\" \/>\n<meta property=\"og:site_name\" content=\"C\u00e2mara Municipal de Itajub\u00e1\" \/>\n<meta property=\"article:publisher\" content=\"https:\/\/www.facebook.com\/camaradeitajubaoficial\" \/>\n<meta property=\"article:modified_time\" content=\"2024-04-16T21:04:15+00:00\" \/>\n<meta property=\"og:image\" content=\"https:\/\/itajuba.cam.mg.gov.br\/site\/wp-content\/uploads\/2023\/10\/marcelo_presidente-1155x1536-1-770x1024.png\" \/>\n<meta name=\"twitter:card\" content=\"summary_large_image\" \/>\n<meta name=\"twitter:label1\" content=\"Est. tempo de leitura\" \/>\n\t<meta name=\"twitter:data1\" content=\"17 minutos\" \/>\n<script type=\"application\/ld+json\" class=\"yoast-schema-graph\">{\"@context\":\"https:\/\/schema.org\",\"@graph\":[{\"@type\":\"WebPage\",\"@id\":\"https:\/\/itajuba.cam.mg.gov.br\/site\/presidentes\/\",\"url\":\"https:\/\/itajuba.cam.mg.gov.br\/site\/presidentes\/\",\"name\":\"Presidentes - C\u00e2mara Municipal de Itajub\u00e1\",\"isPartOf\":{\"@id\":\"https:\/\/itajuba.cam.mg.gov.br\/site\/#website\"},\"datePublished\":\"2023-09-14T19:24:27+00:00\",\"dateModified\":\"2024-04-16T21:04:15+00:00\",\"breadcrumb\":{\"@id\":\"https:\/\/itajuba.cam.mg.gov.br\/site\/presidentes\/#breadcrumb\"},\"inLanguage\":\"pt-BR\",\"potentialAction\":[{\"@type\":\"ReadAction\",\"target\":[\"https:\/\/itajuba.cam.mg.gov.br\/site\/presidentes\/\"]}]},{\"@type\":\"BreadcrumbList\",\"@id\":\"https:\/\/itajuba.cam.mg.gov.br\/site\/presidentes\/#breadcrumb\",\"itemListElement\":[{\"@type\":\"ListItem\",\"position\":1,\"name\":\"In\u00edcio\",\"item\":\"https:\/\/itajuba.cam.mg.gov.br\/site\/\"},{\"@type\":\"ListItem\",\"position\":2,\"name\":\"Presidentes\"}]},{\"@type\":\"WebSite\",\"@id\":\"https:\/\/itajuba.cam.mg.gov.br\/site\/#website\",\"url\":\"https:\/\/itajuba.cam.mg.gov.br\/site\/\",\"name\":\"C\u00e2mara Municipal de Itajub\u00e1\",\"description\":\"Efici\u00eancia e Transpar\u00eancia\",\"publisher\":{\"@id\":\"https:\/\/itajuba.cam.mg.gov.br\/site\/#organization\"},\"potentialAction\":[{\"@type\":\"SearchAction\",\"target\":{\"@type\":\"EntryPoint\",\"urlTemplate\":\"https:\/\/itajuba.cam.mg.gov.br\/site\/?s={search_term_string}\"},\"query-input\":\"required name=search_term_string\"}],\"inLanguage\":\"pt-BR\"},{\"@type\":\"Organization\",\"@id\":\"https:\/\/itajuba.cam.mg.gov.br\/site\/#organization\",\"name\":\"C\u00e2mara Municipal de Itajub\u00e1\",\"url\":\"https:\/\/itajuba.cam.mg.gov.br\/site\/\",\"logo\":{\"@type\":\"ImageObject\",\"inLanguage\":\"pt-BR\",\"@id\":\"https:\/\/itajuba.cam.mg.gov.br\/site\/#\/schema\/logo\/image\/\",\"url\":\"https:\/\/itajuba.cam.mg.gov.br\/site\/wp-content\/uploads\/2023\/09\/logo_camara_2024.png\",\"contentUrl\":\"https:\/\/itajuba.cam.mg.gov.br\/site\/wp-content\/uploads\/2023\/09\/logo_camara_2024.png\",\"width\":1000,\"height\":385,\"caption\":\"C\u00e2mara Municipal de Itajub\u00e1\"},\"image\":{\"@id\":\"https:\/\/itajuba.cam.mg.gov.br\/site\/#\/schema\/logo\/image\/\"},\"sameAs\":[\"https:\/\/www.facebook.com\/camaradeitajubaoficial\",\"https:\/\/www.instagram.com\/camaradeitajubaoficial\/\",\"https:\/\/www.youtube.com\/user\/TVCAMARAITAJUBA\"]}]}<\/script>\n<!-- \/ Yoast SEO plugin. -->","yoast_head_json":{"title":"Presidentes - C\u00e2mara Municipal de Itajub\u00e1","robots":{"index":"index","follow":"follow","max-snippet":"max-snippet:-1","max-image-preview":"max-image-preview:large","max-video-preview":"max-video-preview:-1"},"canonical":"https:\/\/itajuba.cam.mg.gov.br\/site\/presidentes\/","og_locale":"pt_BR","og_type":"article","og_title":"Presidentes - C\u00e2mara Municipal de Itajub\u00e1","og_description":"Clique nas fotos para visualizar as biografias","og_url":"https:\/\/itajuba.cam.mg.gov.br\/site\/presidentes\/","og_site_name":"C\u00e2mara Municipal de Itajub\u00e1","article_publisher":"https:\/\/www.facebook.com\/camaradeitajubaoficial","article_modified_time":"2024-04-16T21:04:15+00:00","og_image":[{"url":"https:\/\/itajuba.cam.mg.gov.br\/site\/wp-content\/uploads\/2023\/10\/marcelo_presidente-1155x1536-1-770x1024.png"}],"twitter_card":"summary_large_image","twitter_misc":{"Est. tempo de leitura":"17 minutos"},"schema":{"@context":"https:\/\/schema.org","@graph":[{"@type":"WebPage","@id":"https:\/\/itajuba.cam.mg.gov.br\/site\/presidentes\/","url":"https:\/\/itajuba.cam.mg.gov.br\/site\/presidentes\/","name":"Presidentes - C\u00e2mara Municipal de Itajub\u00e1","isPartOf":{"@id":"https:\/\/itajuba.cam.mg.gov.br\/site\/#website"},"datePublished":"2023-09-14T19:24:27+00:00","dateModified":"2024-04-16T21:04:15+00:00","breadcrumb":{"@id":"https:\/\/itajuba.cam.mg.gov.br\/site\/presidentes\/#breadcrumb"},"inLanguage":"pt-BR","potentialAction":[{"@type":"ReadAction","target":["https:\/\/itajuba.cam.mg.gov.br\/site\/presidentes\/"]}]},{"@type":"BreadcrumbList","@id":"https:\/\/itajuba.cam.mg.gov.br\/site\/presidentes\/#breadcrumb","itemListElement":[{"@type":"ListItem","position":1,"name":"In\u00edcio","item":"https:\/\/itajuba.cam.mg.gov.br\/site\/"},{"@type":"ListItem","position":2,"name":"Presidentes"}]},{"@type":"WebSite","@id":"https:\/\/itajuba.cam.mg.gov.br\/site\/#website","url":"https:\/\/itajuba.cam.mg.gov.br\/site\/","name":"C\u00e2mara Municipal de Itajub\u00e1","description":"Efici\u00eancia e Transpar\u00eancia","publisher":{"@id":"https:\/\/itajuba.cam.mg.gov.br\/site\/#organization"},"potentialAction":[{"@type":"SearchAction","target":{"@type":"EntryPoint","urlTemplate":"https:\/\/itajuba.cam.mg.gov.br\/site\/?s={search_term_string}"},"query-input":"required name=search_term_string"}],"inLanguage":"pt-BR"},{"@type":"Organization","@id":"https:\/\/itajuba.cam.mg.gov.br\/site\/#organization","name":"C\u00e2mara Municipal de Itajub\u00e1","url":"https:\/\/itajuba.cam.mg.gov.br\/site\/","logo":{"@type":"ImageObject","inLanguage":"pt-BR","@id":"https:\/\/itajuba.cam.mg.gov.br\/site\/#\/schema\/logo\/image\/","url":"https:\/\/itajuba.cam.mg.gov.br\/site\/wp-content\/uploads\/2023\/09\/logo_camara_2024.png","contentUrl":"https:\/\/itajuba.cam.mg.gov.br\/site\/wp-content\/uploads\/2023\/09\/logo_camara_2024.png","width":1000,"height":385,"caption":"C\u00e2mara Municipal de Itajub\u00e1"},"image":{"@id":"https:\/\/itajuba.cam.mg.gov.br\/site\/#\/schema\/logo\/image\/"},"sameAs":["https:\/\/www.facebook.com\/camaradeitajubaoficial","https:\/\/www.instagram.com\/camaradeitajubaoficial\/","https:\/\/www.youtube.com\/user\/TVCAMARAITAJUBA"]}]}},"_links":{"self":[{"href":"https:\/\/itajuba.cam.mg.gov.br\/site\/wp-json\/wp\/v2\/pages\/5360","targetHints":{"allow":["GET"]}}],"collection":[{"href":"https:\/\/itajuba.cam.mg.gov.br\/site\/wp-json\/wp\/v2\/pages"}],"about":[{"href":"https:\/\/itajuba.cam.mg.gov.br\/site\/wp-json\/wp\/v2\/types\/page"}],"author":[{"embeddable":true,"href":"https:\/\/itajuba.cam.mg.gov.br\/site\/wp-json\/wp\/v2\/users\/1"}],"replies":[{"embeddable":true,"href":"https:\/\/itajuba.cam.mg.gov.br\/site\/wp-json\/wp\/v2\/comments?post=5360"}],"version-history":[{"count":79,"href":"https:\/\/itajuba.cam.mg.gov.br\/site\/wp-json\/wp\/v2\/pages\/5360\/revisions"}],"predecessor-version":[{"id":10995,"href":"https:\/\/itajuba.cam.mg.gov.br\/site\/wp-json\/wp\/v2\/pages\/5360\/revisions\/10995"}],"wp:attachment":[{"href":"https:\/\/itajuba.cam.mg.gov.br\/site\/wp-json\/wp\/v2\/media?parent=5360"}],"curies":[{"name":"wp","href":"https:\/\/api.w.org\/{rel}","templated":true}]}}