{"id":5412,"date":"2023-09-14T20:03:32","date_gmt":"2023-09-14T20:03:32","guid":{"rendered":"https:\/\/itajuba.cam.mg.gov.br\/site\/?page_id=5412"},"modified":"2026-04-06T20:45:16","modified_gmt":"2026-04-06T20:45:16","slug":"quadro-de-servidores","status":"publish","type":"page","link":"https:\/\/itajuba.cam.mg.gov.br\/site\/quadro-de-servidores\/","title":{"rendered":"Quadro de Servidores"},"content":{"rendered":"\t\t<div data-elementor-type=\"wp-page\" data-elementor-id=\"5412\" class=\"elementor elementor-5412\" data-elementor-post-type=\"page\">\n\t\t\t\t\t\t\t\t\t<section class=\"elementor-section elementor-top-section elementor-element elementor-element-bd18fdc elementor-section-boxed elementor-section-height-default elementor-section-height-default\" data-id=\"bd18fdc\" data-element_type=\"section\">\n\t\t\t\t\t\t<div class=\"elementor-container elementor-column-gap-default\">\n\t\t\t\t\t<div class=\"elementor-column elementor-col-100 elementor-top-column elementor-element elementor-element-02a9376\" data-id=\"02a9376\" data-element_type=\"column\">\n\t\t\t<div class=\"elementor-widget-wrap elementor-element-populated\">\n\t\t\t\t\t\t\t\t<div class=\"elementor-element elementor-element-681d3e6 elementor-widget elementor-widget-heading\" data-id=\"681d3e6\" data-element_type=\"widget\" data-widget_type=\"heading.default\">\n\t\t\t\t<div class=\"elementor-widget-container\">\n\t\t\t<style>\/*! elementor - v3.16.0 - 13-09-2023 *\/\n.elementor-heading-title{padding:0;margin:0;line-height:1}.elementor-widget-heading .elementor-heading-title[class*=elementor-size-]>a{color:inherit;font-size:inherit;line-height:inherit}.elementor-widget-heading .elementor-heading-title.elementor-size-small{font-size:15px}.elementor-widget-heading .elementor-heading-title.elementor-size-medium{font-size:19px}.elementor-widget-heading .elementor-heading-title.elementor-size-large{font-size:29px}.elementor-widget-heading .elementor-heading-title.elementor-size-xl{font-size:39px}.elementor-widget-heading .elementor-heading-title.elementor-size-xxl{font-size:59px}<\/style><h4 class=\"elementor-heading-title elementor-size-default\"><br>Procuradoria-Geral da CMI<\/h4>\t\t<\/div>\n\t\t\t\t<\/div>\n\t\t\t\t\t<\/div>\n\t\t<\/div>\n\t\t\t\t\t\t\t<\/div>\n\t\t<\/section>\n\t\t\t\t<section class=\"elementor-section elementor-top-section elementor-element elementor-element-f62c9e0 elementor-section-boxed elementor-section-height-default elementor-section-height-default\" data-id=\"f62c9e0\" data-element_type=\"section\">\n\t\t\t\t\t\t<div class=\"elementor-container elementor-column-gap-default\">\n\t\t\t\t\t<div class=\"elementor-column elementor-col-100 elementor-top-column elementor-element elementor-element-619c3e7\" data-id=\"619c3e7\" data-element_type=\"column\">\n\t\t\t<div class=\"elementor-widget-wrap elementor-element-populated\">\n\t\t\t\t\t\t\t\t<div class=\"elementor-element elementor-element-178a881 elementor-widget elementor-widget-text-editor\" data-id=\"178a881\" data-element_type=\"widget\" data-widget_type=\"text-editor.default\">\n\t\t\t\t<div class=\"elementor-widget-container\">\n\t\t\t<style>\/*! elementor - v3.16.0 - 13-09-2023 *\/\n.elementor-widget-text-editor.elementor-drop-cap-view-stacked .elementor-drop-cap{background-color:#69727d;color:#fff}.elementor-widget-text-editor.elementor-drop-cap-view-framed .elementor-drop-cap{color:#69727d;border:3px solid;background-color:transparent}.elementor-widget-text-editor:not(.elementor-drop-cap-view-default) .elementor-drop-cap{margin-top:8px}.elementor-widget-text-editor:not(.elementor-drop-cap-view-default) .elementor-drop-cap-letter{width:1em;height:1em}.elementor-widget-text-editor .elementor-drop-cap{float:left;text-align:center;line-height:1;font-size:50px}.elementor-widget-text-editor .elementor-drop-cap-letter{display:inline-block}<\/style>\t\t\t\t<table><tbody><tr><td><span style=\"color: #267ed1; font-size: 16.2px; font-weight: bold;\">NOME<\/span><\/td><td><span style=\"font-weight: bold; color: #267ed1; font-size: 16.2px; text-align: center;\">PROVIMENTO<\/span><\/td><td data-align=\"center\"><span style=\"font-weight: bolder; color: #267ed1; font-size: 16.2px; text-align: center;\">CARGO<\/span><\/td><td><span style=\"font-weight: bolder; color: #267ed1; font-size: 16.2px; text-align: center;\">FUN\u00c7\u00c3O GRATIFICADA<\/span><\/td><\/tr><tr><td width=\"35%\"><strong>GUSTAVO MAX DE OLIVEIRA<\/strong><\/td><td width=\"15%\">Comissionado<\/td><td width=\"25%\" data-align=\"center\"><strong>Procurador-Geral da CMI<\/strong><\/td><td width=\"25%\">\u00a0<\/td><\/tr><tr><td>MARCIO FERRINI CARNEIRO JUNIOR<\/td><td>Comissionado<\/td><td data-align=\"center\">Procurador-Geral Adjunto<\/td><td>\u00a0<\/td><\/tr><tr><td><span style=\"font-size: 12.6px;\">ANA LU\u00cdSA ALVAREZ DAS NEVES<\/span><\/td><td><span style=\"font-size: 12.6px;\">Efetivo<\/span><\/td><td data-align=\"center\"><span style=\"font-size: 12.6px;\">Procuradora Jur\u00eddica<\/span><\/td><td>\u00a0<\/td><\/tr><tr><td>LARA APARECIDA DA FONSECA<\/td><td>Efetivo<\/td><td data-align=\"center\">Procuradora Jur\u00eddica<\/td><td>\u00a0<\/td><\/tr><\/tbody><\/table>\t\t\t\t\t\t<\/div>\n\t\t\t\t<\/div>\n\t\t\t\t\t<\/div>\n\t\t<\/div>\n\t\t\t\t\t\t\t<\/div>\n\t\t<\/section>\n\t\t\t\t<section class=\"elementor-section elementor-top-section elementor-element elementor-element-bf6889d elementor-section-boxed elementor-section-height-default elementor-section-height-default\" data-id=\"bf6889d\" data-element_type=\"section\">\n\t\t\t\t\t\t<div class=\"elementor-container elementor-column-gap-default\">\n\t\t\t\t\t<div class=\"elementor-column elementor-col-100 elementor-top-column elementor-element elementor-element-38085fa\" data-id=\"38085fa\" data-element_type=\"column\">\n\t\t\t<div class=\"elementor-widget-wrap elementor-element-populated\">\n\t\t\t\t\t\t\t\t<div class=\"elementor-element elementor-element-bbc7fe7 elementor-widget elementor-widget-heading\" data-id=\"bbc7fe7\" data-element_type=\"widget\" data-widget_type=\"heading.default\">\n\t\t\t\t<div class=\"elementor-widget-container\">\n\t\t\t<h4 class=\"elementor-heading-title elementor-size-default\"><br>Diretoria de Integra\u00e7\u00e3o Legislativa e Cidadania<\/h4>\t\t<\/div>\n\t\t\t\t<\/div>\n\t\t\t\t\t<\/div>\n\t\t<\/div>\n\t\t\t\t\t\t\t<\/div>\n\t\t<\/section>\n\t\t\t\t<section class=\"elementor-section elementor-top-section elementor-element elementor-element-78ce070 elementor-section-boxed elementor-section-height-default elementor-section-height-default\" data-id=\"78ce070\" data-element_type=\"section\">\n\t\t\t\t\t\t<div class=\"elementor-container elementor-column-gap-default\">\n\t\t\t\t\t<div class=\"elementor-column elementor-col-100 elementor-top-column elementor-element elementor-element-516c822\" data-id=\"516c822\" data-element_type=\"column\">\n\t\t\t<div class=\"elementor-widget-wrap elementor-element-populated\">\n\t\t\t\t\t\t\t\t<div class=\"elementor-element elementor-element-e39f5d9 elementor-widget elementor-widget-text-editor\" data-id=\"e39f5d9\" data-element_type=\"widget\" data-widget_type=\"text-editor.default\">\n\t\t\t\t<div class=\"elementor-widget-container\">\n\t\t\t\t\t\t\t<table>\n<tbody>\n<tr>\n<td width=\"35%\"><span style=\"color: #267ed1; font-size: 16.2px; font-weight: bold; text-align: center;\">NOME<\/span><\/td>\n<td width=\"15%\"><span style=\"text-align: center; font-weight: bold; color: #267ed1; font-size: 16.2px;\">PROVIMENTO<\/span><\/td>\n<td width=\"25%\" data-align=\"center\"><span style=\"color: #267ed1; font-size: 16.2px; font-weight: bold; text-align: center;\">CARGO<\/span><\/td>\n<td width=\"25%\"><span style=\"text-align: center; font-weight: bolder; color: #267ed1; font-size: 16.2px;\">FUN\u00c7\u00c3O GRATIFICADA<\/span><\/td>\n<\/tr>\n<tr>\n<td><span style=\"font-weight: bolder; font-size: 12.6px;\">LUIZ GONZAGA COSTA<\/span><\/td>\n<td><span style=\"font-size: 12.6px;\">Efetivo \/ Comissionado<\/span><\/td>\n<td data-align=\"center\"><span style=\"font-size: 12.6px;\">T\u00e9cnico Legislativo I \/&nbsp;<b>Diretor de Integra\u00e7\u00e3o Legislativa e Cidadania<\/b><\/span><\/td>\n<td>&nbsp;<\/td>\n<\/tr>\n<tr>\n<td width=\"35%\">ADRIANA OLIVEIRA DA LUZ PORTELA<\/td>\n<td width=\"15%\">Efetivo<\/td>\n<td width=\"25%\" data-align=\"center\">Int\u00e9rprete de Libras<\/td>\n<td width=\"25%\">&nbsp;<\/td>\n<\/tr>\n<tr>\n<td>ALLANA LIMA MARRA<\/td>\n<td>Estagi\u00e1rio<\/td>\n<td data-align=\"center\">Estagi\u00e1ria<\/td>\n<td>&nbsp;<\/td>\n<\/tr>\n<\/tbody>\n<\/table>\t\t\t\t\t\t<\/div>\n\t\t\t\t<\/div>\n\t\t\t\t\t<\/div>\n\t\t<\/div>\n\t\t\t\t\t\t\t<\/div>\n\t\t<\/section>\n\t\t\t\t<section class=\"elementor-section elementor-top-section elementor-element elementor-element-068fd1e elementor-section-boxed elementor-section-height-default elementor-section-height-default\" data-id=\"068fd1e\" data-element_type=\"section\">\n\t\t\t\t\t\t<div class=\"elementor-container elementor-column-gap-default\">\n\t\t\t\t\t<div class=\"elementor-column elementor-col-100 elementor-top-column elementor-element elementor-element-ed77b48\" data-id=\"ed77b48\" data-element_type=\"column\">\n\t\t\t<div class=\"elementor-widget-wrap elementor-element-populated\">\n\t\t\t\t\t\t\t\t<div class=\"elementor-element elementor-element-fdbd502 elementor-widget elementor-widget-heading\" data-id=\"fdbd502\" data-element_type=\"widget\" data-widget_type=\"heading.default\">\n\t\t\t\t<div class=\"elementor-widget-container\">\n\t\t\t<h4 class=\"elementor-heading-title elementor-size-default\"><br>Diretoria Administrativa<\/h4>\t\t<\/div>\n\t\t\t\t<\/div>\n\t\t\t\t\t<\/div>\n\t\t<\/div>\n\t\t\t\t\t\t\t<\/div>\n\t\t<\/section>\n\t\t\t\t<section class=\"elementor-section elementor-top-section elementor-element elementor-element-3be2b0e elementor-section-boxed elementor-section-height-default elementor-section-height-default\" data-id=\"3be2b0e\" data-element_type=\"section\">\n\t\t\t\t\t\t<div class=\"elementor-container elementor-column-gap-default\">\n\t\t\t\t\t<div class=\"elementor-column elementor-col-100 elementor-top-column elementor-element elementor-element-45cedb3\" data-id=\"45cedb3\" data-element_type=\"column\">\n\t\t\t<div class=\"elementor-widget-wrap elementor-element-populated\">\n\t\t\t\t\t\t\t\t<div class=\"elementor-element elementor-element-905c7c2 elementor-widget elementor-widget-text-editor\" data-id=\"905c7c2\" data-element_type=\"widget\" data-widget_type=\"text-editor.default\">\n\t\t\t\t<div class=\"elementor-widget-container\">\n\t\t\t\t\t\t\t<table><tbody><tr><td width=\"35%\"><span style=\"color: #267ed1; font-size: 16.2px; font-weight: bold; text-align: center;\">NOME<\/span><\/td><td width=\"15%\"><span style=\"text-align: center; font-weight: bold; color: #267ed1; font-size: 16.2px;\">PROVIMENTO<\/span><\/td><td width=\"25%\" data-align=\"center\"><span style=\"color: #267ed1; font-size: 16.2px; font-weight: bold; text-align: center;\">CARGO<\/span><\/td><td><span style=\"text-align: center; font-weight: bolder; color: #267ed1; font-size: 16.2px;\">FUN\u00c7\u00c3O GRATIFICADA<\/span><\/td><\/tr><tr><td width=\"25%\"><span style=\"font-weight: bolder; font-size: 12.6px;\">LEANDRO ALBERT DE OLIVEIRA N. DE S\u00c1<\/span><\/td><td><span style=\"font-size: 12.6px;\">Efetivo \/ Comissionado<\/span><\/td><td data-align=\"center\">\u00a0<span style=\"font-size: 12.6px;\">Oficial Administrativo III \/ <b>Diretor Administrarivo<\/b><\/span><\/td><td>\u00a0&#8211;<\/td><\/tr><tr><td><span style=\"font-size: 12.6px;\">IAGO MARTINS SILVA<\/span><\/td><td><span style=\"font-size: 12.6px;\">Estagi\u00e1rio<\/span><\/td><td data-align=\"center\"><span style=\"font-size: 12.6px;\">Estagi\u00e1rio<\/span><\/td><td>\u00a0&#8211;<\/td><\/tr><tr><td><span style=\"font-size: 12.6px;\">CLAUDIO DIAS CHAVES<\/span><\/td><td><span style=\"font-size: 12.6px;\">Efetivo<\/span><\/td><td data-align=\"center\"><span style=\"font-size: 12.6px;\">Oficial Administrativo III<\/span><\/td><td><span style=\"font-size: 12.6px;\">Encarregado de Pesquisa e Forma\u00e7\u00e3o de Pre\u00e7os<\/span><\/td><\/tr><tr><td><span style=\"font-size: 12.6px;\">DOUGLAS DOMINGOS PEREIRA<\/span><\/td><td><span style=\"font-size: 12.6px;\">Efetivo<\/span><\/td><td data-align=\"center\"><span style=\"font-size: 12.6px;\">Oficial Administrativo II<\/span><\/td><td><span style=\"font-size: 12.6px;\">&#8211;<\/span><\/td><\/tr><tr><td><span style=\"font-size: 12.6px;\">JO\u00c3O CARLOS DA SILVA<\/span><\/td><td><span style=\"font-size: 12.6px;\">Efetivo<\/span><\/td><td data-align=\"center\"><span style=\"font-size: 12.6px;\">Analista de Tecnologia<\/span><\/td><td><span style=\"font-size: 12.6px;\">Encarregado de Prote\u00e7\u00e3o de Dados<\/span><\/td><\/tr><tr><td><span style=\"font-size: 12.6px;\">CARLA DENISE MACHADO<\/span><\/td><td><span style=\"font-size: 12.6px;\">Estagi\u00e1rio<\/span><\/td><td data-align=\"center\"><span style=\"font-size: 12.6px;\">Estagi\u00e1ria<\/span><\/td><td>&#8211;\u00a0<\/td><\/tr><tr><td><span style=\"font-size: 12.6px;\">ROSAURA MARIA REZENDE ALBO<\/span><\/td><td><span style=\"font-size: 12.6px;\">Efetivo<\/span><\/td><td data-align=\"center\"><span style=\"font-size: 12.6px;\">Oficial Administrativo III<\/span><\/td><td><span style=\"font-size: 12.6px;\">Encarregada de Recursos Humanos<\/span><\/td><\/tr><tr><td><span style=\"font-size: 12.6px;\">FELIPE GON\u00c7ALVES RIBEIRO<\/span><\/td><td><span style=\"font-size: 12.6px;\">Efetivo<\/span><\/td><td data-align=\"center\">Analista de Recursos Humanos<\/td><td>\u00a0&#8211;<\/td><\/tr><tr><td><span style=\"font-size: 12.6px;\">MARINA ANDRADE DOMINGUES<\/span><\/td><td><span style=\"font-size: 12.6px;\">Efetivo<\/span><\/td><td data-align=\"center\"><span style=\"font-size: 12.6px;\">Analista Administrativo<\/span><\/td><td>\u00a0&#8211;<\/td><\/tr><tr><td><span style=\"font-size: 12.6px;\">\u00c2NGELO RONCALLI DOS SANTOS<\/span><\/td><td><span style=\"font-size: 12.6px;\">Comissionado<\/span><\/td><td data-align=\"center\"><span style=\"font-size: 12.6px;\">Chefe de Tecnologia de Informa\u00e7\u00e3o<\/span><\/td><td>\u00a0&#8211;<\/td><\/tr><tr><td><span style=\"font-size: 12.6px;\">L\u00cdVIA MARIANO LINHARES DE OLIVEIRA<\/span><\/td><td><span style=\"font-size: 12.6px;\">Efetivo<\/span><\/td><td data-align=\"center\"><span style=\"font-size: 12.6px;\">Oficial Administrativo<\/span><\/td><td>\u00a0&#8211;<\/td><\/tr><\/tbody><\/table>\t\t\t\t\t\t<\/div>\n\t\t\t\t<\/div>\n\t\t\t\t\t<\/div>\n\t\t<\/div>\n\t\t\t\t\t\t\t<\/div>\n\t\t<\/section>\n\t\t\t\t<section class=\"elementor-section elementor-top-section elementor-element elementor-element-ca780c8 elementor-section-boxed elementor-section-height-default elementor-section-height-default\" data-id=\"ca780c8\" data-element_type=\"section\">\n\t\t\t\t\t\t<div class=\"elementor-container elementor-column-gap-default\">\n\t\t\t\t\t<div class=\"elementor-column elementor-col-100 elementor-top-column elementor-element elementor-element-5c3655e\" data-id=\"5c3655e\" data-element_type=\"column\">\n\t\t\t<div class=\"elementor-widget-wrap elementor-element-populated\">\n\t\t\t\t\t\t\t\t<div class=\"elementor-element elementor-element-702619c elementor-widget elementor-widget-heading\" data-id=\"702619c\" data-element_type=\"widget\" data-widget_type=\"heading.default\">\n\t\t\t\t<div class=\"elementor-widget-container\">\n\t\t\t<h4 class=\"elementor-heading-title elementor-size-default\"><br>Diretoria de Comunica\u00e7\u00e3o<\/h4>\t\t<\/div>\n\t\t\t\t<\/div>\n\t\t\t\t\t<\/div>\n\t\t<\/div>\n\t\t\t\t\t\t\t<\/div>\n\t\t<\/section>\n\t\t\t\t<section class=\"elementor-section elementor-top-section elementor-element elementor-element-21dd29b elementor-section-boxed elementor-section-height-default elementor-section-height-default\" data-id=\"21dd29b\" data-element_type=\"section\">\n\t\t\t\t\t\t<div class=\"elementor-container elementor-column-gap-default\">\n\t\t\t\t\t<div class=\"elementor-column elementor-col-100 elementor-top-column elementor-element elementor-element-2c3d714\" data-id=\"2c3d714\" data-element_type=\"column\">\n\t\t\t<div class=\"elementor-widget-wrap elementor-element-populated\">\n\t\t\t\t\t\t\t\t<div class=\"elementor-element elementor-element-235a784 elementor-widget elementor-widget-text-editor\" data-id=\"235a784\" data-element_type=\"widget\" data-widget_type=\"text-editor.default\">\n\t\t\t\t<div class=\"elementor-widget-container\">\n\t\t\t\t\t\t\t<table>\n<tbody>\n<tr>\n<td width=\"35%\"><span style=\"color: #267ed1; font-size: 16.2px; font-weight: bold; text-align: center;\">NOME<\/span><\/td>\n<td width=\"15%\"><span style=\"color: #267ed1; font-size: 16.2px; font-weight: bold; text-align: center;\">PROVIMENTO<\/span><\/td>\n<td width=\"25%\" data-align=\"center\"><span style=\"color: #267ed1; font-size: 16.2px; font-weight: bold; text-align: center;\">CARGO<\/span><\/td>\n<td width=\"25%\"><span style=\"color: #267ed1; font-size: 16.2px; font-weight: bold; text-align: center;\">FUN\u00c7\u00c3O GRATIFICADA<\/span><\/td>\n<\/tr>\n<tr>\n<td><span style=\"font-weight: bolder; font-size: 12.6px;\">CLAITON CESAR FERNANDES<\/span><\/td>\n<td><span style=\"font-size: 12.6px;\">Comissionado<\/span><\/td>\n<td data-align=\"center\"><span style=\"font-weight: bolder; font-size: 12.6px;\">Diretor de Comunica\u00e7\u00e3o<\/span><\/td>\n<td><\/td>\n<\/tr>\n<tr>\n<td>\u00a0<span style=\"font-size: 12.6px;\">ANDR\u00c9 GUSTAVO TEIXEIRA<\/span><\/td>\n<td>\u00a0<span style=\"font-size: 12.6px;\">Efetivo<\/span><\/td>\n<td data-align=\"center\">\u00a0<span style=\"font-size: 12.6px;\">Operador de \u00c1udio e V\u00eddeo<\/span><\/td>\n<td>Encarregado de Patrim\u00f4nio<\/td>\n<\/tr>\n<tr>\n<td><span style=\"font-size: 12.6px;\">MAURICIO GUSTAVO ALKMIN<\/span><\/td>\n<td><span style=\"font-size: 12.6px;\">Efetivo<\/span><\/td>\n<td data-align=\"center\">Designer Gr\u00e1fico<\/td>\n<td><\/td>\n<\/tr>\n<tr>\n<td><span style=\"font-size: 12.6px;\">TA\u00cdSA MARA TOLEDO<\/span><\/td>\n<td><span style=\"font-size: 12.6px;\">Efetivo<\/span><\/td>\n<td data-align=\"center\"><span style=\"font-size: 12.6px;\">Oficial Administrativo II<\/span><\/td>\n<td>Encarregada de Tesouraria<\/td>\n<\/tr>\n<tr>\n<td><span style=\"font-size: 12.6px;\">LUCAS EMANUEL DELLA TORRE<\/span><\/td>\n<td><span style=\"font-size: 12.6px;\">Estagi\u00e1rio<\/span><\/td>\n<td data-align=\"center\"><span style=\"font-size: 12.6px;\">Estagi\u00e1rio<\/span><\/td>\n<td><\/td>\n<\/tr>\n\n<\/tr>\n<\/tbody>\n<\/table>\t\t\t\t\t\t<\/div>\n\t\t\t\t<\/div>\n\t\t\t\t\t<\/div>\n\t\t<\/div>\n\t\t\t\t\t\t\t<\/div>\n\t\t<\/section>\n\t\t\t\t<section class=\"elementor-section elementor-top-section elementor-element elementor-element-6562940 elementor-section-boxed elementor-section-height-default elementor-section-height-default\" data-id=\"6562940\" data-element_type=\"section\">\n\t\t\t\t\t\t<div class=\"elementor-container elementor-column-gap-default\">\n\t\t\t\t\t<div class=\"elementor-column elementor-col-100 elementor-top-column elementor-element elementor-element-3950624\" data-id=\"3950624\" data-element_type=\"column\">\n\t\t\t<div class=\"elementor-widget-wrap elementor-element-populated\">\n\t\t\t\t\t\t\t\t<div class=\"elementor-element elementor-element-58869c0 elementor-widget elementor-widget-heading\" data-id=\"58869c0\" data-element_type=\"widget\" data-widget_type=\"heading.default\">\n\t\t\t\t<div class=\"elementor-widget-container\">\n\t\t\t<h4 class=\"elementor-heading-title elementor-size-default\"><br>Diretoria Financeira e Or\u00e7ament\u00e1ria<\/h4>\t\t<\/div>\n\t\t\t\t<\/div>\n\t\t\t\t\t<\/div>\n\t\t<\/div>\n\t\t\t\t\t\t\t<\/div>\n\t\t<\/section>\n\t\t\t\t<section class=\"elementor-section elementor-top-section elementor-element elementor-element-34570c9 elementor-section-boxed elementor-section-height-default elementor-section-height-default\" data-id=\"34570c9\" data-element_type=\"section\">\n\t\t\t\t\t\t<div class=\"elementor-container elementor-column-gap-default\">\n\t\t\t\t\t<div class=\"elementor-column elementor-col-100 elementor-top-column elementor-element elementor-element-c49c49b\" data-id=\"c49c49b\" data-element_type=\"column\">\n\t\t\t<div class=\"elementor-widget-wrap elementor-element-populated\">\n\t\t\t\t\t\t\t\t<div class=\"elementor-element elementor-element-828702a elementor-widget elementor-widget-text-editor\" data-id=\"828702a\" data-element_type=\"widget\" data-widget_type=\"text-editor.default\">\n\t\t\t\t<div class=\"elementor-widget-container\">\n\t\t\t\t\t\t\t<table><tbody><tr><td width=\"35%\"><span style=\"text-align: center; color: #267ed1; font-size: 16.2px; font-weight: bold;\">NOME<\/span><\/td><td width=\"15%\"><span style=\"text-align: center; color: #267ed1; font-size: 16.2px; font-weight: bold;\">PROVIMENTO<\/span><\/td><td width=\"25%\" data-align=\"center\"><span style=\"color: #267ed1; font-size: 16.2px; font-weight: bold; text-align: center;\">CARGO<\/span><\/td><td width=\"25%\"><span style=\"text-align: center; color: #267ed1; font-size: 16.2px; font-weight: bold;\">FUN\u00c7\u00c3O GRATIFICADA<\/span><\/td><\/tr><tr><td><span style=\"font-weight: bolder; font-size: 12.6px;\">\u00a0ANT\u00d4NIO CARLOS BERNARDO<\/span><\/td><td><span style=\"font-size: 12.6px;\">Comissionado<\/span><\/td><td style=\"text-align: center;\" data-align=\"center\"><span style=\"font-weight: bolder; font-size: 12.6px; text-align: start;\">Diretor Financeiro e Or\u00e7ament\u00e1rio<\/span><\/td><td>\u00a0<\/td><\/tr><tr><td width=\"35%\">MAGNO FRAMIL MARCILIO<\/td><td width=\"15%\">Efetivo<\/td><td style=\"text-align: center;\" width=\"25%\" data-align=\"center\">Contador P\u00fablico<\/td><td width=\"25%\">\u00a0<\/td><\/tr><tr><td>LETICIA GRAZIELE<\/td><td>Estagi\u00e1rio<\/td><td style=\"text-align: center;\" data-align=\"center\">Estagi\u00e1ria<\/td><td>\u00a0<\/td><\/tr><\/tbody><\/table>\t\t\t\t\t\t<\/div>\n\t\t\t\t<\/div>\n\t\t\t\t\t<\/div>\n\t\t<\/div>\n\t\t\t\t\t\t\t<\/div>\n\t\t<\/section>\n\t\t\t\t<section class=\"elementor-section elementor-top-section elementor-element elementor-element-6ae8ad5 elementor-section-boxed elementor-section-height-default elementor-section-height-default\" data-id=\"6ae8ad5\" data-element_type=\"section\">\n\t\t\t\t\t\t<div class=\"elementor-container elementor-column-gap-default\">\n\t\t\t\t\t<div class=\"elementor-column elementor-col-100 elementor-top-column elementor-element elementor-element-52af4b3\" data-id=\"52af4b3\" data-element_type=\"column\">\n\t\t\t<div class=\"elementor-widget-wrap elementor-element-populated\">\n\t\t\t\t\t\t\t\t<div class=\"elementor-element elementor-element-506dd0d elementor-widget elementor-widget-heading\" data-id=\"506dd0d\" data-element_type=\"widget\" data-widget_type=\"heading.default\">\n\t\t\t\t<div class=\"elementor-widget-container\">\n\t\t\t<h4 class=\"elementor-heading-title elementor-size-default\"><br>Controladoria Interna<\/h4>\t\t<\/div>\n\t\t\t\t<\/div>\n\t\t\t\t\t<\/div>\n\t\t<\/div>\n\t\t\t\t\t\t\t<\/div>\n\t\t<\/section>\n\t\t\t\t<section class=\"elementor-section elementor-top-section elementor-element elementor-element-a7f2230 elementor-section-boxed elementor-section-height-default elementor-section-height-default\" data-id=\"a7f2230\" data-element_type=\"section\">\n\t\t\t\t\t\t<div class=\"elementor-container elementor-column-gap-default\">\n\t\t\t\t\t<div class=\"elementor-column elementor-col-100 elementor-top-column elementor-element elementor-element-d49e405\" data-id=\"d49e405\" data-element_type=\"column\">\n\t\t\t<div class=\"elementor-widget-wrap elementor-element-populated\">\n\t\t\t\t\t\t\t\t<div class=\"elementor-element elementor-element-332cfac elementor-widget elementor-widget-text-editor\" data-id=\"332cfac\" data-element_type=\"widget\" data-widget_type=\"text-editor.default\">\n\t\t\t\t<div class=\"elementor-widget-container\">\n\t\t\t\t\t\t\t<table>\n<tbody>\n<tr>\n<td width=\"35%\"><span style=\"color: rgb(38, 126, 209); font-size: 16.2px; font-weight: 700;\">NOME<\/span>&nbsp;<\/td>\n<td width=\"15%\"><span style=\"color: rgb(38, 126, 209); font-size: 16.2px; font-weight: 700;\">PROVIMENTO<\/span><\/td>\n<td width=\"25%\" data-align=\"center\"><span style=\"color: rgb(38, 126, 209); font-size: 16.2px; font-weight: 700;\">CARGO<\/span>&nbsp;<\/td>\n<td width=\"25%\"><span style=\"color: rgb(38, 126, 209); font-size: 16.2px; font-weight: 700;\">FUN\u00c7\u00c3O GRATIFICADA<\/span>&nbsp;<\/td>\n<\/tr>\n<tr>\n<td><span style=\"font-size: 12.6px;\">RAFAEL JOS\u00c9 MANDUCA DE OLIVEIRA<\/span><\/td>\n<td><span style=\"font-size: 12.6px;\">Efetivo<\/span><\/td>\n<td style=\"text-align: center;\" data-align=\"center\"><span style=\"font-size: 12.6px; text-align: start;\">Controlador Interno<\/span><\/td>\n<td>&nbsp;<\/td>\n<\/tr>\n<\/tbody>\n<\/table>\t\t\t\t\t\t<\/div>\n\t\t\t\t<\/div>\n\t\t\t\t\t<\/div>\n\t\t<\/div>\n\t\t\t\t\t\t\t<\/div>\n\t\t<\/section>\n\t\t\t\t<section class=\"elementor-section elementor-top-section elementor-element elementor-element-e6eedd4 elementor-section-boxed elementor-section-height-default elementor-section-height-default\" data-id=\"e6eedd4\" data-element_type=\"section\">\n\t\t\t\t\t\t<div class=\"elementor-container elementor-column-gap-default\">\n\t\t\t\t\t<div class=\"elementor-column elementor-col-100 elementor-top-column elementor-element elementor-element-42a2eaa\" data-id=\"42a2eaa\" data-element_type=\"column\">\n\t\t\t<div class=\"elementor-widget-wrap elementor-element-populated\">\n\t\t\t\t\t\t\t\t<div class=\"elementor-element elementor-element-db8082f elementor-widget elementor-widget-heading\" data-id=\"db8082f\" data-element_type=\"widget\" data-widget_type=\"heading.default\">\n\t\t\t\t<div class=\"elementor-widget-container\">\n\t\t\t<h4 class=\"elementor-heading-title elementor-size-default\"><br>Diretoria Legislativa<\/h4>\t\t<\/div>\n\t\t\t\t<\/div>\n\t\t\t\t\t<\/div>\n\t\t<\/div>\n\t\t\t\t\t\t\t<\/div>\n\t\t<\/section>\n\t\t\t\t<section class=\"elementor-section elementor-top-section elementor-element elementor-element-c511302 elementor-section-boxed elementor-section-height-default elementor-section-height-default\" data-id=\"c511302\" data-element_type=\"section\">\n\t\t\t\t\t\t<div class=\"elementor-container elementor-column-gap-default\">\n\t\t\t\t\t<div class=\"elementor-column elementor-col-100 elementor-top-column elementor-element elementor-element-8c3c9cd\" data-id=\"8c3c9cd\" data-element_type=\"column\">\n\t\t\t<div class=\"elementor-widget-wrap elementor-element-populated\">\n\t\t\t\t\t\t\t\t<div class=\"elementor-element elementor-element-c1dfa01 elementor-widget elementor-widget-text-editor\" data-id=\"c1dfa01\" data-element_type=\"widget\" data-widget_type=\"text-editor.default\">\n\t\t\t\t<div class=\"elementor-widget-container\">\n\t\t\t\t\t\t\t<table><tbody><tr><td width=\"35%\"><span style=\"text-align: center; color: #267ed1; font-size: 16.2px; font-weight: bold;\">NOME<\/span><span style=\"font-size: 12.6px; text-align: center;\">\u00a0<\/span><\/td><td width=\"15%\"><span style=\"color: #267ed1; font-size: 16.2px; font-weight: bold; text-align: center;\">PROVIMENTO<\/span><\/td><td width=\"25%\" data-align=\"center\"><span style=\"text-align: center; color: #267ed1; font-size: 16.2px; font-weight: bold;\">CARGO<\/span><span style=\"font-size: 12.6px; text-align: center;\">\u00a0<\/span><\/td><td width=\"25%\"><span style=\"text-align: center; color: #267ed1; font-size: 16.2px; font-weight: bold;\">FUN\u00c7\u00c3O GRATIFICADA<\/span><span style=\"font-size: 12.6px; text-align: center;\">\u00a0<\/span><\/td><\/tr><tr><td>\u00a0<span style=\"font-weight: bolder; font-size: 12.6px;\">T\u00c1SSIA MILENE CRUZ<\/span><\/td><td>\u00a0<span style=\"font-size: 12.6px;\">Comissionado<\/span><\/td><td data-align=\"center\"><span style=\"font-weight: bolder; font-size: 12.6px;\">Diretora Legislativa<\/span><\/td><td>\u00a0<\/td><\/tr><tr><td><span style=\"font-size: 12.6px;\">ANA CL\u00c1UDIA SILVA DOMINGUES<\/span><\/td><td><span style=\"font-size: 12.6px;\">Comissionado<\/span><\/td><td data-align=\"center\"><span style=\"font-size: 12.6px;\">Assessora Especial da Mesa Diretora<\/span><\/td><td>\u00a0<\/td><\/tr><tr><td><span style=\"font-size: 12.6px;\">DEBORAH LEMES DO VALE<\/span><\/td><td><span style=\"font-size: 12.6px;\">Efetivo<\/span><\/td><td data-align=\"center\"><span style=\"font-size: 12.6px;\">T\u00e9cnico Legislativo II<\/span><\/td><td><span style=\"font-size: 12.6px;\">Agente de Contrata\u00e7\u00e3o e Pregoeiro<\/span><\/td><\/tr><tr><td><span style=\"font-size: 12.6px;\">CACILDA ALVES DA COSTA<\/span><\/td><td><span style=\"font-size: 12.6px;\">Efetivo<\/span><\/td><td data-align=\"center\"><span style=\"font-size: 12.6px;\">T\u00e9cnico Legislativo II<\/span><\/td><td>Encarregada de Fiscaliza\u00e7\u00e3o de Contrato<\/td><\/tr><tr><td><span style=\"font-size: 12.6px;\">LUYDI IMAR ZACARIAS RI\u00caRA<\/span><\/td><td><span style=\"font-size: 12.6px;\">Efetivo<\/span><\/td><td data-align=\"center\"><span style=\"font-size: 12.6px;\">T\u00e9cnico Legislativo II<\/span><\/td><td><span style=\"font-size: 12.6px;\">Assessor de Gabinete da Presid\u00eancia<\/span><\/td><\/tr><tr><td><span style=\"font-size: 12.6px;\">TIAGO JOSE DE SALES CORTEZ<\/span><\/td><td><span style=\"font-size: 12.6px;\">Efetivo<\/span><\/td><td data-align=\"center\"><span style=\"font-size: 12.6px;\">Oficial Administrativo ll<\/span><\/td><td><span style=\"font-size: 12.6px;\">Agente de Contrata\u00e7\u00e3o e Pregoeiro<\/span><\/td><\/tr><tr><td><span style=\"font-size: 12.6px;\">RENATO FREIRE FERREIRA<\/span><\/td><td><span style=\"font-size: 12.6px;\">Efetivo<\/span><\/td><td data-align=\"center\"><span style=\"font-size: 12.6px;\">T\u00e9cnico Legislativo II<\/span><\/td><td><span style=\"font-size: 12.6px;\">Ouvidor e de Encarregado de Defesa dos Direitos dos Usu\u00e1rios dos Servi\u00e7os P\u00fablicos<\/span><\/td><\/tr><tr><td><span style=\"font-size: 12.6px;\">RENAN WILLIAN<\/span><\/td><td><span style=\"font-size: 12.6px;\">Estagi\u00e1rio<\/span><\/td><td data-align=\"center\"><span style=\"font-size: 12.6px;\">Estagi\u00e1rio<\/span><\/td><td>\u00a0<\/td><\/tr><\/tbody><\/table>\t\t\t\t\t\t<\/div>\n\t\t\t\t<\/div>\n\t\t\t\t\t<\/div>\n\t\t<\/div>\n\t\t\t\t\t\t\t<\/div>\n\t\t<\/section>\n\t\t\t\t<section class=\"elementor-section elementor-top-section elementor-element elementor-element-60b8f90 elementor-section-boxed elementor-section-height-default elementor-section-height-default\" data-id=\"60b8f90\" data-element_type=\"section\">\n\t\t\t\t\t\t<div class=\"elementor-container elementor-column-gap-default\">\n\t\t\t\t\t<div class=\"elementor-column elementor-col-100 elementor-top-column elementor-element elementor-element-70d00a7\" data-id=\"70d00a7\" data-element_type=\"column\">\n\t\t\t<div class=\"elementor-widget-wrap elementor-element-populated\">\n\t\t\t\t\t\t\t\t<div class=\"elementor-element elementor-element-631f2ce elementor-widget elementor-widget-heading\" data-id=\"631f2ce\" data-element_type=\"widget\" data-widget_type=\"heading.default\">\n\t\t\t\t<div class=\"elementor-widget-container\">\n\t\t\t<h4 class=\"elementor-heading-title elementor-size-default\"><br>Diretoria de Planejamento, Licita\u00e7\u00f5es e Contratos<\/h4>\t\t<\/div>\n\t\t\t\t<\/div>\n\t\t\t\t\t<\/div>\n\t\t<\/div>\n\t\t\t\t\t\t\t<\/div>\n\t\t<\/section>\n\t\t\t\t<section class=\"elementor-section elementor-top-section elementor-element elementor-element-10f273b elementor-section-boxed elementor-section-height-default elementor-section-height-default\" data-id=\"10f273b\" data-element_type=\"section\">\n\t\t\t\t\t\t<div class=\"elementor-container elementor-column-gap-default\">\n\t\t\t\t\t<div class=\"elementor-column elementor-col-100 elementor-top-column elementor-element elementor-element-48321b3\" data-id=\"48321b3\" data-element_type=\"column\">\n\t\t\t<div class=\"elementor-widget-wrap elementor-element-populated\">\n\t\t\t\t\t\t\t\t<div class=\"elementor-element elementor-element-e789ad7 elementor-widget elementor-widget-text-editor\" data-id=\"e789ad7\" data-element_type=\"widget\" data-widget_type=\"text-editor.default\">\n\t\t\t\t<div class=\"elementor-widget-container\">\n\t\t\t\t\t\t\t<table>\n<tbody>\n<tr>\n<td width=\"35%\"><span style=\"text-align: center; color: #267ed1; font-size: 16.2px; font-weight: bold;\">NOME<\/span><span style=\"font-size: 12.6px; text-align: center;\">&nbsp;<\/span><\/td>\n<td width=\"15%\"><span style=\"color: #267ed1; font-size: 16.2px; font-weight: bold; text-align: center;\">PROVIMENTO<\/span><\/td>\n<td width=\"25%\" data-align=\"center\"><span style=\"text-align: center; color: #267ed1; font-size: 16.2px; font-weight: bold;\">CARGO<\/span><span style=\"font-size: 12.6px; text-align: center;\">&nbsp;<\/span><\/td>\n<td width=\"25%\"><span style=\"text-align: center; color: #267ed1; font-size: 16.2px; font-weight: bold;\">FUN\u00c7\u00c3O GRATIFICADA<\/span><span style=\"font-size: 12.6px; text-align: center;\">&nbsp;<\/span><\/td>\n<\/tr>\n<tr>\n<td><span style=\"font-weight: bold; font-size: 12.6px;\">HERITON JER\u00d4NIMO DA SILVA<\/span><\/td>\n<td><span style=\"font-size: 12.6px;\">Efetivo \/ Comissionado<\/span><\/td>\n<td data-align=\"center\"><span style=\"font-size: 12.6px;\">Assessor Legislativo \/ <b>Diretor de Planejamento, Licita\u00e7\u00f5es e Contratos<\/b><\/span><\/td>\n<td>&nbsp;<\/td>\n<\/tr>\n<tr>\n<td width=\"35%\"><span style=\"font-size: 12.6px;\">SARA ROCHA GOMES<\/span><\/td>\n<td width=\"15%\"><span style=\"font-size: 12.6px;\">Efetivo<\/span><\/td>\n<td width=\"25%\" data-align=\"center\"><span style=\"font-size: 12.6px;\">Analista Administrativo<\/span><\/td>\n<td width=\"25%\">&nbsp;<\/td>\n<\/tr>\n<tr>\n<td><span style=\"font-size: 12.6px;\">HILDA AUGUSTA FIGUEIREDO ROCHA<\/span><\/td>\n<td><span style=\"font-size: 12.6px;\">Comissionado<\/span><\/td>\n<td data-align=\"center\"><span style=\"font-size: 12.6px;\">Chefe de Licita\u00e7\u00f5es e Contratos<\/span><\/td>\n<td>&nbsp;<\/td>\n<\/tr>\n<\/tbody>\n<\/table>\t\t\t\t\t\t<\/div>\n\t\t\t\t<\/div>\n\t\t\t\t\t<\/div>\n\t\t<\/div>\n\t\t\t\t\t\t\t<\/div>\n\t\t<\/section>\n\t\t\t\t<section class=\"elementor-section elementor-top-section elementor-element elementor-element-6c9db27 elementor-section-boxed elementor-section-height-default elementor-section-height-default\" data-id=\"6c9db27\" data-element_type=\"section\">\n\t\t\t\t\t\t<div class=\"elementor-container elementor-column-gap-default\">\n\t\t\t\t\t<div class=\"elementor-column elementor-col-100 elementor-top-column elementor-element elementor-element-c8e5b7e\" data-id=\"c8e5b7e\" data-element_type=\"column\">\n\t\t\t<div class=\"elementor-widget-wrap elementor-element-populated\">\n\t\t\t\t\t\t\t\t<div class=\"elementor-element elementor-element-4186ac4 elementor-widget elementor-widget-heading\" data-id=\"4186ac4\" data-element_type=\"widget\" data-widget_type=\"heading.default\">\n\t\t\t\t<div class=\"elementor-widget-container\">\n\t\t\t<h4 class=\"elementor-heading-title elementor-size-default\"><br>Gabinete de Vereadores<\/h4>\t\t<\/div>\n\t\t\t\t<\/div>\n\t\t\t\t\t<\/div>\n\t\t<\/div>\n\t\t\t\t\t\t\t<\/div>\n\t\t<\/section>\n\t\t\t\t<section class=\"elementor-section elementor-top-section elementor-element elementor-element-9b633e3 elementor-section-boxed elementor-section-height-default elementor-section-height-default\" data-id=\"9b633e3\" data-element_type=\"section\">\n\t\t\t\t\t\t<div class=\"elementor-container elementor-column-gap-default\">\n\t\t\t\t\t<div class=\"elementor-column elementor-col-100 elementor-top-column elementor-element elementor-element-8f1177c\" data-id=\"8f1177c\" data-element_type=\"column\">\n\t\t\t<div class=\"elementor-widget-wrap elementor-element-populated\">\n\t\t\t\t\t\t\t\t<div class=\"elementor-element elementor-element-43ef309 elementor-widget elementor-widget-text-editor\" data-id=\"43ef309\" data-element_type=\"widget\" data-widget_type=\"text-editor.default\">\n\t\t\t\t<div class=\"elementor-widget-container\">\n\t\t\t\t\t\t\t<table>\n<tbody>\n<tr>\n<td width=\"35%\">&nbsp;<span style=\"text-align: center; color: #267ed1; font-size: 16.2px; font-weight: bold;\">NOME<\/span><span style=\"font-size: 12.6px; text-align: center;\">&nbsp;<\/span><\/td>\n<td width=\"15%\">&nbsp;<span style=\"color: #267ed1; font-size: 16.2px; font-weight: bold; text-align: center;\">PROVIMENTO<\/span><\/td>\n<td width=\"25%\" data-align=\"center\"><span style=\"color: #267ed1; font-size: 16.2px; font-weight: bold;\">CARGO<\/span><span style=\"font-size: 12.6px;\">&nbsp;<\/span>&nbsp;<\/td>\n<td width=\"25%\"><span style=\"color: #267ed1;\"><span style=\"font-size: 16.2px;\"><b>VEREADOR<\/b><\/span><\/span><\/td>\n<\/tr>\n<tr>\n<td><span style=\"font-size: 12.6px;\">MARGARETH MARIA MANOEL DE SOUZA RIBEIRO<\/span><\/td>\n<td>Comissionado<\/td>\n<td data-align=\"center\">Assessora de Gabinete<\/td>\n<td><span style=\"font-size: 12.6px; font-weight: bold;\">MARCIO MALUF CALDAS<\/span><\/td>\n<\/tr>\n<tr>\n<td>LEANDRO F\u00c9LIX CABRAL DOS SANTOS<\/td>\n<td><span style=\"font-size: 12.6px;\">Comissionado<\/span><\/td>\n<td data-align=\"center\"><span style=\"font-size: 12.6px;\">Assessor de Gabinete<\/span><\/td>\n<td><span style=\"font-weight: bolder; font-size: 12.6px;\">LUCIANO RAMON DE SOUZA&nbsp;<br><\/span><\/td>\n<\/tr>\n<tr>\n<td><span style=\"font-size: 12.6px; background-color: #ffffff;\">HERNANE JOAQUIM RODRIGUES DE ANDRADE&nbsp;<\/span><\/td>\n<td><span style=\"font-size: 12.6px;\">Comissionado<\/span><\/td>\n<td data-align=\"center\"><span style=\"font-size: 12.6px;\">Assessor de Gabinete<\/span><\/td>\n<td><span style=\"font-weight: bolder; font-size: 12.6px;\">ANDRESSA DAIANY DA SILVA ARANTES<\/span><\/td>\n<\/tr>\n<tr>\n<td>MARCOS FILIPE GOUV\u00caIA<\/td>\n<td><span style=\"font-size: 12.6px;\">Comissionado<\/span><\/td>\n<td data-align=\"center\">Assessor de Gabinete<\/td>\n<td><span style=\"font-weight: bolder; font-size: 12.6px;\">OSMAR DE ASSIS DA SILVA&nbsp;&nbsp;<\/span><\/td>\n<\/tr>\n<tr>\n<td><span style=\"font-size: 12.6px; background-color: #ffffff;\">MAX MATEUS MENDES COLOSIMO<\/span><\/td>\n<td><span style=\"font-size: 12.6px;\">Comissionado<\/span><\/td>\n<td data-align=\"center\"><span style=\"font-size: 12.6px;\">Assessor de Gabinete<\/span><\/td>\n<td><span style=\"font-weight: bolder; font-size: 12.6px;\">KENER AUGUSTO MAIA<\/span><\/td>\n<\/tr>\n<tr>\n<td><span style=\"font-size: 12.6px;\">MAICOM DANIEL DOS SANTOS<\/span><\/td>\n<td>Comissionado<\/td>\n<td data-align=\"center\">Assessor de Gabinete<\/td>\n<td><span style=\"font-weight: bolder; font-size: 12.6px;\">SAMER MENDON\u00c7A CARVALHO<\/span><\/td>\n<\/tr>\n<tr>\n<td><span style=\"font-size: 12.6px; background-color: #ffffff;\">CAROLINA BRAGA SILVA TAMAKI<\/span><\/td>\n<td><span style=\"font-size: 12.6px;\">Comissionado<\/span><\/td>\n<td data-align=\"center\"><span style=\"font-size: 12.6px;\">Assessora de Gabinete<\/span><\/td>\n<td><span style=\"font-weight: bolder; font-size: 12.6px; background-color: #ffffff;\">RAFAEL HENRIQUE RODRIGUES<\/span><\/td>\n<\/tr>\n<tr>\n<td><span style=\"font-size: 12.6px;\">ANA CLARA DOS SANTOS VIEIRA<\/span><\/td>\n<td>Comissionado<\/td>\n<td data-align=\"center\">Assessora de Gabinete<\/td>\n<td><span style=\"font-size: 12.6px; font-weight: bold; background-color: rgba(128, 128, 128, 0.07);\">SILVIO CESAR VIEIRA<\/span><\/td>\n<\/tr>\n<tr>\n<td>ANDR\u00c9 DANIEL NOGUEIRA<\/td>\n<td><span style=\"font-size: 12.6px;\">Comissionado<\/span><\/td>\n<td data-align=\"center\"><span style=\"font-size: 12.6px;\">Assessor de Gabinete<\/span><\/td>\n<td><span style=\"font-size: 12.6px; font-weight: bolder;\">RAFAEL RIBEIRO GON\u00c7ALVES<\/span><\/td>\n<\/tr>\n<tr>\n<td><span style=\"font-size: 12.6px;\">LUIZ FERNANDO FERREIRA<\/span><\/td>\n<td>Comissionado<\/td>\n<td data-align=\"center\">Assessor de Gabinete<\/td>\n<td><span style=\"font-size: 12.6px; font-weight: bold;\">JOS\u00c9 ROBERTO FLORIANO<br><\/span><\/td>\n<\/tr>\n<tr>\n<td>MARIA LUCIA CAMPOS<\/td>\n<td><span style=\"font-size: 12.6px;\">Comissionado<\/span><\/td>\n<td data-align=\"center\"><span style=\"font-size: 12.6px;\">Assessora de Gabinete<\/span><\/td>\n<td><span style=\"font-weight: bold; font-size: 12.6px;\">VERA L\u00daCIA MOUALLEM<\/span><\/td>\n<\/tr>\n<\/tbody>\n<\/table>\t\t\t\t\t\t<\/div>\n\t\t\t\t<\/div>\n\t\t\t\t\t<\/div>\n\t\t<\/div>\n\t\t\t\t\t\t\t<\/div>\n\t\t<\/section>\n\t\t\t\t\t\t\t<\/div>\n\t\t","protected":false},"excerpt":{"rendered":"<p>Procuradoria-Geral da CMI NOME PROVIMENTO CARGO FUN\u00c7\u00c3O GRATIFICADA GUSTAVO MAX DE OLIVEIRA Comissionado Procurador-Geral da CMI \u00a0 MARCIO FERRINI CARNEIRO JUNIOR Comissionado Procurador-Geral Adjunto \u00a0 ANA LU\u00cdSA ALVAREZ DAS NEVES Efetivo Procuradora Jur\u00eddica \u00a0 LARA APARECIDA DA FONSECA Efetivo Procuradora Jur\u00eddica \u00a0 Diretoria de Integra\u00e7\u00e3o Legislativa e Cidadania NOME PROVIMENTO CARGO FUN\u00c7\u00c3O GRATIFICADA LUIZ GONZAGA [&hellip;]<\/p>\n","protected":false},"author":1,"featured_media":0,"parent":0,"menu_order":0,"comment_status":"closed","ping_status":"closed","template":"","meta":{"footnotes":""},"class_list":["post-5412","page","type-page","status-publish","hentry"],"yoast_head":"<!-- This site is optimized with the Yoast SEO plugin v21.0 - https:\/\/yoast.com\/wordpress\/plugins\/seo\/ -->\n<title>Quadro de Servidores - C\u00e2mara Municipal de Itajub\u00e1<\/title>\n<meta name=\"robots\" content=\"index, follow, max-snippet:-1, max-image-preview:large, max-video-preview:-1\" \/>\n<link rel=\"canonical\" href=\"https:\/\/itajuba.cam.mg.gov.br\/site\/quadro-de-servidores\/\" \/>\n<meta property=\"og:locale\" content=\"pt_BR\" \/>\n<meta property=\"og:type\" content=\"article\" \/>\n<meta property=\"og:title\" content=\"Quadro de Servidores - C\u00e2mara Municipal de Itajub\u00e1\" \/>\n<meta property=\"og:description\" content=\"Procuradoria-Geral da CMI NOME PROVIMENTO CARGO FUN\u00c7\u00c3O GRATIFICADA GUSTAVO MAX DE OLIVEIRA Comissionado Procurador-Geral da CMI \u00a0 MARCIO FERRINI CARNEIRO JUNIOR Comissionado Procurador-Geral Adjunto \u00a0 ANA LU\u00cdSA ALVAREZ DAS NEVES Efetivo Procuradora Jur\u00eddica \u00a0 LARA APARECIDA DA FONSECA Efetivo Procuradora Jur\u00eddica \u00a0 Diretoria de Integra\u00e7\u00e3o Legislativa e Cidadania NOME PROVIMENTO CARGO FUN\u00c7\u00c3O GRATIFICADA LUIZ GONZAGA [&hellip;]\" \/>\n<meta property=\"og:url\" content=\"https:\/\/itajuba.cam.mg.gov.br\/site\/quadro-de-servidores\/\" \/>\n<meta property=\"og:site_name\" content=\"C\u00e2mara Municipal de Itajub\u00e1\" \/>\n<meta property=\"article:publisher\" content=\"https:\/\/www.facebook.com\/camaradeitajubaoficial\" \/>\n<meta property=\"article:modified_time\" content=\"2026-04-06T20:45:16+00:00\" \/>\n<meta name=\"twitter:card\" content=\"summary_large_image\" \/>\n<meta name=\"twitter:label1\" content=\"Est. tempo de leitura\" \/>\n\t<meta name=\"twitter:data1\" content=\"4 minutos\" \/>\n<script type=\"application\/ld+json\" class=\"yoast-schema-graph\">{\"@context\":\"https:\/\/schema.org\",\"@graph\":[{\"@type\":\"WebPage\",\"@id\":\"https:\/\/itajuba.cam.mg.gov.br\/site\/quadro-de-servidores\/\",\"url\":\"https:\/\/itajuba.cam.mg.gov.br\/site\/quadro-de-servidores\/\",\"name\":\"Quadro de Servidores - C\u00e2mara Municipal de Itajub\u00e1\",\"isPartOf\":{\"@id\":\"https:\/\/itajuba.cam.mg.gov.br\/site\/#website\"},\"datePublished\":\"2023-09-14T20:03:32+00:00\",\"dateModified\":\"2026-04-06T20:45:16+00:00\",\"breadcrumb\":{\"@id\":\"https:\/\/itajuba.cam.mg.gov.br\/site\/quadro-de-servidores\/#breadcrumb\"},\"inLanguage\":\"pt-BR\",\"potentialAction\":[{\"@type\":\"ReadAction\",\"target\":[\"https:\/\/itajuba.cam.mg.gov.br\/site\/quadro-de-servidores\/\"]}]},{\"@type\":\"BreadcrumbList\",\"@id\":\"https:\/\/itajuba.cam.mg.gov.br\/site\/quadro-de-servidores\/#breadcrumb\",\"itemListElement\":[{\"@type\":\"ListItem\",\"position\":1,\"name\":\"In\u00edcio\",\"item\":\"https:\/\/itajuba.cam.mg.gov.br\/site\/\"},{\"@type\":\"ListItem\",\"position\":2,\"name\":\"Quadro de Servidores\"}]},{\"@type\":\"WebSite\",\"@id\":\"https:\/\/itajuba.cam.mg.gov.br\/site\/#website\",\"url\":\"https:\/\/itajuba.cam.mg.gov.br\/site\/\",\"name\":\"C\u00e2mara Municipal de Itajub\u00e1\",\"description\":\"Efici\u00eancia e Transpar\u00eancia\",\"publisher\":{\"@id\":\"https:\/\/itajuba.cam.mg.gov.br\/site\/#organization\"},\"potentialAction\":[{\"@type\":\"SearchAction\",\"target\":{\"@type\":\"EntryPoint\",\"urlTemplate\":\"https:\/\/itajuba.cam.mg.gov.br\/site\/?s={search_term_string}\"},\"query-input\":\"required name=search_term_string\"}],\"inLanguage\":\"pt-BR\"},{\"@type\":\"Organization\",\"@id\":\"https:\/\/itajuba.cam.mg.gov.br\/site\/#organization\",\"name\":\"C\u00e2mara Municipal de Itajub\u00e1\",\"url\":\"https:\/\/itajuba.cam.mg.gov.br\/site\/\",\"logo\":{\"@type\":\"ImageObject\",\"inLanguage\":\"pt-BR\",\"@id\":\"https:\/\/itajuba.cam.mg.gov.br\/site\/#\/schema\/logo\/image\/\",\"url\":\"https:\/\/itajuba.cam.mg.gov.br\/site\/wp-content\/uploads\/2023\/09\/logo_camara_2024.png\",\"contentUrl\":\"https:\/\/itajuba.cam.mg.gov.br\/site\/wp-content\/uploads\/2023\/09\/logo_camara_2024.png\",\"width\":1000,\"height\":385,\"caption\":\"C\u00e2mara Municipal de Itajub\u00e1\"},\"image\":{\"@id\":\"https:\/\/itajuba.cam.mg.gov.br\/site\/#\/schema\/logo\/image\/\"},\"sameAs\":[\"https:\/\/www.facebook.com\/camaradeitajubaoficial\",\"https:\/\/www.instagram.com\/camaradeitajubaoficial\/\",\"https:\/\/www.youtube.com\/user\/TVCAMARAITAJUBA\"]}]}<\/script>\n<!-- \/ Yoast SEO plugin. -->","yoast_head_json":{"title":"Quadro de Servidores - C\u00e2mara Municipal de Itajub\u00e1","robots":{"index":"index","follow":"follow","max-snippet":"max-snippet:-1","max-image-preview":"max-image-preview:large","max-video-preview":"max-video-preview:-1"},"canonical":"https:\/\/itajuba.cam.mg.gov.br\/site\/quadro-de-servidores\/","og_locale":"pt_BR","og_type":"article","og_title":"Quadro de Servidores - C\u00e2mara Municipal de Itajub\u00e1","og_description":"Procuradoria-Geral da CMI NOME PROVIMENTO CARGO FUN\u00c7\u00c3O GRATIFICADA GUSTAVO MAX DE OLIVEIRA Comissionado Procurador-Geral da CMI \u00a0 MARCIO FERRINI CARNEIRO JUNIOR Comissionado Procurador-Geral Adjunto \u00a0 ANA LU\u00cdSA ALVAREZ DAS NEVES Efetivo Procuradora Jur\u00eddica \u00a0 LARA APARECIDA DA FONSECA Efetivo Procuradora Jur\u00eddica \u00a0 Diretoria de Integra\u00e7\u00e3o Legislativa e Cidadania NOME PROVIMENTO CARGO FUN\u00c7\u00c3O GRATIFICADA LUIZ GONZAGA [&hellip;]","og_url":"https:\/\/itajuba.cam.mg.gov.br\/site\/quadro-de-servidores\/","og_site_name":"C\u00e2mara Municipal de Itajub\u00e1","article_publisher":"https:\/\/www.facebook.com\/camaradeitajubaoficial","article_modified_time":"2026-04-06T20:45:16+00:00","twitter_card":"summary_large_image","twitter_misc":{"Est. tempo de leitura":"4 minutos"},"schema":{"@context":"https:\/\/schema.org","@graph":[{"@type":"WebPage","@id":"https:\/\/itajuba.cam.mg.gov.br\/site\/quadro-de-servidores\/","url":"https:\/\/itajuba.cam.mg.gov.br\/site\/quadro-de-servidores\/","name":"Quadro de Servidores - C\u00e2mara Municipal de Itajub\u00e1","isPartOf":{"@id":"https:\/\/itajuba.cam.mg.gov.br\/site\/#website"},"datePublished":"2023-09-14T20:03:32+00:00","dateModified":"2026-04-06T20:45:16+00:00","breadcrumb":{"@id":"https:\/\/itajuba.cam.mg.gov.br\/site\/quadro-de-servidores\/#breadcrumb"},"inLanguage":"pt-BR","potentialAction":[{"@type":"ReadAction","target":["https:\/\/itajuba.cam.mg.gov.br\/site\/quadro-de-servidores\/"]}]},{"@type":"BreadcrumbList","@id":"https:\/\/itajuba.cam.mg.gov.br\/site\/quadro-de-servidores\/#breadcrumb","itemListElement":[{"@type":"ListItem","position":1,"name":"In\u00edcio","item":"https:\/\/itajuba.cam.mg.gov.br\/site\/"},{"@type":"ListItem","position":2,"name":"Quadro de Servidores"}]},{"@type":"WebSite","@id":"https:\/\/itajuba.cam.mg.gov.br\/site\/#website","url":"https:\/\/itajuba.cam.mg.gov.br\/site\/","name":"C\u00e2mara Municipal de Itajub\u00e1","description":"Efici\u00eancia e Transpar\u00eancia","publisher":{"@id":"https:\/\/itajuba.cam.mg.gov.br\/site\/#organization"},"potentialAction":[{"@type":"SearchAction","target":{"@type":"EntryPoint","urlTemplate":"https:\/\/itajuba.cam.mg.gov.br\/site\/?s={search_term_string}"},"query-input":"required name=search_term_string"}],"inLanguage":"pt-BR"},{"@type":"Organization","@id":"https:\/\/itajuba.cam.mg.gov.br\/site\/#organization","name":"C\u00e2mara Municipal de Itajub\u00e1","url":"https:\/\/itajuba.cam.mg.gov.br\/site\/","logo":{"@type":"ImageObject","inLanguage":"pt-BR","@id":"https:\/\/itajuba.cam.mg.gov.br\/site\/#\/schema\/logo\/image\/","url":"https:\/\/itajuba.cam.mg.gov.br\/site\/wp-content\/uploads\/2023\/09\/logo_camara_2024.png","contentUrl":"https:\/\/itajuba.cam.mg.gov.br\/site\/wp-content\/uploads\/2023\/09\/logo_camara_2024.png","width":1000,"height":385,"caption":"C\u00e2mara Municipal de Itajub\u00e1"},"image":{"@id":"https:\/\/itajuba.cam.mg.gov.br\/site\/#\/schema\/logo\/image\/"},"sameAs":["https:\/\/www.facebook.com\/camaradeitajubaoficial","https:\/\/www.instagram.com\/camaradeitajubaoficial\/","https:\/\/www.youtube.com\/user\/TVCAMARAITAJUBA"]}]}},"_links":{"self":[{"href":"https:\/\/itajuba.cam.mg.gov.br\/site\/wp-json\/wp\/v2\/pages\/5412","targetHints":{"allow":["GET"]}}],"collection":[{"href":"https:\/\/itajuba.cam.mg.gov.br\/site\/wp-json\/wp\/v2\/pages"}],"about":[{"href":"https:\/\/itajuba.cam.mg.gov.br\/site\/wp-json\/wp\/v2\/types\/page"}],"author":[{"embeddable":true,"href":"https:\/\/itajuba.cam.mg.gov.br\/site\/wp-json\/wp\/v2\/users\/1"}],"replies":[{"embeddable":true,"href":"https:\/\/itajuba.cam.mg.gov.br\/site\/wp-json\/wp\/v2\/comments?post=5412"}],"version-history":[{"count":184,"href":"https:\/\/itajuba.cam.mg.gov.br\/site\/wp-json\/wp\/v2\/pages\/5412\/revisions"}],"predecessor-version":[{"id":17832,"href":"https:\/\/itajuba.cam.mg.gov.br\/site\/wp-json\/wp\/v2\/pages\/5412\/revisions\/17832"}],"wp:attachment":[{"href":"https:\/\/itajuba.cam.mg.gov.br\/site\/wp-json\/wp\/v2\/media?parent=5412"}],"curies":[{"name":"wp","href":"https:\/\/api.w.org\/{rel}","templated":true}]}}