{"id":5807,"date":"2023-09-17T22:35:43","date_gmt":"2023-09-17T22:35:43","guid":{"rendered":"https:\/\/itajuba.cam.mg.gov.br\/site\/?page_id=5807"},"modified":"2023-10-22T20:31:51","modified_gmt":"2023-10-22T20:31:51","slug":"memorial-da-camara","status":"publish","type":"page","link":"https:\/\/itajuba.cam.mg.gov.br\/site\/memorial-da-camara\/","title":{"rendered":"Memorial da C\u00e2mara"},"content":{"rendered":"\t\t<div data-elementor-type=\"wp-page\" data-elementor-id=\"5807\" class=\"elementor elementor-5807\" data-elementor-post-type=\"page\">\n\t\t\t\t\t\t\t\t\t<section class=\"elementor-section elementor-top-section elementor-element elementor-element-794657d elementor-section-boxed elementor-section-height-default elementor-section-height-default\" data-id=\"794657d\" data-element_type=\"section\">\n\t\t\t\t\t\t<div class=\"elementor-container elementor-column-gap-default\">\n\t\t\t\t\t<div class=\"elementor-column elementor-col-100 elementor-top-column elementor-element elementor-element-974488e\" data-id=\"974488e\" data-element_type=\"column\">\n\t\t\t<div class=\"elementor-widget-wrap elementor-element-populated\">\n\t\t\t\t\t\t\t\t<div class=\"elementor-element elementor-element-ae5483b elementor-nav-menu__align-center elementor-nav-menu--dropdown-tablet elementor-nav-menu__text-align-aside elementor-nav-menu--toggle elementor-nav-menu--burger elementor-widget elementor-widget-global elementor-global-7333 elementor-widget-nav-menu\" data-id=\"ae5483b\" data-element_type=\"widget\" data-settings=\"{&quot;layout&quot;:&quot;horizontal&quot;,&quot;submenu_icon&quot;:{&quot;value&quot;:&quot;fas fa-caret-down&quot;,&quot;library&quot;:&quot;fa-solid&quot;},&quot;toggle&quot;:&quot;burger&quot;}\" data-widget_type=\"nav-menu.default\">\n\t\t\t\t<div class=\"elementor-widget-container\">\n\t\t\t<link rel=\"stylesheet\" href=\"https:\/\/itajuba.cam.mg.gov.br\/site\/wp-content\/plugins\/elementor-pro\/assets\/css\/widget-nav-menu.min.css\">\t\t\t<nav class=\"elementor-nav-menu--main elementor-nav-menu__container elementor-nav-menu--layout-horizontal e--pointer-underline e--animation-fade\">\n\t\t\t\t<ul id=\"menu-1-ae5483b\" class=\"elementor-nav-menu\"><li class=\"menu-item menu-item-type-custom menu-item-object-custom menu-item-7320\"><a href=\"https:\/\/itajuba.cam.mg.gov.br\/site\/memorial-da-camara\/\" class=\"elementor-item\">Memorial da C\u00e2mara<\/a><\/li>\n<li class=\"menu-item menu-item-type-custom menu-item-object-custom menu-item-7321\"><a href=\"https:\/\/itajuba.cam.mg.gov.br\/site\/memorial-da-camara\/memorial-da-camara-legislacao\/\" class=\"elementor-item\">Legisla\u00e7\u00e3o<\/a><\/li>\n<li class=\"menu-item menu-item-type-custom menu-item-object-custom menu-item-has-children menu-item-7322\"><a href=\"#\" class=\"elementor-item elementor-item-anchor\">Acervo<\/a>\n<ul class=\"sub-menu elementor-nav-menu--dropdown\">\n\t<li class=\"menu-item menu-item-type-custom menu-item-object-custom menu-item-7323\"><a href=\"https:\/\/itajuba.cam.mg.gov.br\/site\/memorial-da-camara\/memorial-da-camara-documentos-historicos\/\" class=\"elementor-sub-item\">Documentos Hist\u00f3ricos<\/a><\/li>\n\t<li class=\"menu-item menu-item-type-custom menu-item-object-custom menu-item-7324\"><a href=\"https:\/\/itajuba.cam.mg.gov.br\/site\/memorial-da-camara\/memorial-da-camara-historia-em-fotos\/\" class=\"elementor-sub-item\">Hist\u00f3ria em Fotos<\/a><\/li>\n<\/ul>\n<\/li>\n<li class=\"menu-item menu-item-type-custom menu-item-object-custom menu-item-7325\"><a href=\"https:\/\/itajuba.cam.mg.gov.br\/site\/memorial-da-camara\/memorial-da-camara-livros\/\" class=\"elementor-item\">Livros<\/a><\/li>\n<li class=\"menu-item menu-item-type-custom menu-item-object-custom menu-item-has-children menu-item-7326\"><a href=\"#\" class=\"elementor-item elementor-item-anchor\">Homenagens<\/a>\n<ul class=\"sub-menu elementor-nav-menu--dropdown\">\n\t<li class=\"menu-item menu-item-type-custom menu-item-object-custom menu-item-7327\"><a href=\"https:\/\/itajuba.cam.mg.gov.br\/site\/memorial-da-camara\/memorial-da-camara-presidentes\/\" class=\"elementor-sub-item\">Galerias de Presidentes<\/a><\/li>\n\t<li class=\"menu-item menu-item-type-custom menu-item-object-custom menu-item-7328\"><a href=\"https:\/\/itajuba.cam.mg.gov.br\/site\/memorial-da-camara\/memorial-da-camara-honrarias\/\" class=\"elementor-sub-item\">Honrarias<\/a><\/li>\n<\/ul>\n<\/li>\n<li class=\"menu-item menu-item-type-custom menu-item-object-custom menu-item-7329\"><a href=\"https:\/\/itajuba.cam.mg.gov.br\/site\/memorial-da-camara\/memorial-da-camara-visitacao\/\" class=\"elementor-item\">Visita\u00e7\u00e3o<\/a><\/li>\n<\/ul>\t\t\t<\/nav>\n\t\t\t\t\t<div class=\"elementor-menu-toggle\" role=\"button\" tabindex=\"0\" aria-label=\"Alternar menu\" aria-expanded=\"false\">\n\t\t\t<i aria-hidden=\"true\" role=\"presentation\" class=\"elementor-menu-toggle__icon--open eicon-menu-bar\"><\/i><i aria-hidden=\"true\" role=\"presentation\" class=\"elementor-menu-toggle__icon--close eicon-close\"><\/i>\t\t\t<span class=\"elementor-screen-only\">Menu<\/span>\n\t\t<\/div>\n\t\t\t\t\t<nav class=\"elementor-nav-menu--dropdown elementor-nav-menu__container\" aria-hidden=\"true\">\n\t\t\t\t<ul id=\"menu-2-ae5483b\" class=\"elementor-nav-menu\"><li class=\"menu-item menu-item-type-custom menu-item-object-custom menu-item-7320\"><a href=\"https:\/\/itajuba.cam.mg.gov.br\/site\/memorial-da-camara\/\" class=\"elementor-item\" tabindex=\"-1\">Memorial da C\u00e2mara<\/a><\/li>\n<li class=\"menu-item menu-item-type-custom menu-item-object-custom menu-item-7321\"><a href=\"https:\/\/itajuba.cam.mg.gov.br\/site\/memorial-da-camara\/memorial-da-camara-legislacao\/\" class=\"elementor-item\" tabindex=\"-1\">Legisla\u00e7\u00e3o<\/a><\/li>\n<li class=\"menu-item menu-item-type-custom menu-item-object-custom menu-item-has-children menu-item-7322\"><a href=\"#\" class=\"elementor-item elementor-item-anchor\" tabindex=\"-1\">Acervo<\/a>\n<ul class=\"sub-menu elementor-nav-menu--dropdown\">\n\t<li class=\"menu-item menu-item-type-custom menu-item-object-custom menu-item-7323\"><a href=\"https:\/\/itajuba.cam.mg.gov.br\/site\/memorial-da-camara\/memorial-da-camara-documentos-historicos\/\" class=\"elementor-sub-item\" tabindex=\"-1\">Documentos Hist\u00f3ricos<\/a><\/li>\n\t<li class=\"menu-item menu-item-type-custom menu-item-object-custom menu-item-7324\"><a href=\"https:\/\/itajuba.cam.mg.gov.br\/site\/memorial-da-camara\/memorial-da-camara-historia-em-fotos\/\" class=\"elementor-sub-item\" tabindex=\"-1\">Hist\u00f3ria em Fotos<\/a><\/li>\n<\/ul>\n<\/li>\n<li class=\"menu-item menu-item-type-custom menu-item-object-custom menu-item-7325\"><a href=\"https:\/\/itajuba.cam.mg.gov.br\/site\/memorial-da-camara\/memorial-da-camara-livros\/\" class=\"elementor-item\" tabindex=\"-1\">Livros<\/a><\/li>\n<li class=\"menu-item menu-item-type-custom menu-item-object-custom menu-item-has-children menu-item-7326\"><a href=\"#\" class=\"elementor-item elementor-item-anchor\" tabindex=\"-1\">Homenagens<\/a>\n<ul class=\"sub-menu elementor-nav-menu--dropdown\">\n\t<li class=\"menu-item menu-item-type-custom menu-item-object-custom menu-item-7327\"><a href=\"https:\/\/itajuba.cam.mg.gov.br\/site\/memorial-da-camara\/memorial-da-camara-presidentes\/\" class=\"elementor-sub-item\" tabindex=\"-1\">Galerias de Presidentes<\/a><\/li>\n\t<li class=\"menu-item menu-item-type-custom menu-item-object-custom menu-item-7328\"><a href=\"https:\/\/itajuba.cam.mg.gov.br\/site\/memorial-da-camara\/memorial-da-camara-honrarias\/\" class=\"elementor-sub-item\" tabindex=\"-1\">Honrarias<\/a><\/li>\n<\/ul>\n<\/li>\n<li class=\"menu-item menu-item-type-custom menu-item-object-custom menu-item-7329\"><a href=\"https:\/\/itajuba.cam.mg.gov.br\/site\/memorial-da-camara\/memorial-da-camara-visitacao\/\" class=\"elementor-item\" tabindex=\"-1\">Visita\u00e7\u00e3o<\/a><\/li>\n<\/ul>\t\t\t<\/nav>\n\t\t\t\t<\/div>\n\t\t\t\t<\/div>\n\t\t\t\t\t<\/div>\n\t\t<\/div>\n\t\t\t\t\t\t\t<\/div>\n\t\t<\/section>\n\t\t\t\t<section class=\"elementor-section elementor-top-section elementor-element elementor-element-7a4074e elementor-section-boxed elementor-section-height-default elementor-section-height-default\" data-id=\"7a4074e\" data-element_type=\"section\">\n\t\t\t\t\t\t<div class=\"elementor-container elementor-column-gap-default\">\n\t\t\t\t\t<div class=\"elementor-column elementor-col-50 elementor-top-column elementor-element elementor-element-1f4498e\" data-id=\"1f4498e\" data-element_type=\"column\">\n\t\t\t<div class=\"elementor-widget-wrap elementor-element-populated\">\n\t\t\t\t\t\t\t\t<div class=\"elementor-element elementor-element-9d7eec9 elementor-widget elementor-widget-image\" data-id=\"9d7eec9\" data-element_type=\"widget\" data-widget_type=\"image.default\">\n\t\t\t\t<div class=\"elementor-widget-container\">\n\t\t\t<style>\/*! elementor - v3.16.0 - 13-09-2023 *\/\n.elementor-widget-image{text-align:center}.elementor-widget-image a{display:inline-block}.elementor-widget-image a img[src$=\".svg\"]{width:48px}.elementor-widget-image img{vertical-align:middle;display:inline-block}<\/style>\t\t\t\t\t\t\t\t\t\t\t\t<img loading=\"lazy\" decoding=\"async\" width=\"250\" height=\"598\" src=\"https:\/\/itajuba.cam.mg.gov.br\/site\/wp-content\/uploads\/2023\/10\/banner_memorial.png\" class=\"attachment-large size-large wp-image-7340\" alt=\"\" srcset=\"https:\/\/itajuba.cam.mg.gov.br\/site\/wp-content\/uploads\/2023\/10\/banner_memorial.png 250w, https:\/\/itajuba.cam.mg.gov.br\/site\/wp-content\/uploads\/2023\/10\/banner_memorial-125x300.png 125w\" sizes=\"auto, (max-width: 250px) 100vw, 250px\" \/>\t\t\t\t\t\t\t\t\t\t\t\t\t\t\t<\/div>\n\t\t\t\t<\/div>\n\t\t\t\t\t<\/div>\n\t\t<\/div>\n\t\t\t\t<div class=\"elementor-column elementor-col-50 elementor-top-column elementor-element elementor-element-f9e0f5b\" data-id=\"f9e0f5b\" data-element_type=\"column\">\n\t\t\t<div class=\"elementor-widget-wrap elementor-element-populated\">\n\t\t\t\t\t\t\t\t<div class=\"elementor-element elementor-element-a3f0fa5 elementor-widget elementor-widget-text-editor\" data-id=\"a3f0fa5\" data-element_type=\"widget\" data-widget_type=\"text-editor.default\">\n\t\t\t\t<div class=\"elementor-widget-container\">\n\t\t\t<style>\/*! elementor - v3.16.0 - 13-09-2023 *\/\n.elementor-widget-text-editor.elementor-drop-cap-view-stacked .elementor-drop-cap{background-color:#69727d;color:#fff}.elementor-widget-text-editor.elementor-drop-cap-view-framed .elementor-drop-cap{color:#69727d;border:3px solid;background-color:transparent}.elementor-widget-text-editor:not(.elementor-drop-cap-view-default) .elementor-drop-cap{margin-top:8px}.elementor-widget-text-editor:not(.elementor-drop-cap-view-default) .elementor-drop-cap-letter{width:1em;height:1em}.elementor-widget-text-editor .elementor-drop-cap{float:left;text-align:center;line-height:1;font-size:50px}.elementor-widget-text-editor .elementor-drop-cap-letter{display:inline-block}<\/style>\t\t\t\t<p>O Memorial da C\u00e2mara Municipal de Itajub\u00e1 foi criado pela Resolu\u00e7\u00e3o n\u00ba 931 de 02 de fevereiro de 2012 e aberto ao p\u00fablico no mesmo ano com o objetivo de reunir, gerenciar, divulgar e preservar fatos da trajet\u00f3ria do Legislativo Itajubense.<\/p><p>O presente Memorial representa hoje um dos mais importantes acervos hist\u00f3ricos do munic\u00edpio de Itajub\u00e1, sendo talvez a maior fonte de pesquisa sobre a forma\u00e7\u00e3o do munic\u00edpio e o poder Legislativo municipal \u00e0 disposi\u00e7\u00e3o da popula\u00e7\u00e3o Itajubense.<\/p><p>O acervo do memorial, num total de 281 obras contendo documentos manuscritos e iconogr\u00e1ficos, livros originais com atas das sess\u00f5es, registros de nascimentos, controles financeiros, apura\u00e7\u00f5es de elei\u00e7\u00f5es, entre outros, guarda refer\u00eancias \u00e0 identidade, \u00e0 a\u00e7\u00e3o e \u00e0 mem\u00f3ria n\u00e3o s\u00f3 dos legisladores Itajubenses como tamb\u00e9m de in\u00fameros cidad\u00e3os que tem seus nomes registrados na documenta\u00e7\u00e3o oficial da C\u00e2mara, representando um elemento importante para a compreens\u00e3o da identidade social e cultural dos cidad\u00e3os Itajubenses.<\/p><p>O Memorial da C\u00e2mara Municipal de Itajub\u00e1, hoje se encontra instalado na Escola do Legislativo Professora Era\u00eddes Rabelo, localizada na Avenida Coronel Renn\u00f3, n\u00ba 354, Centro \u2013 Itajub\u00e1 \u2013 MG.<\/p><p>Informa\u00e7\u00f5es podem ser obtidas pelo telefone (35) 3629-6446<\/p><p>ou pelo e-mail: <a href=\"mailto:escoladolegislativo@itajuba.cam.mg.gov.br\">escoladolegislativo@itajuba.cam.mg.gov.br<\/a><\/p>\t\t\t\t\t\t<\/div>\n\t\t\t\t<\/div>\n\t\t\t\t\t<\/div>\n\t\t<\/div>\n\t\t\t\t\t\t\t<\/div>\n\t\t<\/section>\n\t\t\t\t\t\t\t<\/div>\n\t\t","protected":false},"excerpt":{"rendered":"<p>O Memorial da C\u00e2mara Municipal de Itajub\u00e1 foi criado pela Resolu\u00e7\u00e3o n\u00ba 931 de 02 de fevereiro de 2012 e aberto ao p\u00fablico no mesmo ano com o objetivo de reunir, gerenciar, divulgar e preservar fatos da trajet\u00f3ria do Legislativo Itajubense. O presente Memorial representa hoje um dos mais importantes acervos hist\u00f3ricos do munic\u00edpio de [&hellip;]<\/p>\n","protected":false},"author":1,"featured_media":0,"parent":0,"menu_order":0,"comment_status":"closed","ping_status":"closed","template":"","meta":{"footnotes":""},"class_list":["post-5807","page","type-page","status-publish","hentry"],"yoast_head":"<!-- This site is optimized with the Yoast SEO plugin v21.0 - https:\/\/yoast.com\/wordpress\/plugins\/seo\/ -->\n<title>Memorial da C\u00e2mara - C\u00e2mara Municipal de Itajub\u00e1<\/title>\n<meta name=\"robots\" content=\"index, follow, max-snippet:-1, max-image-preview:large, max-video-preview:-1\" \/>\n<link rel=\"canonical\" href=\"https:\/\/itajuba.cam.mg.gov.br\/site\/memorial-da-camara\/\" \/>\n<meta property=\"og:locale\" content=\"pt_BR\" \/>\n<meta property=\"og:type\" content=\"article\" \/>\n<meta property=\"og:title\" content=\"Memorial da C\u00e2mara - C\u00e2mara Municipal de Itajub\u00e1\" \/>\n<meta property=\"og:description\" content=\"O Memorial da C\u00e2mara Municipal de Itajub\u00e1 foi criado pela Resolu\u00e7\u00e3o n\u00ba 931 de 02 de fevereiro de 2012 e aberto ao p\u00fablico no mesmo ano com o objetivo de reunir, gerenciar, divulgar e preservar fatos da trajet\u00f3ria do Legislativo Itajubense. O presente Memorial representa hoje um dos mais importantes acervos hist\u00f3ricos do munic\u00edpio de [&hellip;]\" \/>\n<meta property=\"og:url\" content=\"https:\/\/itajuba.cam.mg.gov.br\/site\/memorial-da-camara\/\" \/>\n<meta property=\"og:site_name\" content=\"C\u00e2mara Municipal de Itajub\u00e1\" \/>\n<meta property=\"article:publisher\" content=\"https:\/\/www.facebook.com\/camaradeitajubaoficial\" \/>\n<meta property=\"article:modified_time\" content=\"2023-10-22T20:31:51+00:00\" \/>\n<meta property=\"og:image\" content=\"https:\/\/itajuba.cam.mg.gov.br\/site\/wp-content\/uploads\/2023\/10\/banner_memorial.png\" \/>\n<meta name=\"twitter:card\" content=\"summary_large_image\" \/>\n<meta name=\"twitter:label1\" content=\"Est. tempo de leitura\" \/>\n\t<meta name=\"twitter:data1\" content=\"2 minutos\" \/>\n<script type=\"application\/ld+json\" class=\"yoast-schema-graph\">{\"@context\":\"https:\/\/schema.org\",\"@graph\":[{\"@type\":\"WebPage\",\"@id\":\"https:\/\/itajuba.cam.mg.gov.br\/site\/memorial-da-camara\/\",\"url\":\"https:\/\/itajuba.cam.mg.gov.br\/site\/memorial-da-camara\/\",\"name\":\"Memorial da C\u00e2mara - C\u00e2mara Municipal de Itajub\u00e1\",\"isPartOf\":{\"@id\":\"https:\/\/itajuba.cam.mg.gov.br\/site\/#website\"},\"datePublished\":\"2023-09-17T22:35:43+00:00\",\"dateModified\":\"2023-10-22T20:31:51+00:00\",\"breadcrumb\":{\"@id\":\"https:\/\/itajuba.cam.mg.gov.br\/site\/memorial-da-camara\/#breadcrumb\"},\"inLanguage\":\"pt-BR\",\"potentialAction\":[{\"@type\":\"ReadAction\",\"target\":[\"https:\/\/itajuba.cam.mg.gov.br\/site\/memorial-da-camara\/\"]}]},{\"@type\":\"BreadcrumbList\",\"@id\":\"https:\/\/itajuba.cam.mg.gov.br\/site\/memorial-da-camara\/#breadcrumb\",\"itemListElement\":[{\"@type\":\"ListItem\",\"position\":1,\"name\":\"In\u00edcio\",\"item\":\"https:\/\/itajuba.cam.mg.gov.br\/site\/\"},{\"@type\":\"ListItem\",\"position\":2,\"name\":\"Memorial da C\u00e2mara\"}]},{\"@type\":\"WebSite\",\"@id\":\"https:\/\/itajuba.cam.mg.gov.br\/site\/#website\",\"url\":\"https:\/\/itajuba.cam.mg.gov.br\/site\/\",\"name\":\"C\u00e2mara Municipal de Itajub\u00e1\",\"description\":\"Efici\u00eancia e Transpar\u00eancia\",\"publisher\":{\"@id\":\"https:\/\/itajuba.cam.mg.gov.br\/site\/#organization\"},\"potentialAction\":[{\"@type\":\"SearchAction\",\"target\":{\"@type\":\"EntryPoint\",\"urlTemplate\":\"https:\/\/itajuba.cam.mg.gov.br\/site\/?s={search_term_string}\"},\"query-input\":\"required name=search_term_string\"}],\"inLanguage\":\"pt-BR\"},{\"@type\":\"Organization\",\"@id\":\"https:\/\/itajuba.cam.mg.gov.br\/site\/#organization\",\"name\":\"C\u00e2mara Municipal de Itajub\u00e1\",\"url\":\"https:\/\/itajuba.cam.mg.gov.br\/site\/\",\"logo\":{\"@type\":\"ImageObject\",\"inLanguage\":\"pt-BR\",\"@id\":\"https:\/\/itajuba.cam.mg.gov.br\/site\/#\/schema\/logo\/image\/\",\"url\":\"https:\/\/itajuba.cam.mg.gov.br\/site\/wp-content\/uploads\/2023\/09\/logo_camara_2024.png\",\"contentUrl\":\"https:\/\/itajuba.cam.mg.gov.br\/site\/wp-content\/uploads\/2023\/09\/logo_camara_2024.png\",\"width\":1000,\"height\":385,\"caption\":\"C\u00e2mara Municipal de Itajub\u00e1\"},\"image\":{\"@id\":\"https:\/\/itajuba.cam.mg.gov.br\/site\/#\/schema\/logo\/image\/\"},\"sameAs\":[\"https:\/\/www.facebook.com\/camaradeitajubaoficial\",\"https:\/\/www.instagram.com\/camaradeitajubaoficial\/\",\"https:\/\/www.youtube.com\/user\/TVCAMARAITAJUBA\"]}]}<\/script>\n<!-- \/ Yoast SEO plugin. -->","yoast_head_json":{"title":"Memorial da C\u00e2mara - C\u00e2mara Municipal de Itajub\u00e1","robots":{"index":"index","follow":"follow","max-snippet":"max-snippet:-1","max-image-preview":"max-image-preview:large","max-video-preview":"max-video-preview:-1"},"canonical":"https:\/\/itajuba.cam.mg.gov.br\/site\/memorial-da-camara\/","og_locale":"pt_BR","og_type":"article","og_title":"Memorial da C\u00e2mara - C\u00e2mara Municipal de Itajub\u00e1","og_description":"O Memorial da C\u00e2mara Municipal de Itajub\u00e1 foi criado pela Resolu\u00e7\u00e3o n\u00ba 931 de 02 de fevereiro de 2012 e aberto ao p\u00fablico no mesmo ano com o objetivo de reunir, gerenciar, divulgar e preservar fatos da trajet\u00f3ria do Legislativo Itajubense. O presente Memorial representa hoje um dos mais importantes acervos hist\u00f3ricos do munic\u00edpio de [&hellip;]","og_url":"https:\/\/itajuba.cam.mg.gov.br\/site\/memorial-da-camara\/","og_site_name":"C\u00e2mara Municipal de Itajub\u00e1","article_publisher":"https:\/\/www.facebook.com\/camaradeitajubaoficial","article_modified_time":"2023-10-22T20:31:51+00:00","og_image":[{"url":"https:\/\/itajuba.cam.mg.gov.br\/site\/wp-content\/uploads\/2023\/10\/banner_memorial.png"}],"twitter_card":"summary_large_image","twitter_misc":{"Est. tempo de leitura":"2 minutos"},"schema":{"@context":"https:\/\/schema.org","@graph":[{"@type":"WebPage","@id":"https:\/\/itajuba.cam.mg.gov.br\/site\/memorial-da-camara\/","url":"https:\/\/itajuba.cam.mg.gov.br\/site\/memorial-da-camara\/","name":"Memorial da C\u00e2mara - C\u00e2mara Municipal de Itajub\u00e1","isPartOf":{"@id":"https:\/\/itajuba.cam.mg.gov.br\/site\/#website"},"datePublished":"2023-09-17T22:35:43+00:00","dateModified":"2023-10-22T20:31:51+00:00","breadcrumb":{"@id":"https:\/\/itajuba.cam.mg.gov.br\/site\/memorial-da-camara\/#breadcrumb"},"inLanguage":"pt-BR","potentialAction":[{"@type":"ReadAction","target":["https:\/\/itajuba.cam.mg.gov.br\/site\/memorial-da-camara\/"]}]},{"@type":"BreadcrumbList","@id":"https:\/\/itajuba.cam.mg.gov.br\/site\/memorial-da-camara\/#breadcrumb","itemListElement":[{"@type":"ListItem","position":1,"name":"In\u00edcio","item":"https:\/\/itajuba.cam.mg.gov.br\/site\/"},{"@type":"ListItem","position":2,"name":"Memorial da C\u00e2mara"}]},{"@type":"WebSite","@id":"https:\/\/itajuba.cam.mg.gov.br\/site\/#website","url":"https:\/\/itajuba.cam.mg.gov.br\/site\/","name":"C\u00e2mara Municipal de Itajub\u00e1","description":"Efici\u00eancia e Transpar\u00eancia","publisher":{"@id":"https:\/\/itajuba.cam.mg.gov.br\/site\/#organization"},"potentialAction":[{"@type":"SearchAction","target":{"@type":"EntryPoint","urlTemplate":"https:\/\/itajuba.cam.mg.gov.br\/site\/?s={search_term_string}"},"query-input":"required name=search_term_string"}],"inLanguage":"pt-BR"},{"@type":"Organization","@id":"https:\/\/itajuba.cam.mg.gov.br\/site\/#organization","name":"C\u00e2mara Municipal de Itajub\u00e1","url":"https:\/\/itajuba.cam.mg.gov.br\/site\/","logo":{"@type":"ImageObject","inLanguage":"pt-BR","@id":"https:\/\/itajuba.cam.mg.gov.br\/site\/#\/schema\/logo\/image\/","url":"https:\/\/itajuba.cam.mg.gov.br\/site\/wp-content\/uploads\/2023\/09\/logo_camara_2024.png","contentUrl":"https:\/\/itajuba.cam.mg.gov.br\/site\/wp-content\/uploads\/2023\/09\/logo_camara_2024.png","width":1000,"height":385,"caption":"C\u00e2mara Municipal de Itajub\u00e1"},"image":{"@id":"https:\/\/itajuba.cam.mg.gov.br\/site\/#\/schema\/logo\/image\/"},"sameAs":["https:\/\/www.facebook.com\/camaradeitajubaoficial","https:\/\/www.instagram.com\/camaradeitajubaoficial\/","https:\/\/www.youtube.com\/user\/TVCAMARAITAJUBA"]}]}},"_links":{"self":[{"href":"https:\/\/itajuba.cam.mg.gov.br\/site\/wp-json\/wp\/v2\/pages\/5807","targetHints":{"allow":["GET"]}}],"collection":[{"href":"https:\/\/itajuba.cam.mg.gov.br\/site\/wp-json\/wp\/v2\/pages"}],"about":[{"href":"https:\/\/itajuba.cam.mg.gov.br\/site\/wp-json\/wp\/v2\/types\/page"}],"author":[{"embeddable":true,"href":"https:\/\/itajuba.cam.mg.gov.br\/site\/wp-json\/wp\/v2\/users\/1"}],"replies":[{"embeddable":true,"href":"https:\/\/itajuba.cam.mg.gov.br\/site\/wp-json\/wp\/v2\/comments?post=5807"}],"version-history":[{"count":10,"href":"https:\/\/itajuba.cam.mg.gov.br\/site\/wp-json\/wp\/v2\/pages\/5807\/revisions"}],"predecessor-version":[{"id":7343,"href":"https:\/\/itajuba.cam.mg.gov.br\/site\/wp-json\/wp\/v2\/pages\/5807\/revisions\/7343"}],"wp:attachment":[{"href":"https:\/\/itajuba.cam.mg.gov.br\/site\/wp-json\/wp\/v2\/media?parent=5807"}],"curies":[{"name":"wp","href":"https:\/\/api.w.org\/{rel}","templated":true}]}}