{"id":6539,"date":"2023-10-08T22:15:58","date_gmt":"2023-10-08T22:15:58","guid":{"rendered":"https:\/\/itajuba.cam.mg.gov.br\/site\/?page_id=6539"},"modified":"2023-11-22T15:41:57","modified_gmt":"2023-11-22T15:41:57","slug":"dr-jansen","status":"publish","type":"page","link":"https:\/\/itajuba.cam.mg.gov.br\/site\/dr-jansen\/","title":{"rendered":"Dr. Jansen"},"content":{"rendered":"\t\t<div data-elementor-type=\"wp-page\" data-elementor-id=\"6539\" class=\"elementor elementor-6539\" data-elementor-post-type=\"page\">\n\t\t\t\t\t\t\t\t\t<section class=\"elementor-section elementor-top-section elementor-element elementor-element-ca22b30 elementor-section-boxed elementor-section-height-default elementor-section-height-default\" data-id=\"ca22b30\" data-element_type=\"section\">\n\t\t\t\t\t\t<div class=\"elementor-container elementor-column-gap-default\">\n\t\t\t\t\t<div class=\"elementor-column elementor-col-100 elementor-top-column elementor-element elementor-element-68696f1\" data-id=\"68696f1\" data-element_type=\"column\">\n\t\t\t<div class=\"elementor-widget-wrap elementor-element-populated\">\n\t\t\t\t\t\t\t\t<div class=\"elementor-element elementor-element-3b493c2 elementor-widget elementor-widget-image\" data-id=\"3b493c2\" data-element_type=\"widget\" data-widget_type=\"image.default\">\n\t\t\t\t<div class=\"elementor-widget-container\">\n\t\t\t<style>\/*! elementor - v3.16.0 - 13-09-2023 *\/\n.elementor-widget-image{text-align:center}.elementor-widget-image a{display:inline-block}.elementor-widget-image a img[src$=\".svg\"]{width:48px}.elementor-widget-image img{vertical-align:middle;display:inline-block}<\/style>\t\t\t\t\t\t\t\t\t\t\t\t<img loading=\"lazy\" decoding=\"async\" width=\"226\" height=\"300\" src=\"https:\/\/itajuba.cam.mg.gov.br\/site\/wp-content\/uploads\/2023\/10\/14-DR.-JANSEN-PINTO-NOGUEIRA-1969-1970-226x300.jpg\" class=\"attachment-medium size-medium wp-image-6477\" alt=\"\" srcset=\"https:\/\/itajuba.cam.mg.gov.br\/site\/wp-content\/uploads\/2023\/10\/14-DR.-JANSEN-PINTO-NOGUEIRA-1969-1970-226x300.jpg 226w, https:\/\/itajuba.cam.mg.gov.br\/site\/wp-content\/uploads\/2023\/10\/14-DR.-JANSEN-PINTO-NOGUEIRA-1969-1970.jpg 549w\" sizes=\"auto, (max-width: 226px) 100vw, 226px\" \/>\t\t\t\t\t\t\t\t\t\t\t\t\t\t\t<\/div>\n\t\t\t\t<\/div>\n\t\t\t\t<div class=\"elementor-element elementor-element-adcf650 elementor-widget elementor-widget-text-editor\" data-id=\"adcf650\" data-element_type=\"widget\" data-widget_type=\"text-editor.default\">\n\t\t\t\t<div class=\"elementor-widget-container\">\n\t\t\t<style>\/*! elementor - v3.16.0 - 13-09-2023 *\/\n.elementor-widget-text-editor.elementor-drop-cap-view-stacked .elementor-drop-cap{background-color:#69727d;color:#fff}.elementor-widget-text-editor.elementor-drop-cap-view-framed .elementor-drop-cap{color:#69727d;border:3px solid;background-color:transparent}.elementor-widget-text-editor:not(.elementor-drop-cap-view-default) .elementor-drop-cap{margin-top:8px}.elementor-widget-text-editor:not(.elementor-drop-cap-view-default) .elementor-drop-cap-letter{width:1em;height:1em}.elementor-widget-text-editor .elementor-drop-cap{float:left;text-align:center;line-height:1;font-size:50px}.elementor-widget-text-editor .elementor-drop-cap-letter{display:inline-block}<\/style>\t\t\t\t<p>Itajubense, nascido em 29 de maio de 1932, Dr. Jansen Pinto Nogueira graduou-se em Direito pela Faculdade de Direito do Sul de Minas (FDSM &#8211; Pouso Alegre \u2013 MG), em 1966, compondo a 1\u00aa Turma de formandos da FDSM.<\/p><p>Mesmo antes de se formar, foi nomeado escriv\u00e3o do Crime e Execu\u00e7\u00f5es Fiscais, em 1963. Fez parte do grupo fundador do partido pol\u00edtico Movimento Democr\u00e1tico Brasileiro (MDB) em Itajub\u00e1.<\/p><p>Foi Vereador na gest\u00e3o do ent\u00e3o Prefeito Tigre Maia, em 1967 e como vereador, participou do \u201cCongresso Internacional de Vereadores\u201d, no Chile, onde foi distinguido pela sua brilhante atua\u00e7\u00e3o.<\/p><p>Em 1969 foi Presidente da C\u00e2mara Municipal de Vereadores de Itajub\u00e1.<\/p><p>Foi s\u00f3cio do Yuracan Futebol Clube e Presidente da Liga Itajubense de Desportos.<\/p><p>Foi Procurador Jur\u00eddico do Munic\u00edpio na gest\u00e3o do ent\u00e3o prefeito Pedro Mendes dos Santos, nos anos de 1982 e 1983. Exerceu a advocacia por mais de 50 anos. Trabalhou em todas as \u00e1reas do Direito, com \u00eanfase para o Direito Penal, neste destacando-se por sua atua\u00e7\u00e3o nos Tribunais do J\u00fari de Itajub\u00e1 e regi\u00e3o.<\/p><p>Ao longo de sua carreira auxiliou a todos que o buscavam. Advogou para grandes empresas, entre elas a Helibras, e na defesa dos efetivos da Pol\u00edcia Militar e Civil da Comarca de Itajub\u00e1, gozando da amizade e respeito de todos.<\/p><p>Seu not\u00e1vel desempenho na advocacia, foi, \u00e9, e ser\u00e1 exemplo a ser seguido por muitos advogados.<\/p><p>Dotado de personalidade marcante e carism\u00e1tica, desenvolveu la\u00e7os de amizade com todos que o cercavam, inclusive com grandes personalidades e autoridades locais, regionais, estaduais e nacionais.<\/p><p>Dr Jansen foi casado com a Dra. M\u00e1rcia Elizabeth Corr\u00eaa Nogueira, com quem teve os filhos Jansen Francisco Corr\u00eaa Nogueira e Herika Corr\u00eaa Nogueira.<\/p><p>Faleceu em 13 de junho de 2022, alguns dias ap\u00f3s completar 90 anos de vida.<\/p>\t\t\t\t\t\t<\/div>\n\t\t\t\t<\/div>\n\t\t\t\t<div class=\"elementor-element elementor-element-4b20e0c elementor-widget elementor-widget-global elementor-global-6501 elementor-widget-button\" data-id=\"4b20e0c\" data-element_type=\"widget\" data-widget_type=\"button.default\">\n\t\t\t\t<div class=\"elementor-widget-container\">\n\t\t\t\t\t<div class=\"elementor-button-wrapper\">\n\t\t\t<a class=\"elementor-button elementor-button-link elementor-size-sm elementor-animation-shrink\" href=\"https:\/\/itajuba.cam.mg.gov.br\/site\/presidentes\/\">\n\t\t\t\t\t\t<span class=\"elementor-button-content-wrapper\">\n\t\t\t\t\t\t<span class=\"elementor-button-text\">Retornar<\/span>\n\t\t<\/span>\n\t\t\t\t\t<\/a>\n\t\t<\/div>\n\t\t\t\t<\/div>\n\t\t\t\t<\/div>\n\t\t\t\t\t<\/div>\n\t\t<\/div>\n\t\t\t\t\t\t\t<\/div>\n\t\t<\/section>\n\t\t\t\t\t\t\t<\/div>\n\t\t","protected":false},"excerpt":{"rendered":"<p>Itajubense, nascido em 29 de maio de 1932, Dr. Jansen Pinto Nogueira graduou-se em Direito pela Faculdade de Direito do Sul de Minas (FDSM &#8211; Pouso Alegre \u2013 MG), em 1966, compondo a 1\u00aa Turma de formandos da FDSM. Mesmo antes de se formar, foi nomeado escriv\u00e3o do Crime e Execu\u00e7\u00f5es Fiscais, em 1963. Fez [&hellip;]<\/p>\n","protected":false},"author":1,"featured_media":0,"parent":0,"menu_order":0,"comment_status":"closed","ping_status":"closed","template":"","meta":{"footnotes":""},"class_list":["post-6539","page","type-page","status-publish","hentry"],"yoast_head":"<!-- This site is optimized with the Yoast SEO plugin v21.0 - https:\/\/yoast.com\/wordpress\/plugins\/seo\/ -->\n<title>Dr. Jansen - C\u00e2mara Municipal de Itajub\u00e1<\/title>\n<meta name=\"robots\" content=\"index, follow, max-snippet:-1, max-image-preview:large, max-video-preview:-1\" \/>\n<link rel=\"canonical\" href=\"https:\/\/itajuba.cam.mg.gov.br\/site\/dr-jansen\/\" \/>\n<meta property=\"og:locale\" content=\"pt_BR\" \/>\n<meta property=\"og:type\" content=\"article\" \/>\n<meta property=\"og:title\" content=\"Dr. Jansen - C\u00e2mara Municipal de Itajub\u00e1\" \/>\n<meta property=\"og:description\" content=\"Itajubense, nascido em 29 de maio de 1932, Dr. Jansen Pinto Nogueira graduou-se em Direito pela Faculdade de Direito do Sul de Minas (FDSM &#8211; Pouso Alegre \u2013 MG), em 1966, compondo a 1\u00aa Turma de formandos da FDSM. Mesmo antes de se formar, foi nomeado escriv\u00e3o do Crime e Execu\u00e7\u00f5es Fiscais, em 1963. Fez [&hellip;]\" \/>\n<meta property=\"og:url\" content=\"https:\/\/itajuba.cam.mg.gov.br\/site\/dr-jansen\/\" \/>\n<meta property=\"og:site_name\" content=\"C\u00e2mara Municipal de Itajub\u00e1\" \/>\n<meta property=\"article:publisher\" content=\"https:\/\/www.facebook.com\/camaradeitajubaoficial\" \/>\n<meta property=\"article:modified_time\" content=\"2023-11-22T15:41:57+00:00\" \/>\n<meta property=\"og:image\" content=\"https:\/\/itajuba.cam.mg.gov.br\/site\/wp-content\/uploads\/2023\/10\/14-DR.-JANSEN-PINTO-NOGUEIRA-1969-1970-226x300.jpg\" \/>\n<meta name=\"twitter:card\" content=\"summary_large_image\" \/>\n<meta name=\"twitter:label1\" content=\"Est. tempo de leitura\" \/>\n\t<meta name=\"twitter:data1\" content=\"2 minutos\" \/>\n<script type=\"application\/ld+json\" class=\"yoast-schema-graph\">{\"@context\":\"https:\/\/schema.org\",\"@graph\":[{\"@type\":\"WebPage\",\"@id\":\"https:\/\/itajuba.cam.mg.gov.br\/site\/dr-jansen\/\",\"url\":\"https:\/\/itajuba.cam.mg.gov.br\/site\/dr-jansen\/\",\"name\":\"Dr. Jansen - C\u00e2mara Municipal de Itajub\u00e1\",\"isPartOf\":{\"@id\":\"https:\/\/itajuba.cam.mg.gov.br\/site\/#website\"},\"datePublished\":\"2023-10-08T22:15:58+00:00\",\"dateModified\":\"2023-11-22T15:41:57+00:00\",\"breadcrumb\":{\"@id\":\"https:\/\/itajuba.cam.mg.gov.br\/site\/dr-jansen\/#breadcrumb\"},\"inLanguage\":\"pt-BR\",\"potentialAction\":[{\"@type\":\"ReadAction\",\"target\":[\"https:\/\/itajuba.cam.mg.gov.br\/site\/dr-jansen\/\"]}]},{\"@type\":\"BreadcrumbList\",\"@id\":\"https:\/\/itajuba.cam.mg.gov.br\/site\/dr-jansen\/#breadcrumb\",\"itemListElement\":[{\"@type\":\"ListItem\",\"position\":1,\"name\":\"In\u00edcio\",\"item\":\"https:\/\/itajuba.cam.mg.gov.br\/site\/\"},{\"@type\":\"ListItem\",\"position\":2,\"name\":\"Dr. Jansen\"}]},{\"@type\":\"WebSite\",\"@id\":\"https:\/\/itajuba.cam.mg.gov.br\/site\/#website\",\"url\":\"https:\/\/itajuba.cam.mg.gov.br\/site\/\",\"name\":\"C\u00e2mara Municipal de Itajub\u00e1\",\"description\":\"Efici\u00eancia e Transpar\u00eancia\",\"publisher\":{\"@id\":\"https:\/\/itajuba.cam.mg.gov.br\/site\/#organization\"},\"potentialAction\":[{\"@type\":\"SearchAction\",\"target\":{\"@type\":\"EntryPoint\",\"urlTemplate\":\"https:\/\/itajuba.cam.mg.gov.br\/site\/?s={search_term_string}\"},\"query-input\":\"required name=search_term_string\"}],\"inLanguage\":\"pt-BR\"},{\"@type\":\"Organization\",\"@id\":\"https:\/\/itajuba.cam.mg.gov.br\/site\/#organization\",\"name\":\"C\u00e2mara Municipal de Itajub\u00e1\",\"url\":\"https:\/\/itajuba.cam.mg.gov.br\/site\/\",\"logo\":{\"@type\":\"ImageObject\",\"inLanguage\":\"pt-BR\",\"@id\":\"https:\/\/itajuba.cam.mg.gov.br\/site\/#\/schema\/logo\/image\/\",\"url\":\"https:\/\/itajuba.cam.mg.gov.br\/site\/wp-content\/uploads\/2023\/09\/logo_camara_2024.png\",\"contentUrl\":\"https:\/\/itajuba.cam.mg.gov.br\/site\/wp-content\/uploads\/2023\/09\/logo_camara_2024.png\",\"width\":1000,\"height\":385,\"caption\":\"C\u00e2mara Municipal de Itajub\u00e1\"},\"image\":{\"@id\":\"https:\/\/itajuba.cam.mg.gov.br\/site\/#\/schema\/logo\/image\/\"},\"sameAs\":[\"https:\/\/www.facebook.com\/camaradeitajubaoficial\",\"https:\/\/www.instagram.com\/camaradeitajubaoficial\/\",\"https:\/\/www.youtube.com\/user\/TVCAMARAITAJUBA\"]}]}<\/script>\n<!-- \/ Yoast SEO plugin. -->","yoast_head_json":{"title":"Dr. Jansen - C\u00e2mara Municipal de Itajub\u00e1","robots":{"index":"index","follow":"follow","max-snippet":"max-snippet:-1","max-image-preview":"max-image-preview:large","max-video-preview":"max-video-preview:-1"},"canonical":"https:\/\/itajuba.cam.mg.gov.br\/site\/dr-jansen\/","og_locale":"pt_BR","og_type":"article","og_title":"Dr. Jansen - C\u00e2mara Municipal de Itajub\u00e1","og_description":"Itajubense, nascido em 29 de maio de 1932, Dr. Jansen Pinto Nogueira graduou-se em Direito pela Faculdade de Direito do Sul de Minas (FDSM &#8211; Pouso Alegre \u2013 MG), em 1966, compondo a 1\u00aa Turma de formandos da FDSM. Mesmo antes de se formar, foi nomeado escriv\u00e3o do Crime e Execu\u00e7\u00f5es Fiscais, em 1963. Fez [&hellip;]","og_url":"https:\/\/itajuba.cam.mg.gov.br\/site\/dr-jansen\/","og_site_name":"C\u00e2mara Municipal de Itajub\u00e1","article_publisher":"https:\/\/www.facebook.com\/camaradeitajubaoficial","article_modified_time":"2023-11-22T15:41:57+00:00","og_image":[{"url":"https:\/\/itajuba.cam.mg.gov.br\/site\/wp-content\/uploads\/2023\/10\/14-DR.-JANSEN-PINTO-NOGUEIRA-1969-1970-226x300.jpg"}],"twitter_card":"summary_large_image","twitter_misc":{"Est. tempo de leitura":"2 minutos"},"schema":{"@context":"https:\/\/schema.org","@graph":[{"@type":"WebPage","@id":"https:\/\/itajuba.cam.mg.gov.br\/site\/dr-jansen\/","url":"https:\/\/itajuba.cam.mg.gov.br\/site\/dr-jansen\/","name":"Dr. Jansen - C\u00e2mara Municipal de Itajub\u00e1","isPartOf":{"@id":"https:\/\/itajuba.cam.mg.gov.br\/site\/#website"},"datePublished":"2023-10-08T22:15:58+00:00","dateModified":"2023-11-22T15:41:57+00:00","breadcrumb":{"@id":"https:\/\/itajuba.cam.mg.gov.br\/site\/dr-jansen\/#breadcrumb"},"inLanguage":"pt-BR","potentialAction":[{"@type":"ReadAction","target":["https:\/\/itajuba.cam.mg.gov.br\/site\/dr-jansen\/"]}]},{"@type":"BreadcrumbList","@id":"https:\/\/itajuba.cam.mg.gov.br\/site\/dr-jansen\/#breadcrumb","itemListElement":[{"@type":"ListItem","position":1,"name":"In\u00edcio","item":"https:\/\/itajuba.cam.mg.gov.br\/site\/"},{"@type":"ListItem","position":2,"name":"Dr. Jansen"}]},{"@type":"WebSite","@id":"https:\/\/itajuba.cam.mg.gov.br\/site\/#website","url":"https:\/\/itajuba.cam.mg.gov.br\/site\/","name":"C\u00e2mara Municipal de Itajub\u00e1","description":"Efici\u00eancia e Transpar\u00eancia","publisher":{"@id":"https:\/\/itajuba.cam.mg.gov.br\/site\/#organization"},"potentialAction":[{"@type":"SearchAction","target":{"@type":"EntryPoint","urlTemplate":"https:\/\/itajuba.cam.mg.gov.br\/site\/?s={search_term_string}"},"query-input":"required name=search_term_string"}],"inLanguage":"pt-BR"},{"@type":"Organization","@id":"https:\/\/itajuba.cam.mg.gov.br\/site\/#organization","name":"C\u00e2mara Municipal de Itajub\u00e1","url":"https:\/\/itajuba.cam.mg.gov.br\/site\/","logo":{"@type":"ImageObject","inLanguage":"pt-BR","@id":"https:\/\/itajuba.cam.mg.gov.br\/site\/#\/schema\/logo\/image\/","url":"https:\/\/itajuba.cam.mg.gov.br\/site\/wp-content\/uploads\/2023\/09\/logo_camara_2024.png","contentUrl":"https:\/\/itajuba.cam.mg.gov.br\/site\/wp-content\/uploads\/2023\/09\/logo_camara_2024.png","width":1000,"height":385,"caption":"C\u00e2mara Municipal de Itajub\u00e1"},"image":{"@id":"https:\/\/itajuba.cam.mg.gov.br\/site\/#\/schema\/logo\/image\/"},"sameAs":["https:\/\/www.facebook.com\/camaradeitajubaoficial","https:\/\/www.instagram.com\/camaradeitajubaoficial\/","https:\/\/www.youtube.com\/user\/TVCAMARAITAJUBA"]}]}},"_links":{"self":[{"href":"https:\/\/itajuba.cam.mg.gov.br\/site\/wp-json\/wp\/v2\/pages\/6539","targetHints":{"allow":["GET"]}}],"collection":[{"href":"https:\/\/itajuba.cam.mg.gov.br\/site\/wp-json\/wp\/v2\/pages"}],"about":[{"href":"https:\/\/itajuba.cam.mg.gov.br\/site\/wp-json\/wp\/v2\/types\/page"}],"author":[{"embeddable":true,"href":"https:\/\/itajuba.cam.mg.gov.br\/site\/wp-json\/wp\/v2\/users\/1"}],"replies":[{"embeddable":true,"href":"https:\/\/itajuba.cam.mg.gov.br\/site\/wp-json\/wp\/v2\/comments?post=6539"}],"version-history":[{"count":7,"href":"https:\/\/itajuba.cam.mg.gov.br\/site\/wp-json\/wp\/v2\/pages\/6539\/revisions"}],"predecessor-version":[{"id":8781,"href":"https:\/\/itajuba.cam.mg.gov.br\/site\/wp-json\/wp\/v2\/pages\/6539\/revisions\/8781"}],"wp:attachment":[{"href":"https:\/\/itajuba.cam.mg.gov.br\/site\/wp-json\/wp\/v2\/media?parent=6539"}],"curies":[{"name":"wp","href":"https:\/\/api.w.org\/{rel}","templated":true}]}}