{"id":7500,"date":"2023-10-23T01:17:33","date_gmt":"2023-10-23T01:17:33","guid":{"rendered":"https:\/\/itajuba.cam.mg.gov.br\/site\/?page_id=7500"},"modified":"2023-10-23T01:32:24","modified_gmt":"2023-10-23T01:32:24","slug":"noticias","status":"publish","type":"page","link":"https:\/\/itajuba.cam.mg.gov.br\/site\/noticias\/","title":{"rendered":"Not\u00edcias"},"content":{"rendered":"\t\t<div data-elementor-type=\"wp-page\" data-elementor-id=\"7500\" class=\"elementor elementor-7500\" data-elementor-post-type=\"page\">\n\t\t\t\t\t\t\t\t\t<section class=\"elementor-section elementor-top-section elementor-element elementor-element-6b26aec elementor-section-boxed elementor-section-height-default elementor-section-height-default\" data-id=\"6b26aec\" data-element_type=\"section\">\n\t\t\t\t\t\t<div class=\"elementor-container elementor-column-gap-default\">\n\t\t\t\t\t<div class=\"elementor-column elementor-col-100 elementor-top-column elementor-element elementor-element-5c9e29d\" data-id=\"5c9e29d\" data-element_type=\"column\">\n\t\t\t<div class=\"elementor-widget-wrap elementor-element-populated\">\n\t\t\t\t\t\t\t\t<div class=\"elementor-element elementor-element-cf08ec9 elementor-grid-3 elementor-grid-tablet-2 elementor-grid-mobile-1 elementor-posts--thumbnail-top elementor-widget elementor-widget-posts\" data-id=\"cf08ec9\" data-element_type=\"widget\" data-settings=\"{&quot;pagination_type&quot;:&quot;numbers_and_prev_next&quot;,&quot;classic_columns&quot;:&quot;3&quot;,&quot;classic_columns_tablet&quot;:&quot;2&quot;,&quot;classic_columns_mobile&quot;:&quot;1&quot;,&quot;classic_row_gap&quot;:{&quot;unit&quot;:&quot;px&quot;,&quot;size&quot;:35,&quot;sizes&quot;:[]},&quot;classic_row_gap_tablet&quot;:{&quot;unit&quot;:&quot;px&quot;,&quot;size&quot;:&quot;&quot;,&quot;sizes&quot;:[]},&quot;classic_row_gap_mobile&quot;:{&quot;unit&quot;:&quot;px&quot;,&quot;size&quot;:&quot;&quot;,&quot;sizes&quot;:[]}}\" data-widget_type=\"posts.classic\">\n\t\t\t\t<div class=\"elementor-widget-container\">\n\t\t\t<link rel=\"stylesheet\" href=\"https:\/\/itajuba.cam.mg.gov.br\/site\/wp-content\/plugins\/elementor-pro\/assets\/css\/widget-posts.min.css\">\t\t<div class=\"elementor-posts-container elementor-posts elementor-posts--skin-classic elementor-grid\">\n\t\t\t\t<article class=\"elementor-post elementor-grid-item post-17922 post type-post status-publish format-standard has-post-thumbnail hentry category-noticias\">\n\t\t\t\t<a class=\"elementor-post__thumbnail__link\" href=\"https:\/\/itajuba.cam.mg.gov.br\/site\/comunicado-publico-camara-municipal-de-itajuba-inicia-processo-para-locacao-de-nova-sede\/\" tabindex=\"-1\" >\n\t\t\t<div class=\"elementor-post__thumbnail\"><img loading=\"lazy\" decoding=\"async\" width=\"768\" height=\"576\" src=\"https:\/\/itajuba.cam.mg.gov.br\/site\/wp-content\/uploads\/2026\/04\/CAPA_SITE-768x576.png\" class=\"attachment-medium_large size-medium_large wp-image-17923\" alt=\"\" srcset=\"https:\/\/itajuba.cam.mg.gov.br\/site\/wp-content\/uploads\/2026\/04\/CAPA_SITE-768x576.png 768w, https:\/\/itajuba.cam.mg.gov.br\/site\/wp-content\/uploads\/2026\/04\/CAPA_SITE-300x225.png 300w, https:\/\/itajuba.cam.mg.gov.br\/site\/wp-content\/uploads\/2026\/04\/CAPA_SITE-1024x768.png 1024w, https:\/\/itajuba.cam.mg.gov.br\/site\/wp-content\/uploads\/2026\/04\/CAPA_SITE.png 1200w\" sizes=\"auto, (max-width: 768px) 100vw, 768px\" \/><\/div>\n\t\t<\/a>\n\t\t\t\t<div class=\"elementor-post__text\">\n\t\t\t\t<h4 class=\"elementor-post__title\">\n\t\t\t<a href=\"https:\/\/itajuba.cam.mg.gov.br\/site\/comunicado-publico-camara-municipal-de-itajuba-inicia-processo-para-locacao-de-nova-sede\/\" >\n\t\t\t\tComunicado p\u00fablico: C\u00e2mara Municipal de Itajub\u00e1 inicia processo para loca\u00e7\u00e3o de nova sede\t\t\t<\/a>\n\t\t<\/h4>\n\t\t\t\t<div class=\"elementor-post__meta-data\">\n\t\t\t\t\t<span class=\"elementor-post-date\">\n\t\t\t29 de abril de 2026\t\t<\/span>\n\t\t\t\t<\/div>\n\t\t\t\t\t<div class=\"elementor-post__read-more-wrapper\">\n\t\t\n\t\t<a class=\"elementor-post__read-more\" href=\"https:\/\/itajuba.cam.mg.gov.br\/site\/comunicado-publico-camara-municipal-de-itajuba-inicia-processo-para-locacao-de-nova-sede\/\" aria-label=\"Leia mais sobre Comunicado p\u00fablico: C\u00e2mara Municipal de Itajub\u00e1 inicia processo para loca\u00e7\u00e3o de nova sede\" tabindex=\"-1\" >\n\t\t\tLeia Mais\t\t<\/a>\n\n\t\t\t\t\t<\/div>\n\t\t\t\t<\/div>\n\t\t\t\t<\/article>\n\t\t\t\t<article class=\"elementor-post elementor-grid-item post-17900 post type-post status-publish format-standard has-post-thumbnail hentry category-noticias\">\n\t\t\t\t<a class=\"elementor-post__thumbnail__link\" href=\"https:\/\/itajuba.cam.mg.gov.br\/site\/prof-fabio-lacerda-toma-posse-na-camara-legislativo-avanca-na-valorizacao-do-magisterio\/\" tabindex=\"-1\" >\n\t\t\t<div class=\"elementor-post__thumbnail\"><img loading=\"lazy\" decoding=\"async\" width=\"768\" height=\"576\" src=\"https:\/\/itajuba.cam.mg.gov.br\/site\/wp-content\/uploads\/2026\/04\/CAPA_FACE-3-768x576.png\" class=\"attachment-medium_large size-medium_large wp-image-17901\" alt=\"\" srcset=\"https:\/\/itajuba.cam.mg.gov.br\/site\/wp-content\/uploads\/2026\/04\/CAPA_FACE-3-768x576.png 768w, https:\/\/itajuba.cam.mg.gov.br\/site\/wp-content\/uploads\/2026\/04\/CAPA_FACE-3-300x225.png 300w, https:\/\/itajuba.cam.mg.gov.br\/site\/wp-content\/uploads\/2026\/04\/CAPA_FACE-3-1024x768.png 1024w, https:\/\/itajuba.cam.mg.gov.br\/site\/wp-content\/uploads\/2026\/04\/CAPA_FACE-3.png 1200w\" sizes=\"auto, (max-width: 768px) 100vw, 768px\" \/><\/div>\n\t\t<\/a>\n\t\t\t\t<div class=\"elementor-post__text\">\n\t\t\t\t<h4 class=\"elementor-post__title\">\n\t\t\t<a href=\"https:\/\/itajuba.cam.mg.gov.br\/site\/prof-fabio-lacerda-toma-posse-na-camara-legislativo-avanca-na-valorizacao-do-magisterio\/\" >\n\t\t\t\tProf. F\u00e1bio Lacerda toma posse na C\u00e2mara; Legislativo avan\u00e7a na valoriza\u00e7\u00e3o do Magist\u00e9rio\t\t\t<\/a>\n\t\t<\/h4>\n\t\t\t\t<div class=\"elementor-post__meta-data\">\n\t\t\t\t\t<span class=\"elementor-post-date\">\n\t\t\t27 de abril de 2026\t\t<\/span>\n\t\t\t\t<\/div>\n\t\t\t\t\t<div class=\"elementor-post__read-more-wrapper\">\n\t\t\n\t\t<a class=\"elementor-post__read-more\" href=\"https:\/\/itajuba.cam.mg.gov.br\/site\/prof-fabio-lacerda-toma-posse-na-camara-legislativo-avanca-na-valorizacao-do-magisterio\/\" aria-label=\"Leia mais sobre Prof. F\u00e1bio Lacerda toma posse na C\u00e2mara; Legislativo avan\u00e7a na valoriza\u00e7\u00e3o do Magist\u00e9rio\" tabindex=\"-1\" >\n\t\t\tLeia Mais\t\t<\/a>\n\n\t\t\t\t\t<\/div>\n\t\t\t\t<\/div>\n\t\t\t\t<\/article>\n\t\t\t\t<article class=\"elementor-post elementor-grid-item post-17881 post type-post status-publish format-standard has-post-thumbnail hentry category-noticias\">\n\t\t\t\t<a class=\"elementor-post__thumbnail__link\" href=\"https:\/\/itajuba.cam.mg.gov.br\/site\/camara-de-itajuba-aprova-protecao-digital-para-jovens-e-debate-situacao-de-rua-em-12a-sessao-ordinaria\/\" tabindex=\"-1\" >\n\t\t\t<div class=\"elementor-post__thumbnail\"><img loading=\"lazy\" decoding=\"async\" width=\"768\" height=\"576\" src=\"https:\/\/itajuba.cam.mg.gov.br\/site\/wp-content\/uploads\/2026\/04\/CAPA_FACE-2-768x576.png\" class=\"attachment-medium_large size-medium_large wp-image-17882\" alt=\"\" srcset=\"https:\/\/itajuba.cam.mg.gov.br\/site\/wp-content\/uploads\/2026\/04\/CAPA_FACE-2-768x576.png 768w, https:\/\/itajuba.cam.mg.gov.br\/site\/wp-content\/uploads\/2026\/04\/CAPA_FACE-2-300x225.png 300w, https:\/\/itajuba.cam.mg.gov.br\/site\/wp-content\/uploads\/2026\/04\/CAPA_FACE-2-1024x768.png 1024w, https:\/\/itajuba.cam.mg.gov.br\/site\/wp-content\/uploads\/2026\/04\/CAPA_FACE-2.png 1200w\" sizes=\"auto, (max-width: 768px) 100vw, 768px\" \/><\/div>\n\t\t<\/a>\n\t\t\t\t<div class=\"elementor-post__text\">\n\t\t\t\t<h4 class=\"elementor-post__title\">\n\t\t\t<a href=\"https:\/\/itajuba.cam.mg.gov.br\/site\/camara-de-itajuba-aprova-protecao-digital-para-jovens-e-debate-situacao-de-rua-em-12a-sessao-ordinaria\/\" >\n\t\t\t\tC\u00e2mara de Itajub\u00e1 aprova prote\u00e7\u00e3o digital para jovens e debate situa\u00e7\u00e3o de rua em 12\u00aa Sess\u00e3o Ordin\u00e1ria\t\t\t<\/a>\n\t\t<\/h4>\n\t\t\t\t<div class=\"elementor-post__meta-data\">\n\t\t\t\t\t<span class=\"elementor-post-date\">\n\t\t\t22 de abril de 2026\t\t<\/span>\n\t\t\t\t<\/div>\n\t\t\t\t\t<div class=\"elementor-post__read-more-wrapper\">\n\t\t\n\t\t<a class=\"elementor-post__read-more\" href=\"https:\/\/itajuba.cam.mg.gov.br\/site\/camara-de-itajuba-aprova-protecao-digital-para-jovens-e-debate-situacao-de-rua-em-12a-sessao-ordinaria\/\" aria-label=\"Leia mais sobre C\u00e2mara de Itajub\u00e1 aprova prote\u00e7\u00e3o digital para jovens e debate situa\u00e7\u00e3o de rua em 12\u00aa Sess\u00e3o Ordin\u00e1ria\" tabindex=\"-1\" >\n\t\t\tLeia Mais\t\t<\/a>\n\n\t\t\t\t\t<\/div>\n\t\t\t\t<\/div>\n\t\t\t\t<\/article>\n\t\t\t\t<article class=\"elementor-post elementor-grid-item post-17861 post type-post status-publish format-standard has-post-thumbnail hentry category-noticias\">\n\t\t\t\t<a class=\"elementor-post__thumbnail__link\" href=\"https:\/\/itajuba.cam.mg.gov.br\/site\/camara-municipal-aprova-reajuste-aos-conselheiros-tutelares-de-itajuba\/\" tabindex=\"-1\" >\n\t\t\t<div class=\"elementor-post__thumbnail\"><img loading=\"lazy\" decoding=\"async\" width=\"768\" height=\"576\" src=\"https:\/\/itajuba.cam.mg.gov.br\/site\/wp-content\/uploads\/2026\/04\/IMG_7840-768x576.jpg\" class=\"attachment-medium_large size-medium_large wp-image-17863\" alt=\"\" srcset=\"https:\/\/itajuba.cam.mg.gov.br\/site\/wp-content\/uploads\/2026\/04\/IMG_7840-768x576.jpg 768w, https:\/\/itajuba.cam.mg.gov.br\/site\/wp-content\/uploads\/2026\/04\/IMG_7840-300x225.jpg 300w, https:\/\/itajuba.cam.mg.gov.br\/site\/wp-content\/uploads\/2026\/04\/IMG_7840-1024x768.jpg 1024w, https:\/\/itajuba.cam.mg.gov.br\/site\/wp-content\/uploads\/2026\/04\/IMG_7840.jpg 1200w\" sizes=\"auto, (max-width: 768px) 100vw, 768px\" \/><\/div>\n\t\t<\/a>\n\t\t\t\t<div class=\"elementor-post__text\">\n\t\t\t\t<h4 class=\"elementor-post__title\">\n\t\t\t<a href=\"https:\/\/itajuba.cam.mg.gov.br\/site\/camara-municipal-aprova-reajuste-aos-conselheiros-tutelares-de-itajuba\/\" >\n\t\t\t\tC\u00e2mara Municipal aprova reajuste aos conselheiros tutelares de Itajub\u00e1\t\t\t<\/a>\n\t\t<\/h4>\n\t\t\t\t<div class=\"elementor-post__meta-data\">\n\t\t\t\t\t<span class=\"elementor-post-date\">\n\t\t\t14 de abril de 2026\t\t<\/span>\n\t\t\t\t<\/div>\n\t\t\t\t\t<div class=\"elementor-post__read-more-wrapper\">\n\t\t\n\t\t<a class=\"elementor-post__read-more\" href=\"https:\/\/itajuba.cam.mg.gov.br\/site\/camara-municipal-aprova-reajuste-aos-conselheiros-tutelares-de-itajuba\/\" aria-label=\"Leia mais sobre C\u00e2mara Municipal aprova reajuste aos conselheiros tutelares de Itajub\u00e1\" tabindex=\"-1\" >\n\t\t\tLeia Mais\t\t<\/a>\n\n\t\t\t\t\t<\/div>\n\t\t\t\t<\/div>\n\t\t\t\t<\/article>\n\t\t\t\t<article class=\"elementor-post elementor-grid-item post-17858 post type-post status-publish format-standard has-post-thumbnail hentry category-noticias\">\n\t\t\t\t<a class=\"elementor-post__thumbnail__link\" href=\"https:\/\/itajuba.cam.mg.gov.br\/site\/camara-municipal-de-itajuba-promoveu-debates-sobre-protecao-digital-e-valorizacao-de-conselheiros-tutelares-em-sua-11a-sessao-ordinaria\/\" tabindex=\"-1\" >\n\t\t\t<div class=\"elementor-post__thumbnail\"><img loading=\"lazy\" decoding=\"async\" width=\"768\" height=\"576\" src=\"https:\/\/itajuba.cam.mg.gov.br\/site\/wp-content\/uploads\/2026\/04\/CAPA_FACE-1-768x576.png\" class=\"attachment-medium_large size-medium_large wp-image-17859\" alt=\"\" srcset=\"https:\/\/itajuba.cam.mg.gov.br\/site\/wp-content\/uploads\/2026\/04\/CAPA_FACE-1-768x576.png 768w, https:\/\/itajuba.cam.mg.gov.br\/site\/wp-content\/uploads\/2026\/04\/CAPA_FACE-1-300x225.png 300w, https:\/\/itajuba.cam.mg.gov.br\/site\/wp-content\/uploads\/2026\/04\/CAPA_FACE-1-1024x768.png 1024w, https:\/\/itajuba.cam.mg.gov.br\/site\/wp-content\/uploads\/2026\/04\/CAPA_FACE-1.png 1200w\" sizes=\"auto, (max-width: 768px) 100vw, 768px\" \/><\/div>\n\t\t<\/a>\n\t\t\t\t<div class=\"elementor-post__text\">\n\t\t\t\t<h4 class=\"elementor-post__title\">\n\t\t\t<a href=\"https:\/\/itajuba.cam.mg.gov.br\/site\/camara-municipal-de-itajuba-promoveu-debates-sobre-protecao-digital-e-valorizacao-de-conselheiros-tutelares-em-sua-11a-sessao-ordinaria\/\" >\n\t\t\t\tC\u00e2mara Municipal de Itajub\u00e1 promoveu debates sobre prote\u00e7\u00e3o digital e valoriza\u00e7\u00e3o de conselheiros tutelares em sua 11\u00aa Sess\u00e3o Ordin\u00e1ria\t\t\t<\/a>\n\t\t<\/h4>\n\t\t\t\t<div class=\"elementor-post__meta-data\">\n\t\t\t\t\t<span class=\"elementor-post-date\">\n\t\t\t13 de abril de 2026\t\t<\/span>\n\t\t\t\t<\/div>\n\t\t\t\t\t<div class=\"elementor-post__read-more-wrapper\">\n\t\t\n\t\t<a class=\"elementor-post__read-more\" href=\"https:\/\/itajuba.cam.mg.gov.br\/site\/camara-municipal-de-itajuba-promoveu-debates-sobre-protecao-digital-e-valorizacao-de-conselheiros-tutelares-em-sua-11a-sessao-ordinaria\/\" aria-label=\"Leia mais sobre C\u00e2mara Municipal de Itajub\u00e1 promoveu debates sobre prote\u00e7\u00e3o digital e valoriza\u00e7\u00e3o de conselheiros tutelares em sua 11\u00aa Sess\u00e3o Ordin\u00e1ria\" tabindex=\"-1\" >\n\t\t\tLeia Mais\t\t<\/a>\n\n\t\t\t\t\t<\/div>\n\t\t\t\t<\/div>\n\t\t\t\t<\/article>\n\t\t\t\t<article class=\"elementor-post elementor-grid-item post-17833 post type-post status-publish format-standard has-post-thumbnail hentry category-noticias\">\n\t\t\t\t<a class=\"elementor-post__thumbnail__link\" href=\"https:\/\/itajuba.cam.mg.gov.br\/site\/10a-sessao-ordinaria-foco-em-seguranca-escolar-ordenamento-urbano-e-valorizacao-da-mulher\/\" tabindex=\"-1\" >\n\t\t\t<div class=\"elementor-post__thumbnail\"><img loading=\"lazy\" decoding=\"async\" width=\"768\" height=\"576\" src=\"https:\/\/itajuba.cam.mg.gov.br\/site\/wp-content\/uploads\/2026\/04\/CAPA_FACE-768x576.png\" class=\"attachment-medium_large size-medium_large wp-image-17834\" alt=\"\" srcset=\"https:\/\/itajuba.cam.mg.gov.br\/site\/wp-content\/uploads\/2026\/04\/CAPA_FACE-768x576.png 768w, https:\/\/itajuba.cam.mg.gov.br\/site\/wp-content\/uploads\/2026\/04\/CAPA_FACE-300x225.png 300w, https:\/\/itajuba.cam.mg.gov.br\/site\/wp-content\/uploads\/2026\/04\/CAPA_FACE-1024x768.png 1024w, https:\/\/itajuba.cam.mg.gov.br\/site\/wp-content\/uploads\/2026\/04\/CAPA_FACE.png 1200w\" sizes=\"auto, (max-width: 768px) 100vw, 768px\" \/><\/div>\n\t\t<\/a>\n\t\t\t\t<div class=\"elementor-post__text\">\n\t\t\t\t<h4 class=\"elementor-post__title\">\n\t\t\t<a href=\"https:\/\/itajuba.cam.mg.gov.br\/site\/10a-sessao-ordinaria-foco-em-seguranca-escolar-ordenamento-urbano-e-valorizacao-da-mulher\/\" >\n\t\t\t\t10\u00aa Sess\u00e3o Ordin\u00e1ria: Foco em Seguran\u00e7a Escolar, Ordenamento Urbano e Valoriza\u00e7\u00e3o da Mulher\t\t\t<\/a>\n\t\t<\/h4>\n\t\t\t\t<div class=\"elementor-post__meta-data\">\n\t\t\t\t\t<span class=\"elementor-post-date\">\n\t\t\t6 de abril de 2026\t\t<\/span>\n\t\t\t\t<\/div>\n\t\t\t\t\t<div class=\"elementor-post__read-more-wrapper\">\n\t\t\n\t\t<a class=\"elementor-post__read-more\" href=\"https:\/\/itajuba.cam.mg.gov.br\/site\/10a-sessao-ordinaria-foco-em-seguranca-escolar-ordenamento-urbano-e-valorizacao-da-mulher\/\" aria-label=\"Leia mais sobre 10\u00aa Sess\u00e3o Ordin\u00e1ria: Foco em Seguran\u00e7a Escolar, Ordenamento Urbano e Valoriza\u00e7\u00e3o da Mulher\" tabindex=\"-1\" >\n\t\t\tLeia Mais\t\t<\/a>\n\n\t\t\t\t\t<\/div>\n\t\t\t\t<\/div>\n\t\t\t\t<\/article>\n\t\t\t\t<article class=\"elementor-post elementor-grid-item post-17812 post type-post status-publish format-standard has-post-thumbnail hentry category-noticias\">\n\t\t\t\t<a class=\"elementor-post__thumbnail__link\" href=\"https:\/\/itajuba.cam.mg.gov.br\/site\/camara-de-itajuba-realiza-9a-sessao-ordinaria-de-2026-com-foco-em-infraestrutura-saude-e-participacao-popular\/\" tabindex=\"-1\" >\n\t\t\t<div class=\"elementor-post__thumbnail\"><img loading=\"lazy\" decoding=\"async\" width=\"768\" height=\"576\" src=\"https:\/\/itajuba.cam.mg.gov.br\/site\/wp-content\/uploads\/2026\/03\/CAPA_FACE-5-768x576.png\" class=\"attachment-medium_large size-medium_large wp-image-17813\" alt=\"\" srcset=\"https:\/\/itajuba.cam.mg.gov.br\/site\/wp-content\/uploads\/2026\/03\/CAPA_FACE-5-768x576.png 768w, https:\/\/itajuba.cam.mg.gov.br\/site\/wp-content\/uploads\/2026\/03\/CAPA_FACE-5-300x225.png 300w, https:\/\/itajuba.cam.mg.gov.br\/site\/wp-content\/uploads\/2026\/03\/CAPA_FACE-5-1024x768.png 1024w, https:\/\/itajuba.cam.mg.gov.br\/site\/wp-content\/uploads\/2026\/03\/CAPA_FACE-5.png 1200w\" sizes=\"auto, (max-width: 768px) 100vw, 768px\" \/><\/div>\n\t\t<\/a>\n\t\t\t\t<div class=\"elementor-post__text\">\n\t\t\t\t<h4 class=\"elementor-post__title\">\n\t\t\t<a href=\"https:\/\/itajuba.cam.mg.gov.br\/site\/camara-de-itajuba-realiza-9a-sessao-ordinaria-de-2026-com-foco-em-infraestrutura-saude-e-participacao-popular\/\" >\n\t\t\t\tC\u00e2mara de Itajub\u00e1 realiza 9\u00aa Sess\u00e3o Ordin\u00e1ria de 2026 com foco em infraestrutura, sa\u00fade e participa\u00e7\u00e3o popular\t\t\t<\/a>\n\t\t<\/h4>\n\t\t\t\t<div class=\"elementor-post__meta-data\">\n\t\t\t\t\t<span class=\"elementor-post-date\">\n\t\t\t31 de mar\u00e7o de 2026\t\t<\/span>\n\t\t\t\t<\/div>\n\t\t\t\t\t<div class=\"elementor-post__read-more-wrapper\">\n\t\t\n\t\t<a class=\"elementor-post__read-more\" href=\"https:\/\/itajuba.cam.mg.gov.br\/site\/camara-de-itajuba-realiza-9a-sessao-ordinaria-de-2026-com-foco-em-infraestrutura-saude-e-participacao-popular\/\" aria-label=\"Leia mais sobre C\u00e2mara de Itajub\u00e1 realiza 9\u00aa Sess\u00e3o Ordin\u00e1ria de 2026 com foco em infraestrutura, sa\u00fade e participa\u00e7\u00e3o popular\" tabindex=\"-1\" >\n\t\t\tLeia Mais\t\t<\/a>\n\n\t\t\t\t\t<\/div>\n\t\t\t\t<\/div>\n\t\t\t\t<\/article>\n\t\t\t\t<article class=\"elementor-post elementor-grid-item post-17786 post type-post status-publish format-standard has-post-thumbnail hentry category-noticias\">\n\t\t\t\t<a class=\"elementor-post__thumbnail__link\" href=\"https:\/\/itajuba.cam.mg.gov.br\/site\/8a-sessao-ordinaria-camara-de-itajuba-avanca-em-pautas-de-valorizacao-do-servidor-e-homologa-honrarias-municipais\/\" tabindex=\"-1\" >\n\t\t\t<div class=\"elementor-post__thumbnail\"><img loading=\"lazy\" decoding=\"async\" width=\"768\" height=\"576\" src=\"https:\/\/itajuba.cam.mg.gov.br\/site\/wp-content\/uploads\/2026\/03\/CAPA_FACE-4-768x576.png\" class=\"attachment-medium_large size-medium_large wp-image-17787\" alt=\"\" srcset=\"https:\/\/itajuba.cam.mg.gov.br\/site\/wp-content\/uploads\/2026\/03\/CAPA_FACE-4-768x576.png 768w, https:\/\/itajuba.cam.mg.gov.br\/site\/wp-content\/uploads\/2026\/03\/CAPA_FACE-4-300x225.png 300w, https:\/\/itajuba.cam.mg.gov.br\/site\/wp-content\/uploads\/2026\/03\/CAPA_FACE-4-1024x768.png 1024w, https:\/\/itajuba.cam.mg.gov.br\/site\/wp-content\/uploads\/2026\/03\/CAPA_FACE-4.png 1200w\" sizes=\"auto, (max-width: 768px) 100vw, 768px\" \/><\/div>\n\t\t<\/a>\n\t\t\t\t<div class=\"elementor-post__text\">\n\t\t\t\t<h4 class=\"elementor-post__title\">\n\t\t\t<a href=\"https:\/\/itajuba.cam.mg.gov.br\/site\/8a-sessao-ordinaria-camara-de-itajuba-avanca-em-pautas-de-valorizacao-do-servidor-e-homologa-honrarias-municipais\/\" >\n\t\t\t\t8\u00aa Sess\u00e3o Ordin\u00e1ria: C\u00e2mara de Itajub\u00e1 avan\u00e7a em pautas de valoriza\u00e7\u00e3o do servidor e homologa honrarias municipais\t\t\t<\/a>\n\t\t<\/h4>\n\t\t\t\t<div class=\"elementor-post__meta-data\">\n\t\t\t\t\t<span class=\"elementor-post-date\">\n\t\t\t23 de mar\u00e7o de 2026\t\t<\/span>\n\t\t\t\t<\/div>\n\t\t\t\t\t<div class=\"elementor-post__read-more-wrapper\">\n\t\t\n\t\t<a class=\"elementor-post__read-more\" href=\"https:\/\/itajuba.cam.mg.gov.br\/site\/8a-sessao-ordinaria-camara-de-itajuba-avanca-em-pautas-de-valorizacao-do-servidor-e-homologa-honrarias-municipais\/\" aria-label=\"Leia mais sobre 8\u00aa Sess\u00e3o Ordin\u00e1ria: C\u00e2mara de Itajub\u00e1 avan\u00e7a em pautas de valoriza\u00e7\u00e3o do servidor e homologa honrarias municipais\" tabindex=\"-1\" >\n\t\t\tLeia Mais\t\t<\/a>\n\n\t\t\t\t\t<\/div>\n\t\t\t\t<\/div>\n\t\t\t\t<\/article>\n\t\t\t\t<article class=\"elementor-post elementor-grid-item post-17769 post type-post status-publish format-standard has-post-thumbnail hentry category-noticias\">\n\t\t\t\t<a class=\"elementor-post__thumbnail__link\" href=\"https:\/\/itajuba.cam.mg.gov.br\/site\/camara-municipal-de-itajuba-prestigia-hasteamento-das-bandeiras-em-celebracao-aos-207-anos-da-cidade\/\" tabindex=\"-1\" >\n\t\t\t<div class=\"elementor-post__thumbnail\"><img loading=\"lazy\" decoding=\"async\" width=\"768\" height=\"576\" src=\"https:\/\/itajuba.cam.mg.gov.br\/site\/wp-content\/uploads\/2026\/03\/Capa-site-redimensionada-768x576.png\" class=\"attachment-medium_large size-medium_large wp-image-17784\" alt=\"\" srcset=\"https:\/\/itajuba.cam.mg.gov.br\/site\/wp-content\/uploads\/2026\/03\/Capa-site-redimensionada-768x576.png 768w, https:\/\/itajuba.cam.mg.gov.br\/site\/wp-content\/uploads\/2026\/03\/Capa-site-redimensionada-300x225.png 300w, https:\/\/itajuba.cam.mg.gov.br\/site\/wp-content\/uploads\/2026\/03\/Capa-site-redimensionada-1024x768.png 1024w, https:\/\/itajuba.cam.mg.gov.br\/site\/wp-content\/uploads\/2026\/03\/Capa-site-redimensionada-1536x1151.png 1536w, https:\/\/itajuba.cam.mg.gov.br\/site\/wp-content\/uploads\/2026\/03\/Capa-site-redimensionada-2048x1535.png 2048w\" sizes=\"auto, (max-width: 768px) 100vw, 768px\" \/><\/div>\n\t\t<\/a>\n\t\t\t\t<div class=\"elementor-post__text\">\n\t\t\t\t<h4 class=\"elementor-post__title\">\n\t\t\t<a href=\"https:\/\/itajuba.cam.mg.gov.br\/site\/camara-municipal-de-itajuba-prestigia-hasteamento-das-bandeiras-em-celebracao-aos-207-anos-da-cidade\/\" >\n\t\t\t\tC\u00e2mara Municipal de Itajub\u00e1 prestigia Hasteamento das Bandeiras em celebra\u00e7\u00e3o aos 207 anos da cidade\t\t\t<\/a>\n\t\t<\/h4>\n\t\t\t\t<div class=\"elementor-post__meta-data\">\n\t\t\t\t\t<span class=\"elementor-post-date\">\n\t\t\t19 de mar\u00e7o de 2026\t\t<\/span>\n\t\t\t\t<\/div>\n\t\t\t\t\t<div class=\"elementor-post__read-more-wrapper\">\n\t\t\n\t\t<a class=\"elementor-post__read-more\" href=\"https:\/\/itajuba.cam.mg.gov.br\/site\/camara-municipal-de-itajuba-prestigia-hasteamento-das-bandeiras-em-celebracao-aos-207-anos-da-cidade\/\" aria-label=\"Leia mais sobre C\u00e2mara Municipal de Itajub\u00e1 prestigia Hasteamento das Bandeiras em celebra\u00e7\u00e3o aos 207 anos da cidade\" tabindex=\"-1\" >\n\t\t\tLeia Mais\t\t<\/a>\n\n\t\t\t\t\t<\/div>\n\t\t\t\t<\/div>\n\t\t\t\t<\/article>\n\t\t\t\t<article class=\"elementor-post elementor-grid-item post-17762 post type-post status-publish format-standard has-post-thumbnail hentry category-noticias\">\n\t\t\t\t<a class=\"elementor-post__thumbnail__link\" href=\"https:\/\/itajuba.cam.mg.gov.br\/site\/camara-municipal-de-itajuba-aprova-reajuste-para-servidores-e-incentivo-ao-esporte-na-7a-sessao-ordinaria\/\" tabindex=\"-1\" >\n\t\t\t<div class=\"elementor-post__thumbnail\"><img loading=\"lazy\" decoding=\"async\" width=\"768\" height=\"576\" src=\"https:\/\/itajuba.cam.mg.gov.br\/site\/wp-content\/uploads\/2026\/03\/CAPA_FACE-3-768x576.png\" class=\"attachment-medium_large size-medium_large wp-image-17765\" alt=\"\" srcset=\"https:\/\/itajuba.cam.mg.gov.br\/site\/wp-content\/uploads\/2026\/03\/CAPA_FACE-3-768x576.png 768w, https:\/\/itajuba.cam.mg.gov.br\/site\/wp-content\/uploads\/2026\/03\/CAPA_FACE-3-300x225.png 300w, https:\/\/itajuba.cam.mg.gov.br\/site\/wp-content\/uploads\/2026\/03\/CAPA_FACE-3-1024x768.png 1024w, https:\/\/itajuba.cam.mg.gov.br\/site\/wp-content\/uploads\/2026\/03\/CAPA_FACE-3.png 1200w\" sizes=\"auto, (max-width: 768px) 100vw, 768px\" \/><\/div>\n\t\t<\/a>\n\t\t\t\t<div class=\"elementor-post__text\">\n\t\t\t\t<h4 class=\"elementor-post__title\">\n\t\t\t<a href=\"https:\/\/itajuba.cam.mg.gov.br\/site\/camara-municipal-de-itajuba-aprova-reajuste-para-servidores-e-incentivo-ao-esporte-na-7a-sessao-ordinaria\/\" >\n\t\t\t\tC\u00e2mara Municipal de Itajub\u00e1 aprova reajuste para servidores e incentivo ao esporte na 7\u00aa Sess\u00e3o Ordin\u00e1ria\t\t\t<\/a>\n\t\t<\/h4>\n\t\t\t\t<div class=\"elementor-post__meta-data\">\n\t\t\t\t\t<span class=\"elementor-post-date\">\n\t\t\t16 de mar\u00e7o de 2026\t\t<\/span>\n\t\t\t\t<\/div>\n\t\t\t\t\t<div class=\"elementor-post__read-more-wrapper\">\n\t\t\n\t\t<a class=\"elementor-post__read-more\" href=\"https:\/\/itajuba.cam.mg.gov.br\/site\/camara-municipal-de-itajuba-aprova-reajuste-para-servidores-e-incentivo-ao-esporte-na-7a-sessao-ordinaria\/\" aria-label=\"Leia mais sobre C\u00e2mara Municipal de Itajub\u00e1 aprova reajuste para servidores e incentivo ao esporte na 7\u00aa Sess\u00e3o Ordin\u00e1ria\" tabindex=\"-1\" >\n\t\t\tLeia Mais\t\t<\/a>\n\n\t\t\t\t\t<\/div>\n\t\t\t\t<\/div>\n\t\t\t\t<\/article>\n\t\t\t\t<article class=\"elementor-post elementor-grid-item post-17758 post type-post status-publish format-standard has-post-thumbnail hentry category-noticias\">\n\t\t\t\t<a class=\"elementor-post__thumbnail__link\" href=\"https:\/\/itajuba.cam.mg.gov.br\/site\/alunos-do-instituto-mario-braganca-visitam-a-camara-municipal-e-a-escola-do-legislativo-de-itajuba\/\" tabindex=\"-1\" >\n\t\t\t<div class=\"elementor-post__thumbnail\"><img loading=\"lazy\" decoding=\"async\" width=\"768\" height=\"576\" src=\"https:\/\/itajuba.cam.mg.gov.br\/site\/wp-content\/uploads\/2026\/03\/00-CAPA_FACE-768x576.png\" class=\"attachment-medium_large size-medium_large wp-image-17760\" alt=\"\" srcset=\"https:\/\/itajuba.cam.mg.gov.br\/site\/wp-content\/uploads\/2026\/03\/00-CAPA_FACE-768x576.png 768w, https:\/\/itajuba.cam.mg.gov.br\/site\/wp-content\/uploads\/2026\/03\/00-CAPA_FACE-300x225.png 300w, https:\/\/itajuba.cam.mg.gov.br\/site\/wp-content\/uploads\/2026\/03\/00-CAPA_FACE-1024x768.png 1024w, https:\/\/itajuba.cam.mg.gov.br\/site\/wp-content\/uploads\/2026\/03\/00-CAPA_FACE.png 1200w\" sizes=\"auto, (max-width: 768px) 100vw, 768px\" \/><\/div>\n\t\t<\/a>\n\t\t\t\t<div class=\"elementor-post__text\">\n\t\t\t\t<h4 class=\"elementor-post__title\">\n\t\t\t<a href=\"https:\/\/itajuba.cam.mg.gov.br\/site\/alunos-do-instituto-mario-braganca-visitam-a-camara-municipal-e-a-escola-do-legislativo-de-itajuba\/\" >\n\t\t\t\tAlunos do Instituto M\u00e1rio Bragan\u00e7a visitam a C\u00e2mara Municipal e a Escola do Legislativo de Itajub\u00e1\t\t\t<\/a>\n\t\t<\/h4>\n\t\t\t\t<div class=\"elementor-post__meta-data\">\n\t\t\t\t\t<span class=\"elementor-post-date\">\n\t\t\t13 de mar\u00e7o de 2026\t\t<\/span>\n\t\t\t\t<\/div>\n\t\t\t\t\t<div class=\"elementor-post__read-more-wrapper\">\n\t\t\n\t\t<a class=\"elementor-post__read-more\" href=\"https:\/\/itajuba.cam.mg.gov.br\/site\/alunos-do-instituto-mario-braganca-visitam-a-camara-municipal-e-a-escola-do-legislativo-de-itajuba\/\" aria-label=\"Leia mais sobre Alunos do Instituto M\u00e1rio Bragan\u00e7a visitam a C\u00e2mara Municipal e a Escola do Legislativo de Itajub\u00e1\" tabindex=\"-1\" >\n\t\t\tLeia Mais\t\t<\/a>\n\n\t\t\t\t\t<\/div>\n\t\t\t\t<\/div>\n\t\t\t\t<\/article>\n\t\t\t\t<article class=\"elementor-post elementor-grid-item post-17754 post type-post status-publish format-standard has-post-thumbnail hentry category-noticias\">\n\t\t\t\t<a class=\"elementor-post__thumbnail__link\" href=\"https:\/\/itajuba.cam.mg.gov.br\/site\/camara-municipal-aprova-projetos-para-fomento-a-cultura-e-modernizacao-administrativa-em-itajuba\/\" tabindex=\"-1\" >\n\t\t\t<div class=\"elementor-post__thumbnail\"><img loading=\"lazy\" decoding=\"async\" width=\"768\" height=\"576\" src=\"https:\/\/itajuba.cam.mg.gov.br\/site\/wp-content\/uploads\/2026\/03\/01-CAPA_FACE-768x576.jpg\" class=\"attachment-medium_large size-medium_large wp-image-17756\" alt=\"\" srcset=\"https:\/\/itajuba.cam.mg.gov.br\/site\/wp-content\/uploads\/2026\/03\/01-CAPA_FACE-768x576.jpg 768w, https:\/\/itajuba.cam.mg.gov.br\/site\/wp-content\/uploads\/2026\/03\/01-CAPA_FACE-300x225.jpg 300w, https:\/\/itajuba.cam.mg.gov.br\/site\/wp-content\/uploads\/2026\/03\/01-CAPA_FACE-1024x768.jpg 1024w, https:\/\/itajuba.cam.mg.gov.br\/site\/wp-content\/uploads\/2026\/03\/01-CAPA_FACE.jpg 1200w\" sizes=\"auto, (max-width: 768px) 100vw, 768px\" \/><\/div>\n\t\t<\/a>\n\t\t\t\t<div class=\"elementor-post__text\">\n\t\t\t\t<h4 class=\"elementor-post__title\">\n\t\t\t<a href=\"https:\/\/itajuba.cam.mg.gov.br\/site\/camara-municipal-aprova-projetos-para-fomento-a-cultura-e-modernizacao-administrativa-em-itajuba\/\" >\n\t\t\t\tC\u00e2mara Municipal aprova projetos para fomento \u00e0 cultura e moderniza\u00e7\u00e3o administrativa em Itajub\u00e1\t\t\t<\/a>\n\t\t<\/h4>\n\t\t\t\t<div class=\"elementor-post__meta-data\">\n\t\t\t\t\t<span class=\"elementor-post-date\">\n\t\t\t11 de mar\u00e7o de 2026\t\t<\/span>\n\t\t\t\t<\/div>\n\t\t\t\t\t<div class=\"elementor-post__read-more-wrapper\">\n\t\t\n\t\t<a class=\"elementor-post__read-more\" href=\"https:\/\/itajuba.cam.mg.gov.br\/site\/camara-municipal-aprova-projetos-para-fomento-a-cultura-e-modernizacao-administrativa-em-itajuba\/\" aria-label=\"Leia mais sobre C\u00e2mara Municipal aprova projetos para fomento \u00e0 cultura e moderniza\u00e7\u00e3o administrativa em Itajub\u00e1\" tabindex=\"-1\" >\n\t\t\tLeia Mais\t\t<\/a>\n\n\t\t\t\t\t<\/div>\n\t\t\t\t<\/div>\n\t\t\t\t<\/article>\n\t\t\t\t<article class=\"elementor-post elementor-grid-item post-17730 post type-post status-publish format-standard has-post-thumbnail hentry category-noticias\">\n\t\t\t\t<a class=\"elementor-post__thumbnail__link\" href=\"https:\/\/itajuba.cam.mg.gov.br\/site\/resumo-da-6a-sessao-ordinaria-pautas-salariais-e-protagonismo-feminino-marcam-os-trabalhos-legislativos\/\" tabindex=\"-1\" >\n\t\t\t<div class=\"elementor-post__thumbnail\"><img loading=\"lazy\" decoding=\"async\" width=\"768\" height=\"576\" src=\"https:\/\/itajuba.cam.mg.gov.br\/site\/wp-content\/uploads\/2026\/03\/CAPA_FACE-1-768x576.png\" class=\"attachment-medium_large size-medium_large wp-image-17731\" alt=\"\" srcset=\"https:\/\/itajuba.cam.mg.gov.br\/site\/wp-content\/uploads\/2026\/03\/CAPA_FACE-1-768x576.png 768w, https:\/\/itajuba.cam.mg.gov.br\/site\/wp-content\/uploads\/2026\/03\/CAPA_FACE-1-300x225.png 300w, https:\/\/itajuba.cam.mg.gov.br\/site\/wp-content\/uploads\/2026\/03\/CAPA_FACE-1-1024x768.png 1024w, https:\/\/itajuba.cam.mg.gov.br\/site\/wp-content\/uploads\/2026\/03\/CAPA_FACE-1.png 1200w\" sizes=\"auto, (max-width: 768px) 100vw, 768px\" \/><\/div>\n\t\t<\/a>\n\t\t\t\t<div class=\"elementor-post__text\">\n\t\t\t\t<h4 class=\"elementor-post__title\">\n\t\t\t<a href=\"https:\/\/itajuba.cam.mg.gov.br\/site\/resumo-da-6a-sessao-ordinaria-pautas-salariais-e-protagonismo-feminino-marcam-os-trabalhos-legislativos\/\" >\n\t\t\t\tResumo da 6\u00aa Sess\u00e3o Ordin\u00e1ria: Pautas Salariais e Protagonismo Feminino marcam os trabalhos legislativos\t\t\t<\/a>\n\t\t<\/h4>\n\t\t\t\t<div class=\"elementor-post__meta-data\">\n\t\t\t\t\t<span class=\"elementor-post-date\">\n\t\t\t9 de mar\u00e7o de 2026\t\t<\/span>\n\t\t\t\t<\/div>\n\t\t\t\t\t<div class=\"elementor-post__read-more-wrapper\">\n\t\t\n\t\t<a class=\"elementor-post__read-more\" href=\"https:\/\/itajuba.cam.mg.gov.br\/site\/resumo-da-6a-sessao-ordinaria-pautas-salariais-e-protagonismo-feminino-marcam-os-trabalhos-legislativos\/\" aria-label=\"Leia mais sobre Resumo da 6\u00aa Sess\u00e3o Ordin\u00e1ria: Pautas Salariais e Protagonismo Feminino marcam os trabalhos legislativos\" tabindex=\"-1\" >\n\t\t\tLeia Mais\t\t<\/a>\n\n\t\t\t\t\t<\/div>\n\t\t\t\t<\/div>\n\t\t\t\t<\/article>\n\t\t\t\t<article class=\"elementor-post elementor-grid-item post-17705 post type-post status-publish format-standard has-post-thumbnail hentry category-noticias\">\n\t\t\t\t<a class=\"elementor-post__thumbnail__link\" href=\"https:\/\/itajuba.cam.mg.gov.br\/site\/camara-jovem-de-itajuba-aprova-por-unanimidade-projeto-que-incentiva-artes-e-cultura-no-municipio\/\" tabindex=\"-1\" >\n\t\t\t<div class=\"elementor-post__thumbnail\"><img loading=\"lazy\" decoding=\"async\" width=\"768\" height=\"576\" src=\"https:\/\/itajuba.cam.mg.gov.br\/site\/wp-content\/uploads\/2026\/03\/CAPA_SITE-768x576.png\" class=\"attachment-medium_large size-medium_large wp-image-17706\" alt=\"\" srcset=\"https:\/\/itajuba.cam.mg.gov.br\/site\/wp-content\/uploads\/2026\/03\/CAPA_SITE-768x576.png 768w, https:\/\/itajuba.cam.mg.gov.br\/site\/wp-content\/uploads\/2026\/03\/CAPA_SITE-300x225.png 300w, https:\/\/itajuba.cam.mg.gov.br\/site\/wp-content\/uploads\/2026\/03\/CAPA_SITE-1024x768.png 1024w, https:\/\/itajuba.cam.mg.gov.br\/site\/wp-content\/uploads\/2026\/03\/CAPA_SITE.png 1200w\" sizes=\"auto, (max-width: 768px) 100vw, 768px\" \/><\/div>\n\t\t<\/a>\n\t\t\t\t<div class=\"elementor-post__text\">\n\t\t\t\t<h4 class=\"elementor-post__title\">\n\t\t\t<a href=\"https:\/\/itajuba.cam.mg.gov.br\/site\/camara-jovem-de-itajuba-aprova-por-unanimidade-projeto-que-incentiva-artes-e-cultura-no-municipio\/\" >\n\t\t\t\tC\u00e2mara Jovem de Itajub\u00e1 aprova por unanimidade projeto que incentiva artes e cultura no munic\u00edpio\t\t\t<\/a>\n\t\t<\/h4>\n\t\t\t\t<div class=\"elementor-post__meta-data\">\n\t\t\t\t\t<span class=\"elementor-post-date\">\n\t\t\t5 de mar\u00e7o de 2026\t\t<\/span>\n\t\t\t\t<\/div>\n\t\t\t\t\t<div class=\"elementor-post__read-more-wrapper\">\n\t\t\n\t\t<a class=\"elementor-post__read-more\" href=\"https:\/\/itajuba.cam.mg.gov.br\/site\/camara-jovem-de-itajuba-aprova-por-unanimidade-projeto-que-incentiva-artes-e-cultura-no-municipio\/\" aria-label=\"Leia mais sobre C\u00e2mara Jovem de Itajub\u00e1 aprova por unanimidade projeto que incentiva artes e cultura no munic\u00edpio\" tabindex=\"-1\" >\n\t\t\tLeia Mais\t\t<\/a>\n\n\t\t\t\t\t<\/div>\n\t\t\t\t<\/div>\n\t\t\t\t<\/article>\n\t\t\t\t<article class=\"elementor-post elementor-grid-item post-17678 post type-post status-publish format-standard has-post-thumbnail hentry category-noticias\">\n\t\t\t\t<a class=\"elementor-post__thumbnail__link\" href=\"https:\/\/itajuba.cam.mg.gov.br\/site\/resumo-da-5a-sessao-ordinaria\/\" tabindex=\"-1\" >\n\t\t\t<div class=\"elementor-post__thumbnail\"><img loading=\"lazy\" decoding=\"async\" width=\"768\" height=\"576\" src=\"https:\/\/itajuba.cam.mg.gov.br\/site\/wp-content\/uploads\/2026\/03\/CAPA_FACE-768x576.png\" class=\"attachment-medium_large size-medium_large wp-image-17679\" alt=\"\" srcset=\"https:\/\/itajuba.cam.mg.gov.br\/site\/wp-content\/uploads\/2026\/03\/CAPA_FACE-768x576.png 768w, https:\/\/itajuba.cam.mg.gov.br\/site\/wp-content\/uploads\/2026\/03\/CAPA_FACE-300x225.png 300w, https:\/\/itajuba.cam.mg.gov.br\/site\/wp-content\/uploads\/2026\/03\/CAPA_FACE-1024x768.png 1024w, https:\/\/itajuba.cam.mg.gov.br\/site\/wp-content\/uploads\/2026\/03\/CAPA_FACE.png 1200w\" sizes=\"auto, (max-width: 768px) 100vw, 768px\" \/><\/div>\n\t\t<\/a>\n\t\t\t\t<div class=\"elementor-post__text\">\n\t\t\t\t<h4 class=\"elementor-post__title\">\n\t\t\t<a href=\"https:\/\/itajuba.cam.mg.gov.br\/site\/resumo-da-5a-sessao-ordinaria\/\" >\n\t\t\t\tResumo da 5\u00aa Sess\u00e3o Ordin\u00e1ria\t\t\t<\/a>\n\t\t<\/h4>\n\t\t\t\t<div class=\"elementor-post__meta-data\">\n\t\t\t\t\t<span class=\"elementor-post-date\">\n\t\t\t2 de mar\u00e7o de 2026\t\t<\/span>\n\t\t\t\t<\/div>\n\t\t\t\t\t<div class=\"elementor-post__read-more-wrapper\">\n\t\t\n\t\t<a class=\"elementor-post__read-more\" href=\"https:\/\/itajuba.cam.mg.gov.br\/site\/resumo-da-5a-sessao-ordinaria\/\" aria-label=\"Leia mais sobre Resumo da 5\u00aa Sess\u00e3o Ordin\u00e1ria\" tabindex=\"-1\" >\n\t\t\tLeia Mais\t\t<\/a>\n\n\t\t\t\t\t<\/div>\n\t\t\t\t<\/div>\n\t\t\t\t<\/article>\n\t\t\t\t<article class=\"elementor-post elementor-grid-item post-17597 post type-post status-publish format-standard has-post-thumbnail hentry category-noticias\">\n\t\t\t\t<a class=\"elementor-post__thumbnail__link\" href=\"https:\/\/itajuba.cam.mg.gov.br\/site\/excelencia-escolar-camara-municipal-homenageia-42-estudantes-com-o-certificado-aluno-nota-10-2025\/\" tabindex=\"-1\" >\n\t\t\t<div class=\"elementor-post__thumbnail\"><img loading=\"lazy\" decoding=\"async\" width=\"768\" height=\"512\" src=\"https:\/\/itajuba.cam.mg.gov.br\/site\/wp-content\/uploads\/2026\/02\/CAPA-768x512.jpg\" class=\"attachment-medium_large size-medium_large wp-image-17598\" alt=\"\" srcset=\"https:\/\/itajuba.cam.mg.gov.br\/site\/wp-content\/uploads\/2026\/02\/CAPA-768x512.jpg 768w, https:\/\/itajuba.cam.mg.gov.br\/site\/wp-content\/uploads\/2026\/02\/CAPA-300x200.jpg 300w, https:\/\/itajuba.cam.mg.gov.br\/site\/wp-content\/uploads\/2026\/02\/CAPA-1024x683.jpg 1024w, https:\/\/itajuba.cam.mg.gov.br\/site\/wp-content\/uploads\/2026\/02\/CAPA-1536x1024.jpg 1536w, https:\/\/itajuba.cam.mg.gov.br\/site\/wp-content\/uploads\/2026\/02\/CAPA.jpg 2048w\" sizes=\"auto, (max-width: 768px) 100vw, 768px\" \/><\/div>\n\t\t<\/a>\n\t\t\t\t<div class=\"elementor-post__text\">\n\t\t\t\t<h4 class=\"elementor-post__title\">\n\t\t\t<a href=\"https:\/\/itajuba.cam.mg.gov.br\/site\/excelencia-escolar-camara-municipal-homenageia-42-estudantes-com-o-certificado-aluno-nota-10-2025\/\" >\n\t\t\t\tExcel\u00eancia Escolar: C\u00e2mara Municipal homenageia 42 estudantes com o certificado &#8220;Aluno Nota 10 2025&#8221;\t\t\t<\/a>\n\t\t<\/h4>\n\t\t\t\t<div class=\"elementor-post__meta-data\">\n\t\t\t\t\t<span class=\"elementor-post-date\">\n\t\t\t27 de fevereiro de 2026\t\t<\/span>\n\t\t\t\t<\/div>\n\t\t\t\t\t<div class=\"elementor-post__read-more-wrapper\">\n\t\t\n\t\t<a class=\"elementor-post__read-more\" href=\"https:\/\/itajuba.cam.mg.gov.br\/site\/excelencia-escolar-camara-municipal-homenageia-42-estudantes-com-o-certificado-aluno-nota-10-2025\/\" aria-label=\"Leia mais sobre Excel\u00eancia Escolar: C\u00e2mara Municipal homenageia 42 estudantes com o certificado &#8220;Aluno Nota 10 2025&#8221;\" tabindex=\"-1\" >\n\t\t\tLeia Mais\t\t<\/a>\n\n\t\t\t\t\t<\/div>\n\t\t\t\t<\/div>\n\t\t\t\t<\/article>\n\t\t\t\t<article class=\"elementor-post elementor-grid-item post-17571 post type-post status-publish format-standard has-post-thumbnail hentry category-noticias\">\n\t\t\t\t<a class=\"elementor-post__thumbnail__link\" href=\"https:\/\/itajuba.cam.mg.gov.br\/site\/resumo-da-4a-sessao-ordinaria-de-2026\/\" tabindex=\"-1\" >\n\t\t\t<div class=\"elementor-post__thumbnail\"><img loading=\"lazy\" decoding=\"async\" width=\"768\" height=\"576\" src=\"https:\/\/itajuba.cam.mg.gov.br\/site\/wp-content\/uploads\/2026\/02\/00CAPA_FACE-768x576.png\" class=\"attachment-medium_large size-medium_large wp-image-17570\" alt=\"\" srcset=\"https:\/\/itajuba.cam.mg.gov.br\/site\/wp-content\/uploads\/2026\/02\/00CAPA_FACE-768x576.png 768w, https:\/\/itajuba.cam.mg.gov.br\/site\/wp-content\/uploads\/2026\/02\/00CAPA_FACE-300x225.png 300w, https:\/\/itajuba.cam.mg.gov.br\/site\/wp-content\/uploads\/2026\/02\/00CAPA_FACE-1024x768.png 1024w, https:\/\/itajuba.cam.mg.gov.br\/site\/wp-content\/uploads\/2026\/02\/00CAPA_FACE.png 1200w\" sizes=\"auto, (max-width: 768px) 100vw, 768px\" \/><\/div>\n\t\t<\/a>\n\t\t\t\t<div class=\"elementor-post__text\">\n\t\t\t\t<h4 class=\"elementor-post__title\">\n\t\t\t<a href=\"https:\/\/itajuba.cam.mg.gov.br\/site\/resumo-da-4a-sessao-ordinaria-de-2026\/\" >\n\t\t\t\tResumo da 4\u00aa Sess\u00e3o Ordin\u00e1ria de 2026\t\t\t<\/a>\n\t\t<\/h4>\n\t\t\t\t<div class=\"elementor-post__meta-data\">\n\t\t\t\t\t<span class=\"elementor-post-date\">\n\t\t\t23 de fevereiro de 2026\t\t<\/span>\n\t\t\t\t<\/div>\n\t\t\t\t\t<div class=\"elementor-post__read-more-wrapper\">\n\t\t\n\t\t<a class=\"elementor-post__read-more\" href=\"https:\/\/itajuba.cam.mg.gov.br\/site\/resumo-da-4a-sessao-ordinaria-de-2026\/\" aria-label=\"Leia mais sobre Resumo da 4\u00aa Sess\u00e3o Ordin\u00e1ria de 2026\" tabindex=\"-1\" >\n\t\t\tLeia Mais\t\t<\/a>\n\n\t\t\t\t\t<\/div>\n\t\t\t\t<\/div>\n\t\t\t\t<\/article>\n\t\t\t\t<article class=\"elementor-post elementor-grid-item post-17563 post type-post status-publish format-standard has-post-thumbnail hentry category-noticias\">\n\t\t\t\t<a class=\"elementor-post__thumbnail__link\" href=\"https:\/\/itajuba.cam.mg.gov.br\/site\/requerimentos-da-semana-19\/\" tabindex=\"-1\" >\n\t\t\t<div class=\"elementor-post__thumbnail\"><img loading=\"lazy\" decoding=\"async\" width=\"768\" height=\"615\" src=\"https:\/\/itajuba.cam.mg.gov.br\/site\/wp-content\/uploads\/2026\/02\/REQUERIMENTO_FACE_CAPA-2-768x615.png\" class=\"attachment-medium_large size-medium_large wp-image-17564\" alt=\"\" srcset=\"https:\/\/itajuba.cam.mg.gov.br\/site\/wp-content\/uploads\/2026\/02\/REQUERIMENTO_FACE_CAPA-2-768x615.png 768w, https:\/\/itajuba.cam.mg.gov.br\/site\/wp-content\/uploads\/2026\/02\/REQUERIMENTO_FACE_CAPA-2-300x240.png 300w, https:\/\/itajuba.cam.mg.gov.br\/site\/wp-content\/uploads\/2026\/02\/REQUERIMENTO_FACE_CAPA-2-1024x820.png 1024w, https:\/\/itajuba.cam.mg.gov.br\/site\/wp-content\/uploads\/2026\/02\/REQUERIMENTO_FACE_CAPA-2.png 1081w\" sizes=\"auto, (max-width: 768px) 100vw, 768px\" \/><\/div>\n\t\t<\/a>\n\t\t\t\t<div class=\"elementor-post__text\">\n\t\t\t\t<h4 class=\"elementor-post__title\">\n\t\t\t<a href=\"https:\/\/itajuba.cam.mg.gov.br\/site\/requerimentos-da-semana-19\/\" >\n\t\t\t\tRequerimentos da semana\t\t\t<\/a>\n\t\t<\/h4>\n\t\t\t\t<div class=\"elementor-post__meta-data\">\n\t\t\t\t\t<span class=\"elementor-post-date\">\n\t\t\t20 de fevereiro de 2026\t\t<\/span>\n\t\t\t\t<\/div>\n\t\t\t\t\t<div class=\"elementor-post__read-more-wrapper\">\n\t\t\n\t\t<a class=\"elementor-post__read-more\" href=\"https:\/\/itajuba.cam.mg.gov.br\/site\/requerimentos-da-semana-19\/\" aria-label=\"Leia mais sobre Requerimentos da semana\" tabindex=\"-1\" >\n\t\t\tLeia Mais\t\t<\/a>\n\n\t\t\t\t\t<\/div>\n\t\t\t\t<\/div>\n\t\t\t\t<\/article>\n\t\t\t\t<article class=\"elementor-post elementor-grid-item post-17535 post type-post status-publish format-standard has-post-thumbnail hentry category-noticias\">\n\t\t\t\t<a class=\"elementor-post__thumbnail__link\" href=\"https:\/\/itajuba.cam.mg.gov.br\/site\/resumo-da-3a-sessao-ordinaria-de-2026\/\" tabindex=\"-1\" >\n\t\t\t<div class=\"elementor-post__thumbnail\"><img loading=\"lazy\" decoding=\"async\" width=\"768\" height=\"576\" src=\"https:\/\/itajuba.cam.mg.gov.br\/site\/wp-content\/uploads\/2026\/02\/CAPA_FACE-2-768x576.png\" class=\"attachment-medium_large size-medium_large wp-image-17542\" alt=\"\" srcset=\"https:\/\/itajuba.cam.mg.gov.br\/site\/wp-content\/uploads\/2026\/02\/CAPA_FACE-2-768x576.png 768w, https:\/\/itajuba.cam.mg.gov.br\/site\/wp-content\/uploads\/2026\/02\/CAPA_FACE-2-300x225.png 300w, https:\/\/itajuba.cam.mg.gov.br\/site\/wp-content\/uploads\/2026\/02\/CAPA_FACE-2-1024x768.png 1024w, https:\/\/itajuba.cam.mg.gov.br\/site\/wp-content\/uploads\/2026\/02\/CAPA_FACE-2.png 1200w\" sizes=\"auto, (max-width: 768px) 100vw, 768px\" \/><\/div>\n\t\t<\/a>\n\t\t\t\t<div class=\"elementor-post__text\">\n\t\t\t\t<h4 class=\"elementor-post__title\">\n\t\t\t<a href=\"https:\/\/itajuba.cam.mg.gov.br\/site\/resumo-da-3a-sessao-ordinaria-de-2026\/\" >\n\t\t\t\tResumo da 3\u00aa Sess\u00e3o Ordin\u00e1ria de 2026\t\t\t<\/a>\n\t\t<\/h4>\n\t\t\t\t<div class=\"elementor-post__meta-data\">\n\t\t\t\t\t<span class=\"elementor-post-date\">\n\t\t\t19 de fevereiro de 2026\t\t<\/span>\n\t\t\t\t<\/div>\n\t\t\t\t\t<div class=\"elementor-post__read-more-wrapper\">\n\t\t\n\t\t<a class=\"elementor-post__read-more\" href=\"https:\/\/itajuba.cam.mg.gov.br\/site\/resumo-da-3a-sessao-ordinaria-de-2026\/\" aria-label=\"Leia mais sobre Resumo da 3\u00aa Sess\u00e3o Ordin\u00e1ria de 2026\" tabindex=\"-1\" >\n\t\t\tLeia Mais\t\t<\/a>\n\n\t\t\t\t\t<\/div>\n\t\t\t\t<\/div>\n\t\t\t\t<\/article>\n\t\t\t\t<article class=\"elementor-post elementor-grid-item post-17523 post type-post status-publish format-standard has-post-thumbnail hentry category-noticias\">\n\t\t\t\t<a class=\"elementor-post__thumbnail__link\" href=\"https:\/\/itajuba.cam.mg.gov.br\/site\/requerimentos-da-semana-18\/\" tabindex=\"-1\" >\n\t\t\t<div class=\"elementor-post__thumbnail\"><img loading=\"lazy\" decoding=\"async\" width=\"768\" height=\"615\" src=\"https:\/\/itajuba.cam.mg.gov.br\/site\/wp-content\/uploads\/2026\/02\/REQUERIMENTO_FACE_CAPA-1-768x615.png\" class=\"attachment-medium_large size-medium_large wp-image-17524\" alt=\"\" srcset=\"https:\/\/itajuba.cam.mg.gov.br\/site\/wp-content\/uploads\/2026\/02\/REQUERIMENTO_FACE_CAPA-1-768x615.png 768w, https:\/\/itajuba.cam.mg.gov.br\/site\/wp-content\/uploads\/2026\/02\/REQUERIMENTO_FACE_CAPA-1-300x240.png 300w, https:\/\/itajuba.cam.mg.gov.br\/site\/wp-content\/uploads\/2026\/02\/REQUERIMENTO_FACE_CAPA-1-1024x820.png 1024w, https:\/\/itajuba.cam.mg.gov.br\/site\/wp-content\/uploads\/2026\/02\/REQUERIMENTO_FACE_CAPA-1.png 1081w\" sizes=\"auto, (max-width: 768px) 100vw, 768px\" \/><\/div>\n\t\t<\/a>\n\t\t\t\t<div class=\"elementor-post__text\">\n\t\t\t\t<h4 class=\"elementor-post__title\">\n\t\t\t<a href=\"https:\/\/itajuba.cam.mg.gov.br\/site\/requerimentos-da-semana-18\/\" >\n\t\t\t\tRequerimentos da semana\t\t\t<\/a>\n\t\t<\/h4>\n\t\t\t\t<div class=\"elementor-post__meta-data\">\n\t\t\t\t\t<span class=\"elementor-post-date\">\n\t\t\t10 de fevereiro de 2026\t\t<\/span>\n\t\t\t\t<\/div>\n\t\t\t\t\t<div class=\"elementor-post__read-more-wrapper\">\n\t\t\n\t\t<a class=\"elementor-post__read-more\" href=\"https:\/\/itajuba.cam.mg.gov.br\/site\/requerimentos-da-semana-18\/\" aria-label=\"Leia mais sobre Requerimentos da semana\" tabindex=\"-1\" >\n\t\t\tLeia Mais\t\t<\/a>\n\n\t\t\t\t\t<\/div>\n\t\t\t\t<\/div>\n\t\t\t\t<\/article>\n\t\t\t\t<article class=\"elementor-post elementor-grid-item post-17496 post type-post status-publish format-standard has-post-thumbnail hentry category-noticias\">\n\t\t\t\t<a class=\"elementor-post__thumbnail__link\" href=\"https:\/\/itajuba.cam.mg.gov.br\/site\/resumo-da-2a-sessao-ordinaria-de-2026\/\" tabindex=\"-1\" >\n\t\t\t<div class=\"elementor-post__thumbnail\"><img loading=\"lazy\" decoding=\"async\" width=\"768\" height=\"576\" src=\"https:\/\/itajuba.cam.mg.gov.br\/site\/wp-content\/uploads\/2026\/02\/CAPA_FACE-1-768x576.png\" class=\"attachment-medium_large size-medium_large wp-image-17498\" alt=\"\" srcset=\"https:\/\/itajuba.cam.mg.gov.br\/site\/wp-content\/uploads\/2026\/02\/CAPA_FACE-1-768x576.png 768w, https:\/\/itajuba.cam.mg.gov.br\/site\/wp-content\/uploads\/2026\/02\/CAPA_FACE-1-300x225.png 300w, https:\/\/itajuba.cam.mg.gov.br\/site\/wp-content\/uploads\/2026\/02\/CAPA_FACE-1-1024x768.png 1024w, https:\/\/itajuba.cam.mg.gov.br\/site\/wp-content\/uploads\/2026\/02\/CAPA_FACE-1.png 1200w\" sizes=\"auto, (max-width: 768px) 100vw, 768px\" \/><\/div>\n\t\t<\/a>\n\t\t\t\t<div class=\"elementor-post__text\">\n\t\t\t\t<h4 class=\"elementor-post__title\">\n\t\t\t<a href=\"https:\/\/itajuba.cam.mg.gov.br\/site\/resumo-da-2a-sessao-ordinaria-de-2026\/\" >\n\t\t\t\tResumo da 2\u00aa Sess\u00e3o Ordin\u00e1ria de 2026\t\t\t<\/a>\n\t\t<\/h4>\n\t\t\t\t<div class=\"elementor-post__meta-data\">\n\t\t\t\t\t<span class=\"elementor-post-date\">\n\t\t\t9 de fevereiro de 2026\t\t<\/span>\n\t\t\t\t<\/div>\n\t\t\t\t\t<div class=\"elementor-post__read-more-wrapper\">\n\t\t\n\t\t<a class=\"elementor-post__read-more\" href=\"https:\/\/itajuba.cam.mg.gov.br\/site\/resumo-da-2a-sessao-ordinaria-de-2026\/\" aria-label=\"Leia mais sobre Resumo da 2\u00aa Sess\u00e3o Ordin\u00e1ria de 2026\" tabindex=\"-1\" >\n\t\t\tLeia Mais\t\t<\/a>\n\n\t\t\t\t\t<\/div>\n\t\t\t\t<\/div>\n\t\t\t\t<\/article>\n\t\t\t\t<article class=\"elementor-post elementor-grid-item post-17474 post type-post status-publish format-standard has-post-thumbnail hentry category-noticias\">\n\t\t\t\t<a class=\"elementor-post__thumbnail__link\" href=\"https:\/\/itajuba.cam.mg.gov.br\/site\/requerimentos-da-semana-17\/\" tabindex=\"-1\" >\n\t\t\t<div class=\"elementor-post__thumbnail\"><img loading=\"lazy\" decoding=\"async\" width=\"768\" height=\"615\" src=\"https:\/\/itajuba.cam.mg.gov.br\/site\/wp-content\/uploads\/2026\/02\/REQUERIMENTO_FACE_CAPA-768x615.png\" class=\"attachment-medium_large size-medium_large wp-image-17477\" alt=\"\" srcset=\"https:\/\/itajuba.cam.mg.gov.br\/site\/wp-content\/uploads\/2026\/02\/REQUERIMENTO_FACE_CAPA-768x615.png 768w, https:\/\/itajuba.cam.mg.gov.br\/site\/wp-content\/uploads\/2026\/02\/REQUERIMENTO_FACE_CAPA-300x240.png 300w, https:\/\/itajuba.cam.mg.gov.br\/site\/wp-content\/uploads\/2026\/02\/REQUERIMENTO_FACE_CAPA-1024x820.png 1024w, https:\/\/itajuba.cam.mg.gov.br\/site\/wp-content\/uploads\/2026\/02\/REQUERIMENTO_FACE_CAPA.png 1081w\" sizes=\"auto, (max-width: 768px) 100vw, 768px\" \/><\/div>\n\t\t<\/a>\n\t\t\t\t<div class=\"elementor-post__text\">\n\t\t\t\t<h4 class=\"elementor-post__title\">\n\t\t\t<a href=\"https:\/\/itajuba.cam.mg.gov.br\/site\/requerimentos-da-semana-17\/\" >\n\t\t\t\tRequerimentos da semana\t\t\t<\/a>\n\t\t<\/h4>\n\t\t\t\t<div class=\"elementor-post__meta-data\">\n\t\t\t\t\t<span class=\"elementor-post-date\">\n\t\t\t3 de fevereiro de 2026\t\t<\/span>\n\t\t\t\t<\/div>\n\t\t\t\t\t<div class=\"elementor-post__read-more-wrapper\">\n\t\t\n\t\t<a class=\"elementor-post__read-more\" href=\"https:\/\/itajuba.cam.mg.gov.br\/site\/requerimentos-da-semana-17\/\" aria-label=\"Leia mais sobre Requerimentos da semana\" tabindex=\"-1\" >\n\t\t\tLeia Mais\t\t<\/a>\n\n\t\t\t\t\t<\/div>\n\t\t\t\t<\/div>\n\t\t\t\t<\/article>\n\t\t\t\t<article class=\"elementor-post elementor-grid-item post-17447 post type-post status-publish format-standard has-post-thumbnail hentry category-noticias\">\n\t\t\t\t<a class=\"elementor-post__thumbnail__link\" href=\"https:\/\/itajuba.cam.mg.gov.br\/site\/resumo-da-1a-sessao-ordinaria-de-2026\/\" tabindex=\"-1\" >\n\t\t\t<div class=\"elementor-post__thumbnail\"><img loading=\"lazy\" decoding=\"async\" width=\"768\" height=\"576\" src=\"https:\/\/itajuba.cam.mg.gov.br\/site\/wp-content\/uploads\/2026\/02\/CAPA_FACE-768x576.png\" class=\"attachment-medium_large size-medium_large wp-image-17448\" alt=\"\" srcset=\"https:\/\/itajuba.cam.mg.gov.br\/site\/wp-content\/uploads\/2026\/02\/CAPA_FACE-768x576.png 768w, https:\/\/itajuba.cam.mg.gov.br\/site\/wp-content\/uploads\/2026\/02\/CAPA_FACE-300x225.png 300w, https:\/\/itajuba.cam.mg.gov.br\/site\/wp-content\/uploads\/2026\/02\/CAPA_FACE-1024x768.png 1024w, https:\/\/itajuba.cam.mg.gov.br\/site\/wp-content\/uploads\/2026\/02\/CAPA_FACE.png 1200w\" sizes=\"auto, (max-width: 768px) 100vw, 768px\" \/><\/div>\n\t\t<\/a>\n\t\t\t\t<div class=\"elementor-post__text\">\n\t\t\t\t<h4 class=\"elementor-post__title\">\n\t\t\t<a href=\"https:\/\/itajuba.cam.mg.gov.br\/site\/resumo-da-1a-sessao-ordinaria-de-2026\/\" >\n\t\t\t\tResumo da 1\u00aa Sess\u00e3o Ordin\u00e1ria de 2026\t\t\t<\/a>\n\t\t<\/h4>\n\t\t\t\t<div class=\"elementor-post__meta-data\">\n\t\t\t\t\t<span class=\"elementor-post-date\">\n\t\t\t3 de fevereiro de 2026\t\t<\/span>\n\t\t\t\t<\/div>\n\t\t\t\t\t<div class=\"elementor-post__read-more-wrapper\">\n\t\t\n\t\t<a class=\"elementor-post__read-more\" href=\"https:\/\/itajuba.cam.mg.gov.br\/site\/resumo-da-1a-sessao-ordinaria-de-2026\/\" aria-label=\"Leia mais sobre Resumo da 1\u00aa Sess\u00e3o Ordin\u00e1ria de 2026\" tabindex=\"-1\" >\n\t\t\tLeia Mais\t\t<\/a>\n\n\t\t\t\t\t<\/div>\n\t\t\t\t<\/div>\n\t\t\t\t<\/article>\n\t\t\t\t<article class=\"elementor-post elementor-grid-item post-17424 post type-post status-publish format-standard has-post-thumbnail hentry category-noticias\">\n\t\t\t\t<a class=\"elementor-post__thumbnail__link\" href=\"https:\/\/itajuba.cam.mg.gov.br\/site\/camara-encerra-atividades-legislativas-de-2025-com-duas-sessoes-extraordinarias\/\" tabindex=\"-1\" >\n\t\t\t<div class=\"elementor-post__thumbnail\"><img loading=\"lazy\" decoding=\"async\" width=\"768\" height=\"576\" src=\"https:\/\/itajuba.cam.mg.gov.br\/site\/wp-content\/uploads\/2025\/12\/CAPA-FACE-8-768x576.png\" class=\"attachment-medium_large size-medium_large wp-image-17425\" alt=\"\" srcset=\"https:\/\/itajuba.cam.mg.gov.br\/site\/wp-content\/uploads\/2025\/12\/CAPA-FACE-8-768x576.png 768w, https:\/\/itajuba.cam.mg.gov.br\/site\/wp-content\/uploads\/2025\/12\/CAPA-FACE-8-300x225.png 300w, https:\/\/itajuba.cam.mg.gov.br\/site\/wp-content\/uploads\/2025\/12\/CAPA-FACE-8-1024x768.png 1024w, https:\/\/itajuba.cam.mg.gov.br\/site\/wp-content\/uploads\/2025\/12\/CAPA-FACE-8.png 1200w\" sizes=\"auto, (max-width: 768px) 100vw, 768px\" \/><\/div>\n\t\t<\/a>\n\t\t\t\t<div class=\"elementor-post__text\">\n\t\t\t\t<h4 class=\"elementor-post__title\">\n\t\t\t<a href=\"https:\/\/itajuba.cam.mg.gov.br\/site\/camara-encerra-atividades-legislativas-de-2025-com-duas-sessoes-extraordinarias\/\" >\n\t\t\t\tC\u00e2mara encerra atividades legislativas de 2025 com duas sess\u00f5es extraordin\u00e1rias\t\t\t<\/a>\n\t\t<\/h4>\n\t\t\t\t<div class=\"elementor-post__meta-data\">\n\t\t\t\t\t<span class=\"elementor-post-date\">\n\t\t\t23 de dezembro de 2025\t\t<\/span>\n\t\t\t\t<\/div>\n\t\t\t\t\t<div class=\"elementor-post__read-more-wrapper\">\n\t\t\n\t\t<a class=\"elementor-post__read-more\" href=\"https:\/\/itajuba.cam.mg.gov.br\/site\/camara-encerra-atividades-legislativas-de-2025-com-duas-sessoes-extraordinarias\/\" aria-label=\"Leia mais sobre C\u00e2mara encerra atividades legislativas de 2025 com duas sess\u00f5es extraordin\u00e1rias\" tabindex=\"-1\" >\n\t\t\tLeia Mais\t\t<\/a>\n\n\t\t\t\t\t<\/div>\n\t\t\t\t<\/div>\n\t\t\t\t<\/article>\n\t\t\t\t<\/div>\n\t\t\n\t\t\t\t<div class=\"e-load-more-anchor\" data-page=\"1\" data-max-page=\"24\" data-next-page=\"https:\/\/itajuba.cam.mg.gov.br\/site\/wp-json\/wp\/v2\/pages\/7500\/page\/2\/\"><\/div>\n\t\t\t\t<nav class=\"elementor-pagination\" aria-label=\"Pagina\u00e7\u00e3o\">\n\t\t\t<span class=\"page-numbers prev\">&laquo; Anterior<\/span>\n<span aria-current=\"page\" class=\"page-numbers current\"><span class=\"elementor-screen-only\">P\u00e1gina<\/span>1<\/span>\n<a class=\"page-numbers\" href=\"https:\/\/itajuba.cam.mg.gov.br\/site\/wp-json\/wp\/v2\/pages\/7500\/page\/2\/\"><span class=\"elementor-screen-only\">P\u00e1gina<\/span>2<\/a>\n<a class=\"page-numbers\" href=\"https:\/\/itajuba.cam.mg.gov.br\/site\/wp-json\/wp\/v2\/pages\/7500\/page\/3\/\"><span class=\"elementor-screen-only\">P\u00e1gina<\/span>3<\/a>\n<a class=\"page-numbers\" href=\"https:\/\/itajuba.cam.mg.gov.br\/site\/wp-json\/wp\/v2\/pages\/7500\/page\/4\/\"><span class=\"elementor-screen-only\">P\u00e1gina<\/span>4<\/a>\n<a class=\"page-numbers\" href=\"https:\/\/itajuba.cam.mg.gov.br\/site\/wp-json\/wp\/v2\/pages\/7500\/page\/5\/\"><span class=\"elementor-screen-only\">P\u00e1gina<\/span>5<\/a>\n<a class=\"page-numbers next\" href=\"https:\/\/itajuba.cam.mg.gov.br\/site\/wp-json\/wp\/v2\/pages\/7500\/page\/2\/\">Pr\u00f3xima &raquo;<\/a>\t\t<\/nav>\n\t\t\t\t<\/div>\n\t\t\t\t<\/div>\n\t\t\t\t\t<\/div>\n\t\t<\/div>\n\t\t\t\t\t\t\t<\/div>\n\t\t<\/section>\n\t\t\t\t\t\t\t<\/div>\n\t\t","protected":false},"excerpt":{"rendered":"","protected":false},"author":1,"featured_media":0,"parent":0,"menu_order":0,"comment_status":"closed","ping_status":"closed","template":"","meta":{"footnotes":""},"class_list":["post-7500","page","type-page","status-publish","hentry"],"yoast_head":"<!-- This site is optimized with the Yoast SEO plugin v21.0 - https:\/\/yoast.com\/wordpress\/plugins\/seo\/ -->\n<title>Not\u00edcias - C\u00e2mara Municipal de Itajub\u00e1<\/title>\n<meta name=\"robots\" content=\"index, follow, max-snippet:-1, max-image-preview:large, max-video-preview:-1\" \/>\n<link rel=\"canonical\" href=\"https:\/\/itajuba.cam.mg.gov.br\/site\/noticias\/\" \/>\n<meta property=\"og:locale\" content=\"pt_BR\" \/>\n<meta property=\"og:type\" content=\"article\" \/>\n<meta property=\"og:title\" content=\"Not\u00edcias - C\u00e2mara Municipal de Itajub\u00e1\" \/>\n<meta property=\"og:url\" content=\"https:\/\/itajuba.cam.mg.gov.br\/site\/noticias\/\" \/>\n<meta property=\"og:site_name\" content=\"C\u00e2mara Municipal de Itajub\u00e1\" \/>\n<meta property=\"article:publisher\" content=\"https:\/\/www.facebook.com\/camaradeitajubaoficial\" \/>\n<meta property=\"article:modified_time\" content=\"2023-10-23T01:32:24+00:00\" \/>\n<meta name=\"twitter:card\" content=\"summary_large_image\" \/>\n<meta name=\"twitter:label1\" content=\"Est. tempo de leitura\" \/>\n\t<meta name=\"twitter:data1\" content=\"8 minutos\" \/>\n<script type=\"application\/ld+json\" class=\"yoast-schema-graph\">{\"@context\":\"https:\/\/schema.org\",\"@graph\":[{\"@type\":\"WebPage\",\"@id\":\"https:\/\/itajuba.cam.mg.gov.br\/site\/noticias\/\",\"url\":\"https:\/\/itajuba.cam.mg.gov.br\/site\/noticias\/\",\"name\":\"Not\u00edcias - C\u00e2mara Municipal de Itajub\u00e1\",\"isPartOf\":{\"@id\":\"https:\/\/itajuba.cam.mg.gov.br\/site\/#website\"},\"datePublished\":\"2023-10-23T01:17:33+00:00\",\"dateModified\":\"2023-10-23T01:32:24+00:00\",\"breadcrumb\":{\"@id\":\"https:\/\/itajuba.cam.mg.gov.br\/site\/noticias\/#breadcrumb\"},\"inLanguage\":\"pt-BR\",\"potentialAction\":[{\"@type\":\"ReadAction\",\"target\":[\"https:\/\/itajuba.cam.mg.gov.br\/site\/noticias\/\"]}]},{\"@type\":\"BreadcrumbList\",\"@id\":\"https:\/\/itajuba.cam.mg.gov.br\/site\/noticias\/#breadcrumb\",\"itemListElement\":[{\"@type\":\"ListItem\",\"position\":1,\"name\":\"In\u00edcio\",\"item\":\"https:\/\/itajuba.cam.mg.gov.br\/site\/\"},{\"@type\":\"ListItem\",\"position\":2,\"name\":\"Not\u00edcias\"}]},{\"@type\":\"WebSite\",\"@id\":\"https:\/\/itajuba.cam.mg.gov.br\/site\/#website\",\"url\":\"https:\/\/itajuba.cam.mg.gov.br\/site\/\",\"name\":\"C\u00e2mara Municipal de Itajub\u00e1\",\"description\":\"Efici\u00eancia e Transpar\u00eancia\",\"publisher\":{\"@id\":\"https:\/\/itajuba.cam.mg.gov.br\/site\/#organization\"},\"potentialAction\":[{\"@type\":\"SearchAction\",\"target\":{\"@type\":\"EntryPoint\",\"urlTemplate\":\"https:\/\/itajuba.cam.mg.gov.br\/site\/?s={search_term_string}\"},\"query-input\":\"required name=search_term_string\"}],\"inLanguage\":\"pt-BR\"},{\"@type\":\"Organization\",\"@id\":\"https:\/\/itajuba.cam.mg.gov.br\/site\/#organization\",\"name\":\"C\u00e2mara Municipal de Itajub\u00e1\",\"url\":\"https:\/\/itajuba.cam.mg.gov.br\/site\/\",\"logo\":{\"@type\":\"ImageObject\",\"inLanguage\":\"pt-BR\",\"@id\":\"https:\/\/itajuba.cam.mg.gov.br\/site\/#\/schema\/logo\/image\/\",\"url\":\"https:\/\/itajuba.cam.mg.gov.br\/site\/wp-content\/uploads\/2023\/09\/logo_camara_2024.png\",\"contentUrl\":\"https:\/\/itajuba.cam.mg.gov.br\/site\/wp-content\/uploads\/2023\/09\/logo_camara_2024.png\",\"width\":1000,\"height\":385,\"caption\":\"C\u00e2mara Municipal de Itajub\u00e1\"},\"image\":{\"@id\":\"https:\/\/itajuba.cam.mg.gov.br\/site\/#\/schema\/logo\/image\/\"},\"sameAs\":[\"https:\/\/www.facebook.com\/camaradeitajubaoficial\",\"https:\/\/www.instagram.com\/camaradeitajubaoficial\/\",\"https:\/\/www.youtube.com\/user\/TVCAMARAITAJUBA\"]}]}<\/script>\n<!-- \/ Yoast SEO plugin. -->","yoast_head_json":{"title":"Not\u00edcias - C\u00e2mara Municipal de Itajub\u00e1","robots":{"index":"index","follow":"follow","max-snippet":"max-snippet:-1","max-image-preview":"max-image-preview:large","max-video-preview":"max-video-preview:-1"},"canonical":"https:\/\/itajuba.cam.mg.gov.br\/site\/noticias\/","og_locale":"pt_BR","og_type":"article","og_title":"Not\u00edcias - C\u00e2mara Municipal de Itajub\u00e1","og_url":"https:\/\/itajuba.cam.mg.gov.br\/site\/noticias\/","og_site_name":"C\u00e2mara Municipal de Itajub\u00e1","article_publisher":"https:\/\/www.facebook.com\/camaradeitajubaoficial","article_modified_time":"2023-10-23T01:32:24+00:00","twitter_card":"summary_large_image","twitter_misc":{"Est. tempo de leitura":"8 minutos"},"schema":{"@context":"https:\/\/schema.org","@graph":[{"@type":"WebPage","@id":"https:\/\/itajuba.cam.mg.gov.br\/site\/noticias\/","url":"https:\/\/itajuba.cam.mg.gov.br\/site\/noticias\/","name":"Not\u00edcias - C\u00e2mara Municipal de Itajub\u00e1","isPartOf":{"@id":"https:\/\/itajuba.cam.mg.gov.br\/site\/#website"},"datePublished":"2023-10-23T01:17:33+00:00","dateModified":"2023-10-23T01:32:24+00:00","breadcrumb":{"@id":"https:\/\/itajuba.cam.mg.gov.br\/site\/noticias\/#breadcrumb"},"inLanguage":"pt-BR","potentialAction":[{"@type":"ReadAction","target":["https:\/\/itajuba.cam.mg.gov.br\/site\/noticias\/"]}]},{"@type":"BreadcrumbList","@id":"https:\/\/itajuba.cam.mg.gov.br\/site\/noticias\/#breadcrumb","itemListElement":[{"@type":"ListItem","position":1,"name":"In\u00edcio","item":"https:\/\/itajuba.cam.mg.gov.br\/site\/"},{"@type":"ListItem","position":2,"name":"Not\u00edcias"}]},{"@type":"WebSite","@id":"https:\/\/itajuba.cam.mg.gov.br\/site\/#website","url":"https:\/\/itajuba.cam.mg.gov.br\/site\/","name":"C\u00e2mara Municipal de Itajub\u00e1","description":"Efici\u00eancia e Transpar\u00eancia","publisher":{"@id":"https:\/\/itajuba.cam.mg.gov.br\/site\/#organization"},"potentialAction":[{"@type":"SearchAction","target":{"@type":"EntryPoint","urlTemplate":"https:\/\/itajuba.cam.mg.gov.br\/site\/?s={search_term_string}"},"query-input":"required name=search_term_string"}],"inLanguage":"pt-BR"},{"@type":"Organization","@id":"https:\/\/itajuba.cam.mg.gov.br\/site\/#organization","name":"C\u00e2mara Municipal de Itajub\u00e1","url":"https:\/\/itajuba.cam.mg.gov.br\/site\/","logo":{"@type":"ImageObject","inLanguage":"pt-BR","@id":"https:\/\/itajuba.cam.mg.gov.br\/site\/#\/schema\/logo\/image\/","url":"https:\/\/itajuba.cam.mg.gov.br\/site\/wp-content\/uploads\/2023\/09\/logo_camara_2024.png","contentUrl":"https:\/\/itajuba.cam.mg.gov.br\/site\/wp-content\/uploads\/2023\/09\/logo_camara_2024.png","width":1000,"height":385,"caption":"C\u00e2mara Municipal de Itajub\u00e1"},"image":{"@id":"https:\/\/itajuba.cam.mg.gov.br\/site\/#\/schema\/logo\/image\/"},"sameAs":["https:\/\/www.facebook.com\/camaradeitajubaoficial","https:\/\/www.instagram.com\/camaradeitajubaoficial\/","https:\/\/www.youtube.com\/user\/TVCAMARAITAJUBA"]}]}},"_links":{"self":[{"href":"https:\/\/itajuba.cam.mg.gov.br\/site\/wp-json\/wp\/v2\/pages\/7500","targetHints":{"allow":["GET"]}}],"collection":[{"href":"https:\/\/itajuba.cam.mg.gov.br\/site\/wp-json\/wp\/v2\/pages"}],"about":[{"href":"https:\/\/itajuba.cam.mg.gov.br\/site\/wp-json\/wp\/v2\/types\/page"}],"author":[{"embeddable":true,"href":"https:\/\/itajuba.cam.mg.gov.br\/site\/wp-json\/wp\/v2\/users\/1"}],"replies":[{"embeddable":true,"href":"https:\/\/itajuba.cam.mg.gov.br\/site\/wp-json\/wp\/v2\/comments?post=7500"}],"version-history":[{"count":7,"href":"https:\/\/itajuba.cam.mg.gov.br\/site\/wp-json\/wp\/v2\/pages\/7500\/revisions"}],"predecessor-version":[{"id":7508,"href":"https:\/\/itajuba.cam.mg.gov.br\/site\/wp-json\/wp\/v2\/pages\/7500\/revisions\/7508"}],"wp:attachment":[{"href":"https:\/\/itajuba.cam.mg.gov.br\/site\/wp-json\/wp\/v2\/media?parent=7500"}],"curies":[{"name":"wp","href":"https:\/\/api.w.org\/{rel}","templated":true}]}}