{"id":8244,"date":"2023-11-10T19:30:44","date_gmt":"2023-11-10T19:30:44","guid":{"rendered":"https:\/\/itajuba.cam.mg.gov.br\/site\/?page_id=8244"},"modified":"2023-11-10T20:21:06","modified_gmt":"2023-11-10T20:21:06","slug":"robson-vaz-2","status":"publish","type":"page","link":"https:\/\/itajuba.cam.mg.gov.br\/site\/robson-vaz-2\/","title":{"rendered":"Robson Vaz de Lima"},"content":{"rendered":"\t\t<div data-elementor-type=\"wp-page\" data-elementor-id=\"8244\" class=\"elementor elementor-8244\" data-elementor-post-type=\"page\">\n\t\t\t\t\t\t\t\t\t<section class=\"elementor-section elementor-top-section elementor-element elementor-element-39299bb elementor-section-boxed elementor-section-height-default elementor-section-height-default\" data-id=\"39299bb\" data-element_type=\"section\">\n\t\t\t\t\t\t<div class=\"elementor-container elementor-column-gap-default\">\n\t\t\t\t\t<div class=\"elementor-column elementor-col-100 elementor-top-column elementor-element elementor-element-cbcb4f2\" data-id=\"cbcb4f2\" data-element_type=\"column\">\n\t\t\t<div class=\"elementor-widget-wrap elementor-element-populated\">\n\t\t\t\t\t\t\t\t<div class=\"elementor-element elementor-element-edb59c0 elementor-widget elementor-widget-image\" data-id=\"edb59c0\" data-element_type=\"widget\" data-widget_type=\"image.default\">\n\t\t\t\t<div class=\"elementor-widget-container\">\n\t\t\t<style>\/*! elementor - v3.16.0 - 13-09-2023 *\/\n.elementor-widget-image{text-align:center}.elementor-widget-image a{display:inline-block}.elementor-widget-image a img[src$=\".svg\"]{width:48px}.elementor-widget-image img{vertical-align:middle;display:inline-block}<\/style>\t\t\t\t\t\t\t\t\t\t\t\t<img loading=\"lazy\" decoding=\"async\" width=\"226\" height=\"300\" src=\"https:\/\/itajuba.cam.mg.gov.br\/site\/wp-content\/uploads\/2023\/10\/37-robson_presidente-1155x1536-1-226x300.png\" class=\"attachment-medium size-medium wp-image-6446\" alt=\"\" srcset=\"https:\/\/itajuba.cam.mg.gov.br\/site\/wp-content\/uploads\/2023\/10\/37-robson_presidente-1155x1536-1-226x300.png 226w, https:\/\/itajuba.cam.mg.gov.br\/site\/wp-content\/uploads\/2023\/10\/37-robson_presidente-1155x1536-1-770x1024.png 770w, https:\/\/itajuba.cam.mg.gov.br\/site\/wp-content\/uploads\/2023\/10\/37-robson_presidente-1155x1536-1-768x1021.png 768w, https:\/\/itajuba.cam.mg.gov.br\/site\/wp-content\/uploads\/2023\/10\/37-robson_presidente-1155x1536-1.png 1155w\" sizes=\"auto, (max-width: 226px) 100vw, 226px\" \/>\t\t\t\t\t\t\t\t\t\t\t\t\t\t\t<\/div>\n\t\t\t\t<\/div>\n\t\t\t\t\t<\/div>\n\t\t<\/div>\n\t\t\t\t\t\t\t<\/div>\n\t\t<\/section>\n\t\t\t\t<section class=\"elementor-section elementor-top-section elementor-element elementor-element-6b57434f elementor-section-boxed elementor-section-height-default elementor-section-height-default\" data-id=\"6b57434f\" data-element_type=\"section\">\n\t\t\t\t\t\t<div class=\"elementor-container elementor-column-gap-default\">\n\t\t\t\t\t<div class=\"elementor-column elementor-col-100 elementor-top-column elementor-element elementor-element-1f780dad\" data-id=\"1f780dad\" data-element_type=\"column\">\n\t\t\t<div class=\"elementor-widget-wrap elementor-element-populated\">\n\t\t\t\t\t\t\t\t<div class=\"elementor-element elementor-element-be37e0 elementor-widget elementor-widget-text-editor\" data-id=\"be37e0\" data-element_type=\"widget\" data-widget_type=\"text-editor.default\">\n\t\t\t\t<div class=\"elementor-widget-container\">\n\t\t\t<style>\/*! elementor - v3.16.0 - 13-09-2023 *\/\n.elementor-widget-text-editor.elementor-drop-cap-view-stacked .elementor-drop-cap{background-color:#69727d;color:#fff}.elementor-widget-text-editor.elementor-drop-cap-view-framed .elementor-drop-cap{color:#69727d;border:3px solid;background-color:transparent}.elementor-widget-text-editor:not(.elementor-drop-cap-view-default) .elementor-drop-cap{margin-top:8px}.elementor-widget-text-editor:not(.elementor-drop-cap-view-default) .elementor-drop-cap-letter{width:1em;height:1em}.elementor-widget-text-editor .elementor-drop-cap{float:left;text-align:center;line-height:1;font-size:50px}.elementor-widget-text-editor .elementor-drop-cap-letter{display:inline-block}<\/style>\t\t\t\t<p>Robson Vaz de Lima \u00e9 casado e pai de dois filhos, morador do bairro Jeriv\u00e1 desde o nascimento e atualmente cumpre seu terceiro mandato como vereador.&nbsp;<\/p><p>Foi Presidente da C\u00e2mara Municipal por duas vezes, ex-Secret\u00e1rio Municipal de Desenvolvimento Social, ex-Secret\u00e1rio Municipal de Educa\u00e7\u00e3o e ex-Coordenador do PROCON.&nbsp;<\/p><p>\u00c9 Advogado p\u00f3s-graduado em Direito P\u00fablico, Professor Universit\u00e1rio e Presidente do PSDB em Itajub\u00e1.&nbsp;<\/p><p>Tem como base do seu trabalho o lema: \u201cSeriedade e Profissionalismo com Humanidade e Leveza!\u201d<br><\/p>\t\t\t\t\t\t<\/div>\n\t\t\t\t<\/div>\n\t\t\t\t\t<\/div>\n\t\t<\/div>\n\t\t\t\t\t\t\t<\/div>\n\t\t<\/section>\n\t\t\t\t<section class=\"elementor-section elementor-top-section elementor-element elementor-element-6cb3f5a elementor-section-boxed elementor-section-height-default elementor-section-height-default\" data-id=\"6cb3f5a\" data-element_type=\"section\">\n\t\t\t\t\t\t<div class=\"elementor-container elementor-column-gap-default\">\n\t\t\t\t\t<div class=\"elementor-column elementor-col-25 elementor-top-column elementor-element elementor-element-d1afea0\" data-id=\"d1afea0\" data-element_type=\"column\">\n\t\t\t<div class=\"elementor-widget-wrap elementor-element-populated\">\n\t\t\t\t\t\t\t\t<div class=\"elementor-element elementor-element-0e7fc13 elementor-widget elementor-widget-button\" data-id=\"0e7fc13\" data-element_type=\"widget\" data-widget_type=\"button.default\">\n\t\t\t\t<div class=\"elementor-widget-container\">\n\t\t\t\t\t<div class=\"elementor-button-wrapper\">\n\t\t\t<a class=\"elementor-button elementor-button-link elementor-size-sm elementor-animation-shrink\" href=\"https:\/\/itajuba.cam.mg.gov.br\/site\/presidentes\/\">\n\t\t\t\t\t\t<span class=\"elementor-button-content-wrapper\">\n\t\t\t\t\t\t<span class=\"elementor-button-text\">Retornar a p\u00e1gina dos presidentes<\/span>\n\t\t<\/span>\n\t\t\t\t\t<\/a>\n\t\t<\/div>\n\t\t\t\t<\/div>\n\t\t\t\t<\/div>\n\t\t\t\t\t<\/div>\n\t\t<\/div>\n\t\t\t\t<div class=\"elementor-column elementor-col-25 elementor-top-column elementor-element elementor-element-3360452\" data-id=\"3360452\" data-element_type=\"column\">\n\t\t\t<div class=\"elementor-widget-wrap\">\n\t\t\t\t\t\t\t\t\t<\/div>\n\t\t<\/div>\n\t\t\t\t<div class=\"elementor-column elementor-col-50 elementor-top-column elementor-element elementor-element-61c1c69\" data-id=\"61c1c69\" data-element_type=\"column\">\n\t\t\t<div class=\"elementor-widget-wrap\">\n\t\t\t\t\t\t\t\t\t<\/div>\n\t\t<\/div>\n\t\t\t\t\t\t\t<\/div>\n\t\t<\/section>\n\t\t\t\t\t\t\t<\/div>\n\t\t","protected":false},"excerpt":{"rendered":"<p>Robson Vaz de Lima \u00e9 casado e pai de dois filhos, morador do bairro Jeriv\u00e1 desde o nascimento e atualmente cumpre seu terceiro mandato como vereador.&nbsp; Foi Presidente da C\u00e2mara Municipal por duas vezes, ex-Secret\u00e1rio Municipal de Desenvolvimento Social, ex-Secret\u00e1rio Municipal de Educa\u00e7\u00e3o e ex-Coordenador do PROCON.&nbsp; \u00c9 Advogado p\u00f3s-graduado em Direito P\u00fablico, Professor Universit\u00e1rio [&hellip;]<\/p>\n","protected":false},"author":2,"featured_media":0,"parent":0,"menu_order":0,"comment_status":"closed","ping_status":"closed","template":"","meta":{"footnotes":""},"class_list":["post-8244","page","type-page","status-publish","hentry"],"yoast_head":"<!-- This site is optimized with the Yoast SEO plugin v21.0 - https:\/\/yoast.com\/wordpress\/plugins\/seo\/ -->\n<title>Robson Vaz de Lima - C\u00e2mara Municipal de Itajub\u00e1<\/title>\n<meta name=\"robots\" content=\"index, follow, max-snippet:-1, max-image-preview:large, max-video-preview:-1\" \/>\n<link rel=\"canonical\" href=\"https:\/\/itajuba.cam.mg.gov.br\/site\/robson-vaz-2\/\" \/>\n<meta property=\"og:locale\" content=\"pt_BR\" \/>\n<meta property=\"og:type\" content=\"article\" \/>\n<meta property=\"og:title\" content=\"Robson Vaz de Lima - C\u00e2mara Municipal de Itajub\u00e1\" \/>\n<meta property=\"og:description\" content=\"Robson Vaz de Lima \u00e9 casado e pai de dois filhos, morador do bairro Jeriv\u00e1 desde o nascimento e atualmente cumpre seu terceiro mandato como vereador.&nbsp; Foi Presidente da C\u00e2mara Municipal por duas vezes, ex-Secret\u00e1rio Municipal de Desenvolvimento Social, ex-Secret\u00e1rio Municipal de Educa\u00e7\u00e3o e ex-Coordenador do PROCON.&nbsp; \u00c9 Advogado p\u00f3s-graduado em Direito P\u00fablico, Professor Universit\u00e1rio [&hellip;]\" \/>\n<meta property=\"og:url\" content=\"https:\/\/itajuba.cam.mg.gov.br\/site\/robson-vaz-2\/\" \/>\n<meta property=\"og:site_name\" content=\"C\u00e2mara Municipal de Itajub\u00e1\" \/>\n<meta property=\"article:publisher\" content=\"https:\/\/www.facebook.com\/camaradeitajubaoficial\" \/>\n<meta property=\"article:modified_time\" content=\"2023-11-10T20:21:06+00:00\" \/>\n<meta property=\"og:image\" content=\"https:\/\/itajuba.cam.mg.gov.br\/site\/wp-content\/uploads\/2023\/10\/37-robson_presidente-1155x1536-1-226x300.png\" \/>\n<meta name=\"twitter:card\" content=\"summary_large_image\" \/>\n<meta name=\"twitter:label1\" content=\"Est. tempo de leitura\" \/>\n\t<meta name=\"twitter:data1\" content=\"1 minuto\" \/>\n<script type=\"application\/ld+json\" class=\"yoast-schema-graph\">{\"@context\":\"https:\/\/schema.org\",\"@graph\":[{\"@type\":\"WebPage\",\"@id\":\"https:\/\/itajuba.cam.mg.gov.br\/site\/robson-vaz-2\/\",\"url\":\"https:\/\/itajuba.cam.mg.gov.br\/site\/robson-vaz-2\/\",\"name\":\"Robson Vaz de Lima - C\u00e2mara Municipal de Itajub\u00e1\",\"isPartOf\":{\"@id\":\"https:\/\/itajuba.cam.mg.gov.br\/site\/#website\"},\"datePublished\":\"2023-11-10T19:30:44+00:00\",\"dateModified\":\"2023-11-10T20:21:06+00:00\",\"breadcrumb\":{\"@id\":\"https:\/\/itajuba.cam.mg.gov.br\/site\/robson-vaz-2\/#breadcrumb\"},\"inLanguage\":\"pt-BR\",\"potentialAction\":[{\"@type\":\"ReadAction\",\"target\":[\"https:\/\/itajuba.cam.mg.gov.br\/site\/robson-vaz-2\/\"]}]},{\"@type\":\"BreadcrumbList\",\"@id\":\"https:\/\/itajuba.cam.mg.gov.br\/site\/robson-vaz-2\/#breadcrumb\",\"itemListElement\":[{\"@type\":\"ListItem\",\"position\":1,\"name\":\"In\u00edcio\",\"item\":\"https:\/\/itajuba.cam.mg.gov.br\/site\/\"},{\"@type\":\"ListItem\",\"position\":2,\"name\":\"Robson Vaz de Lima\"}]},{\"@type\":\"WebSite\",\"@id\":\"https:\/\/itajuba.cam.mg.gov.br\/site\/#website\",\"url\":\"https:\/\/itajuba.cam.mg.gov.br\/site\/\",\"name\":\"C\u00e2mara Municipal de Itajub\u00e1\",\"description\":\"Efici\u00eancia e Transpar\u00eancia\",\"publisher\":{\"@id\":\"https:\/\/itajuba.cam.mg.gov.br\/site\/#organization\"},\"potentialAction\":[{\"@type\":\"SearchAction\",\"target\":{\"@type\":\"EntryPoint\",\"urlTemplate\":\"https:\/\/itajuba.cam.mg.gov.br\/site\/?s={search_term_string}\"},\"query-input\":\"required name=search_term_string\"}],\"inLanguage\":\"pt-BR\"},{\"@type\":\"Organization\",\"@id\":\"https:\/\/itajuba.cam.mg.gov.br\/site\/#organization\",\"name\":\"C\u00e2mara Municipal de Itajub\u00e1\",\"url\":\"https:\/\/itajuba.cam.mg.gov.br\/site\/\",\"logo\":{\"@type\":\"ImageObject\",\"inLanguage\":\"pt-BR\",\"@id\":\"https:\/\/itajuba.cam.mg.gov.br\/site\/#\/schema\/logo\/image\/\",\"url\":\"https:\/\/itajuba.cam.mg.gov.br\/site\/wp-content\/uploads\/2023\/09\/logo_camara_2024.png\",\"contentUrl\":\"https:\/\/itajuba.cam.mg.gov.br\/site\/wp-content\/uploads\/2023\/09\/logo_camara_2024.png\",\"width\":1000,\"height\":385,\"caption\":\"C\u00e2mara Municipal de Itajub\u00e1\"},\"image\":{\"@id\":\"https:\/\/itajuba.cam.mg.gov.br\/site\/#\/schema\/logo\/image\/\"},\"sameAs\":[\"https:\/\/www.facebook.com\/camaradeitajubaoficial\",\"https:\/\/www.instagram.com\/camaradeitajubaoficial\/\",\"https:\/\/www.youtube.com\/user\/TVCAMARAITAJUBA\"]}]}<\/script>\n<!-- \/ Yoast SEO plugin. -->","yoast_head_json":{"title":"Robson Vaz de Lima - C\u00e2mara Municipal de Itajub\u00e1","robots":{"index":"index","follow":"follow","max-snippet":"max-snippet:-1","max-image-preview":"max-image-preview:large","max-video-preview":"max-video-preview:-1"},"canonical":"https:\/\/itajuba.cam.mg.gov.br\/site\/robson-vaz-2\/","og_locale":"pt_BR","og_type":"article","og_title":"Robson Vaz de Lima - C\u00e2mara Municipal de Itajub\u00e1","og_description":"Robson Vaz de Lima \u00e9 casado e pai de dois filhos, morador do bairro Jeriv\u00e1 desde o nascimento e atualmente cumpre seu terceiro mandato como vereador.&nbsp; Foi Presidente da C\u00e2mara Municipal por duas vezes, ex-Secret\u00e1rio Municipal de Desenvolvimento Social, ex-Secret\u00e1rio Municipal de Educa\u00e7\u00e3o e ex-Coordenador do PROCON.&nbsp; \u00c9 Advogado p\u00f3s-graduado em Direito P\u00fablico, Professor Universit\u00e1rio [&hellip;]","og_url":"https:\/\/itajuba.cam.mg.gov.br\/site\/robson-vaz-2\/","og_site_name":"C\u00e2mara Municipal de Itajub\u00e1","article_publisher":"https:\/\/www.facebook.com\/camaradeitajubaoficial","article_modified_time":"2023-11-10T20:21:06+00:00","og_image":[{"url":"https:\/\/itajuba.cam.mg.gov.br\/site\/wp-content\/uploads\/2023\/10\/37-robson_presidente-1155x1536-1-226x300.png"}],"twitter_card":"summary_large_image","twitter_misc":{"Est. tempo de leitura":"1 minuto"},"schema":{"@context":"https:\/\/schema.org","@graph":[{"@type":"WebPage","@id":"https:\/\/itajuba.cam.mg.gov.br\/site\/robson-vaz-2\/","url":"https:\/\/itajuba.cam.mg.gov.br\/site\/robson-vaz-2\/","name":"Robson Vaz de Lima - C\u00e2mara Municipal de Itajub\u00e1","isPartOf":{"@id":"https:\/\/itajuba.cam.mg.gov.br\/site\/#website"},"datePublished":"2023-11-10T19:30:44+00:00","dateModified":"2023-11-10T20:21:06+00:00","breadcrumb":{"@id":"https:\/\/itajuba.cam.mg.gov.br\/site\/robson-vaz-2\/#breadcrumb"},"inLanguage":"pt-BR","potentialAction":[{"@type":"ReadAction","target":["https:\/\/itajuba.cam.mg.gov.br\/site\/robson-vaz-2\/"]}]},{"@type":"BreadcrumbList","@id":"https:\/\/itajuba.cam.mg.gov.br\/site\/robson-vaz-2\/#breadcrumb","itemListElement":[{"@type":"ListItem","position":1,"name":"In\u00edcio","item":"https:\/\/itajuba.cam.mg.gov.br\/site\/"},{"@type":"ListItem","position":2,"name":"Robson Vaz de Lima"}]},{"@type":"WebSite","@id":"https:\/\/itajuba.cam.mg.gov.br\/site\/#website","url":"https:\/\/itajuba.cam.mg.gov.br\/site\/","name":"C\u00e2mara Municipal de Itajub\u00e1","description":"Efici\u00eancia e Transpar\u00eancia","publisher":{"@id":"https:\/\/itajuba.cam.mg.gov.br\/site\/#organization"},"potentialAction":[{"@type":"SearchAction","target":{"@type":"EntryPoint","urlTemplate":"https:\/\/itajuba.cam.mg.gov.br\/site\/?s={search_term_string}"},"query-input":"required name=search_term_string"}],"inLanguage":"pt-BR"},{"@type":"Organization","@id":"https:\/\/itajuba.cam.mg.gov.br\/site\/#organization","name":"C\u00e2mara Municipal de Itajub\u00e1","url":"https:\/\/itajuba.cam.mg.gov.br\/site\/","logo":{"@type":"ImageObject","inLanguage":"pt-BR","@id":"https:\/\/itajuba.cam.mg.gov.br\/site\/#\/schema\/logo\/image\/","url":"https:\/\/itajuba.cam.mg.gov.br\/site\/wp-content\/uploads\/2023\/09\/logo_camara_2024.png","contentUrl":"https:\/\/itajuba.cam.mg.gov.br\/site\/wp-content\/uploads\/2023\/09\/logo_camara_2024.png","width":1000,"height":385,"caption":"C\u00e2mara Municipal de Itajub\u00e1"},"image":{"@id":"https:\/\/itajuba.cam.mg.gov.br\/site\/#\/schema\/logo\/image\/"},"sameAs":["https:\/\/www.facebook.com\/camaradeitajubaoficial","https:\/\/www.instagram.com\/camaradeitajubaoficial\/","https:\/\/www.youtube.com\/user\/TVCAMARAITAJUBA"]}]}},"_links":{"self":[{"href":"https:\/\/itajuba.cam.mg.gov.br\/site\/wp-json\/wp\/v2\/pages\/8244","targetHints":{"allow":["GET"]}}],"collection":[{"href":"https:\/\/itajuba.cam.mg.gov.br\/site\/wp-json\/wp\/v2\/pages"}],"about":[{"href":"https:\/\/itajuba.cam.mg.gov.br\/site\/wp-json\/wp\/v2\/types\/page"}],"author":[{"embeddable":true,"href":"https:\/\/itajuba.cam.mg.gov.br\/site\/wp-json\/wp\/v2\/users\/2"}],"replies":[{"embeddable":true,"href":"https:\/\/itajuba.cam.mg.gov.br\/site\/wp-json\/wp\/v2\/comments?post=8244"}],"version-history":[{"count":10,"href":"https:\/\/itajuba.cam.mg.gov.br\/site\/wp-json\/wp\/v2\/pages\/8244\/revisions"}],"predecessor-version":[{"id":8265,"href":"https:\/\/itajuba.cam.mg.gov.br\/site\/wp-json\/wp\/v2\/pages\/8244\/revisions\/8265"}],"wp:attachment":[{"href":"https:\/\/itajuba.cam.mg.gov.br\/site\/wp-json\/wp\/v2\/media?parent=8244"}],"curies":[{"name":"wp","href":"https:\/\/api.w.org\/{rel}","templated":true}]}}