{"id":8828,"date":"2023-11-22T20:36:35","date_gmt":"2023-11-22T20:36:35","guid":{"rendered":"https:\/\/itajuba.cam.mg.gov.br\/site\/?page_id=8828"},"modified":"2024-01-17T15:40:03","modified_gmt":"2024-01-17T15:40:03","slug":"joel-carlos-de-almeida","status":"publish","type":"page","link":"https:\/\/itajuba.cam.mg.gov.br\/site\/joel-carlos-de-almeida\/","title":{"rendered":"Joel Carlos de Almeida"},"content":{"rendered":"\t\t<div data-elementor-type=\"wp-page\" data-elementor-id=\"8828\" class=\"elementor elementor-8828\" data-elementor-post-type=\"page\">\n\t\t\t\t\t\t\t\t\t<section class=\"elementor-section elementor-top-section elementor-element elementor-element-0f0f8e8 elementor-section-boxed elementor-section-height-default elementor-section-height-default\" data-id=\"0f0f8e8\" data-element_type=\"section\">\n\t\t\t\t\t\t<div class=\"elementor-container elementor-column-gap-default\">\n\t\t\t\t\t<div class=\"elementor-column elementor-col-100 elementor-top-column elementor-element elementor-element-69e41d4\" data-id=\"69e41d4\" data-element_type=\"column\">\n\t\t\t<div class=\"elementor-widget-wrap elementor-element-populated\">\n\t\t\t\t\t\t\t\t<div class=\"elementor-element elementor-element-1f65432 elementor-widget elementor-widget-image\" data-id=\"1f65432\" data-element_type=\"widget\" data-widget_type=\"image.default\">\n\t\t\t\t<div class=\"elementor-widget-container\">\n\t\t\t<style>\/*! elementor - v3.16.0 - 13-09-2023 *\/\n.elementor-widget-image{text-align:center}.elementor-widget-image a{display:inline-block}.elementor-widget-image a img[src$=\".svg\"]{width:48px}.elementor-widget-image img{vertical-align:middle;display:inline-block}<\/style>\t\t\t\t\t\t\t\t\t\t\t\t<img loading=\"lazy\" decoding=\"async\" width=\"226\" height=\"300\" src=\"https:\/\/itajuba.cam.mg.gov.br\/site\/wp-content\/uploads\/2023\/10\/39-JOEL-CARLOS-DE-ALMEIDA-2017-2018-226x300.jpg\" class=\"attachment-medium size-medium wp-image-6441\" alt=\"\" srcset=\"https:\/\/itajuba.cam.mg.gov.br\/site\/wp-content\/uploads\/2023\/10\/39-JOEL-CARLOS-DE-ALMEIDA-2017-2018-226x300.jpg 226w, https:\/\/itajuba.cam.mg.gov.br\/site\/wp-content\/uploads\/2023\/10\/39-JOEL-CARLOS-DE-ALMEIDA-2017-2018.jpg 549w\" sizes=\"auto, (max-width: 226px) 100vw, 226px\" \/>\t\t\t\t\t\t\t\t\t\t\t\t\t\t\t<\/div>\n\t\t\t\t<\/div>\n\t\t\t\t\t<\/div>\n\t\t<\/div>\n\t\t\t\t\t\t\t<\/div>\n\t\t<\/section>\n\t\t\t\t<section class=\"elementor-section elementor-top-section elementor-element elementor-element-134d937 elementor-section-boxed elementor-section-height-default elementor-section-height-default\" data-id=\"134d937\" data-element_type=\"section\">\n\t\t\t\t\t\t<div class=\"elementor-container elementor-column-gap-default\">\n\t\t\t\t\t<div class=\"elementor-column elementor-col-100 elementor-top-column elementor-element elementor-element-b84af4d\" data-id=\"b84af4d\" data-element_type=\"column\">\n\t\t\t<div class=\"elementor-widget-wrap elementor-element-populated\">\n\t\t\t\t\t\t\t\t<div class=\"elementor-element elementor-element-7b7d201 elementor-widget elementor-widget-text-editor\" data-id=\"7b7d201\" data-element_type=\"widget\" data-widget_type=\"text-editor.default\">\n\t\t\t\t<div class=\"elementor-widget-container\">\n\t\t\t<style>\/*! elementor - v3.16.0 - 13-09-2023 *\/\n.elementor-widget-text-editor.elementor-drop-cap-view-stacked .elementor-drop-cap{background-color:#69727d;color:#fff}.elementor-widget-text-editor.elementor-drop-cap-view-framed .elementor-drop-cap{color:#69727d;border:3px solid;background-color:transparent}.elementor-widget-text-editor:not(.elementor-drop-cap-view-default) .elementor-drop-cap{margin-top:8px}.elementor-widget-text-editor:not(.elementor-drop-cap-view-default) .elementor-drop-cap-letter{width:1em;height:1em}.elementor-widget-text-editor .elementor-drop-cap{float:left;text-align:center;line-height:1;font-size:50px}.elementor-widget-text-editor .elementor-drop-cap-letter{display:inline-block}<\/style>\t\t\t\t<p>Joel Carlos de Almeida nasceu em Cambu\u00ed (MG) em 13\/07\/1966. Durante 20 anos participou com membro ativo na Comunidade Cat\u00f3lica Theotokos em Itajub\u00e1.<\/p><p>\u00a0<\/p><p>Foi vereador em tr\u00eas mandatos consecutivos na cidade de Itajub\u00e1. Sua trajet\u00f3ria legislativa teve in\u00edcio em 2009, quando foi eleito pela primeira vez com uma expressiva vota\u00e7\u00e3o de 1.942 votos. Seu trabalho e dedica\u00e7\u00e3o \u00e0 comunidade resultaram em uma reelei\u00e7\u00e3o em 2013, com 2.160 votos, e posteriormente, em 2017, com 666 votos. Exerceu posi\u00e7\u00e3o de destaque ao se tornar o segundo vereador mais votado na hist\u00f3ria das elei\u00e7\u00f5es em Itajub\u00e1 em dois de seus mandatos.<\/p><p>\u00a0<\/p><p>Joel Carlos de Almeida foi Presidente da C\u00e2mara Municipal de Itajub\u00e1 no bi\u00eanio 2017\/2018, momento em que o Legislativo aumentou de 10 para 17 o n\u00famero de vereadores. Joel foi um dos que subscreveram o projeto para aumentar o n\u00famero de parlamentares, e em seu primeiro ano de gest\u00e3o, o Legislativo itajubense gastou menos que no ano de 2016, quando o Legislativo ainda era composto por 10 vereadores. Tamb\u00e9m foi o autor da proposta para reduzir o n\u00famero de vereadores de 17 para 11.<\/p><p>\u00a0<\/p><p>Ainda sob sua gest\u00e3o, a C\u00e2mara Municipal passou por importantes transforma\u00e7\u00f5es que buscaram trazer mais efici\u00eancia e economia para o Legislativo. Um exemplo dessas mudan\u00e7as foi a consolida\u00e7\u00e3o do projeto C\u00e2mara Itinerante, que levava as reuni\u00f5es ordin\u00e1rias do Legislativo para diferentes bairros da cidade, aproximando os vereadores da popula\u00e7\u00e3o e garantindo uma maior participa\u00e7\u00e3o popular nas decis\u00f5es pol\u00edticas.<\/p><p>\u00a0<\/p><p>Outra medida implantada por Joel Carlos de Almeida foi a altera\u00e7\u00e3o do hor\u00e1rio de funcionamento da C\u00e2mara Municipal, que passou a ser das 12h \u00e0s 18h. Essa decis\u00e3o gerou mais efici\u00eancia e economia nos gastos p\u00fablicos.<\/p><p>\u00a0<\/p><p>Al\u00e9m de sua atua\u00e7\u00e3o destacada na C\u00e2mara Municipal, Joel Carlos de Almeida tamb\u00e9m teve uma breve passagem como Prefeito interino de Itajub\u00e1. Durante a aus\u00eancia justificada do ent\u00e3o prefeito Rodrigo Riera, Joel assumiu temporariamente o cargo.<\/p><p>\u00a0<\/p><p>Ao longo de sua carreira pol\u00edtica, Joel Carlos de Almeida se empenhou em desenvolver projetos e medidas que beneficiassem diretamente a comunidade. Sua interlocu\u00e7\u00e3o junto a parlamentares da Assembleia Legislativa de Minas Gerais e representantes do Governo do Estado possibilitou a vinda de recursos para entidades e institui\u00e7\u00f5es municipais, resultando em melhorias para a popula\u00e7\u00e3o de Itajub\u00e1.<\/p>\t\t\t\t\t\t<\/div>\n\t\t\t\t<\/div>\n\t\t\t\t\t<\/div>\n\t\t<\/div>\n\t\t\t\t\t\t\t<\/div>\n\t\t<\/section>\n\t\t\t\t\t\t\t<\/div>\n\t\t","protected":false},"excerpt":{"rendered":"<p>Joel Carlos de Almeida nasceu em Cambu\u00ed (MG) em 13\/07\/1966. Durante 20 anos participou com membro ativo na Comunidade Cat\u00f3lica Theotokos em Itajub\u00e1. \u00a0 Foi vereador em tr\u00eas mandatos consecutivos na cidade de Itajub\u00e1. Sua trajet\u00f3ria legislativa teve in\u00edcio em 2009, quando foi eleito pela primeira vez com uma expressiva vota\u00e7\u00e3o de 1.942 votos. Seu [&hellip;]<\/p>\n","protected":false},"author":2,"featured_media":0,"parent":0,"menu_order":0,"comment_status":"closed","ping_status":"closed","template":"","meta":{"footnotes":""},"class_list":["post-8828","page","type-page","status-publish","hentry"],"yoast_head":"<!-- This site is optimized with the Yoast SEO plugin v21.0 - https:\/\/yoast.com\/wordpress\/plugins\/seo\/ -->\n<title>Joel Carlos de Almeida - C\u00e2mara Municipal de Itajub\u00e1<\/title>\n<meta name=\"robots\" content=\"index, follow, max-snippet:-1, max-image-preview:large, max-video-preview:-1\" \/>\n<link rel=\"canonical\" href=\"https:\/\/itajuba.cam.mg.gov.br\/site\/joel-carlos-de-almeida\/\" \/>\n<meta property=\"og:locale\" content=\"pt_BR\" \/>\n<meta property=\"og:type\" content=\"article\" \/>\n<meta property=\"og:title\" content=\"Joel Carlos de Almeida - C\u00e2mara Municipal de Itajub\u00e1\" \/>\n<meta property=\"og:description\" content=\"Joel Carlos de Almeida nasceu em Cambu\u00ed (MG) em 13\/07\/1966. Durante 20 anos participou com membro ativo na Comunidade Cat\u00f3lica Theotokos em Itajub\u00e1. \u00a0 Foi vereador em tr\u00eas mandatos consecutivos na cidade de Itajub\u00e1. Sua trajet\u00f3ria legislativa teve in\u00edcio em 2009, quando foi eleito pela primeira vez com uma expressiva vota\u00e7\u00e3o de 1.942 votos. Seu [&hellip;]\" \/>\n<meta property=\"og:url\" content=\"https:\/\/itajuba.cam.mg.gov.br\/site\/joel-carlos-de-almeida\/\" \/>\n<meta property=\"og:site_name\" content=\"C\u00e2mara Municipal de Itajub\u00e1\" \/>\n<meta property=\"article:publisher\" content=\"https:\/\/www.facebook.com\/camaradeitajubaoficial\" \/>\n<meta property=\"article:modified_time\" content=\"2024-01-17T15:40:03+00:00\" \/>\n<meta property=\"og:image\" content=\"https:\/\/itajuba.cam.mg.gov.br\/site\/wp-content\/uploads\/2023\/10\/39-JOEL-CARLOS-DE-ALMEIDA-2017-2018-226x300.jpg\" \/>\n<meta name=\"twitter:card\" content=\"summary_large_image\" \/>\n<meta name=\"twitter:label1\" content=\"Est. tempo de leitura\" \/>\n\t<meta name=\"twitter:data1\" content=\"3 minutos\" \/>\n<script type=\"application\/ld+json\" class=\"yoast-schema-graph\">{\"@context\":\"https:\/\/schema.org\",\"@graph\":[{\"@type\":\"WebPage\",\"@id\":\"https:\/\/itajuba.cam.mg.gov.br\/site\/joel-carlos-de-almeida\/\",\"url\":\"https:\/\/itajuba.cam.mg.gov.br\/site\/joel-carlos-de-almeida\/\",\"name\":\"Joel Carlos de Almeida - C\u00e2mara Municipal de Itajub\u00e1\",\"isPartOf\":{\"@id\":\"https:\/\/itajuba.cam.mg.gov.br\/site\/#website\"},\"datePublished\":\"2023-11-22T20:36:35+00:00\",\"dateModified\":\"2024-01-17T15:40:03+00:00\",\"breadcrumb\":{\"@id\":\"https:\/\/itajuba.cam.mg.gov.br\/site\/joel-carlos-de-almeida\/#breadcrumb\"},\"inLanguage\":\"pt-BR\",\"potentialAction\":[{\"@type\":\"ReadAction\",\"target\":[\"https:\/\/itajuba.cam.mg.gov.br\/site\/joel-carlos-de-almeida\/\"]}]},{\"@type\":\"BreadcrumbList\",\"@id\":\"https:\/\/itajuba.cam.mg.gov.br\/site\/joel-carlos-de-almeida\/#breadcrumb\",\"itemListElement\":[{\"@type\":\"ListItem\",\"position\":1,\"name\":\"In\u00edcio\",\"item\":\"https:\/\/itajuba.cam.mg.gov.br\/site\/\"},{\"@type\":\"ListItem\",\"position\":2,\"name\":\"Joel Carlos de Almeida\"}]},{\"@type\":\"WebSite\",\"@id\":\"https:\/\/itajuba.cam.mg.gov.br\/site\/#website\",\"url\":\"https:\/\/itajuba.cam.mg.gov.br\/site\/\",\"name\":\"C\u00e2mara Municipal de Itajub\u00e1\",\"description\":\"Efici\u00eancia e Transpar\u00eancia\",\"publisher\":{\"@id\":\"https:\/\/itajuba.cam.mg.gov.br\/site\/#organization\"},\"potentialAction\":[{\"@type\":\"SearchAction\",\"target\":{\"@type\":\"EntryPoint\",\"urlTemplate\":\"https:\/\/itajuba.cam.mg.gov.br\/site\/?s={search_term_string}\"},\"query-input\":\"required name=search_term_string\"}],\"inLanguage\":\"pt-BR\"},{\"@type\":\"Organization\",\"@id\":\"https:\/\/itajuba.cam.mg.gov.br\/site\/#organization\",\"name\":\"C\u00e2mara Municipal de Itajub\u00e1\",\"url\":\"https:\/\/itajuba.cam.mg.gov.br\/site\/\",\"logo\":{\"@type\":\"ImageObject\",\"inLanguage\":\"pt-BR\",\"@id\":\"https:\/\/itajuba.cam.mg.gov.br\/site\/#\/schema\/logo\/image\/\",\"url\":\"https:\/\/itajuba.cam.mg.gov.br\/site\/wp-content\/uploads\/2023\/09\/logo_camara_2024.png\",\"contentUrl\":\"https:\/\/itajuba.cam.mg.gov.br\/site\/wp-content\/uploads\/2023\/09\/logo_camara_2024.png\",\"width\":1000,\"height\":385,\"caption\":\"C\u00e2mara Municipal de Itajub\u00e1\"},\"image\":{\"@id\":\"https:\/\/itajuba.cam.mg.gov.br\/site\/#\/schema\/logo\/image\/\"},\"sameAs\":[\"https:\/\/www.facebook.com\/camaradeitajubaoficial\",\"https:\/\/www.instagram.com\/camaradeitajubaoficial\/\",\"https:\/\/www.youtube.com\/user\/TVCAMARAITAJUBA\"]}]}<\/script>\n<!-- \/ Yoast SEO plugin. -->","yoast_head_json":{"title":"Joel Carlos de Almeida - C\u00e2mara Municipal de Itajub\u00e1","robots":{"index":"index","follow":"follow","max-snippet":"max-snippet:-1","max-image-preview":"max-image-preview:large","max-video-preview":"max-video-preview:-1"},"canonical":"https:\/\/itajuba.cam.mg.gov.br\/site\/joel-carlos-de-almeida\/","og_locale":"pt_BR","og_type":"article","og_title":"Joel Carlos de Almeida - C\u00e2mara Municipal de Itajub\u00e1","og_description":"Joel Carlos de Almeida nasceu em Cambu\u00ed (MG) em 13\/07\/1966. Durante 20 anos participou com membro ativo na Comunidade Cat\u00f3lica Theotokos em Itajub\u00e1. \u00a0 Foi vereador em tr\u00eas mandatos consecutivos na cidade de Itajub\u00e1. Sua trajet\u00f3ria legislativa teve in\u00edcio em 2009, quando foi eleito pela primeira vez com uma expressiva vota\u00e7\u00e3o de 1.942 votos. Seu [&hellip;]","og_url":"https:\/\/itajuba.cam.mg.gov.br\/site\/joel-carlos-de-almeida\/","og_site_name":"C\u00e2mara Municipal de Itajub\u00e1","article_publisher":"https:\/\/www.facebook.com\/camaradeitajubaoficial","article_modified_time":"2024-01-17T15:40:03+00:00","og_image":[{"url":"https:\/\/itajuba.cam.mg.gov.br\/site\/wp-content\/uploads\/2023\/10\/39-JOEL-CARLOS-DE-ALMEIDA-2017-2018-226x300.jpg"}],"twitter_card":"summary_large_image","twitter_misc":{"Est. tempo de leitura":"3 minutos"},"schema":{"@context":"https:\/\/schema.org","@graph":[{"@type":"WebPage","@id":"https:\/\/itajuba.cam.mg.gov.br\/site\/joel-carlos-de-almeida\/","url":"https:\/\/itajuba.cam.mg.gov.br\/site\/joel-carlos-de-almeida\/","name":"Joel Carlos de Almeida - C\u00e2mara Municipal de Itajub\u00e1","isPartOf":{"@id":"https:\/\/itajuba.cam.mg.gov.br\/site\/#website"},"datePublished":"2023-11-22T20:36:35+00:00","dateModified":"2024-01-17T15:40:03+00:00","breadcrumb":{"@id":"https:\/\/itajuba.cam.mg.gov.br\/site\/joel-carlos-de-almeida\/#breadcrumb"},"inLanguage":"pt-BR","potentialAction":[{"@type":"ReadAction","target":["https:\/\/itajuba.cam.mg.gov.br\/site\/joel-carlos-de-almeida\/"]}]},{"@type":"BreadcrumbList","@id":"https:\/\/itajuba.cam.mg.gov.br\/site\/joel-carlos-de-almeida\/#breadcrumb","itemListElement":[{"@type":"ListItem","position":1,"name":"In\u00edcio","item":"https:\/\/itajuba.cam.mg.gov.br\/site\/"},{"@type":"ListItem","position":2,"name":"Joel Carlos de Almeida"}]},{"@type":"WebSite","@id":"https:\/\/itajuba.cam.mg.gov.br\/site\/#website","url":"https:\/\/itajuba.cam.mg.gov.br\/site\/","name":"C\u00e2mara Municipal de Itajub\u00e1","description":"Efici\u00eancia e Transpar\u00eancia","publisher":{"@id":"https:\/\/itajuba.cam.mg.gov.br\/site\/#organization"},"potentialAction":[{"@type":"SearchAction","target":{"@type":"EntryPoint","urlTemplate":"https:\/\/itajuba.cam.mg.gov.br\/site\/?s={search_term_string}"},"query-input":"required name=search_term_string"}],"inLanguage":"pt-BR"},{"@type":"Organization","@id":"https:\/\/itajuba.cam.mg.gov.br\/site\/#organization","name":"C\u00e2mara Municipal de Itajub\u00e1","url":"https:\/\/itajuba.cam.mg.gov.br\/site\/","logo":{"@type":"ImageObject","inLanguage":"pt-BR","@id":"https:\/\/itajuba.cam.mg.gov.br\/site\/#\/schema\/logo\/image\/","url":"https:\/\/itajuba.cam.mg.gov.br\/site\/wp-content\/uploads\/2023\/09\/logo_camara_2024.png","contentUrl":"https:\/\/itajuba.cam.mg.gov.br\/site\/wp-content\/uploads\/2023\/09\/logo_camara_2024.png","width":1000,"height":385,"caption":"C\u00e2mara Municipal de Itajub\u00e1"},"image":{"@id":"https:\/\/itajuba.cam.mg.gov.br\/site\/#\/schema\/logo\/image\/"},"sameAs":["https:\/\/www.facebook.com\/camaradeitajubaoficial","https:\/\/www.instagram.com\/camaradeitajubaoficial\/","https:\/\/www.youtube.com\/user\/TVCAMARAITAJUBA"]}]}},"_links":{"self":[{"href":"https:\/\/itajuba.cam.mg.gov.br\/site\/wp-json\/wp\/v2\/pages\/8828","targetHints":{"allow":["GET"]}}],"collection":[{"href":"https:\/\/itajuba.cam.mg.gov.br\/site\/wp-json\/wp\/v2\/pages"}],"about":[{"href":"https:\/\/itajuba.cam.mg.gov.br\/site\/wp-json\/wp\/v2\/types\/page"}],"author":[{"embeddable":true,"href":"https:\/\/itajuba.cam.mg.gov.br\/site\/wp-json\/wp\/v2\/users\/2"}],"replies":[{"embeddable":true,"href":"https:\/\/itajuba.cam.mg.gov.br\/site\/wp-json\/wp\/v2\/comments?post=8828"}],"version-history":[{"count":6,"href":"https:\/\/itajuba.cam.mg.gov.br\/site\/wp-json\/wp\/v2\/pages\/8828\/revisions"}],"predecessor-version":[{"id":9756,"href":"https:\/\/itajuba.cam.mg.gov.br\/site\/wp-json\/wp\/v2\/pages\/8828\/revisions\/9756"}],"wp:attachment":[{"href":"https:\/\/itajuba.cam.mg.gov.br\/site\/wp-json\/wp\/v2\/media?parent=8828"}],"curies":[{"name":"wp","href":"https:\/\/api.w.org\/{rel}","templated":true}]}}