{"id":8834,"date":"2023-11-22T20:39:56","date_gmt":"2023-11-22T20:39:56","guid":{"rendered":"https:\/\/itajuba.cam.mg.gov.br\/site\/?page_id=8834"},"modified":"2023-11-23T17:51:29","modified_gmt":"2023-11-23T17:51:29","slug":"valdomiro-ribeiro-cortez","status":"publish","type":"page","link":"https:\/\/itajuba.cam.mg.gov.br\/site\/valdomiro-ribeiro-cortez\/","title":{"rendered":"Valdomiro Ribeiro Cortez"},"content":{"rendered":"\t\t<div data-elementor-type=\"wp-page\" data-elementor-id=\"8834\" class=\"elementor elementor-8834\" data-elementor-post-type=\"page\">\n\t\t\t\t\t\t\t\t\t<section class=\"elementor-section elementor-top-section elementor-element elementor-element-484e0af3 elementor-section-boxed elementor-section-height-default elementor-section-height-default\" data-id=\"484e0af3\" data-element_type=\"section\">\n\t\t\t\t\t\t<div class=\"elementor-container elementor-column-gap-default\">\n\t\t\t\t\t<div class=\"elementor-column elementor-col-100 elementor-top-column elementor-element elementor-element-4849895d\" data-id=\"4849895d\" data-element_type=\"column\">\n\t\t\t<div class=\"elementor-widget-wrap elementor-element-populated\">\n\t\t\t\t\t\t\t\t<div class=\"elementor-element elementor-element-693bb2e4 elementor-widget elementor-widget-text-editor\" data-id=\"693bb2e4\" data-element_type=\"widget\" data-widget_type=\"text-editor.default\">\n\t\t\t\t<div class=\"elementor-widget-container\">\n\t\t\t<style>\/*! elementor - v3.16.0 - 13-09-2023 *\/\n.elementor-widget-text-editor.elementor-drop-cap-view-stacked .elementor-drop-cap{background-color:#69727d;color:#fff}.elementor-widget-text-editor.elementor-drop-cap-view-framed .elementor-drop-cap{color:#69727d;border:3px solid;background-color:transparent}.elementor-widget-text-editor:not(.elementor-drop-cap-view-default) .elementor-drop-cap{margin-top:8px}.elementor-widget-text-editor:not(.elementor-drop-cap-view-default) .elementor-drop-cap-letter{width:1em;height:1em}.elementor-widget-text-editor .elementor-drop-cap{float:left;text-align:center;line-height:1;font-size:50px}.elementor-widget-text-editor .elementor-drop-cap-letter{display:inline-block}<\/style>\t\t\t\t<p><img loading=\"lazy\" decoding=\"async\" class=\"size-medium wp-image-6442 aligncenter\" src=\"https:\/\/itajuba.cam.mg.gov.br\/site\/wp-content\/uploads\/2023\/10\/38-VALDOMIRO-RIBEIRO-CORTEZ-2013-2014-226x300.jpg\" alt=\"\" width=\"226\" height=\"300\" srcset=\"https:\/\/itajuba.cam.mg.gov.br\/site\/wp-content\/uploads\/2023\/10\/38-VALDOMIRO-RIBEIRO-CORTEZ-2013-2014-226x300.jpg 226w, https:\/\/itajuba.cam.mg.gov.br\/site\/wp-content\/uploads\/2023\/10\/38-VALDOMIRO-RIBEIRO-CORTEZ-2013-2014.jpg 549w\" sizes=\"auto, (max-width: 226px) 100vw, 226px\" \/><\/p><p>Valdomiro Ribeiro Cortez nasceu em 11 de novembro de 1962, na cidade de Wenceslau Braz. Ele era o ca\u00e7ula de sete irm\u00e3os e passou sua inf\u00e2ncia na ro\u00e7a, ajudando seus pais e irm\u00e3os com as tarefas di\u00e1rias, como cuidar do gado e auxiliar nas lavouras da fam\u00edlia.<\/p><p>Quando era jovem, em meados dos anos 1980, Valdomiro mudou-se para Itajub\u00e1 com o objetivo de estudar. Ele ingressou no curso T\u00e9cnico em Mec\u00e2nica no Col\u00e9gio de Itajub\u00e1 e, para poder continuar com seus estudos, come\u00e7ou a trabalhar como servente de pedreiro.<\/p><p>Em 1981, Valdomiro come\u00e7ou a trabalhar na Ind\u00fastria de Material B\u00e9lico do Brasil &#8211; IMBEL, ao mesmo tempo em que se formava como T\u00e9cnico em Mec\u00e2nica no ano seguinte.<\/p><p>No ano de 1985, Valdomiro casou-se com Maria Salete de Vasconcellos Cortez, que era professora e natural de Itajub\u00e1. Nesse mesmo ano, ap\u00f3s encerrar seu contrato na IMBEL, ele adquiriu um pequeno bar e deu in\u00edcio a sua vida como comerciante.<\/p><p>No ano de 1987, nasceu o primeiro filho de Valdomiro e Maria Salete, Thiago. Thiago tinha uma m\u00e1-forma\u00e7\u00e3o cong\u00eanita no c\u00e9rebro chamada microcefalia, mas isso n\u00e3o impediu que fosse amado e recebesse toda a aten\u00e7\u00e3o e cuidado dos pais.<\/p><p>Apesar das dificuldades, Valdomiro sempre mostrou dedica\u00e7\u00e3o e for\u00e7a de vontade, o que fez com que seu pequeno com\u00e9rcio crescesse e se tornasse conhecido na cidade de Itajub\u00e1. Seu segundo filho, Lucas, nasceu em 1990 e desde pequeno ajudava o pai nos trabalhos do com\u00e9rcio e nos cuidados com o irm\u00e3o.<\/p><p>Com o passar do tempo, o neg\u00f3cio de Valdomiro foi prosperando e ele passou a ser conhecido como Valdomiro do Bar. Sua experi\u00eancia e confiabilidade fizeram com que ele se tornasse uma pessoa de refer\u00eancia na comunidade, ajudando e patrocinando eventos, times de futebol e dando apoio \u00e0queles que o procuravam.<\/p><p>Sua influ\u00eancia na cidade foi t\u00e3o grande que Valdomiro foi convidado a se candidatar a vereador. Ele foi eleito pelo voto popular por dois mandatos, de 2019 a 2016, e durante esse per\u00edodo, ocupou diferentes cargos na Mesa Diretora da C\u00e2mara Municipal de Itajub\u00e1, chegando a se tornar o presidente.<\/p><p>Atualmente, Valdomiro n\u00e3o ocupa mais cargos p\u00fablicos, mas continua administrando seu com\u00e9rcio, o Bar do Valdomiro, que possui uma hist\u00f3ria de sucesso ao longo de seus quase 40 anos de exist\u00eancia. Mesmo com todas as realiza\u00e7\u00f5es, ele mant\u00e9m seu esp\u00edrito acolhedor e solid\u00e1rio, sempre ajudando aqueles que o procuram.<\/p><p>Valdomiro \u00e9 um verdadeiro itajubense de cora\u00e7\u00e3o, apaixonado por essa \u201cCidade F\u00e1cil de Ser Amada\u201d.<\/p>\t\t\t\t\t\t<\/div>\n\t\t\t\t<\/div>\n\t\t\t\t\t<\/div>\n\t\t<\/div>\n\t\t\t\t\t\t\t<\/div>\n\t\t<\/section>\n\t\t\t\t<section class=\"elementor-section elementor-top-section elementor-element elementor-element-b6ab9c7 elementor-section-boxed elementor-section-height-default elementor-section-height-default\" data-id=\"b6ab9c7\" data-element_type=\"section\">\n\t\t\t\t\t\t<div class=\"elementor-container elementor-column-gap-default\">\n\t\t\t\t\t<div class=\"elementor-column elementor-col-100 elementor-top-column elementor-element elementor-element-612297f\" data-id=\"612297f\" data-element_type=\"column\">\n\t\t\t<div class=\"elementor-widget-wrap elementor-element-populated\">\n\t\t\t\t\t\t\t\t<div class=\"elementor-element elementor-element-df951fc elementor-widget elementor-widget-button\" data-id=\"df951fc\" data-element_type=\"widget\" data-widget_type=\"button.default\">\n\t\t\t\t<div class=\"elementor-widget-container\">\n\t\t\t\t\t<div class=\"elementor-button-wrapper\">\n\t\t\t<a class=\"elementor-button elementor-button-link elementor-size-sm\" href=\"https:\/\/itajuba.cam.mg.gov.br\/site\/presidentes\/\">\n\t\t\t\t\t\t<span class=\"elementor-button-content-wrapper\">\n\t\t\t\t\t\t<span class=\"elementor-button-text\">Retornar<\/span>\n\t\t<\/span>\n\t\t\t\t\t<\/a>\n\t\t<\/div>\n\t\t\t\t<\/div>\n\t\t\t\t<\/div>\n\t\t\t\t\t<\/div>\n\t\t<\/div>\n\t\t\t\t\t\t\t<\/div>\n\t\t<\/section>\n\t\t\t\t\t\t\t<\/div>\n\t\t","protected":false},"excerpt":{"rendered":"<p>Valdomiro Ribeiro Cortez nasceu em 11 de novembro de 1962, na cidade de Wenceslau Braz. Ele era o ca\u00e7ula de sete irm\u00e3os e passou sua inf\u00e2ncia na ro\u00e7a, ajudando seus pais e irm\u00e3os com as tarefas di\u00e1rias, como cuidar do gado e auxiliar nas lavouras da fam\u00edlia. Quando era jovem, em meados dos anos 1980, [&hellip;]<\/p>\n","protected":false},"author":2,"featured_media":0,"parent":0,"menu_order":0,"comment_status":"closed","ping_status":"closed","template":"","meta":{"footnotes":""},"class_list":["post-8834","page","type-page","status-publish","hentry"],"yoast_head":"<!-- This site is optimized with the Yoast SEO plugin v21.0 - https:\/\/yoast.com\/wordpress\/plugins\/seo\/ -->\n<title>Valdomiro Ribeiro Cortez - C\u00e2mara Municipal de Itajub\u00e1<\/title>\n<meta name=\"robots\" content=\"index, follow, max-snippet:-1, max-image-preview:large, max-video-preview:-1\" \/>\n<link rel=\"canonical\" href=\"https:\/\/itajuba.cam.mg.gov.br\/site\/valdomiro-ribeiro-cortez\/\" \/>\n<meta property=\"og:locale\" content=\"pt_BR\" \/>\n<meta property=\"og:type\" content=\"article\" \/>\n<meta property=\"og:title\" content=\"Valdomiro Ribeiro Cortez - C\u00e2mara Municipal de Itajub\u00e1\" \/>\n<meta property=\"og:description\" content=\"Valdomiro Ribeiro Cortez nasceu em 11 de novembro de 1962, na cidade de Wenceslau Braz. Ele era o ca\u00e7ula de sete irm\u00e3os e passou sua inf\u00e2ncia na ro\u00e7a, ajudando seus pais e irm\u00e3os com as tarefas di\u00e1rias, como cuidar do gado e auxiliar nas lavouras da fam\u00edlia. Quando era jovem, em meados dos anos 1980, [&hellip;]\" \/>\n<meta property=\"og:url\" content=\"https:\/\/itajuba.cam.mg.gov.br\/site\/valdomiro-ribeiro-cortez\/\" \/>\n<meta property=\"og:site_name\" content=\"C\u00e2mara Municipal de Itajub\u00e1\" \/>\n<meta property=\"article:publisher\" content=\"https:\/\/www.facebook.com\/camaradeitajubaoficial\" \/>\n<meta property=\"article:modified_time\" content=\"2023-11-23T17:51:29+00:00\" \/>\n<meta property=\"og:image\" content=\"https:\/\/itajuba.cam.mg.gov.br\/site\/wp-content\/uploads\/2023\/10\/38-VALDOMIRO-RIBEIRO-CORTEZ-2013-2014-226x300.jpg\" \/>\n<meta name=\"twitter:card\" content=\"summary_large_image\" \/>\n<meta name=\"twitter:label1\" content=\"Est. tempo de leitura\" \/>\n\t<meta name=\"twitter:data1\" content=\"3 minutos\" \/>\n<script type=\"application\/ld+json\" class=\"yoast-schema-graph\">{\"@context\":\"https:\/\/schema.org\",\"@graph\":[{\"@type\":\"WebPage\",\"@id\":\"https:\/\/itajuba.cam.mg.gov.br\/site\/valdomiro-ribeiro-cortez\/\",\"url\":\"https:\/\/itajuba.cam.mg.gov.br\/site\/valdomiro-ribeiro-cortez\/\",\"name\":\"Valdomiro Ribeiro Cortez - C\u00e2mara Municipal de Itajub\u00e1\",\"isPartOf\":{\"@id\":\"https:\/\/itajuba.cam.mg.gov.br\/site\/#website\"},\"datePublished\":\"2023-11-22T20:39:56+00:00\",\"dateModified\":\"2023-11-23T17:51:29+00:00\",\"breadcrumb\":{\"@id\":\"https:\/\/itajuba.cam.mg.gov.br\/site\/valdomiro-ribeiro-cortez\/#breadcrumb\"},\"inLanguage\":\"pt-BR\",\"potentialAction\":[{\"@type\":\"ReadAction\",\"target\":[\"https:\/\/itajuba.cam.mg.gov.br\/site\/valdomiro-ribeiro-cortez\/\"]}]},{\"@type\":\"BreadcrumbList\",\"@id\":\"https:\/\/itajuba.cam.mg.gov.br\/site\/valdomiro-ribeiro-cortez\/#breadcrumb\",\"itemListElement\":[{\"@type\":\"ListItem\",\"position\":1,\"name\":\"In\u00edcio\",\"item\":\"https:\/\/itajuba.cam.mg.gov.br\/site\/\"},{\"@type\":\"ListItem\",\"position\":2,\"name\":\"Valdomiro Ribeiro Cortez\"}]},{\"@type\":\"WebSite\",\"@id\":\"https:\/\/itajuba.cam.mg.gov.br\/site\/#website\",\"url\":\"https:\/\/itajuba.cam.mg.gov.br\/site\/\",\"name\":\"C\u00e2mara Municipal de Itajub\u00e1\",\"description\":\"Efici\u00eancia e Transpar\u00eancia\",\"publisher\":{\"@id\":\"https:\/\/itajuba.cam.mg.gov.br\/site\/#organization\"},\"potentialAction\":[{\"@type\":\"SearchAction\",\"target\":{\"@type\":\"EntryPoint\",\"urlTemplate\":\"https:\/\/itajuba.cam.mg.gov.br\/site\/?s={search_term_string}\"},\"query-input\":\"required name=search_term_string\"}],\"inLanguage\":\"pt-BR\"},{\"@type\":\"Organization\",\"@id\":\"https:\/\/itajuba.cam.mg.gov.br\/site\/#organization\",\"name\":\"C\u00e2mara Municipal de Itajub\u00e1\",\"url\":\"https:\/\/itajuba.cam.mg.gov.br\/site\/\",\"logo\":{\"@type\":\"ImageObject\",\"inLanguage\":\"pt-BR\",\"@id\":\"https:\/\/itajuba.cam.mg.gov.br\/site\/#\/schema\/logo\/image\/\",\"url\":\"https:\/\/itajuba.cam.mg.gov.br\/site\/wp-content\/uploads\/2023\/09\/logo_camara_2024.png\",\"contentUrl\":\"https:\/\/itajuba.cam.mg.gov.br\/site\/wp-content\/uploads\/2023\/09\/logo_camara_2024.png\",\"width\":1000,\"height\":385,\"caption\":\"C\u00e2mara Municipal de Itajub\u00e1\"},\"image\":{\"@id\":\"https:\/\/itajuba.cam.mg.gov.br\/site\/#\/schema\/logo\/image\/\"},\"sameAs\":[\"https:\/\/www.facebook.com\/camaradeitajubaoficial\",\"https:\/\/www.instagram.com\/camaradeitajubaoficial\/\",\"https:\/\/www.youtube.com\/user\/TVCAMARAITAJUBA\"]}]}<\/script>\n<!-- \/ Yoast SEO plugin. -->","yoast_head_json":{"title":"Valdomiro Ribeiro Cortez - C\u00e2mara Municipal de Itajub\u00e1","robots":{"index":"index","follow":"follow","max-snippet":"max-snippet:-1","max-image-preview":"max-image-preview:large","max-video-preview":"max-video-preview:-1"},"canonical":"https:\/\/itajuba.cam.mg.gov.br\/site\/valdomiro-ribeiro-cortez\/","og_locale":"pt_BR","og_type":"article","og_title":"Valdomiro Ribeiro Cortez - C\u00e2mara Municipal de Itajub\u00e1","og_description":"Valdomiro Ribeiro Cortez nasceu em 11 de novembro de 1962, na cidade de Wenceslau Braz. Ele era o ca\u00e7ula de sete irm\u00e3os e passou sua inf\u00e2ncia na ro\u00e7a, ajudando seus pais e irm\u00e3os com as tarefas di\u00e1rias, como cuidar do gado e auxiliar nas lavouras da fam\u00edlia. Quando era jovem, em meados dos anos 1980, [&hellip;]","og_url":"https:\/\/itajuba.cam.mg.gov.br\/site\/valdomiro-ribeiro-cortez\/","og_site_name":"C\u00e2mara Municipal de Itajub\u00e1","article_publisher":"https:\/\/www.facebook.com\/camaradeitajubaoficial","article_modified_time":"2023-11-23T17:51:29+00:00","og_image":[{"url":"https:\/\/itajuba.cam.mg.gov.br\/site\/wp-content\/uploads\/2023\/10\/38-VALDOMIRO-RIBEIRO-CORTEZ-2013-2014-226x300.jpg"}],"twitter_card":"summary_large_image","twitter_misc":{"Est. tempo de leitura":"3 minutos"},"schema":{"@context":"https:\/\/schema.org","@graph":[{"@type":"WebPage","@id":"https:\/\/itajuba.cam.mg.gov.br\/site\/valdomiro-ribeiro-cortez\/","url":"https:\/\/itajuba.cam.mg.gov.br\/site\/valdomiro-ribeiro-cortez\/","name":"Valdomiro Ribeiro Cortez - C\u00e2mara Municipal de Itajub\u00e1","isPartOf":{"@id":"https:\/\/itajuba.cam.mg.gov.br\/site\/#website"},"datePublished":"2023-11-22T20:39:56+00:00","dateModified":"2023-11-23T17:51:29+00:00","breadcrumb":{"@id":"https:\/\/itajuba.cam.mg.gov.br\/site\/valdomiro-ribeiro-cortez\/#breadcrumb"},"inLanguage":"pt-BR","potentialAction":[{"@type":"ReadAction","target":["https:\/\/itajuba.cam.mg.gov.br\/site\/valdomiro-ribeiro-cortez\/"]}]},{"@type":"BreadcrumbList","@id":"https:\/\/itajuba.cam.mg.gov.br\/site\/valdomiro-ribeiro-cortez\/#breadcrumb","itemListElement":[{"@type":"ListItem","position":1,"name":"In\u00edcio","item":"https:\/\/itajuba.cam.mg.gov.br\/site\/"},{"@type":"ListItem","position":2,"name":"Valdomiro Ribeiro Cortez"}]},{"@type":"WebSite","@id":"https:\/\/itajuba.cam.mg.gov.br\/site\/#website","url":"https:\/\/itajuba.cam.mg.gov.br\/site\/","name":"C\u00e2mara Municipal de Itajub\u00e1","description":"Efici\u00eancia e Transpar\u00eancia","publisher":{"@id":"https:\/\/itajuba.cam.mg.gov.br\/site\/#organization"},"potentialAction":[{"@type":"SearchAction","target":{"@type":"EntryPoint","urlTemplate":"https:\/\/itajuba.cam.mg.gov.br\/site\/?s={search_term_string}"},"query-input":"required name=search_term_string"}],"inLanguage":"pt-BR"},{"@type":"Organization","@id":"https:\/\/itajuba.cam.mg.gov.br\/site\/#organization","name":"C\u00e2mara Municipal de Itajub\u00e1","url":"https:\/\/itajuba.cam.mg.gov.br\/site\/","logo":{"@type":"ImageObject","inLanguage":"pt-BR","@id":"https:\/\/itajuba.cam.mg.gov.br\/site\/#\/schema\/logo\/image\/","url":"https:\/\/itajuba.cam.mg.gov.br\/site\/wp-content\/uploads\/2023\/09\/logo_camara_2024.png","contentUrl":"https:\/\/itajuba.cam.mg.gov.br\/site\/wp-content\/uploads\/2023\/09\/logo_camara_2024.png","width":1000,"height":385,"caption":"C\u00e2mara Municipal de Itajub\u00e1"},"image":{"@id":"https:\/\/itajuba.cam.mg.gov.br\/site\/#\/schema\/logo\/image\/"},"sameAs":["https:\/\/www.facebook.com\/camaradeitajubaoficial","https:\/\/www.instagram.com\/camaradeitajubaoficial\/","https:\/\/www.youtube.com\/user\/TVCAMARAITAJUBA"]}]}},"_links":{"self":[{"href":"https:\/\/itajuba.cam.mg.gov.br\/site\/wp-json\/wp\/v2\/pages\/8834","targetHints":{"allow":["GET"]}}],"collection":[{"href":"https:\/\/itajuba.cam.mg.gov.br\/site\/wp-json\/wp\/v2\/pages"}],"about":[{"href":"https:\/\/itajuba.cam.mg.gov.br\/site\/wp-json\/wp\/v2\/types\/page"}],"author":[{"embeddable":true,"href":"https:\/\/itajuba.cam.mg.gov.br\/site\/wp-json\/wp\/v2\/users\/2"}],"replies":[{"embeddable":true,"href":"https:\/\/itajuba.cam.mg.gov.br\/site\/wp-json\/wp\/v2\/comments?post=8834"}],"version-history":[{"count":6,"href":"https:\/\/itajuba.cam.mg.gov.br\/site\/wp-json\/wp\/v2\/pages\/8834\/revisions"}],"predecessor-version":[{"id":8921,"href":"https:\/\/itajuba.cam.mg.gov.br\/site\/wp-json\/wp\/v2\/pages\/8834\/revisions\/8921"}],"wp:attachment":[{"href":"https:\/\/itajuba.cam.mg.gov.br\/site\/wp-json\/wp\/v2\/media?parent=8834"}],"curies":[{"name":"wp","href":"https:\/\/api.w.org\/{rel}","templated":true}]}}