{"id":8856,"date":"2023-11-22T20:45:37","date_gmt":"2023-11-22T20:45:37","guid":{"rendered":"https:\/\/itajuba.cam.mg.gov.br\/site\/?page_id=8856"},"modified":"2024-01-17T20:40:50","modified_gmt":"2024-01-17T20:40:50","slug":"heitor-ribeiro-dos-santos","status":"publish","type":"page","link":"https:\/\/itajuba.cam.mg.gov.br\/site\/heitor-ribeiro-dos-santos\/","title":{"rendered":"Heitor Ribeiro dos Santos"},"content":{"rendered":"\t\t<div data-elementor-type=\"wp-page\" data-elementor-id=\"8856\" class=\"elementor elementor-8856\" data-elementor-post-type=\"page\">\n\t\t\t\t\t\t\t\t\t<section class=\"elementor-section elementor-top-section elementor-element elementor-element-45bd961 elementor-section-boxed elementor-section-height-default elementor-section-height-default\" data-id=\"45bd961\" data-element_type=\"section\">\n\t\t\t\t\t\t<div class=\"elementor-container elementor-column-gap-default\">\n\t\t\t\t\t<div class=\"elementor-column elementor-col-100 elementor-top-column elementor-element elementor-element-1abfcba\" data-id=\"1abfcba\" data-element_type=\"column\">\n\t\t\t<div class=\"elementor-widget-wrap elementor-element-populated\">\n\t\t\t\t\t\t\t\t<div class=\"elementor-element elementor-element-1a4f89f elementor-widget elementor-widget-text-editor\" data-id=\"1a4f89f\" data-element_type=\"widget\" data-widget_type=\"text-editor.default\">\n\t\t\t\t<div class=\"elementor-widget-container\">\n\t\t\t<style>\/*! elementor - v3.16.0 - 13-09-2023 *\/\n.elementor-widget-text-editor.elementor-drop-cap-view-stacked .elementor-drop-cap{background-color:#69727d;color:#fff}.elementor-widget-text-editor.elementor-drop-cap-view-framed .elementor-drop-cap{color:#69727d;border:3px solid;background-color:transparent}.elementor-widget-text-editor:not(.elementor-drop-cap-view-default) .elementor-drop-cap{margin-top:8px}.elementor-widget-text-editor:not(.elementor-drop-cap-view-default) .elementor-drop-cap-letter{width:1em;height:1em}.elementor-widget-text-editor .elementor-drop-cap{float:left;text-align:center;line-height:1;font-size:50px}.elementor-widget-text-editor .elementor-drop-cap-letter{display:inline-block}<\/style>\t\t\t\t<p><a href=\"https:\/\/itajuba.cam.mg.gov.br\/site\/wp-content\/uploads\/2024\/01\/28-HEITOR-RIBEIRO-DOS-SANTOS-1985-1988.jpg\"><img loading=\"lazy\" decoding=\"async\" class=\"aligncenter wp-image-9773 size-medium\" src=\"https:\/\/itajuba.cam.mg.gov.br\/site\/wp-content\/uploads\/2024\/01\/28-HEITOR-RIBEIRO-DOS-SANTOS-1985-1988-226x300.jpg\" alt=\"\" width=\"226\" height=\"300\" srcset=\"https:\/\/itajuba.cam.mg.gov.br\/site\/wp-content\/uploads\/2024\/01\/28-HEITOR-RIBEIRO-DOS-SANTOS-1985-1988-226x300.jpg 226w, https:\/\/itajuba.cam.mg.gov.br\/site\/wp-content\/uploads\/2024\/01\/28-HEITOR-RIBEIRO-DOS-SANTOS-1985-1988.jpg 549w\" sizes=\"auto, (max-width: 226px) 100vw, 226px\" \/><\/a><\/p><p>Heitor Ribeiro dos Santos, nascido em 17 de mar\u00e7o de 1945, foi uma figura muito conhecida na cidade de Itajub\u00e1. Desde jovem, demonstrava habilidades mec\u00e2nicas e logo se tornou um respeitado mec\u00e2nico de autom\u00f3veis na regi\u00e3o. Sua paix\u00e3o pelo trabalho o levou a abrir sua pr\u00f3pria oficina, localizada no bairro S\u00e3o Sebasti\u00e3o.<\/p><p>Al\u00e9m de sua dedica\u00e7\u00e3o ao ramo automobil\u00edstico, Heitor tamb\u00e9m decidiu ingressar na pol\u00edtica. Nas elei\u00e7\u00f5es de 1982, foi eleito vereador e come\u00e7ou sua trajet\u00f3ria na vida p\u00fablica. Durante o mandato na legislatura 1983\/1988, Heitor mostrou-se comprometido com as necessidades da comunidade e trabalhou arduamente para representar os interesses dos cidad\u00e3os de Itajub\u00e1.<\/p><p>Gra\u00e7as \u00e0 sua compet\u00eancia e respeito no meio pol\u00edtico, Heitor foi eleito presidente da C\u00e2mara Municipal de Itajub\u00e1 no bi\u00eanio 1985\/1986. Nesse per\u00edodo, demonstrou lideran\u00e7a e habilidade para administrar quest\u00f5es pol\u00edticas e governamentais, provando ser uma figura de destaque no cen\u00e1rio municipal.<\/p><p>Ap\u00f3s o fim de seu mandato como vereador, Heitor continuou a se envolver nos assuntos p\u00fablicos de Itajub\u00e1. Entre os anos de 2009 e 2012, atuou como Diretor do Departamento de Transportes da Secretaria de Obras da Prefeitura de Itajub\u00e1. Nessa posi\u00e7\u00e3o, contribuiu para melhorias na infraestrutura e transporte da cidade, deixando um legado importante para o desenvolvimento de sua comunidade.<\/p><p>Infelizmente, Heitor Ribeiro dos Santos faleceu em 16 de janeiro de 2024, aos 77 anos. Sua partida deixou um vazio na comunidade de Itajub\u00e1, uma vez que ele era considerado um exemplo de cidad\u00e3o engajado e comprometido com o bem-estar de sua cidade. Seu trabalho como mec\u00e2nico, vereador e diretor de departamento foi marcado por dedica\u00e7\u00e3o, empenho e amor por sua terra natal. Heitor ser\u00e1 sempre lembrado como uma figura importante na hist\u00f3ria de Itajub\u00e1.<\/p>\t\t\t\t\t\t<\/div>\n\t\t\t\t<\/div>\n\t\t\t\t\t<\/div>\n\t\t<\/div>\n\t\t\t\t\t\t\t<\/div>\n\t\t<\/section>\n\t\t\t\t\t\t\t<\/div>\n\t\t","protected":false},"excerpt":{"rendered":"<p>Heitor Ribeiro dos Santos, nascido em 17 de mar\u00e7o de 1945, foi uma figura muito conhecida na cidade de Itajub\u00e1. Desde jovem, demonstrava habilidades mec\u00e2nicas e logo se tornou um respeitado mec\u00e2nico de autom\u00f3veis na regi\u00e3o. Sua paix\u00e3o pelo trabalho o levou a abrir sua pr\u00f3pria oficina, localizada no bairro S\u00e3o Sebasti\u00e3o. Al\u00e9m de sua [&hellip;]<\/p>\n","protected":false},"author":2,"featured_media":0,"parent":0,"menu_order":0,"comment_status":"closed","ping_status":"closed","template":"","meta":{"footnotes":""},"class_list":["post-8856","page","type-page","status-publish","hentry"],"yoast_head":"<!-- This site is optimized with the Yoast SEO plugin v21.0 - https:\/\/yoast.com\/wordpress\/plugins\/seo\/ -->\n<title>Heitor Ribeiro dos Santos - C\u00e2mara Municipal de Itajub\u00e1<\/title>\n<meta name=\"robots\" content=\"index, follow, max-snippet:-1, max-image-preview:large, max-video-preview:-1\" \/>\n<link rel=\"canonical\" href=\"https:\/\/itajuba.cam.mg.gov.br\/site\/heitor-ribeiro-dos-santos\/\" \/>\n<meta property=\"og:locale\" content=\"pt_BR\" \/>\n<meta property=\"og:type\" content=\"article\" \/>\n<meta property=\"og:title\" content=\"Heitor Ribeiro dos Santos - C\u00e2mara Municipal de Itajub\u00e1\" \/>\n<meta property=\"og:description\" content=\"Heitor Ribeiro dos Santos, nascido em 17 de mar\u00e7o de 1945, foi uma figura muito conhecida na cidade de Itajub\u00e1. Desde jovem, demonstrava habilidades mec\u00e2nicas e logo se tornou um respeitado mec\u00e2nico de autom\u00f3veis na regi\u00e3o. Sua paix\u00e3o pelo trabalho o levou a abrir sua pr\u00f3pria oficina, localizada no bairro S\u00e3o Sebasti\u00e3o. Al\u00e9m de sua [&hellip;]\" \/>\n<meta property=\"og:url\" content=\"https:\/\/itajuba.cam.mg.gov.br\/site\/heitor-ribeiro-dos-santos\/\" \/>\n<meta property=\"og:site_name\" content=\"C\u00e2mara Municipal de Itajub\u00e1\" \/>\n<meta property=\"article:publisher\" content=\"https:\/\/www.facebook.com\/camaradeitajubaoficial\" \/>\n<meta property=\"article:modified_time\" content=\"2024-01-17T20:40:50+00:00\" \/>\n<meta property=\"og:image\" content=\"https:\/\/itajuba.cam.mg.gov.br\/site\/wp-content\/uploads\/2024\/01\/28-HEITOR-RIBEIRO-DOS-SANTOS-1985-1988-226x300.jpg\" \/>\n<meta name=\"twitter:card\" content=\"summary_large_image\" \/>\n<meta name=\"twitter:label1\" content=\"Est. tempo de leitura\" \/>\n\t<meta name=\"twitter:data1\" content=\"2 minutos\" \/>\n<script type=\"application\/ld+json\" class=\"yoast-schema-graph\">{\"@context\":\"https:\/\/schema.org\",\"@graph\":[{\"@type\":\"WebPage\",\"@id\":\"https:\/\/itajuba.cam.mg.gov.br\/site\/heitor-ribeiro-dos-santos\/\",\"url\":\"https:\/\/itajuba.cam.mg.gov.br\/site\/heitor-ribeiro-dos-santos\/\",\"name\":\"Heitor Ribeiro dos Santos - C\u00e2mara Municipal de Itajub\u00e1\",\"isPartOf\":{\"@id\":\"https:\/\/itajuba.cam.mg.gov.br\/site\/#website\"},\"datePublished\":\"2023-11-22T20:45:37+00:00\",\"dateModified\":\"2024-01-17T20:40:50+00:00\",\"breadcrumb\":{\"@id\":\"https:\/\/itajuba.cam.mg.gov.br\/site\/heitor-ribeiro-dos-santos\/#breadcrumb\"},\"inLanguage\":\"pt-BR\",\"potentialAction\":[{\"@type\":\"ReadAction\",\"target\":[\"https:\/\/itajuba.cam.mg.gov.br\/site\/heitor-ribeiro-dos-santos\/\"]}]},{\"@type\":\"BreadcrumbList\",\"@id\":\"https:\/\/itajuba.cam.mg.gov.br\/site\/heitor-ribeiro-dos-santos\/#breadcrumb\",\"itemListElement\":[{\"@type\":\"ListItem\",\"position\":1,\"name\":\"In\u00edcio\",\"item\":\"https:\/\/itajuba.cam.mg.gov.br\/site\/\"},{\"@type\":\"ListItem\",\"position\":2,\"name\":\"Heitor Ribeiro dos Santos\"}]},{\"@type\":\"WebSite\",\"@id\":\"https:\/\/itajuba.cam.mg.gov.br\/site\/#website\",\"url\":\"https:\/\/itajuba.cam.mg.gov.br\/site\/\",\"name\":\"C\u00e2mara Municipal de Itajub\u00e1\",\"description\":\"Efici\u00eancia e Transpar\u00eancia\",\"publisher\":{\"@id\":\"https:\/\/itajuba.cam.mg.gov.br\/site\/#organization\"},\"potentialAction\":[{\"@type\":\"SearchAction\",\"target\":{\"@type\":\"EntryPoint\",\"urlTemplate\":\"https:\/\/itajuba.cam.mg.gov.br\/site\/?s={search_term_string}\"},\"query-input\":\"required name=search_term_string\"}],\"inLanguage\":\"pt-BR\"},{\"@type\":\"Organization\",\"@id\":\"https:\/\/itajuba.cam.mg.gov.br\/site\/#organization\",\"name\":\"C\u00e2mara Municipal de Itajub\u00e1\",\"url\":\"https:\/\/itajuba.cam.mg.gov.br\/site\/\",\"logo\":{\"@type\":\"ImageObject\",\"inLanguage\":\"pt-BR\",\"@id\":\"https:\/\/itajuba.cam.mg.gov.br\/site\/#\/schema\/logo\/image\/\",\"url\":\"https:\/\/itajuba.cam.mg.gov.br\/site\/wp-content\/uploads\/2023\/09\/logo_camara_2024.png\",\"contentUrl\":\"https:\/\/itajuba.cam.mg.gov.br\/site\/wp-content\/uploads\/2023\/09\/logo_camara_2024.png\",\"width\":1000,\"height\":385,\"caption\":\"C\u00e2mara Municipal de Itajub\u00e1\"},\"image\":{\"@id\":\"https:\/\/itajuba.cam.mg.gov.br\/site\/#\/schema\/logo\/image\/\"},\"sameAs\":[\"https:\/\/www.facebook.com\/camaradeitajubaoficial\",\"https:\/\/www.instagram.com\/camaradeitajubaoficial\/\",\"https:\/\/www.youtube.com\/user\/TVCAMARAITAJUBA\"]}]}<\/script>\n<!-- \/ Yoast SEO plugin. -->","yoast_head_json":{"title":"Heitor Ribeiro dos Santos - C\u00e2mara Municipal de Itajub\u00e1","robots":{"index":"index","follow":"follow","max-snippet":"max-snippet:-1","max-image-preview":"max-image-preview:large","max-video-preview":"max-video-preview:-1"},"canonical":"https:\/\/itajuba.cam.mg.gov.br\/site\/heitor-ribeiro-dos-santos\/","og_locale":"pt_BR","og_type":"article","og_title":"Heitor Ribeiro dos Santos - C\u00e2mara Municipal de Itajub\u00e1","og_description":"Heitor Ribeiro dos Santos, nascido em 17 de mar\u00e7o de 1945, foi uma figura muito conhecida na cidade de Itajub\u00e1. Desde jovem, demonstrava habilidades mec\u00e2nicas e logo se tornou um respeitado mec\u00e2nico de autom\u00f3veis na regi\u00e3o. Sua paix\u00e3o pelo trabalho o levou a abrir sua pr\u00f3pria oficina, localizada no bairro S\u00e3o Sebasti\u00e3o. Al\u00e9m de sua [&hellip;]","og_url":"https:\/\/itajuba.cam.mg.gov.br\/site\/heitor-ribeiro-dos-santos\/","og_site_name":"C\u00e2mara Municipal de Itajub\u00e1","article_publisher":"https:\/\/www.facebook.com\/camaradeitajubaoficial","article_modified_time":"2024-01-17T20:40:50+00:00","og_image":[{"url":"https:\/\/itajuba.cam.mg.gov.br\/site\/wp-content\/uploads\/2024\/01\/28-HEITOR-RIBEIRO-DOS-SANTOS-1985-1988-226x300.jpg"}],"twitter_card":"summary_large_image","twitter_misc":{"Est. tempo de leitura":"2 minutos"},"schema":{"@context":"https:\/\/schema.org","@graph":[{"@type":"WebPage","@id":"https:\/\/itajuba.cam.mg.gov.br\/site\/heitor-ribeiro-dos-santos\/","url":"https:\/\/itajuba.cam.mg.gov.br\/site\/heitor-ribeiro-dos-santos\/","name":"Heitor Ribeiro dos Santos - C\u00e2mara Municipal de Itajub\u00e1","isPartOf":{"@id":"https:\/\/itajuba.cam.mg.gov.br\/site\/#website"},"datePublished":"2023-11-22T20:45:37+00:00","dateModified":"2024-01-17T20:40:50+00:00","breadcrumb":{"@id":"https:\/\/itajuba.cam.mg.gov.br\/site\/heitor-ribeiro-dos-santos\/#breadcrumb"},"inLanguage":"pt-BR","potentialAction":[{"@type":"ReadAction","target":["https:\/\/itajuba.cam.mg.gov.br\/site\/heitor-ribeiro-dos-santos\/"]}]},{"@type":"BreadcrumbList","@id":"https:\/\/itajuba.cam.mg.gov.br\/site\/heitor-ribeiro-dos-santos\/#breadcrumb","itemListElement":[{"@type":"ListItem","position":1,"name":"In\u00edcio","item":"https:\/\/itajuba.cam.mg.gov.br\/site\/"},{"@type":"ListItem","position":2,"name":"Heitor Ribeiro dos Santos"}]},{"@type":"WebSite","@id":"https:\/\/itajuba.cam.mg.gov.br\/site\/#website","url":"https:\/\/itajuba.cam.mg.gov.br\/site\/","name":"C\u00e2mara Municipal de Itajub\u00e1","description":"Efici\u00eancia e Transpar\u00eancia","publisher":{"@id":"https:\/\/itajuba.cam.mg.gov.br\/site\/#organization"},"potentialAction":[{"@type":"SearchAction","target":{"@type":"EntryPoint","urlTemplate":"https:\/\/itajuba.cam.mg.gov.br\/site\/?s={search_term_string}"},"query-input":"required name=search_term_string"}],"inLanguage":"pt-BR"},{"@type":"Organization","@id":"https:\/\/itajuba.cam.mg.gov.br\/site\/#organization","name":"C\u00e2mara Municipal de Itajub\u00e1","url":"https:\/\/itajuba.cam.mg.gov.br\/site\/","logo":{"@type":"ImageObject","inLanguage":"pt-BR","@id":"https:\/\/itajuba.cam.mg.gov.br\/site\/#\/schema\/logo\/image\/","url":"https:\/\/itajuba.cam.mg.gov.br\/site\/wp-content\/uploads\/2023\/09\/logo_camara_2024.png","contentUrl":"https:\/\/itajuba.cam.mg.gov.br\/site\/wp-content\/uploads\/2023\/09\/logo_camara_2024.png","width":1000,"height":385,"caption":"C\u00e2mara Municipal de Itajub\u00e1"},"image":{"@id":"https:\/\/itajuba.cam.mg.gov.br\/site\/#\/schema\/logo\/image\/"},"sameAs":["https:\/\/www.facebook.com\/camaradeitajubaoficial","https:\/\/www.instagram.com\/camaradeitajubaoficial\/","https:\/\/www.youtube.com\/user\/TVCAMARAITAJUBA"]}]}},"_links":{"self":[{"href":"https:\/\/itajuba.cam.mg.gov.br\/site\/wp-json\/wp\/v2\/pages\/8856","targetHints":{"allow":["GET"]}}],"collection":[{"href":"https:\/\/itajuba.cam.mg.gov.br\/site\/wp-json\/wp\/v2\/pages"}],"about":[{"href":"https:\/\/itajuba.cam.mg.gov.br\/site\/wp-json\/wp\/v2\/types\/page"}],"author":[{"embeddable":true,"href":"https:\/\/itajuba.cam.mg.gov.br\/site\/wp-json\/wp\/v2\/users\/2"}],"replies":[{"embeddable":true,"href":"https:\/\/itajuba.cam.mg.gov.br\/site\/wp-json\/wp\/v2\/comments?post=8856"}],"version-history":[{"count":9,"href":"https:\/\/itajuba.cam.mg.gov.br\/site\/wp-json\/wp\/v2\/pages\/8856\/revisions"}],"predecessor-version":[{"id":9786,"href":"https:\/\/itajuba.cam.mg.gov.br\/site\/wp-json\/wp\/v2\/pages\/8856\/revisions\/9786"}],"wp:attachment":[{"href":"https:\/\/itajuba.cam.mg.gov.br\/site\/wp-json\/wp\/v2\/media?parent=8856"}],"curies":[{"name":"wp","href":"https:\/\/api.w.org\/{rel}","templated":true}]}}